{"id":12458,"date":"2025-08-31T12:14:47","date_gmt":"2025-08-31T10:14:47","guid":{"rendered":"https:\/\/www.festivalethnos.it\/?post_type=cpt_team&#038;p=12458"},"modified":"2025-08-31T12:17:00","modified_gmt":"2025-08-31T10:17:00","slug":"mari-kalkun","status":"publish","type":"cpt_team","link":"https:\/\/www.festivalethnos.it\/?cpt_team=mari-kalkun","title":{"rendered":"Mari Kalkun"},"content":{"rendered":"\t\t<div data-elementor-type=\"wp-post\" data-elementor-id=\"12458\" class=\"elementor elementor-12458\">\n\t\t\t\t\t\t<section class=\"elementor-section elementor-top-section elementor-element elementor-element-fe9daa3 elementor-section-stretched elementor-section-full_width elementor-section-height-default elementor-section-height-default\" data-id=\"fe9daa3\" data-element_type=\"section\" data-e-type=\"section\" data-settings=\"{&quot;stretch_section&quot;:&quot;section-stretched&quot;}\">\n\t\t\t\t\t\t<div class=\"elementor-container elementor-column-gap-no\">\n\t\t\t\t\t<div class=\"elementor-column elementor-col-100 elementor-top-column elementor-element elementor-element-b1549be sc_inner_width_none sc_content_align_inherit sc_layouts_column_icons_position_left\" data-id=\"b1549be\" data-element_type=\"column\" data-e-type=\"column\" data-settings=\"{&quot;background_background&quot;:&quot;classic&quot;}\">\n\t\t\t<div class=\"elementor-widget-wrap elementor-element-populated\">\n\t\t\t\t\t<div class=\"elementor-background-overlay\"><\/div>\n\t\t\t\t\t\t<div class=\"elementor-element elementor-element-c20d771 sc_layouts_hide_on_wide sc_layouts_hide_on_desktop sc_layouts_hide_on_notebook sc_layouts_hide_on_tablet sc_fly_static elementor-widget elementor-widget-image\" data-id=\"c20d771\" data-element_type=\"widget\" data-e-type=\"widget\" data-widget_type=\"image.default\">\n\t\t\t\t<div class=\"elementor-widget-container\">\n\t\t\t\t\t\t\t\t\t\t\t\t\t\t\t<img fetchpriority=\"high\" decoding=\"async\" width=\"1477\" height=\"900\" src=\"https:\/\/www.festivalethnos.it\/wp-content\/uploads\/2025\/08\/slide-sito-kalkun-mob.jpg\" class=\"attachment-full size-full wp-image-11998\" alt=\"\" srcset=\"https:\/\/www.festivalethnos.it\/wp-content\/uploads\/2025\/08\/slide-sito-kalkun-mob.jpg 1477w, https:\/\/www.festivalethnos.it\/wp-content\/uploads\/2025\/08\/slide-sito-kalkun-mob-300x183.jpg 300w, https:\/\/www.festivalethnos.it\/wp-content\/uploads\/2025\/08\/slide-sito-kalkun-mob-1024x624.jpg 1024w, https:\/\/www.festivalethnos.it\/wp-content\/uploads\/2025\/08\/slide-sito-kalkun-mob-768x468.jpg 768w, https:\/\/www.festivalethnos.it\/wp-content\/uploads\/2025\/08\/slide-sito-kalkun-mob-370x225.jpg 370w, https:\/\/www.festivalethnos.it\/wp-content\/uploads\/2025\/08\/slide-sito-kalkun-mob-1410x859.jpg 1410w\" sizes=\"(max-width: 1477px) 100vw, 1477px\" \/>\t\t\t\t\t\t\t\t\t\t\t\t\t\t\t<\/div>\n\t\t\t\t<\/div>\n\t\t\t\t\t<\/div>\n\t\t<\/div>\n\t\t\t\t\t<\/div>\n\t\t<\/section>\n\t\t\t\t<section class=\"elementor-section elementor-top-section elementor-element elementor-element-b20ba1e elementor-section-stretched elementor-section-full_width elementor-section-height-default elementor-section-height-default\" data-id=\"b20ba1e\" data-element_type=\"section\" data-e-type=\"section\" data-settings=\"{&quot;stretch_section&quot;:&quot;section-stretched&quot;}\">\n\t\t\t\t\t\t<div class=\"elementor-container elementor-column-gap-no\">\n\t\t\t\t\t<div class=\"elementor-column elementor-col-100 elementor-top-column elementor-element elementor-element-6b8ab6b sc_inner_width_none sc_content_align_inherit sc_layouts_column_icons_position_left\" data-id=\"6b8ab6b\" data-element_type=\"column\" data-e-type=\"column\" data-settings=\"{&quot;background_background&quot;:&quot;classic&quot;}\">\n\t\t\t<div class=\"elementor-widget-wrap elementor-element-populated\">\n\t\t\t\t\t<div class=\"elementor-background-overlay\"><\/div>\n\t\t\t\t\t\t<div class=\"elementor-element elementor-element-8b52b6a sc_layouts_hide_on_mobile sc_fly_static elementor-widget elementor-widget-image\" data-id=\"8b52b6a\" data-element_type=\"widget\" data-e-type=\"widget\" data-widget_type=\"image.default\">\n\t\t\t\t<div class=\"elementor-widget-container\">\n\t\t\t\t\t\t\t\t\t\t\t\t\t\t\t<img decoding=\"async\" width=\"1982\" height=\"650\" src=\"https:\/\/www.festivalethnos.it\/wp-content\/uploads\/2025\/08\/slide-sito-kalkun.jpg\" class=\"attachment-full size-full wp-image-11997\" alt=\"\" srcset=\"https:\/\/www.festivalethnos.it\/wp-content\/uploads\/2025\/08\/slide-sito-kalkun.jpg 1982w, https:\/\/www.festivalethnos.it\/wp-content\/uploads\/2025\/08\/slide-sito-kalkun-300x98.jpg 300w, https:\/\/www.festivalethnos.it\/wp-content\/uploads\/2025\/08\/slide-sito-kalkun-1024x336.jpg 1024w, https:\/\/www.festivalethnos.it\/wp-content\/uploads\/2025\/08\/slide-sito-kalkun-768x252.jpg 768w, https:\/\/www.festivalethnos.it\/wp-content\/uploads\/2025\/08\/slide-sito-kalkun-1536x504.jpg 1536w, https:\/\/www.festivalethnos.it\/wp-content\/uploads\/2025\/08\/slide-sito-kalkun-370x121.jpg 370w, https:\/\/www.festivalethnos.it\/wp-content\/uploads\/2025\/08\/slide-sito-kalkun-1410x462.jpg 1410w\" sizes=\"(max-width: 1982px) 100vw, 1982px\" \/>\t\t\t\t\t\t\t\t\t\t\t\t\t\t\t<\/div>\n\t\t\t\t<\/div>\n\t\t\t\t\t<\/div>\n\t\t<\/div>\n\t\t\t\t\t<\/div>\n\t\t<\/section>\n\t\t\t\t<section class=\"elementor-section elementor-top-section elementor-element elementor-element-4dcf046 elementor-section-boxed elementor-section-height-default elementor-section-height-default\" data-id=\"4dcf046\" data-element_type=\"section\" data-e-type=\"section\" data-settings=\"{&quot;background_background&quot;:&quot;classic&quot;}\">\n\t\t\t\t\t\t<div class=\"elementor-container elementor-column-gap-extended\">\n\t\t\t\t\t<div class=\"elementor-column elementor-col-100 elementor-top-column elementor-element elementor-element-e849e6a sc_inner_width_none sc_content_align_inherit sc_layouts_column_icons_position_left\" data-id=\"e849e6a\" data-element_type=\"column\" data-e-type=\"column\">\n\t\t\t<div class=\"elementor-widget-wrap elementor-element-populated\">\n\t\t\t\t\t\t<div class=\"elementor-element elementor-element-8f1cb05 sc_fly_static elementor-widget elementor-widget-spacer\" data-id=\"8f1cb05\" data-element_type=\"widget\" data-e-type=\"widget\" data-widget_type=\"spacer.default\">\n\t\t\t\t<div class=\"elementor-widget-container\">\n\t\t\t\t\t\t\t<div class=\"elementor-spacer\">\n\t\t\t<div class=\"elementor-spacer-inner\"><\/div>\n\t\t<\/div>\n\t\t\t\t\t\t<\/div>\n\t\t\t\t<\/div>\n\t\t\t\t<div class=\"elementor-element elementor-element-0cb56ed sc_layouts_hide_on_wide sc_layouts_hide_on_desktop sc_layouts_hide_on_notebook sc_layouts_hide_on_tablet sc_fly_static elementor-widget elementor-widget-heading\" data-id=\"0cb56ed\" data-element_type=\"widget\" data-e-type=\"widget\" data-widget_type=\"heading.default\">\n\t\t\t\t<div class=\"elementor-widget-container\">\n\t\t\t\t\t<h4 class=\"elementor-heading-title elementor-size-default\">Cantante e musicista estone che fonde la tradizione folcloristica con sonorit\u00e0 moderne e intimistiche<\/h4>\t\t\t\t<\/div>\n\t\t\t\t<\/div>\n\t\t\t\t<div class=\"elementor-element elementor-element-846c6c0 sc_layouts_hide_on_wide sc_layouts_hide_on_desktop sc_layouts_hide_on_notebook sc_layouts_hide_on_tablet sc_fly_static elementor-widget elementor-widget-heading\" data-id=\"846c6c0\" data-element_type=\"widget\" data-e-type=\"widget\" data-widget_type=\"heading.default\">\n\t\t\t\t<div class=\"elementor-widget-container\">\n\t\t\t\t\t<h2 class=\"elementor-heading-title elementor-size-default\">Mari Kalkun<\/h2>\t\t\t\t<\/div>\n\t\t\t\t<\/div>\n\t\t\t\t<div class=\"elementor-element elementor-element-c628d69 sc_layouts_hide_on_mobile sc_fly_static elementor-invisible elementor-widget elementor-widget-trx_sc_title\" data-id=\"c628d69\" data-element_type=\"widget\" data-e-type=\"widget\" data-settings=\"{&quot;_animation&quot;:&quot;fadeInDown&quot;}\" data-widget_type=\"trx_sc_title.default\">\n\t\t\t\t<div class=\"elementor-widget-container\">\n\t\t\t\t\t<div id=\"trx_sc_title_694516357\"\r\n\t\tclass=\"sc_title  text_position_horizontal sc_title_default\"><span class=\"sc_item_subtitle sc_title_subtitle sc_align_center sc_item_subtitle_above sc_item_title_style_default\">Cantante e musicista estone che fonde la tradizione folcloristica con sonorit\u00e0 moderne e intimistiche<\/span><h1 class=\"sc_item_title sc_title_title sc_align_center sc_item_title_style_default sc_item_title_tag\"><span class=\"sc_item_title_text\">Mari Kalkun<\/span><\/h1><\/div><!-- \/.sc_title -->\t\t\t\t<\/div>\n\t\t\t\t<\/div>\n\t\t\t\t<section class=\"elementor-section elementor-inner-section elementor-element elementor-element-77ed826 elementor-section-content-middle elementor-section-boxed elementor-section-height-default elementor-section-height-default\" data-id=\"77ed826\" data-element_type=\"section\" data-e-type=\"section\" data-settings=\"{&quot;background_background&quot;:&quot;classic&quot;}\">\n\t\t\t\t\t\t<div class=\"elementor-container elementor-column-gap-extended\">\n\t\t\t\t\t<div class=\"elementor-column elementor-col-33 elementor-inner-column elementor-element elementor-element-5b6e37d sc_layouts_column_align_center sc_layouts_column sc_inner_width_none sc_content_align_inherit sc_layouts_column_icons_position_left\" data-id=\"5b6e37d\" data-element_type=\"column\" data-e-type=\"column\" data-settings=\"{&quot;background_background&quot;:&quot;classic&quot;}\">\n\t\t\t<div class=\"elementor-widget-wrap elementor-element-populated\">\n\t\t\t\t\t\t<div class=\"elementor-element elementor-element-9fa5fd6 sc_fly_static elementor-widget elementor-widget-text-editor\" data-id=\"9fa5fd6\" data-element_type=\"widget\" data-e-type=\"widget\" data-widget_type=\"text-editor.default\">\n\t\t\t\t<div class=\"elementor-widget-container\">\n\t\t\t\t\t\t\t\t\t<p>Domenica 7 Settembre 2025<\/p>\t\t\t\t\t\t\t\t<\/div>\n\t\t\t\t<\/div>\n\t\t\t\t\t<\/div>\n\t\t<\/div>\n\t\t\t\t<div class=\"elementor-column elementor-col-33 elementor-inner-column elementor-element elementor-element-e7294e4 sc_inner_width_none sc_content_align_inherit sc_layouts_column_icons_position_left\" data-id=\"e7294e4\" data-element_type=\"column\" data-e-type=\"column\">\n\t\t\t<div class=\"elementor-widget-wrap elementor-element-populated\">\n\t\t\t\t\t\t<div class=\"elementor-element elementor-element-efb3492 elementor-widget__width-initial elementor-widget-mobile__width-inherit sc_fly_static elementor-widget elementor-widget-trx_sc_title\" data-id=\"efb3492\" data-element_type=\"widget\" data-e-type=\"widget\" data-widget_type=\"trx_sc_title.default\">\n\t\t\t\t<div class=\"elementor-widget-container\">\n\t\t\t\t\t<div id=\"trx_sc_title_352218295\"\r\n\t\tclass=\"sc_title  text_position_horizontal sc_title_default\"><h4 class=\"sc_item_title sc_title_title sc_align_left sc_item_title_style_default sc_item_title_tag trx_addons_inline_501571315\"><span class=\"sc_item_title_text\">San Giorgio a Cremano<br> \/ Parco di Villa Bruno <\/span><\/h4><\/div><!-- \/.sc_title -->\t\t\t\t<\/div>\n\t\t\t\t<\/div>\n\t\t\t\t\t<\/div>\n\t\t<\/div>\n\t\t\t\t<div class=\"elementor-column elementor-col-33 elementor-inner-column elementor-element elementor-element-9c794d2 sc_inner_width_none sc_content_align_inherit sc_layouts_column_icons_position_left\" data-id=\"9c794d2\" data-element_type=\"column\" data-e-type=\"column\">\n\t\t\t<div class=\"elementor-widget-wrap elementor-element-populated\">\n\t\t\t\t\t\t<div class=\"elementor-element elementor-element-d7cbed4 elementor-widget__width-initial elementor-widget-mobile__width-inherit sc_fly_static elementor-widget elementor-widget-trx_sc_title\" data-id=\"d7cbed4\" data-element_type=\"widget\" data-e-type=\"widget\" data-widget_type=\"trx_sc_title.default\">\n\t\t\t\t<div class=\"elementor-widget-container\">\n\t\t\t\t\t<div id=\"trx_sc_title_1756203593\"\r\n\t\tclass=\"sc_title  text_position_horizontal sc_title_default\"><span class=\"sc_item_subtitle sc_title_subtitle sc_align_left sc_item_subtitle_above sc_item_title_style_default\">Ore 21.00<\/span><\/div><!-- \/.sc_title -->\t\t\t\t<\/div>\n\t\t\t\t<\/div>\n\t\t\t\t\t<\/div>\n\t\t<\/div>\n\t\t\t\t\t<\/div>\n\t\t<\/section>\n\t\t\t\t<section class=\"elementor-section elementor-inner-section elementor-element elementor-element-aabdc5c elementor-section-boxed elementor-section-height-default elementor-section-height-default\" data-id=\"aabdc5c\" data-element_type=\"section\" data-e-type=\"section\">\n\t\t\t\t\t\t<div class=\"elementor-container elementor-column-gap-no\">\n\t\t\t\t\t<div class=\"elementor-column elementor-col-25 elementor-inner-column elementor-element elementor-element-3ac8388 sc_layouts_hide_on_mobile sc_inner_width_none sc_content_align_inherit sc_layouts_column_icons_position_left\" data-id=\"3ac8388\" data-element_type=\"column\" data-e-type=\"column\">\n\t\t\t<div class=\"elementor-widget-wrap\">\n\t\t\t\t\t\t\t<\/div>\n\t\t<\/div>\n\t\t\t\t<div class=\"elementor-column elementor-col-25 elementor-inner-column elementor-element elementor-element-e89dc2f sc_layouts_column_align_center sc_layouts_column sc_inner_width_none sc_content_align_inherit sc_layouts_column_icons_position_left\" data-id=\"e89dc2f\" data-element_type=\"column\" data-e-type=\"column\">\n\t\t\t<div class=\"elementor-widget-wrap elementor-element-populated\">\n\t\t\t\t\t\t<div class=\"elementor-element elementor-element-0c28e9b sc_fly_static elementor-widget elementor-widget-spacer\" data-id=\"0c28e9b\" data-element_type=\"widget\" data-e-type=\"widget\" data-widget_type=\"spacer.default\">\n\t\t\t\t<div class=\"elementor-widget-container\">\n\t\t\t\t\t\t\t<div class=\"elementor-spacer\">\n\t\t\t<div class=\"elementor-spacer-inner\"><\/div>\n\t\t<\/div>\n\t\t\t\t\t\t<\/div>\n\t\t\t\t<\/div>\n\t\t\t\t<div class=\"elementor-element elementor-element-c998cc5 sc_fly_static elementor-invisible elementor-widget elementor-widget-text-editor\" data-id=\"c998cc5\" data-element_type=\"widget\" data-e-type=\"widget\" data-settings=\"{&quot;_animation&quot;:&quot;fadeIn&quot;}\" data-widget_type=\"text-editor.default\">\n\t\t\t\t<div class=\"elementor-widget-container\">\n\t\t\t\t\t\t\t\t\t<p>L&#8217;artista estone Mari Kalkun \u2013 una voce che sembra parlarci dal cuore della foresta estone. La sua musica \u00e8 al tempo stesso profondamente radicata in un luogo e profondamente personale, un&#8217;intimit\u00e0 nata dalle foreste baltiche invernali e dai paesaggi ghiacciati \u2014 eppure si percepiscono anche rinnovamento, speranza e celebrazione.<\/p><p>La musica di Mari Kalkun ha una qualit\u00e0 senza tempo e una percezione calma del tempo e dello spazio. Radicata nelle antiche tradizioni estoni e V\u00f5ru, e suonata con una variet\u00e0 di strumenti tra cui voce, kannel, pianoforte, elettronica, strumenti a percussione, la sua musica risuona profondamente dentro di noi, toccando il nostro spirito, la nostra anima, anche quando la lingua ci \u00e8 sconosciuta.<br \/>Nell&#8217;estate del 2023, Mari ha pubblicato il suo nuovo album Stories of Stonia (Real World Records), co-prodotto con Sam Lee. Mari ha portato l\u2019album in giro per il mondo in 20 paesi, tra cui Canada, Australia, Nuova Zelanda, Germania, Austria, Francia, Belgio, Irlanda, Svezia, Italia, e ha raggiunto il primo posto nella Transglobal World Music Chart, venendo inoltre selezionato nella lista dei migliori nuovi album di Songlines. La musica di Mari \u00e8 stata supportata da media di rilievo come il Financial Times (\u2605\u2605\u2605\u2605\u2605), la BBC, Rootsworld e Lira Music Magazine.<\/p><p>Mari Kalkun porta vecchie storie in un contesto nuovo, forse anche inaspettato. &#8220;La motivazione per questo album \u00e8 la mia curiosit\u00e0 di tornare a uno strato molto antico della tradizione e scoprire cosa pensavano e cantavano i miei antenati e come questo possa risuonare nell\u2019era dei grattacieli, dell\u2019acciaio e del metallo&#8221;, dice Mari.<\/p>\t\t\t\t\t\t\t\t<\/div>\n\t\t\t\t<\/div>\n\t\t\t\t<div class=\"elementor-element elementor-element-d4dd322 elementor-widget-divider--view-line sc_fly_static elementor-widget elementor-widget-divider\" data-id=\"d4dd322\" data-element_type=\"widget\" data-e-type=\"widget\" data-widget_type=\"divider.default\">\n\t\t\t\t<div class=\"elementor-widget-container\">\n\t\t\t\t\t\t\t<div class=\"elementor-divider\">\n\t\t\t<span class=\"elementor-divider-separator\">\n\t\t\t\t\t\t<\/span>\n\t\t<\/div>\n\t\t\t\t\t\t<\/div>\n\t\t\t\t<\/div>\n\t\t\t\t<div class=\"elementor-element elementor-element-9164cd1 sc_fly_static elementor-widget elementor-widget-spacer\" data-id=\"9164cd1\" data-element_type=\"widget\" data-e-type=\"widget\" data-widget_type=\"spacer.default\">\n\t\t\t\t<div class=\"elementor-widget-container\">\n\t\t\t\t\t\t\t<div class=\"elementor-spacer\">\n\t\t\t<div class=\"elementor-spacer-inner\"><\/div>\n\t\t<\/div>\n\t\t\t\t\t\t<\/div>\n\t\t\t\t<\/div>\n\t\t\t\t\t<\/div>\n\t\t<\/div>\n\t\t\t\t<div class=\"elementor-column elementor-col-50 elementor-inner-column elementor-element elementor-element-5c5b3c3 sc_layouts_hide_on_mobile sc_inner_width_none sc_content_align_inherit sc_layouts_column_icons_position_left\" data-id=\"5c5b3c3\" data-element_type=\"column\" data-e-type=\"column\">\n\t\t\t<div class=\"elementor-widget-wrap\">\n\t\t\t\t\t\t\t<\/div>\n\t\t<\/div>\n\t\t\t\t\t<\/div>\n\t\t<\/section>\n\t\t\t\t\t<\/div>\n\t\t<\/div>\n\t\t\t\t\t<\/div>\n\t\t<\/section>\n\t\t\t\t<section class=\"elementor-section elementor-top-section elementor-element elementor-element-a41799e elementor-section-stretched elementor-section-boxed elementor-section-height-default elementor-section-height-default elementor-invisible\" data-id=\"a41799e\" data-element_type=\"section\" data-e-type=\"section\" data-settings=\"{&quot;stretch_section&quot;:&quot;section-stretched&quot;,&quot;animation&quot;:&quot;fadeIn&quot;}\">\n\t\t\t\t\t\t<div class=\"elementor-container elementor-column-gap-extended\">\n\t\t\t\t\t<div class=\"elementor-column elementor-col-100 elementor-top-column elementor-element elementor-element-a9c0fb0 sc_inner_width_none sc_content_align_inherit sc_layouts_column_icons_position_left\" data-id=\"a9c0fb0\" data-element_type=\"column\" data-e-type=\"column\">\n\t\t\t<div class=\"elementor-widget-wrap elementor-element-populated\">\n\t\t\t\t\t\t<div class=\"elementor-element elementor-element-36e9ec7 sc_fly_static elementor-widget elementor-widget-trx_sc_button\" data-id=\"36e9ec7\" data-element_type=\"widget\" data-e-type=\"widget\" data-widget_type=\"trx_sc_button.default\">\n\t\t\t\t<div class=\"elementor-widget-container\">\n\t\t\t\t\t<div id=\"trx_sc_button_2045892722\"\tclass=\"sc_item_button sc_button_wrap sc_align_center\"><a href=\"https:\/\/www.azzurroservice.net\/biglietti\/mari-kalkun\/\" class=\"sc_button sc_button_default sc_button_size_normal sc_button_icon_left\"><span class=\"sc_button_text\"><span class=\"sc_button_title\">Acquista il biglietto<\/span><\/span><!-- \/.sc_button_text --><\/a><!-- \/.sc_button --><\/div><!-- \/.sc_item_button -->\t\t\t\t<\/div>\n\t\t\t\t<\/div>\n\t\t\t\t<div class=\"elementor-element elementor-element-9282901 sc_fly_static elementor-widget elementor-widget-spacer\" data-id=\"9282901\" data-element_type=\"widget\" data-e-type=\"widget\" data-widget_type=\"spacer.default\">\n\t\t\t\t<div class=\"elementor-widget-container\">\n\t\t\t\t\t\t\t<div class=\"elementor-spacer\">\n\t\t\t<div class=\"elementor-spacer-inner\"><\/div>\n\t\t<\/div>\n\t\t\t\t\t\t<\/div>\n\t\t\t\t<\/div>\n\t\t\t\t\t<\/div>\n\t\t<\/div>\n\t\t\t\t\t<\/div>\n\t\t<\/section>\n\t\t\t\t<section class=\"elementor-section elementor-top-section elementor-element elementor-element-66725be elementor-section-stretched elementor-section-full_width elementor-section-height-default elementor-section-height-default\" data-id=\"66725be\" data-element_type=\"section\" data-e-type=\"section\" data-settings=\"{&quot;stretch_section&quot;:&quot;section-stretched&quot;,&quot;background_background&quot;:&quot;classic&quot;}\">\n\t\t\t\t\t\t\t<div class=\"elementor-background-overlay\"><\/div>\n\t\t\t\t\t\t\t<div class=\"elementor-container elementor-column-gap-no\">\n\t\t\t\t\t<div class=\"elementor-column elementor-col-100 elementor-top-column elementor-element elementor-element-deb93ec sc_inner_width_none sc_content_align_inherit sc_layouts_column_icons_position_left\" data-id=\"deb93ec\" data-element_type=\"column\" data-e-type=\"column\" data-settings=\"{&quot;background_background&quot;:&quot;slideshow&quot;,&quot;background_slideshow_gallery&quot;:[],&quot;background_slideshow_loop&quot;:&quot;yes&quot;,&quot;background_slideshow_slide_duration&quot;:5000,&quot;background_slideshow_slide_transition&quot;:&quot;fade&quot;,&quot;background_slideshow_transition_duration&quot;:500}\">\n\t\t\t<div class=\"elementor-widget-wrap elementor-element-populated\">\n\t\t\t\t\t<div class=\"elementor-background-overlay\"><\/div>\n\t\t\t\t\t\t<div class=\"elementor-element elementor-element-00064b7 sc_fly_static elementor-widget elementor-widget-image-gallery\" data-id=\"00064b7\" data-element_type=\"widget\" data-e-type=\"widget\" data-widget_type=\"image-gallery.default\">\n\t\t\t\t<div class=\"elementor-widget-container\">\n\t\t\t\t\t\t\t<div class=\"elementor-image-gallery\">\n\t\t\t<div id='gallery-1' class='gallery galleryid-12458 gallery-columns-3 gallery-size-large'><figure class='gallery-item'>\n\t\t\t<div class='gallery-icon landscape'>\n\t\t\t\t<a data-elementor-open-lightbox=\"yes\" data-elementor-lightbox-slideshow=\"00064b7\" data-elementor-lightbox-title=\"mari-10\" data-e-action-hash=\"#elementor-action%3Aaction%3Dlightbox%26settings%3DeyJpZCI6MTIwMDQsInVybCI6Imh0dHBzOlwvXC93d3cuZmVzdGl2YWxldGhub3MuaXRcL3dwLWNvbnRlbnRcL3VwbG9hZHNcLzIwMjVcLzA4XC9tYXJpLTEwLmpwZyIsInNsaWRlc2hvdyI6IjAwMDY0YjcifQ%3D%3D\" href='https:\/\/www.festivalethnos.it\/wp-content\/uploads\/2025\/08\/mari-10.jpg'><img decoding=\"async\" width=\"1001\" height=\"667\" src=\"https:\/\/www.festivalethnos.it\/wp-content\/uploads\/2025\/08\/mari-10.jpg\" class=\"attachment-large size-large\" alt=\"\" srcset=\"https:\/\/www.festivalethnos.it\/wp-content\/uploads\/2025\/08\/mari-10.jpg 1001w, https:\/\/www.festivalethnos.it\/wp-content\/uploads\/2025\/08\/mari-10-300x200.jpg 300w, https:\/\/www.festivalethnos.it\/wp-content\/uploads\/2025\/08\/mari-10-768x512.jpg 768w, https:\/\/www.festivalethnos.it\/wp-content\/uploads\/2025\/08\/mari-10-370x247.jpg 370w\" sizes=\"(max-width: 1001px) 100vw, 1001px\" \/><\/a>\n\t\t\t<\/div><\/figure><figure class='gallery-item'>\n\t\t\t<div class='gallery-icon landscape'>\n\t\t\t\t<a data-elementor-open-lightbox=\"yes\" data-elementor-lightbox-slideshow=\"00064b7\" data-elementor-lightbox-title=\"mari\" data-e-action-hash=\"#elementor-action%3Aaction%3Dlightbox%26settings%3DeyJpZCI6MTIwMDUsInVybCI6Imh0dHBzOlwvXC93d3cuZmVzdGl2YWxldGhub3MuaXRcL3dwLWNvbnRlbnRcL3VwbG9hZHNcLzIwMjVcLzA4XC9tYXJpLmpwZyIsInNsaWRlc2hvdyI6IjAwMDY0YjcifQ%3D%3D\" href='https:\/\/www.festivalethnos.it\/wp-content\/uploads\/2025\/08\/mari.jpg'><img loading=\"lazy\" decoding=\"async\" width=\"1001\" height=\"667\" src=\"https:\/\/www.festivalethnos.it\/wp-content\/uploads\/2025\/08\/mari.jpg\" class=\"attachment-large size-large\" alt=\"\" srcset=\"https:\/\/www.festivalethnos.it\/wp-content\/uploads\/2025\/08\/mari.jpg 1001w, https:\/\/www.festivalethnos.it\/wp-content\/uploads\/2025\/08\/mari-300x200.jpg 300w, https:\/\/www.festivalethnos.it\/wp-content\/uploads\/2025\/08\/mari-768x512.jpg 768w, https:\/\/www.festivalethnos.it\/wp-content\/uploads\/2025\/08\/mari-370x247.jpg 370w\" sizes=\"(max-width: 1001px) 100vw, 1001px\" \/><\/a>\n\t\t\t<\/div><\/figure><figure class='gallery-item'>\n\t\t\t<div class='gallery-icon landscape'>\n\t\t\t\t<a data-elementor-open-lightbox=\"yes\" data-elementor-lightbox-slideshow=\"00064b7\" data-elementor-lightbox-title=\"mari-2\" data-e-action-hash=\"#elementor-action%3Aaction%3Dlightbox%26settings%3DeyJpZCI6MTIwMDYsInVybCI6Imh0dHBzOlwvXC93d3cuZmVzdGl2YWxldGhub3MuaXRcL3dwLWNvbnRlbnRcL3VwbG9hZHNcLzIwMjVcLzA4XC9tYXJpLTIuanBnIiwic2xpZGVzaG93IjoiMDAwNjRiNyJ9\" href='https:\/\/www.festivalethnos.it\/wp-content\/uploads\/2025\/08\/mari-2.jpg'><img loading=\"lazy\" decoding=\"async\" width=\"1001\" height=\"667\" src=\"https:\/\/www.festivalethnos.it\/wp-content\/uploads\/2025\/08\/mari-2.jpg\" class=\"attachment-large size-large\" alt=\"\" srcset=\"https:\/\/www.festivalethnos.it\/wp-content\/uploads\/2025\/08\/mari-2.jpg 1001w, https:\/\/www.festivalethnos.it\/wp-content\/uploads\/2025\/08\/mari-2-300x200.jpg 300w, https:\/\/www.festivalethnos.it\/wp-content\/uploads\/2025\/08\/mari-2-768x512.jpg 768w, https:\/\/www.festivalethnos.it\/wp-content\/uploads\/2025\/08\/mari-2-370x247.jpg 370w\" sizes=\"(max-width: 1001px) 100vw, 1001px\" \/><\/a>\n\t\t\t<\/div><\/figure><figure class='gallery-item'>\n\t\t\t<div class='gallery-icon landscape'>\n\t\t\t\t<a data-elementor-open-lightbox=\"yes\" data-elementor-lightbox-slideshow=\"00064b7\" data-elementor-lightbox-title=\"mari-3\" data-e-action-hash=\"#elementor-action%3Aaction%3Dlightbox%26settings%3DeyJpZCI6MTIwMDcsInVybCI6Imh0dHBzOlwvXC93d3cuZmVzdGl2YWxldGhub3MuaXRcL3dwLWNvbnRlbnRcL3VwbG9hZHNcLzIwMjVcLzA4XC9tYXJpLTMuanBnIiwic2xpZGVzaG93IjoiMDAwNjRiNyJ9\" href='https:\/\/www.festivalethnos.it\/wp-content\/uploads\/2025\/08\/mari-3.jpg'><img loading=\"lazy\" decoding=\"async\" width=\"1001\" height=\"667\" src=\"https:\/\/www.festivalethnos.it\/wp-content\/uploads\/2025\/08\/mari-3.jpg\" class=\"attachment-large size-large\" alt=\"\" srcset=\"https:\/\/www.festivalethnos.it\/wp-content\/uploads\/2025\/08\/mari-3.jpg 1001w, https:\/\/www.festivalethnos.it\/wp-content\/uploads\/2025\/08\/mari-3-300x200.jpg 300w, https:\/\/www.festivalethnos.it\/wp-content\/uploads\/2025\/08\/mari-3-768x512.jpg 768w, https:\/\/www.festivalethnos.it\/wp-content\/uploads\/2025\/08\/mari-3-370x247.jpg 370w\" sizes=\"(max-width: 1001px) 100vw, 1001px\" \/><\/a>\n\t\t\t<\/div><\/figure><figure class='gallery-item'>\n\t\t\t<div class='gallery-icon landscape'>\n\t\t\t\t<a data-elementor-open-lightbox=\"yes\" data-elementor-lightbox-slideshow=\"00064b7\" data-elementor-lightbox-title=\"mari-4\" data-e-action-hash=\"#elementor-action%3Aaction%3Dlightbox%26settings%3DeyJpZCI6MTIwMDgsInVybCI6Imh0dHBzOlwvXC93d3cuZmVzdGl2YWxldGhub3MuaXRcL3dwLWNvbnRlbnRcL3VwbG9hZHNcLzIwMjVcLzA4XC9tYXJpLTQuanBnIiwic2xpZGVzaG93IjoiMDAwNjRiNyJ9\" href='https:\/\/www.festivalethnos.it\/wp-content\/uploads\/2025\/08\/mari-4.jpg'><img loading=\"lazy\" decoding=\"async\" width=\"1001\" height=\"667\" src=\"https:\/\/www.festivalethnos.it\/wp-content\/uploads\/2025\/08\/mari-4.jpg\" class=\"attachment-large size-large\" alt=\"\" srcset=\"https:\/\/www.festivalethnos.it\/wp-content\/uploads\/2025\/08\/mari-4.jpg 1001w, https:\/\/www.festivalethnos.it\/wp-content\/uploads\/2025\/08\/mari-4-300x200.jpg 300w, https:\/\/www.festivalethnos.it\/wp-content\/uploads\/2025\/08\/mari-4-768x512.jpg 768w, https:\/\/www.festivalethnos.it\/wp-content\/uploads\/2025\/08\/mari-4-370x247.jpg 370w\" sizes=\"(max-width: 1001px) 100vw, 1001px\" \/><\/a>\n\t\t\t<\/div><\/figure><figure class='gallery-item'>\n\t\t\t<div class='gallery-icon landscape'>\n\t\t\t\t<a data-elementor-open-lightbox=\"yes\" data-elementor-lightbox-slideshow=\"00064b7\" data-elementor-lightbox-title=\"mari-7\" data-e-action-hash=\"#elementor-action%3Aaction%3Dlightbox%26settings%3DeyJpZCI6MTIwMDksInVybCI6Imh0dHBzOlwvXC93d3cuZmVzdGl2YWxldGhub3MuaXRcL3dwLWNvbnRlbnRcL3VwbG9hZHNcLzIwMjVcLzA4XC9tYXJpLTcuanBnIiwic2xpZGVzaG93IjoiMDAwNjRiNyJ9\" href='https:\/\/www.festivalethnos.it\/wp-content\/uploads\/2025\/08\/mari-7.jpg'><img loading=\"lazy\" decoding=\"async\" width=\"1001\" height=\"667\" src=\"https:\/\/www.festivalethnos.it\/wp-content\/uploads\/2025\/08\/mari-7.jpg\" class=\"attachment-large size-large\" alt=\"\" srcset=\"https:\/\/www.festivalethnos.it\/wp-content\/uploads\/2025\/08\/mari-7.jpg 1001w, https:\/\/www.festivalethnos.it\/wp-content\/uploads\/2025\/08\/mari-7-300x200.jpg 300w, https:\/\/www.festivalethnos.it\/wp-content\/uploads\/2025\/08\/mari-7-768x512.jpg 768w, https:\/\/www.festivalethnos.it\/wp-content\/uploads\/2025\/08\/mari-7-370x247.jpg 370w\" sizes=\"(max-width: 1001px) 100vw, 1001px\" \/><\/a>\n\t\t\t<\/div><\/figure><figure class='gallery-item'>\n\t\t\t<div class='gallery-icon landscape'>\n\t\t\t\t<a data-elementor-open-lightbox=\"yes\" data-elementor-lightbox-slideshow=\"00064b7\" data-elementor-lightbox-title=\"mari-8\" data-e-action-hash=\"#elementor-action%3Aaction%3Dlightbox%26settings%3DeyJpZCI6MTIwMTAsInVybCI6Imh0dHBzOlwvXC93d3cuZmVzdGl2YWxldGhub3MuaXRcL3dwLWNvbnRlbnRcL3VwbG9hZHNcLzIwMjVcLzA4XC9tYXJpLTguanBnIiwic2xpZGVzaG93IjoiMDAwNjRiNyJ9\" href='https:\/\/www.festivalethnos.it\/wp-content\/uploads\/2025\/08\/mari-8.jpg'><img loading=\"lazy\" decoding=\"async\" width=\"1001\" height=\"667\" src=\"https:\/\/www.festivalethnos.it\/wp-content\/uploads\/2025\/08\/mari-8.jpg\" class=\"attachment-large size-large\" alt=\"\" srcset=\"https:\/\/www.festivalethnos.it\/wp-content\/uploads\/2025\/08\/mari-8.jpg 1001w, https:\/\/www.festivalethnos.it\/wp-content\/uploads\/2025\/08\/mari-8-300x200.jpg 300w, https:\/\/www.festivalethnos.it\/wp-content\/uploads\/2025\/08\/mari-8-768x512.jpg 768w, https:\/\/www.festivalethnos.it\/wp-content\/uploads\/2025\/08\/mari-8-370x247.jpg 370w\" sizes=\"(max-width: 1001px) 100vw, 1001px\" \/><\/a>\n\t\t\t<\/div><\/figure><figure class='gallery-item'>\n\t\t\t<div class='gallery-icon landscape'>\n\t\t\t\t<a data-elementor-open-lightbox=\"yes\" data-elementor-lightbox-slideshow=\"00064b7\" data-elementor-lightbox-title=\"mari-5\" data-e-action-hash=\"#elementor-action%3Aaction%3Dlightbox%26settings%3DeyJpZCI6MTIwMTEsInVybCI6Imh0dHBzOlwvXC93d3cuZmVzdGl2YWxldGhub3MuaXRcL3dwLWNvbnRlbnRcL3VwbG9hZHNcLzIwMjVcLzA4XC9tYXJpLTUuanBnIiwic2xpZGVzaG93IjoiMDAwNjRiNyJ9\" href='https:\/\/www.festivalethnos.it\/wp-content\/uploads\/2025\/08\/mari-5.jpg'><img loading=\"lazy\" decoding=\"async\" width=\"1001\" height=\"667\" src=\"https:\/\/www.festivalethnos.it\/wp-content\/uploads\/2025\/08\/mari-5.jpg\" class=\"attachment-large size-large\" alt=\"\" srcset=\"https:\/\/www.festivalethnos.it\/wp-content\/uploads\/2025\/08\/mari-5.jpg 1001w, https:\/\/www.festivalethnos.it\/wp-content\/uploads\/2025\/08\/mari-5-300x200.jpg 300w, https:\/\/www.festivalethnos.it\/wp-content\/uploads\/2025\/08\/mari-5-768x512.jpg 768w, https:\/\/www.festivalethnos.it\/wp-content\/uploads\/2025\/08\/mari-5-370x247.jpg 370w\" sizes=\"(max-width: 1001px) 100vw, 1001px\" \/><\/a>\n\t\t\t<\/div><\/figure><figure class='gallery-item'>\n\t\t\t<div class='gallery-icon landscape'>\n\t\t\t\t<a data-elementor-open-lightbox=\"yes\" data-elementor-lightbox-slideshow=\"00064b7\" data-elementor-lightbox-title=\"mari-6\" data-e-action-hash=\"#elementor-action%3Aaction%3Dlightbox%26settings%3DeyJpZCI6MTIwMTIsInVybCI6Imh0dHBzOlwvXC93d3cuZmVzdGl2YWxldGhub3MuaXRcL3dwLWNvbnRlbnRcL3VwbG9hZHNcLzIwMjVcLzA4XC9tYXJpLTYuanBnIiwic2xpZGVzaG93IjoiMDAwNjRiNyJ9\" href='https:\/\/www.festivalethnos.it\/wp-content\/uploads\/2025\/08\/mari-6.jpg'><img loading=\"lazy\" decoding=\"async\" width=\"1001\" height=\"667\" src=\"https:\/\/www.festivalethnos.it\/wp-content\/uploads\/2025\/08\/mari-6.jpg\" class=\"attachment-large size-large\" alt=\"\" srcset=\"https:\/\/www.festivalethnos.it\/wp-content\/uploads\/2025\/08\/mari-6.jpg 1001w, https:\/\/www.festivalethnos.it\/wp-content\/uploads\/2025\/08\/mari-6-300x200.jpg 300w, https:\/\/www.festivalethnos.it\/wp-content\/uploads\/2025\/08\/mari-6-768x512.jpg 768w, https:\/\/www.festivalethnos.it\/wp-content\/uploads\/2025\/08\/mari-6-370x247.jpg 370w\" sizes=\"(max-width: 1001px) 100vw, 1001px\" \/><\/a>\n\t\t\t<\/div><\/figure>\n\t\t<\/div>\n\t\t<\/div>\n\t\t\t\t\t\t<\/div>\n\t\t\t\t<\/div>\n\t\t\t\t\t<\/div>\n\t\t<\/div>\n\t\t\t\t\t<\/div>\n\t\t<\/section>\n\t\t\t\t<section class=\"elementor-section elementor-top-section elementor-element elementor-element-9db896e elementor-section-stretched elementor-section-full_width elementor-section-height-default elementor-section-height-default\" data-id=\"9db896e\" data-element_type=\"section\" data-e-type=\"section\" data-settings=\"{&quot;stretch_section&quot;:&quot;section-stretched&quot;,&quot;background_background&quot;:&quot;classic&quot;}\">\n\t\t\t\t\t\t\t<div class=\"elementor-background-overlay\"><\/div>\n\t\t\t\t\t\t\t<div class=\"elementor-container elementor-column-gap-no\">\n\t\t\t\t\t<div class=\"elementor-column elementor-col-100 elementor-top-column elementor-element elementor-element-cda85f7 sc_inner_width_none sc_content_align_inherit sc_layouts_column_icons_position_left\" data-id=\"cda85f7\" data-element_type=\"column\" data-e-type=\"column\" data-settings=\"{&quot;background_background&quot;:&quot;slideshow&quot;,&quot;background_slideshow_gallery&quot;:[],&quot;background_slideshow_loop&quot;:&quot;yes&quot;,&quot;background_slideshow_slide_duration&quot;:5000,&quot;background_slideshow_slide_transition&quot;:&quot;fade&quot;,&quot;background_slideshow_transition_duration&quot;:500}\">\n\t\t\t<div class=\"elementor-widget-wrap elementor-element-populated\">\n\t\t\t\t\t<div class=\"elementor-background-overlay\"><\/div>\n\t\t\t\t\t\t<div class=\"elementor-element elementor-element-1caf189 sc_fly_static elementor-widget elementor-widget-spacer\" data-id=\"1caf189\" data-element_type=\"widget\" data-e-type=\"widget\" data-widget_type=\"spacer.default\">\n\t\t\t\t<div class=\"elementor-widget-container\">\n\t\t\t\t\t\t\t<div class=\"elementor-spacer\">\n\t\t\t<div class=\"elementor-spacer-inner\"><\/div>\n\t\t<\/div>\n\t\t\t\t\t\t<\/div>\n\t\t\t\t<\/div>\n\t\t\t\t<div class=\"elementor-element elementor-element-483c833 sc_fly_static elementor-widget elementor-widget-video\" data-id=\"483c833\" data-element_type=\"widget\" data-e-type=\"widget\" data-settings=\"{&quot;youtube_url&quot;:&quot;https:\\\/\\\/www.youtube.com\\\/watch?v=KGK84Vhjcyc&quot;,&quot;video_type&quot;:&quot;youtube&quot;,&quot;controls&quot;:&quot;yes&quot;}\" data-widget_type=\"video.default\">\n\t\t\t\t<div class=\"elementor-widget-container\">\n\t\t\t\t\t\t\t<div class=\"elementor-wrapper elementor-open-inline\">\n\t\t\t<div class=\"elementor-video\"><\/div>\t\t<\/div>\n\t\t\t\t\t\t<\/div>\n\t\t\t\t<\/div>\n\t\t\t\t<div class=\"elementor-element elementor-element-35fd88c sc_fly_static elementor-widget elementor-widget-spacer\" data-id=\"35fd88c\" data-element_type=\"widget\" data-e-type=\"widget\" data-widget_type=\"spacer.default\">\n\t\t\t\t<div class=\"elementor-widget-container\">\n\t\t\t\t\t\t\t<div class=\"elementor-spacer\">\n\t\t\t<div class=\"elementor-spacer-inner\"><\/div>\n\t\t<\/div>\n\t\t\t\t\t\t<\/div>\n\t\t\t\t<\/div>\n\t\t\t\t\t<\/div>\n\t\t<\/div>\n\t\t\t\t\t<\/div>\n\t\t<\/section>\n\t\t\t\t<section class=\"elementor-section elementor-top-section elementor-element elementor-element-bf8323d elementor-section-boxed elementor-section-height-default elementor-section-height-default\" data-id=\"bf8323d\" data-element_type=\"section\" data-e-type=\"section\">\n\t\t\t\t\t\t<div class=\"elementor-container elementor-column-gap-extended\">\n\t\t\t\t\t<div class=\"elementor-column elementor-col-50 elementor-top-column elementor-element elementor-element-dacd520 sc_inner_width_none sc_content_align_inherit sc_layouts_column_icons_position_left\" data-id=\"dacd520\" data-element_type=\"column\" data-e-type=\"column\" data-settings=\"{&quot;background_background&quot;:&quot;classic&quot;}\">\n\t\t\t<div class=\"elementor-widget-wrap elementor-element-populated\">\n\t\t\t\t\t\t<div class=\"elementor-element elementor-element-fecaa53 sc_fly_static elementor-widget elementor-widget-heading\" data-id=\"fecaa53\" data-element_type=\"widget\" data-e-type=\"widget\" data-widget_type=\"heading.default\">\n\t\t\t\t<div class=\"elementor-widget-container\">\n\t\t\t\t\t<h6 class=\"elementor-heading-title elementor-size-default\">Nella stessa giornata<\/h6>\t\t\t\t<\/div>\n\t\t\t\t<\/div>\n\t\t\t\t<div class=\"elementor-element elementor-element-f4891fa sc_fly_static elementor-widget elementor-widget-heading\" data-id=\"f4891fa\" data-element_type=\"widget\" data-e-type=\"widget\" data-widget_type=\"heading.default\">\n\t\t\t\t<div class=\"elementor-widget-container\">\n\t\t\t\t\t<h4 class=\"elementor-heading-title elementor-size-default\">Workshop: Il canto Polifonico Pigmeo AKA a cura di Ndima<\/h4>\t\t\t\t<\/div>\n\t\t\t\t<\/div>\n\t\t\t\t<div class=\"elementor-element elementor-element-989a182 sc_fly_static elementor-widget elementor-widget-text-editor\" data-id=\"989a182\" data-element_type=\"widget\" data-e-type=\"widget\" data-widget_type=\"text-editor.default\">\n\t\t\t\t<div class=\"elementor-widget-container\">\n\t\t\t\t\t\t\t\t\t<h5>San Giorgio a Cremano<\/h5><p>Parco di Villa Bruno<br \/>Ore 17.00<\/p>\t\t\t\t\t\t\t\t<\/div>\n\t\t\t\t<\/div>\n\t\t\t\t<div class=\"elementor-element elementor-element-2cd6e82 sc_fly_static elementor-widget elementor-widget-text-editor\" data-id=\"2cd6e82\" data-element_type=\"widget\" data-e-type=\"widget\" data-widget_type=\"text-editor.default\">\n\t\t\t\t<div class=\"elementor-widget-container\">\n\t\t\t\t\t\t\t\t\t<p>La musica fa parte della vita quotidiana e gli Aka praticano la polifonia contrappuntistica fin dall&#8217;infanzia. Lo jodel, con i suoi repentini cambi di registro, \u00e8 particolarmente spettacolare. Questo laboratorio di canto, basato sull&#8217;ascolto, l&#8217;osservazione e l&#8217;imitazione, permetter\u00e0 ai partecipanti, sotto il coordinamento di Sorel ETA, di acquisire e comprendere le nozioni di base sulla struttura, l&#8217;organizzazione temporale e il funzionamento generale del canto polifonico degli Aka pigmei.<br \/>Queste conoscenze musicali saranno trasmesse ai partecipanti in un linguaggio di facile comprensione, permettendo loro di percepire la particolarit\u00e0 della musica polifonica pigmea rispetto a quella praticata dai loro vicini, i Bantu.<\/p><p>Durata tra le 2 e le 4 ore<br \/><strong>La partecipazione \u00e8 gratuita. <\/strong><br \/>La prenotazione \u00e8 obbligatoria:info@festivalethnos.it<\/p>\t\t\t\t\t\t\t\t<\/div>\n\t\t\t\t<\/div>\n\t\t\t\t<div class=\"elementor-element elementor-element-2c813d3 sc_fly_static elementor-widget elementor-widget-spacer\" data-id=\"2c813d3\" data-element_type=\"widget\" data-e-type=\"widget\" data-widget_type=\"spacer.default\">\n\t\t\t\t<div class=\"elementor-widget-container\">\n\t\t\t\t\t\t\t<div class=\"elementor-spacer\">\n\t\t\t<div class=\"elementor-spacer-inner\"><\/div>\n\t\t<\/div>\n\t\t\t\t\t\t<\/div>\n\t\t\t\t<\/div>\n\t\t\t\t<div class=\"elementor-element elementor-element-1bbe323 sc_fly_static elementor-widget elementor-widget-spacer\" data-id=\"1bbe323\" data-element_type=\"widget\" data-e-type=\"widget\" data-widget_type=\"spacer.default\">\n\t\t\t\t<div class=\"elementor-widget-container\">\n\t\t\t\t\t\t\t<div class=\"elementor-spacer\">\n\t\t\t<div class=\"elementor-spacer-inner\"><\/div>\n\t\t<\/div>\n\t\t\t\t\t\t<\/div>\n\t\t\t\t<\/div>\n\t\t\t\t\t<\/div>\n\t\t<\/div>\n\t\t\t\t<div class=\"elementor-column elementor-col-50 elementor-top-column elementor-element elementor-element-b590c50 sc_inner_width_none sc_content_align_inherit sc_layouts_column_icons_position_left\" data-id=\"b590c50\" data-element_type=\"column\" data-e-type=\"column\">\n\t\t\t<div class=\"elementor-widget-wrap elementor-element-populated\">\n\t\t\t\t\t\t<div class=\"elementor-element elementor-element-a63ccc1 sc_fly_static elementor-widget elementor-widget-image\" data-id=\"a63ccc1\" data-element_type=\"widget\" data-e-type=\"widget\" data-widget_type=\"image.default\">\n\t\t\t\t<div class=\"elementor-widget-container\">\n\t\t\t\t\t\t\t\t\t\t\t\t\t\t\t\t<a href=\"https:\/\/www.festivalethnos.it\/?page_id=10573\">\n\t\t\t\t\t\t\t<img loading=\"lazy\" decoding=\"async\" width=\"1001\" height=\"667\" src=\"https:\/\/www.festivalethnos.it\/wp-content\/uploads\/2025\/08\/ndima-10.jpg\" class=\"attachment-large size-large wp-image-11939\" alt=\"\" srcset=\"https:\/\/www.festivalethnos.it\/wp-content\/uploads\/2025\/08\/ndima-10.jpg 1001w, https:\/\/www.festivalethnos.it\/wp-content\/uploads\/2025\/08\/ndima-10-300x200.jpg 300w, https:\/\/www.festivalethnos.it\/wp-content\/uploads\/2025\/08\/ndima-10-768x512.jpg 768w, https:\/\/www.festivalethnos.it\/wp-content\/uploads\/2025\/08\/ndima-10-370x247.jpg 370w\" sizes=\"(max-width: 1001px) 100vw, 1001px\" \/>\t\t\t\t\t\t\t\t<\/a>\n\t\t\t\t\t\t\t\t\t\t\t\t\t\t\t<\/div>\n\t\t\t\t<\/div>\n\t\t\t\t<div class=\"elementor-element elementor-element-3824de5 sc_fly_static elementor-widget elementor-widget-image\" data-id=\"3824de5\" data-element_type=\"widget\" data-e-type=\"widget\" data-widget_type=\"image.default\">\n\t\t\t\t<div class=\"elementor-widget-container\">\n\t\t\t\t\t\t\t\t\t\t\t\t\t\t\t\t<a href=\"https:\/\/www.festivalethnos.it\/?page_id=10573\">\n\t\t\t\t\t\t\t<img loading=\"lazy\" decoding=\"async\" width=\"1024\" height=\"580\" src=\"https:\/\/www.festivalethnos.it\/wp-content\/uploads\/2025\/08\/1200x680_sorel-eta-1024x580.jpg\" class=\"attachment-large size-large wp-image-12013\" alt=\"\" srcset=\"https:\/\/www.festivalethnos.it\/wp-content\/uploads\/2025\/08\/1200x680_sorel-eta-1024x580.jpg 1024w, https:\/\/www.festivalethnos.it\/wp-content\/uploads\/2025\/08\/1200x680_sorel-eta-300x170.jpg 300w, https:\/\/www.festivalethnos.it\/wp-content\/uploads\/2025\/08\/1200x680_sorel-eta-768x435.jpg 768w, https:\/\/www.festivalethnos.it\/wp-content\/uploads\/2025\/08\/1200x680_sorel-eta-370x209.jpg 370w, https:\/\/www.festivalethnos.it\/wp-content\/uploads\/2025\/08\/1200x680_sorel-eta-885x500.jpg 885w, https:\/\/www.festivalethnos.it\/wp-content\/uploads\/2025\/08\/1200x680_sorel-eta-270x152.jpg 270w, https:\/\/www.festivalethnos.it\/wp-content\/uploads\/2025\/08\/1200x680_sorel-eta.jpg 1152w\" sizes=\"(max-width: 1024px) 100vw, 1024px\" \/>\t\t\t\t\t\t\t\t<\/a>\n\t\t\t\t\t\t\t\t\t\t\t\t\t\t\t<\/div>\n\t\t\t\t<\/div>\n\t\t\t\t\t<\/div>\n\t\t<\/div>\n\t\t\t\t\t<\/div>\n\t\t<\/section>\n\t\t\t\t<section class=\"elementor-section elementor-top-section elementor-element elementor-element-d72c698 elementor-section-boxed elementor-section-height-default elementor-section-height-default\" data-id=\"d72c698\" data-element_type=\"section\" data-e-type=\"section\">\n\t\t\t\t\t\t<div class=\"elementor-container elementor-column-gap-extended\">\n\t\t\t\t\t<div class=\"elementor-column elementor-col-100 elementor-top-column elementor-element elementor-element-9366acd sc_inner_width_none sc_content_align_inherit sc_layouts_column_icons_position_left\" data-id=\"9366acd\" data-element_type=\"column\" data-e-type=\"column\" data-settings=\"{&quot;background_background&quot;:&quot;classic&quot;}\">\n\t\t\t<div class=\"elementor-widget-wrap elementor-element-populated\">\n\t\t\t\t\t\t<div class=\"elementor-element elementor-element-5c80a23 sc_fly_static elementor-widget elementor-widget-heading\" data-id=\"5c80a23\" data-element_type=\"widget\" data-e-type=\"widget\" data-widget_type=\"heading.default\">\n\t\t\t\t<div class=\"elementor-widget-container\">\n\t\t\t\t\t<h6 class=\"elementor-heading-title elementor-size-default\">Nella stessa giornata<\/h6>\t\t\t\t<\/div>\n\t\t\t\t<\/div>\n\t\t\t\t<div class=\"elementor-element elementor-element-b738a4f sc_fly_static elementor-widget elementor-widget-heading\" data-id=\"b738a4f\" data-element_type=\"widget\" data-e-type=\"widget\" data-widget_type=\"heading.default\">\n\t\t\t\t<div class=\"elementor-widget-container\">\n\t\t\t\t\t<h4 class=\"elementor-heading-title elementor-size-default\">Conferenza: \u201cI Pigmei Aka e la minaccia di estinzione della loro cultura\u201d, a cura dell\u2019etnologo Sorel Eta  <\/h4>\t\t\t\t<\/div>\n\t\t\t\t<\/div>\n\t\t\t\t<div class=\"elementor-element elementor-element-4b93634 sc_fly_static elementor-widget elementor-widget-text-editor\" data-id=\"4b93634\" data-element_type=\"widget\" data-e-type=\"widget\" data-widget_type=\"text-editor.default\">\n\t\t\t\t<div class=\"elementor-widget-container\">\n\t\t\t\t\t\t\t\t\t<p>I pigmei vivono nelle foreste africane tra l&#8217;Oceano Atlantico e i Grandi Laghi, in diversi gruppi come Baka, Bambuti, Batwa, Babongo, Ef\u00e9 e altri. I Pigmei Aka vivono nelle foreste del nord della Repubblica del Congo e del sud della Repubblica Centrafricana. Tradizionalmente nomadi, stanno ora diventando sedentari e la loro cultura \u00e8 a rischio di estinzione.<br \/>Di conseguenza, corriamo il rischio di perderli senza averli mai conosciuti veramente.Quali sono le minacce per questa cultura?<br \/>Cosa dovremmo fare per salvaguardarla? A queste domande risponder\u00e0 Sorel ETA, un etnologo che da due decenni lavora con gli Aka Pigmei della foresta nel nord della Repubblica del Congo.<\/p><p>Durata: 1 ora<\/p>\t\t\t\t\t\t\t\t<\/div>\n\t\t\t\t<\/div>\n\t\t\t\t<div class=\"elementor-element elementor-element-2e26b5a sc_fly_static elementor-widget elementor-widget-text-editor\" data-id=\"2e26b5a\" data-element_type=\"widget\" data-e-type=\"widget\" data-widget_type=\"text-editor.default\">\n\t\t\t\t<div class=\"elementor-widget-container\">\n\t\t\t\t\t\t\t\t\t<h5>San Giorgio a Cremano<\/h5><p>Biblioteca di Villa Bruno<br \/>Ore 19.30<\/p>\t\t\t\t\t\t\t\t<\/div>\n\t\t\t\t<\/div>\n\t\t\t\t<div class=\"elementor-element elementor-element-b22ee3a sc_fly_static elementor-widget elementor-widget-spacer\" data-id=\"b22ee3a\" data-element_type=\"widget\" data-e-type=\"widget\" data-widget_type=\"spacer.default\">\n\t\t\t\t<div class=\"elementor-widget-container\">\n\t\t\t\t\t\t\t<div class=\"elementor-spacer\">\n\t\t\t<div class=\"elementor-spacer-inner\"><\/div>\n\t\t<\/div>\n\t\t\t\t\t\t<\/div>\n\t\t\t\t<\/div>\n\t\t\t\t\t<\/div>\n\t\t<\/div>\n\t\t\t\t\t<\/div>\n\t\t<\/section>\n\t\t\t\t<section class=\"elementor-section elementor-top-section elementor-element elementor-element-a9327a3 elementor-section-stretched elementor-section-full_width elementor-section-height-default elementor-section-height-default\" data-id=\"a9327a3\" data-element_type=\"section\" data-e-type=\"section\" data-settings=\"{&quot;stretch_section&quot;:&quot;section-stretched&quot;,&quot;background_background&quot;:&quot;classic&quot;}\">\n\t\t\t\t\t\t\t<div class=\"elementor-background-overlay\"><\/div>\n\t\t\t\t\t\t\t<div class=\"elementor-container elementor-column-gap-no\">\n\t\t\t\t\t<div class=\"elementor-column elementor-col-100 elementor-top-column elementor-element elementor-element-f89f06a sc_inner_width_none sc_content_align_inherit sc_layouts_column_icons_position_left\" data-id=\"f89f06a\" data-element_type=\"column\" data-e-type=\"column\" data-settings=\"{&quot;background_background&quot;:&quot;slideshow&quot;,&quot;background_slideshow_gallery&quot;:[],&quot;background_slideshow_loop&quot;:&quot;yes&quot;,&quot;background_slideshow_slide_duration&quot;:5000,&quot;background_slideshow_slide_transition&quot;:&quot;fade&quot;,&quot;background_slideshow_transition_duration&quot;:500}\">\n\t\t\t<div class=\"elementor-widget-wrap elementor-element-populated\">\n\t\t\t\t\t<div class=\"elementor-background-overlay\"><\/div>\n\t\t\t\t\t\t<div class=\"elementor-element elementor-element-ea22037 sc_fly_static elementor-widget elementor-widget-google_maps\" data-id=\"ea22037\" data-element_type=\"widget\" data-e-type=\"widget\" data-widget_type=\"google_maps.default\">\n\t\t\t\t<div class=\"elementor-widget-container\">\n\t\t\t\t\t\t\t<div class=\"elementor-custom-embed\">\n\t\t\t<iframe loading=\"lazy\"\n\t\t\t\t\tsrc=\"https:\/\/maps.google.com\/maps?q=italia%20torre%20del%20greco%20villa%20bruno&#038;t=m&#038;z=12&#038;output=embed&#038;iwloc=near\"\n\t\t\t\t\ttitle=\"italia torre del greco villa bruno\"\n\t\t\t\t\taria-label=\"italia torre del greco villa bruno\"\n\t\t\t><\/iframe>\n\t\t<\/div>\n\t\t\t\t\t\t<\/div>\n\t\t\t\t<\/div>\n\t\t\t\t\t<\/div>\n\t\t<\/div>\n\t\t\t\t\t<\/div>\n\t\t<\/section>\n\t\t\t\t<\/div>\n\t\t","protected":false},"excerpt":{"rendered":"<p>Cantante e musicista estone che fonde la tradizione folcloristica con sonorit\u00e0 moderne e intimistiche Mari Kalkun Cantante e musicista estone che fonde la tradizione folcloristica con sonorit\u00e0 moderne e intimistiche Mari Kalkun Domenica 7 Settembre 2025 San Giorgio a Cremano \/ Parco di Villa Bruno Ore 21.00 L&#8217;artista estone Mari Kalkun \u2013 una voce che&hellip;<\/p>\n","protected":false},"author":1,"featured_media":12408,"comment_status":"closed","ping_status":"closed","template":"elementor_header_footer","cpt_team_group":[],"class_list":["post-12458","cpt_team","type-cpt_team","status-publish","has-post-thumbnail","hentry"],"_links":{"self":[{"href":"https:\/\/www.festivalethnos.it\/index.php?rest_route=\/wp\/v2\/cpt_team\/12458","targetHints":{"allow":["GET"]}}],"collection":[{"href":"https:\/\/www.festivalethnos.it\/index.php?rest_route=\/wp\/v2\/cpt_team"}],"about":[{"href":"https:\/\/www.festivalethnos.it\/index.php?rest_route=\/wp\/v2\/types\/cpt_team"}],"author":[{"embeddable":true,"href":"https:\/\/www.festivalethnos.it\/index.php?rest_route=\/wp\/v2\/users\/1"}],"replies":[{"embeddable":true,"href":"https:\/\/www.festivalethnos.it\/index.php?rest_route=%2Fwp%2Fv2%2Fcomments&post=12458"}],"version-history":[{"count":4,"href":"https:\/\/www.festivalethnos.it\/index.php?rest_route=\/wp\/v2\/cpt_team\/12458\/revisions"}],"predecessor-version":[{"id":12462,"href":"https:\/\/www.festivalethnos.it\/index.php?rest_route=\/wp\/v2\/cpt_team\/12458\/revisions\/12462"}],"wp:featuredmedia":[{"embeddable":true,"href":"https:\/\/www.festivalethnos.it\/index.php?rest_route=\/wp\/v2\/media\/12408"}],"wp:attachment":[{"href":"https:\/\/www.festivalethnos.it\/index.php?rest_route=%2Fwp%2Fv2%2Fmedia&parent=12458"}],"wp:term":[{"taxonomy":"cpt_team_group","embeddable":true,"href":"https:\/\/www.festivalethnos.it\/index.php?rest_route=%2Fwp%2Fv2%2Fcpt_team_group&post=12458"}],"curies":[{"name":"wp","href":"https:\/\/api.w.org\/{rel}","templated":true}]}}