{"id":10861,"date":"2024-09-03T12:21:41","date_gmt":"2024-09-03T10:21:41","guid":{"rendered":"https:\/\/www.festivalethnos.it\/?page_id=10861"},"modified":"2024-09-11T21:30:00","modified_gmt":"2024-09-11T19:30:00","slug":"finale-ethnos-generazioni","status":"publish","type":"page","link":"https:\/\/www.festivalethnos.it\/?page_id=10861","title":{"rendered":"Finale Ethnos Generazioni"},"content":{"rendered":"\t\t<div data-elementor-type=\"wp-post\" data-elementor-id=\"10861\" class=\"elementor elementor-10861\">\n\t\t\t\t\t\t<section class=\"elementor-section elementor-top-section elementor-element elementor-element-7c72913 elementor-section-stretched elementor-section-full_width elementor-section-height-default elementor-section-height-default\" data-id=\"7c72913\" data-element_type=\"section\" data-e-type=\"section\" data-settings=\"{&quot;stretch_section&quot;:&quot;section-stretched&quot;}\">\n\t\t\t\t\t\t<div class=\"elementor-container elementor-column-gap-no\">\n\t\t\t\t\t<div class=\"elementor-column elementor-col-100 elementor-top-column elementor-element elementor-element-13f9a69 sc_inner_width_none sc_content_align_inherit sc_layouts_column_icons_position_left\" data-id=\"13f9a69\" data-element_type=\"column\" data-e-type=\"column\" data-settings=\"{&quot;background_background&quot;:&quot;classic&quot;}\">\n\t\t\t<div class=\"elementor-widget-wrap elementor-element-populated\">\n\t\t\t\t\t<div class=\"elementor-background-overlay\"><\/div>\n\t\t\t\t\t\t<div class=\"elementor-element elementor-element-4b4e164 sc_fly_static elementor-widget elementor-widget-image\" data-id=\"4b4e164\" data-element_type=\"widget\" data-e-type=\"widget\" data-widget_type=\"image.default\">\n\t\t\t\t<div class=\"elementor-widget-container\">\n\t\t\t\t\t\t\t\t\t\t\t\t\t\t\t<img fetchpriority=\"high\" decoding=\"async\" width=\"1470\" height=\"650\" src=\"https:\/\/www.festivalethnos.it\/wp-content\/uploads\/2024\/09\/slide-generazioni.jpg\" class=\"attachment-full size-full wp-image-10832\" alt=\"\" srcset=\"https:\/\/www.festivalethnos.it\/wp-content\/uploads\/2024\/09\/slide-generazioni.jpg 1470w, https:\/\/www.festivalethnos.it\/wp-content\/uploads\/2024\/09\/slide-generazioni-300x133.jpg 300w, https:\/\/www.festivalethnos.it\/wp-content\/uploads\/2024\/09\/slide-generazioni-1024x453.jpg 1024w, https:\/\/www.festivalethnos.it\/wp-content\/uploads\/2024\/09\/slide-generazioni-768x340.jpg 768w, https:\/\/www.festivalethnos.it\/wp-content\/uploads\/2024\/09\/slide-generazioni-370x164.jpg 370w, https:\/\/www.festivalethnos.it\/wp-content\/uploads\/2024\/09\/slide-generazioni-1410x623.jpg 1410w\" sizes=\"(max-width: 1470px) 100vw, 1470px\" \/>\t\t\t\t\t\t\t\t\t\t\t\t\t\t\t<\/div>\n\t\t\t\t<\/div>\n\t\t\t\t\t<\/div>\n\t\t<\/div>\n\t\t\t\t\t<\/div>\n\t\t<\/section>\n\t\t\t\t<section class=\"elementor-section elementor-top-section elementor-element elementor-element-91fcc22 elementor-section-boxed elementor-section-height-default elementor-section-height-default\" data-id=\"91fcc22\" data-element_type=\"section\" data-e-type=\"section\">\n\t\t\t\t\t\t<div class=\"elementor-container elementor-column-gap-extended\">\n\t\t\t\t\t<div class=\"elementor-column elementor-col-100 elementor-top-column elementor-element elementor-element-46483dc sc_inner_width_none sc_content_align_inherit sc_layouts_column_icons_position_left\" data-id=\"46483dc\" data-element_type=\"column\" data-e-type=\"column\">\n\t\t\t<div class=\"elementor-widget-wrap elementor-element-populated\">\n\t\t\t\t\t\t<div class=\"elementor-element elementor-element-04f1fda sc_fly_static elementor-widget elementor-widget-spacer\" data-id=\"04f1fda\" data-element_type=\"widget\" data-e-type=\"widget\" data-widget_type=\"spacer.default\">\n\t\t\t\t<div class=\"elementor-widget-container\">\n\t\t\t\t\t\t\t<div class=\"elementor-spacer\">\n\t\t\t<div class=\"elementor-spacer-inner\"><\/div>\n\t\t<\/div>\n\t\t\t\t\t\t<\/div>\n\t\t\t\t<\/div>\n\t\t\t\t<div class=\"elementor-element elementor-element-7a76cbc sc_fly_static elementor-invisible elementor-widget elementor-widget-trx_sc_title\" data-id=\"7a76cbc\" data-element_type=\"widget\" data-e-type=\"widget\" data-settings=\"{&quot;_animation&quot;:&quot;fadeInDown&quot;}\" data-widget_type=\"trx_sc_title.default\">\n\t\t\t\t<div class=\"elementor-widget-container\">\n\t\t\t\t\t<div id=\"trx_sc_title_555723567\"\r\n\t\tclass=\"sc_title  text_position_horizontal sc_title_default\"><span class=\"sc_item_subtitle sc_title_subtitle sc_align_center sc_item_subtitle_above sc_item_title_style_default\">La finale degli artisti della categoria Musica<\/span><h1 class=\"sc_item_title sc_title_title sc_align_center sc_item_title_style_default sc_item_title_tag\"><span class=\"sc_item_title_text\">Finale Ethnos Generazioni<\/span><\/h1><\/div><!-- \/.sc_title -->\t\t\t\t<\/div>\n\t\t\t\t<\/div>\n\t\t\t\t<section class=\"elementor-section elementor-inner-section elementor-element elementor-element-f076e40 elementor-section-content-middle elementor-section-boxed elementor-section-height-default elementor-section-height-default\" data-id=\"f076e40\" data-element_type=\"section\" data-e-type=\"section\" data-settings=\"{&quot;background_background&quot;:&quot;classic&quot;}\">\n\t\t\t\t\t\t<div class=\"elementor-container elementor-column-gap-extended\">\n\t\t\t\t\t<div class=\"elementor-column elementor-col-33 elementor-inner-column elementor-element elementor-element-7914fe2 sc_layouts_column_align_center sc_layouts_column sc_inner_width_none sc_content_align_inherit sc_layouts_column_icons_position_left\" data-id=\"7914fe2\" data-element_type=\"column\" data-e-type=\"column\" data-settings=\"{&quot;background_background&quot;:&quot;classic&quot;}\">\n\t\t\t<div class=\"elementor-widget-wrap elementor-element-populated\">\n\t\t\t\t\t\t<div class=\"elementor-element elementor-element-c4b233c sc_fly_static elementor-widget elementor-widget-text-editor\" data-id=\"c4b233c\" data-element_type=\"widget\" data-e-type=\"widget\" data-widget_type=\"text-editor.default\">\n\t\t\t\t<div class=\"elementor-widget-container\">\n\t\t\t\t\t\t\t\t\t<p>Sabato 5 Ottobre 2024<\/p>\t\t\t\t\t\t\t\t<\/div>\n\t\t\t\t<\/div>\n\t\t\t\t\t<\/div>\n\t\t<\/div>\n\t\t\t\t<div class=\"elementor-column elementor-col-33 elementor-inner-column elementor-element elementor-element-ef1280a sc_inner_width_none sc_content_align_inherit sc_layouts_column_icons_position_left\" data-id=\"ef1280a\" data-element_type=\"column\" data-e-type=\"column\">\n\t\t\t<div class=\"elementor-widget-wrap elementor-element-populated\">\n\t\t\t\t\t\t<div class=\"elementor-element elementor-element-6378a69 elementor-widget__width-initial elementor-widget-mobile__width-inherit sc_fly_static elementor-widget elementor-widget-trx_sc_title\" data-id=\"6378a69\" data-element_type=\"widget\" data-e-type=\"widget\" data-widget_type=\"trx_sc_title.default\">\n\t\t\t\t<div class=\"elementor-widget-container\">\n\t\t\t\t\t<div id=\"trx_sc_title_420037198\"\r\n\t\tclass=\"sc_title  text_position_horizontal sc_title_default\"><h4 class=\"sc_item_title sc_title_title sc_align_left sc_item_title_style_default sc_item_title_tag trx_addons_inline_362479359\"><span class=\"sc_item_title_text\">San Giorgio a Cremano<br> \/ Villa Bruno<\/span><\/h4><\/div><!-- \/.sc_title -->\t\t\t\t<\/div>\n\t\t\t\t<\/div>\n\t\t\t\t\t<\/div>\n\t\t<\/div>\n\t\t\t\t<div class=\"elementor-column elementor-col-33 elementor-inner-column elementor-element elementor-element-b614f75 sc_inner_width_none sc_content_align_inherit sc_layouts_column_icons_position_left\" data-id=\"b614f75\" data-element_type=\"column\" data-e-type=\"column\">\n\t\t\t<div class=\"elementor-widget-wrap elementor-element-populated\">\n\t\t\t\t\t\t<div class=\"elementor-element elementor-element-ca31cc7 elementor-widget__width-initial elementor-widget-mobile__width-inherit sc_fly_static elementor-widget elementor-widget-trx_sc_title\" data-id=\"ca31cc7\" data-element_type=\"widget\" data-e-type=\"widget\" data-widget_type=\"trx_sc_title.default\">\n\t\t\t\t<div class=\"elementor-widget-container\">\n\t\t\t\t\t<div id=\"trx_sc_title_620759761\"\r\n\t\tclass=\"sc_title  text_position_horizontal sc_title_default\"><span class=\"sc_item_subtitle sc_title_subtitle sc_align_left sc_item_subtitle_above sc_item_title_style_default\">Ore 21.00<\/span><\/div><!-- \/.sc_title -->\t\t\t\t<\/div>\n\t\t\t\t<\/div>\n\t\t\t\t\t<\/div>\n\t\t<\/div>\n\t\t\t\t\t<\/div>\n\t\t<\/section>\n\t\t\t\t<section class=\"elementor-section elementor-inner-section elementor-element elementor-element-979cff0 elementor-section-boxed elementor-section-height-default elementor-section-height-default\" data-id=\"979cff0\" data-element_type=\"section\" data-e-type=\"section\">\n\t\t\t\t\t\t<div class=\"elementor-container elementor-column-gap-no\">\n\t\t\t\t\t<div class=\"elementor-column elementor-col-25 elementor-inner-column elementor-element elementor-element-7aaa263 sc_layouts_hide_on_mobile sc_inner_width_none sc_content_align_inherit sc_layouts_column_icons_position_left\" data-id=\"7aaa263\" data-element_type=\"column\" data-e-type=\"column\">\n\t\t\t<div class=\"elementor-widget-wrap\">\n\t\t\t\t\t\t\t<\/div>\n\t\t<\/div>\n\t\t\t\t<div class=\"elementor-column elementor-col-25 elementor-inner-column elementor-element elementor-element-25dc899 sc_layouts_column_align_center sc_layouts_column sc_inner_width_none sc_content_align_inherit sc_layouts_column_icons_position_left\" data-id=\"25dc899\" data-element_type=\"column\" data-e-type=\"column\">\n\t\t\t<div class=\"elementor-widget-wrap elementor-element-populated\">\n\t\t\t\t\t\t<div class=\"elementor-element elementor-element-9cc59d8 sc_fly_static elementor-widget elementor-widget-spacer\" data-id=\"9cc59d8\" data-element_type=\"widget\" data-e-type=\"widget\" data-widget_type=\"spacer.default\">\n\t\t\t\t<div class=\"elementor-widget-container\">\n\t\t\t\t\t\t\t<div class=\"elementor-spacer\">\n\t\t\t<div class=\"elementor-spacer-inner\"><\/div>\n\t\t<\/div>\n\t\t\t\t\t\t<\/div>\n\t\t\t\t<\/div>\n\t\t\t\t<div class=\"elementor-element elementor-element-27e0a59 sc_fly_static elementor-widget elementor-widget-heading\" data-id=\"27e0a59\" data-element_type=\"widget\" data-e-type=\"widget\" data-widget_type=\"heading.default\">\n\t\t\t\t<div class=\"elementor-widget-container\">\n\t\t\t\t\t<h3 class=\"elementor-heading-title elementor-size-default\">Malutempu<\/h3>\t\t\t\t<\/div>\n\t\t\t\t<\/div>\n\t\t\t\t<div class=\"elementor-element elementor-element-b5748b0 sc_fly_static elementor-widget elementor-widget-image\" data-id=\"b5748b0\" data-element_type=\"widget\" data-e-type=\"widget\" data-widget_type=\"image.default\">\n\t\t\t\t<div class=\"elementor-widget-container\">\n\t\t\t\t\t\t\t\t\t\t\t\t\t\t\t<img decoding=\"async\" width=\"900\" height=\"600\" src=\"https:\/\/www.festivalethnos.it\/wp-content\/uploads\/2024\/09\/malutempu.jpg\" class=\"attachment-large size-large wp-image-10867\" alt=\"\" srcset=\"https:\/\/www.festivalethnos.it\/wp-content\/uploads\/2024\/09\/malutempu.jpg 900w, https:\/\/www.festivalethnos.it\/wp-content\/uploads\/2024\/09\/malutempu-300x200.jpg 300w, https:\/\/www.festivalethnos.it\/wp-content\/uploads\/2024\/09\/malutempu-768x512.jpg 768w, https:\/\/www.festivalethnos.it\/wp-content\/uploads\/2024\/09\/malutempu-370x247.jpg 370w\" sizes=\"(max-width: 900px) 100vw, 900px\" \/>\t\t\t\t\t\t\t\t\t\t\t\t\t\t\t<\/div>\n\t\t\t\t<\/div>\n\t\t\t\t<div class=\"elementor-element elementor-element-44802ff sc_fly_static elementor-invisible elementor-widget elementor-widget-text-editor\" data-id=\"44802ff\" data-element_type=\"widget\" data-e-type=\"widget\" data-settings=\"{&quot;_animation&quot;:&quot;fadeIn&quot;}\" data-widget_type=\"text-editor.default\">\n\t\t\t\t<div class=\"elementor-widget-container\">\n\t\t\t\t\t\t\t\t\t<p align=\"JUSTIFY\">Malutempu \u00e8 un progetto musicale innovativo che celebra la ricca tradizione calabrese attraverso una miscela unica di influenze mediterranee. Fondato da Antonio Olivo, un rinomato polistrumentista e produttore musicale, il progetto offre una rivisitazione contemporanea della musica popolare, immergendosi nella &#8220;world music&#8221; con uno stile che trascende le barriere culturali e linguistiche. Malutempu non \u00e8 solo musica, ma un&#8217;esperienza che comunica con l&#8217;anima, evocando emozioni profonde e raccontando storie attraverso melodie suggestive. Questo approccio artistico permette di esplorare la storia e l&#8217;identit\u00e0 calabrese in chiave moderna, creando un ponte tra passato e presente.<\/p>\t\t\t\t\t\t\t\t<\/div>\n\t\t\t\t<\/div>\n\t\t\t\t<div class=\"elementor-element elementor-element-9fa1328 sc_fly_static elementor-widget elementor-widget-spacer\" data-id=\"9fa1328\" data-element_type=\"widget\" data-e-type=\"widget\" data-widget_type=\"spacer.default\">\n\t\t\t\t<div class=\"elementor-widget-container\">\n\t\t\t\t\t\t\t<div class=\"elementor-spacer\">\n\t\t\t<div class=\"elementor-spacer-inner\"><\/div>\n\t\t<\/div>\n\t\t\t\t\t\t<\/div>\n\t\t\t\t<\/div>\n\t\t\t\t\t<\/div>\n\t\t<\/div>\n\t\t\t\t<div class=\"elementor-column elementor-col-50 elementor-inner-column elementor-element elementor-element-244cedf sc_layouts_hide_on_mobile sc_inner_width_none sc_content_align_inherit sc_layouts_column_icons_position_left\" data-id=\"244cedf\" data-element_type=\"column\" data-e-type=\"column\">\n\t\t\t<div class=\"elementor-widget-wrap\">\n\t\t\t\t\t\t\t<\/div>\n\t\t<\/div>\n\t\t\t\t\t<\/div>\n\t\t<\/section>\n\t\t\t\t<section class=\"elementor-section elementor-inner-section elementor-element elementor-element-c4e0057 elementor-section-boxed elementor-section-height-default elementor-section-height-default\" data-id=\"c4e0057\" data-element_type=\"section\" data-e-type=\"section\">\n\t\t\t\t\t\t<div class=\"elementor-container elementor-column-gap-no\">\n\t\t\t\t\t<div class=\"elementor-column elementor-col-25 elementor-inner-column elementor-element elementor-element-760b89a sc_layouts_hide_on_mobile sc_inner_width_none sc_content_align_inherit sc_layouts_column_icons_position_left\" data-id=\"760b89a\" data-element_type=\"column\" data-e-type=\"column\">\n\t\t\t<div class=\"elementor-widget-wrap\">\n\t\t\t\t\t\t\t<\/div>\n\t\t<\/div>\n\t\t\t\t<div class=\"elementor-column elementor-col-25 elementor-inner-column elementor-element elementor-element-15ab2f4 sc_layouts_column_align_center sc_layouts_column sc_inner_width_none sc_content_align_inherit sc_layouts_column_icons_position_left\" data-id=\"15ab2f4\" data-element_type=\"column\" data-e-type=\"column\">\n\t\t\t<div class=\"elementor-widget-wrap elementor-element-populated\">\n\t\t\t\t\t\t<div class=\"elementor-element elementor-element-e3126f0 sc_fly_static elementor-widget elementor-widget-spacer\" data-id=\"e3126f0\" data-element_type=\"widget\" data-e-type=\"widget\" data-widget_type=\"spacer.default\">\n\t\t\t\t<div class=\"elementor-widget-container\">\n\t\t\t\t\t\t\t<div class=\"elementor-spacer\">\n\t\t\t<div class=\"elementor-spacer-inner\"><\/div>\n\t\t<\/div>\n\t\t\t\t\t\t<\/div>\n\t\t\t\t<\/div>\n\t\t\t\t<div class=\"elementor-element elementor-element-858cfee sc_fly_static elementor-widget elementor-widget-heading\" data-id=\"858cfee\" data-element_type=\"widget\" data-e-type=\"widget\" data-widget_type=\"heading.default\">\n\t\t\t\t<div class=\"elementor-widget-container\">\n\t\t\t\t\t<h3 class=\"elementor-heading-title elementor-size-default\">Mesud\u00ec<\/h3>\t\t\t\t<\/div>\n\t\t\t\t<\/div>\n\t\t\t\t<div class=\"elementor-element elementor-element-120fa2e sc_fly_static elementor-widget elementor-widget-image\" data-id=\"120fa2e\" data-element_type=\"widget\" data-e-type=\"widget\" data-widget_type=\"image.default\">\n\t\t\t\t<div class=\"elementor-widget-container\">\n\t\t\t\t\t\t\t\t\t\t\t\t\t\t\t<img decoding=\"async\" width=\"900\" height=\"600\" src=\"https:\/\/www.festivalethnos.it\/wp-content\/uploads\/2024\/09\/mesudi.jpg\" class=\"attachment-large size-large wp-image-10868\" alt=\"\" srcset=\"https:\/\/www.festivalethnos.it\/wp-content\/uploads\/2024\/09\/mesudi.jpg 900w, https:\/\/www.festivalethnos.it\/wp-content\/uploads\/2024\/09\/mesudi-300x200.jpg 300w, https:\/\/www.festivalethnos.it\/wp-content\/uploads\/2024\/09\/mesudi-768x512.jpg 768w, https:\/\/www.festivalethnos.it\/wp-content\/uploads\/2024\/09\/mesudi-370x247.jpg 370w\" sizes=\"(max-width: 900px) 100vw, 900px\" \/>\t\t\t\t\t\t\t\t\t\t\t\t\t\t\t<\/div>\n\t\t\t\t<\/div>\n\t\t\t\t<div class=\"elementor-element elementor-element-c2e554a sc_fly_static elementor-invisible elementor-widget elementor-widget-text-editor\" data-id=\"c2e554a\" data-element_type=\"widget\" data-e-type=\"widget\" data-settings=\"{&quot;_animation&quot;:&quot;fadeIn&quot;}\" data-widget_type=\"text-editor.default\">\n\t\t\t\t<div class=\"elementor-widget-container\">\n\t\t\t\t\t\t\t\t\t<p align=\"JUSTIFY\">Mesud\u00ec \u00e8 un ensemble musicale che affascina con il suo equilibrio tra tradizione orale e folk urbano. Il gruppo, che gioca con la voce e il tamburo, intreccia il romanesco con il dialetto calabrese, creando un linguaggio ricco e variegato. Il loro sound esplora armonie e ritmi che dialogano con il Mediterraneo e il mondo urbano, mescolando suoni arabi con canti popolari calabresi, polifonia classica e rap. Questo incontro di influenze diverse riflette il nome stesso del gruppo, Mesud\u00ec, che significa &#8220;vento di mezzogiorno&#8221; e simboleggia il loro viaggio musicale. Con il disco di esordio &#8220;Nodi&#8221;, pubblicato a settembre 2023, Mesud\u00ec propone storie di vita e relazioni umane, avvolgendo il pubblico in un racconto che emoziona e coinvolge.<\/p>\t\t\t\t\t\t\t\t<\/div>\n\t\t\t\t<\/div>\n\t\t\t\t<div class=\"elementor-element elementor-element-da19b61 sc_fly_static elementor-widget elementor-widget-spacer\" data-id=\"da19b61\" data-element_type=\"widget\" data-e-type=\"widget\" data-widget_type=\"spacer.default\">\n\t\t\t\t<div class=\"elementor-widget-container\">\n\t\t\t\t\t\t\t<div class=\"elementor-spacer\">\n\t\t\t<div class=\"elementor-spacer-inner\"><\/div>\n\t\t<\/div>\n\t\t\t\t\t\t<\/div>\n\t\t\t\t<\/div>\n\t\t\t\t\t<\/div>\n\t\t<\/div>\n\t\t\t\t<div class=\"elementor-column elementor-col-50 elementor-inner-column elementor-element elementor-element-408e8eb sc_layouts_hide_on_mobile sc_inner_width_none sc_content_align_inherit sc_layouts_column_icons_position_left\" data-id=\"408e8eb\" data-element_type=\"column\" data-e-type=\"column\">\n\t\t\t<div class=\"elementor-widget-wrap\">\n\t\t\t\t\t\t\t<\/div>\n\t\t<\/div>\n\t\t\t\t\t<\/div>\n\t\t<\/section>\n\t\t\t\t<section class=\"elementor-section elementor-inner-section elementor-element elementor-element-a919d8c elementor-section-boxed elementor-section-height-default elementor-section-height-default\" data-id=\"a919d8c\" data-element_type=\"section\" data-e-type=\"section\">\n\t\t\t\t\t\t<div class=\"elementor-container elementor-column-gap-no\">\n\t\t\t\t\t<div class=\"elementor-column elementor-col-25 elementor-inner-column elementor-element elementor-element-40083f2 sc_layouts_hide_on_mobile sc_inner_width_none sc_content_align_inherit sc_layouts_column_icons_position_left\" data-id=\"40083f2\" data-element_type=\"column\" data-e-type=\"column\">\n\t\t\t<div class=\"elementor-widget-wrap\">\n\t\t\t\t\t\t\t<\/div>\n\t\t<\/div>\n\t\t\t\t<div class=\"elementor-column elementor-col-25 elementor-inner-column elementor-element elementor-element-771c2b3 sc_layouts_column_align_center sc_layouts_column sc_inner_width_none sc_content_align_inherit sc_layouts_column_icons_position_left\" data-id=\"771c2b3\" data-element_type=\"column\" data-e-type=\"column\">\n\t\t\t<div class=\"elementor-widget-wrap elementor-element-populated\">\n\t\t\t\t\t\t<div class=\"elementor-element elementor-element-0f431e7 sc_fly_static elementor-widget elementor-widget-spacer\" data-id=\"0f431e7\" data-element_type=\"widget\" data-e-type=\"widget\" data-widget_type=\"spacer.default\">\n\t\t\t\t<div class=\"elementor-widget-container\">\n\t\t\t\t\t\t\t<div class=\"elementor-spacer\">\n\t\t\t<div class=\"elementor-spacer-inner\"><\/div>\n\t\t<\/div>\n\t\t\t\t\t\t<\/div>\n\t\t\t\t<\/div>\n\t\t\t\t<div class=\"elementor-element elementor-element-edde5b2 sc_fly_static elementor-widget elementor-widget-heading\" data-id=\"edde5b2\" data-element_type=\"widget\" data-e-type=\"widget\" data-widget_type=\"heading.default\">\n\t\t\t\t<div class=\"elementor-widget-container\">\n\t\t\t\t\t<h3 class=\"elementor-heading-title elementor-size-default\">Luisa Briguglio<\/h3>\t\t\t\t<\/div>\n\t\t\t\t<\/div>\n\t\t\t\t<div class=\"elementor-element elementor-element-5524776 sc_fly_static elementor-widget elementor-widget-image\" data-id=\"5524776\" data-element_type=\"widget\" data-e-type=\"widget\" data-widget_type=\"image.default\">\n\t\t\t\t<div class=\"elementor-widget-container\">\n\t\t\t\t\t\t\t\t\t\t\t\t\t\t\t<img loading=\"lazy\" decoding=\"async\" width=\"900\" height=\"600\" src=\"https:\/\/www.festivalethnos.it\/wp-content\/uploads\/2024\/09\/Luisa-Briguglio.jpg\" class=\"attachment-large size-large wp-image-10869\" alt=\"\" srcset=\"https:\/\/www.festivalethnos.it\/wp-content\/uploads\/2024\/09\/Luisa-Briguglio.jpg 900w, https:\/\/www.festivalethnos.it\/wp-content\/uploads\/2024\/09\/Luisa-Briguglio-300x200.jpg 300w, https:\/\/www.festivalethnos.it\/wp-content\/uploads\/2024\/09\/Luisa-Briguglio-768x512.jpg 768w, https:\/\/www.festivalethnos.it\/wp-content\/uploads\/2024\/09\/Luisa-Briguglio-370x247.jpg 370w\" sizes=\"(max-width: 900px) 100vw, 900px\" \/>\t\t\t\t\t\t\t\t\t\t\t\t\t\t\t<\/div>\n\t\t\t\t<\/div>\n\t\t\t\t<div class=\"elementor-element elementor-element-dd40e4c sc_fly_static elementor-invisible elementor-widget elementor-widget-text-editor\" data-id=\"dd40e4c\" data-element_type=\"widget\" data-e-type=\"widget\" data-settings=\"{&quot;_animation&quot;:&quot;fadeIn&quot;}\" data-widget_type=\"text-editor.default\">\n\t\t\t\t<div class=\"elementor-widget-container\">\n\t\t\t\t\t\t\t\t\t<p align=\"JUSTIFY\">Luisa, originaria di Messina, Sicilia, \u00e8 un&#8217;artista poliedrica che fonde danza, teatro e musica in una carriera eclettica. Dopo aver studiato danza e teatro e laureata in Lettere Moderne, ha esplorato vari generi musicali, passando dal tradizionale sud italiano alla musica latinoamericana e capoverdiana. Dal 2017 \u00e8 la voce solista del gruppo PopulAlma, con cui ha pubblicato due album. Ha lavorato anche in teatro come attrice e assistente alla regia, creando spettacoli come &#8220;Perc\u00e9e&#8221; e &#8220;Cantu e cuntu&#8221;. Dal 2023 \u00e8 parte di El colectivo e, nello stesso anno, \u00e8 diventata voce solista di &#8216;Ngasa \u2018Ngasa, registrando il singolo &#8220;Safari&#8221;. Il suo progetto personale, che include scrittura in dialetto siciliano, esplora radici culturali e letterarie, combinando tradizione e innovazione in una musica che riflette la complessit\u00e0 della sua terra d\u2019origine.<\/p>\t\t\t\t\t\t\t\t<\/div>\n\t\t\t\t<\/div>\n\t\t\t\t<div class=\"elementor-element elementor-element-e0e6b4d sc_fly_static elementor-widget elementor-widget-spacer\" data-id=\"e0e6b4d\" data-element_type=\"widget\" data-e-type=\"widget\" data-widget_type=\"spacer.default\">\n\t\t\t\t<div class=\"elementor-widget-container\">\n\t\t\t\t\t\t\t<div class=\"elementor-spacer\">\n\t\t\t<div class=\"elementor-spacer-inner\"><\/div>\n\t\t<\/div>\n\t\t\t\t\t\t<\/div>\n\t\t\t\t<\/div>\n\t\t\t\t\t<\/div>\n\t\t<\/div>\n\t\t\t\t<div class=\"elementor-column elementor-col-50 elementor-inner-column elementor-element elementor-element-ee4093a sc_layouts_hide_on_mobile sc_inner_width_none sc_content_align_inherit sc_layouts_column_icons_position_left\" data-id=\"ee4093a\" data-element_type=\"column\" data-e-type=\"column\">\n\t\t\t<div class=\"elementor-widget-wrap\">\n\t\t\t\t\t\t\t<\/div>\n\t\t<\/div>\n\t\t\t\t\t<\/div>\n\t\t<\/section>\n\t\t\t\t<section class=\"elementor-section elementor-inner-section elementor-element elementor-element-8f5060b elementor-section-boxed elementor-section-height-default elementor-section-height-default\" data-id=\"8f5060b\" data-element_type=\"section\" data-e-type=\"section\">\n\t\t\t\t\t\t<div class=\"elementor-container elementor-column-gap-no\">\n\t\t\t\t\t<div class=\"elementor-column elementor-col-25 elementor-inner-column elementor-element elementor-element-4ee8184 sc_layouts_hide_on_mobile sc_inner_width_none sc_content_align_inherit sc_layouts_column_icons_position_left\" data-id=\"4ee8184\" data-element_type=\"column\" data-e-type=\"column\">\n\t\t\t<div class=\"elementor-widget-wrap\">\n\t\t\t\t\t\t\t<\/div>\n\t\t<\/div>\n\t\t\t\t<div class=\"elementor-column elementor-col-25 elementor-inner-column elementor-element elementor-element-6620a74 sc_layouts_column_align_center sc_layouts_column sc_inner_width_none sc_content_align_inherit sc_layouts_column_icons_position_left\" data-id=\"6620a74\" data-element_type=\"column\" data-e-type=\"column\">\n\t\t\t<div class=\"elementor-widget-wrap elementor-element-populated\">\n\t\t\t\t\t\t<div class=\"elementor-element elementor-element-5fcb7ee sc_fly_static elementor-widget elementor-widget-spacer\" data-id=\"5fcb7ee\" data-element_type=\"widget\" data-e-type=\"widget\" data-widget_type=\"spacer.default\">\n\t\t\t\t<div class=\"elementor-widget-container\">\n\t\t\t\t\t\t\t<div class=\"elementor-spacer\">\n\t\t\t<div class=\"elementor-spacer-inner\"><\/div>\n\t\t<\/div>\n\t\t\t\t\t\t<\/div>\n\t\t\t\t<\/div>\n\t\t\t\t<div class=\"elementor-element elementor-element-649290b sc_fly_static elementor-widget elementor-widget-heading\" data-id=\"649290b\" data-element_type=\"widget\" data-e-type=\"widget\" data-widget_type=\"heading.default\">\n\t\t\t\t<div class=\"elementor-widget-container\">\n\t\t\t\t\t<h3 class=\"elementor-heading-title elementor-size-default\">Oto Dama<\/h3>\t\t\t\t<\/div>\n\t\t\t\t<\/div>\n\t\t\t\t<div class=\"elementor-element elementor-element-d20159d sc_fly_static elementor-widget elementor-widget-image\" data-id=\"d20159d\" data-element_type=\"widget\" data-e-type=\"widget\" data-widget_type=\"image.default\">\n\t\t\t\t<div class=\"elementor-widget-container\">\n\t\t\t\t\t\t\t\t\t\t\t\t\t\t\t<img loading=\"lazy\" decoding=\"async\" width=\"900\" height=\"600\" src=\"https:\/\/www.festivalethnos.it\/wp-content\/uploads\/2024\/09\/oto.jpg\" class=\"attachment-large size-large wp-image-10870\" alt=\"\" srcset=\"https:\/\/www.festivalethnos.it\/wp-content\/uploads\/2024\/09\/oto.jpg 900w, https:\/\/www.festivalethnos.it\/wp-content\/uploads\/2024\/09\/oto-300x200.jpg 300w, https:\/\/www.festivalethnos.it\/wp-content\/uploads\/2024\/09\/oto-768x512.jpg 768w, https:\/\/www.festivalethnos.it\/wp-content\/uploads\/2024\/09\/oto-370x247.jpg 370w\" sizes=\"(max-width: 900px) 100vw, 900px\" \/>\t\t\t\t\t\t\t\t\t\t\t\t\t\t\t<\/div>\n\t\t\t\t<\/div>\n\t\t\t\t<div class=\"elementor-element elementor-element-654f03a sc_fly_static elementor-invisible elementor-widget elementor-widget-text-editor\" data-id=\"654f03a\" data-element_type=\"widget\" data-e-type=\"widget\" data-settings=\"{&quot;_animation&quot;:&quot;fadeIn&quot;}\" data-widget_type=\"text-editor.default\">\n\t\t\t\t<div class=\"elementor-widget-container\">\n\t\t\t\t\t\t\t\t\t<p>OtoDama significa \u201cl\u2019anima dei suoni\u201d e il suono vibra, comunica ed esprime, raggiunge, richiama,<br \/>armonizza e realizza i desideri, da forza, unisce, guarisce. Ha il potere di scacciare i demoni e la<br \/>malvagit\u00e0.<br \/>Unico nel suo genere, OtoDama \u00e8 un progetto nato dall\u2019abile maestria delle due musiciste<br \/>giapponesi, che hanno saputo unire le sonorit\u00e0 nipponiche con la musica occidentale, in particolare<br \/>la musica classica.<br \/>Due mondi che si incontrano grazie alla voce di Shinobu Kikuchi dal timbro singolare, caldo ed<br \/>evocativo e dallo San-Shin strumento musicale che suona accompagnando alcuni brani, e grazie al<br \/>violoncello di Yuriko Mikami, che sa spaziare tra i generi e i colori del suono, con eleganza ed<br \/>energia.<br \/>Un tuffo nel passato, ma anche nel presente. I canti popolari antichi si alternano a brani originali,<br \/>creati seguendo la \u201cvia\u201d tracciata dagli antenati uniti a un tocco innovativo dai timbri e ritmi<br \/>frizzanti, a colonne sonore dei film e degli \u201canime giapponesi.<br \/>I canti parlano degli Dei, delle preghiere, del lavoro dei contadini e dei pescatori, le nenie, le<br \/>filastrocche dei bambini, i canti d\u2019amore. Questi brani sono nati, cantati e amati nella vita<br \/>quotidiana degli abitanti, sono stati tramandati oralmente e accuditi preziosamente attraverso i<br \/>secoli. Sono ricchi di storie e desideri, di ritmi e melodie che riscaldavano il cuore e che cantate<br \/>insieme fortificavano i legami fra gli abitanti. Oggi condividendo questi canti possiamo intravedere<br \/>la vita e i pensieri dei nostri antenati.<br \/>Tutti i brani sono stati rivisitati mantenendo la bellezza melodica dei canti originali.<br \/>Un omaggio alla nostra terra.<\/p>\t\t\t\t\t\t\t\t<\/div>\n\t\t\t\t<\/div>\n\t\t\t\t<div class=\"elementor-element elementor-element-c36728e sc_fly_static elementor-widget elementor-widget-spacer\" data-id=\"c36728e\" data-element_type=\"widget\" data-e-type=\"widget\" data-widget_type=\"spacer.default\">\n\t\t\t\t<div class=\"elementor-widget-container\">\n\t\t\t\t\t\t\t<div class=\"elementor-spacer\">\n\t\t\t<div class=\"elementor-spacer-inner\"><\/div>\n\t\t<\/div>\n\t\t\t\t\t\t<\/div>\n\t\t\t\t<\/div>\n\t\t\t\t\t<\/div>\n\t\t<\/div>\n\t\t\t\t<div class=\"elementor-column elementor-col-50 elementor-inner-column elementor-element elementor-element-3426bf2 sc_layouts_hide_on_mobile sc_inner_width_none sc_content_align_inherit sc_layouts_column_icons_position_left\" data-id=\"3426bf2\" data-element_type=\"column\" data-e-type=\"column\">\n\t\t\t<div class=\"elementor-widget-wrap\">\n\t\t\t\t\t\t\t<\/div>\n\t\t<\/div>\n\t\t\t\t\t<\/div>\n\t\t<\/section>\n\t\t\t\t<section class=\"elementor-section elementor-inner-section elementor-element elementor-element-b23db9b elementor-section-boxed elementor-section-height-default elementor-section-height-default\" data-id=\"b23db9b\" data-element_type=\"section\" data-e-type=\"section\">\n\t\t\t\t\t\t<div class=\"elementor-container elementor-column-gap-no\">\n\t\t\t\t\t<div class=\"elementor-column elementor-col-25 elementor-inner-column elementor-element elementor-element-6047228 sc_layouts_hide_on_mobile sc_inner_width_none sc_content_align_inherit sc_layouts_column_icons_position_left\" data-id=\"6047228\" data-element_type=\"column\" data-e-type=\"column\">\n\t\t\t<div class=\"elementor-widget-wrap\">\n\t\t\t\t\t\t\t<\/div>\n\t\t<\/div>\n\t\t\t\t<div class=\"elementor-column elementor-col-25 elementor-inner-column elementor-element elementor-element-b83304d sc_layouts_column_align_center sc_layouts_column sc_inner_width_none sc_content_align_inherit sc_layouts_column_icons_position_left\" data-id=\"b83304d\" data-element_type=\"column\" data-e-type=\"column\">\n\t\t\t<div class=\"elementor-widget-wrap elementor-element-populated\">\n\t\t\t\t\t\t<div class=\"elementor-element elementor-element-54cdc11 sc_fly_static elementor-widget elementor-widget-spacer\" data-id=\"54cdc11\" data-element_type=\"widget\" data-e-type=\"widget\" data-widget_type=\"spacer.default\">\n\t\t\t\t<div class=\"elementor-widget-container\">\n\t\t\t\t\t\t\t<div class=\"elementor-spacer\">\n\t\t\t<div class=\"elementor-spacer-inner\"><\/div>\n\t\t<\/div>\n\t\t\t\t\t\t<\/div>\n\t\t\t\t<\/div>\n\t\t\t\t<div class=\"elementor-element elementor-element-11745ff sc_fly_static elementor-widget elementor-widget-heading\" data-id=\"11745ff\" data-element_type=\"widget\" data-e-type=\"widget\" data-widget_type=\"heading.default\">\n\t\t\t\t<div class=\"elementor-widget-container\">\n\t\t\t\t\t<h3 class=\"elementor-heading-title elementor-size-default\">Orchestra Topica<\/h3>\t\t\t\t<\/div>\n\t\t\t\t<\/div>\n\t\t\t\t<div class=\"elementor-element elementor-element-7cbb5e7 sc_fly_static elementor-widget elementor-widget-image\" data-id=\"7cbb5e7\" data-element_type=\"widget\" data-e-type=\"widget\" data-widget_type=\"image.default\">\n\t\t\t\t<div class=\"elementor-widget-container\">\n\t\t\t\t\t\t\t\t\t\t\t\t\t\t\t<img loading=\"lazy\" decoding=\"async\" width=\"900\" height=\"600\" src=\"https:\/\/www.festivalethnos.it\/wp-content\/uploads\/2024\/09\/orchestra.jpg\" class=\"attachment-large size-large wp-image-10871\" alt=\"\" srcset=\"https:\/\/www.festivalethnos.it\/wp-content\/uploads\/2024\/09\/orchestra.jpg 900w, https:\/\/www.festivalethnos.it\/wp-content\/uploads\/2024\/09\/orchestra-300x200.jpg 300w, https:\/\/www.festivalethnos.it\/wp-content\/uploads\/2024\/09\/orchestra-768x512.jpg 768w, https:\/\/www.festivalethnos.it\/wp-content\/uploads\/2024\/09\/orchestra-370x247.jpg 370w\" sizes=\"(max-width: 900px) 100vw, 900px\" \/>\t\t\t\t\t\t\t\t\t\t\t\t\t\t\t<\/div>\n\t\t\t\t<\/div>\n\t\t\t\t<div class=\"elementor-element elementor-element-0cac4ec sc_fly_static elementor-invisible elementor-widget elementor-widget-text-editor\" data-id=\"0cac4ec\" data-element_type=\"widget\" data-e-type=\"widget\" data-settings=\"{&quot;_animation&quot;:&quot;fadeIn&quot;}\" data-widget_type=\"text-editor.default\">\n\t\t\t\t<div class=\"elementor-widget-container\">\n\t\t\t\t\t\t\t\t\t<p>Orchestra Topica esplora e reinterpreta le radici della musica brasiliana e italiana, creando un suono distintivo e innovativo. Il loro primo album, registrato all\u2019Auditorium Novecento, presenta una miscela di choro, canzone italiana e ritmi tradizionali del Nordeste, con brani originali che intrecciano queste influenze. Fondata sul concetto di Gafieira, un termine che inizialmente descriveva il caos nella danza di Rio de Janeiro, l&#8217;Orchestra Topica rielabora questi ritmi tradizionali con un tocco moderno. Roberto Dogustan, compositore e arrangiatore del gruppo, ha una vasta esperienza nello studio dello Choro e delle nuove tendenze brasiliane, e il gruppo continua a produrre composizioni che riflettono un dialogo tra identit\u00e0 europea e influenze brasiliane.<\/p>\t\t\t\t\t\t\t\t<\/div>\n\t\t\t\t<\/div>\n\t\t\t\t<div class=\"elementor-element elementor-element-324b948 sc_fly_static elementor-widget elementor-widget-spacer\" data-id=\"324b948\" data-element_type=\"widget\" data-e-type=\"widget\" data-widget_type=\"spacer.default\">\n\t\t\t\t<div class=\"elementor-widget-container\">\n\t\t\t\t\t\t\t<div class=\"elementor-spacer\">\n\t\t\t<div class=\"elementor-spacer-inner\"><\/div>\n\t\t<\/div>\n\t\t\t\t\t\t<\/div>\n\t\t\t\t<\/div>\n\t\t\t\t\t<\/div>\n\t\t<\/div>\n\t\t\t\t<div class=\"elementor-column elementor-col-50 elementor-inner-column elementor-element elementor-element-0c06bc6 sc_layouts_hide_on_mobile sc_inner_width_none sc_content_align_inherit sc_layouts_column_icons_position_left\" data-id=\"0c06bc6\" data-element_type=\"column\" data-e-type=\"column\">\n\t\t\t<div class=\"elementor-widget-wrap\">\n\t\t\t\t\t\t\t<\/div>\n\t\t<\/div>\n\t\t\t\t\t<\/div>\n\t\t<\/section>\n\t\t\t\t<section class=\"elementor-section elementor-inner-section elementor-element elementor-element-6b18771 elementor-section-boxed elementor-section-height-default elementor-section-height-default\" data-id=\"6b18771\" data-element_type=\"section\" data-e-type=\"section\">\n\t\t\t\t\t\t<div class=\"elementor-container elementor-column-gap-no\">\n\t\t\t\t\t<div class=\"elementor-column elementor-col-25 elementor-inner-column elementor-element elementor-element-e1affb1 sc_layouts_hide_on_mobile sc_inner_width_none sc_content_align_inherit sc_layouts_column_icons_position_left\" data-id=\"e1affb1\" data-element_type=\"column\" data-e-type=\"column\">\n\t\t\t<div class=\"elementor-widget-wrap\">\n\t\t\t\t\t\t\t<\/div>\n\t\t<\/div>\n\t\t\t\t<div class=\"elementor-column elementor-col-25 elementor-inner-column elementor-element elementor-element-3f65d96 sc_layouts_column_align_center sc_layouts_column sc_inner_width_none sc_content_align_inherit sc_layouts_column_icons_position_left\" data-id=\"3f65d96\" data-element_type=\"column\" data-e-type=\"column\">\n\t\t\t<div class=\"elementor-widget-wrap elementor-element-populated\">\n\t\t\t\t\t\t<div class=\"elementor-element elementor-element-16b55b9 sc_fly_static elementor-widget elementor-widget-spacer\" data-id=\"16b55b9\" data-element_type=\"widget\" data-e-type=\"widget\" data-widget_type=\"spacer.default\">\n\t\t\t\t<div class=\"elementor-widget-container\">\n\t\t\t\t\t\t\t<div class=\"elementor-spacer\">\n\t\t\t<div class=\"elementor-spacer-inner\"><\/div>\n\t\t<\/div>\n\t\t\t\t\t\t<\/div>\n\t\t\t\t<\/div>\n\t\t\t\t<div class=\"elementor-element elementor-element-0cc47e4 sc_fly_static elementor-widget elementor-widget-heading\" data-id=\"0cc47e4\" data-element_type=\"widget\" data-e-type=\"widget\" data-widget_type=\"heading.default\">\n\t\t\t\t<div class=\"elementor-widget-container\">\n\t\t\t\t\t<h3 class=\"elementor-heading-title elementor-size-default\">Antonio Smiriglia<\/h3>\t\t\t\t<\/div>\n\t\t\t\t<\/div>\n\t\t\t\t<div class=\"elementor-element elementor-element-cae6a1a sc_fly_static elementor-widget elementor-widget-image\" data-id=\"cae6a1a\" data-element_type=\"widget\" data-e-type=\"widget\" data-widget_type=\"image.default\">\n\t\t\t\t<div class=\"elementor-widget-container\">\n\t\t\t\t\t\t\t\t\t\t\t\t\t\t\t<img loading=\"lazy\" decoding=\"async\" width=\"900\" height=\"600\" src=\"https:\/\/www.festivalethnos.it\/wp-content\/uploads\/2024\/09\/antonio.jpg\" class=\"attachment-large size-large wp-image-10872\" alt=\"\" srcset=\"https:\/\/www.festivalethnos.it\/wp-content\/uploads\/2024\/09\/antonio.jpg 900w, https:\/\/www.festivalethnos.it\/wp-content\/uploads\/2024\/09\/antonio-300x200.jpg 300w, https:\/\/www.festivalethnos.it\/wp-content\/uploads\/2024\/09\/antonio-768x512.jpg 768w, https:\/\/www.festivalethnos.it\/wp-content\/uploads\/2024\/09\/antonio-370x247.jpg 370w\" sizes=\"(max-width: 900px) 100vw, 900px\" \/>\t\t\t\t\t\t\t\t\t\t\t\t\t\t\t<\/div>\n\t\t\t\t<\/div>\n\t\t\t\t<div class=\"elementor-element elementor-element-2a053bd sc_fly_static elementor-invisible elementor-widget elementor-widget-text-editor\" data-id=\"2a053bd\" data-element_type=\"widget\" data-e-type=\"widget\" data-settings=\"{&quot;_animation&quot;:&quot;fadeIn&quot;}\" data-widget_type=\"text-editor.default\">\n\t\t\t\t<div class=\"elementor-widget-container\">\n\t\t\t\t\t\t\t\t\t<p>Antonio Smiriglia \u00e8 un nome di spicco nella musica popolare d&#8217;autore siciliana, noto per l&#8217;energia e il pathos che infonde nelle sue performance. Con una carriera arricchita da numerose partecipazioni a festival e rassegne di World Music, ha pubblicato quattro lavori discografici, tra cui &#8220;Ventu d&#8217;amuri&#8221; con il Discanto Siculo, di cui \u00e8 stato voce leader e direttore artistico. Il suo ultimo progetto solista, &#8220;Amanti, santi e naviganti&#8221;, uscito per Open Sound e Aventino Music, segna una nuova tappa nella sua carriera. Collaboratore del maestro Ambrogio Sparagna e finalista del Premio Andrea Parodi 2022, Smiriglia ha anche lavorato con Mario Crispi e Michele Piccione nel progetto &#8220;SicilyInside&#8221; e partecipa al gruppo &#8220;Banda del Sud&#8221;, che riunisce talenti del sud Italia. Il suo percorso include memorabili collaborazioni, come quella con Franco Battiato, e continue innovazioni nella tradizione musicale siciliana.<\/p>\t\t\t\t\t\t\t\t<\/div>\n\t\t\t\t<\/div>\n\t\t\t\t<div class=\"elementor-element elementor-element-369e83a sc_fly_static elementor-widget elementor-widget-spacer\" data-id=\"369e83a\" data-element_type=\"widget\" data-e-type=\"widget\" data-widget_type=\"spacer.default\">\n\t\t\t\t<div class=\"elementor-widget-container\">\n\t\t\t\t\t\t\t<div class=\"elementor-spacer\">\n\t\t\t<div class=\"elementor-spacer-inner\"><\/div>\n\t\t<\/div>\n\t\t\t\t\t\t<\/div>\n\t\t\t\t<\/div>\n\t\t\t\t\t<\/div>\n\t\t<\/div>\n\t\t\t\t<div class=\"elementor-column elementor-col-50 elementor-inner-column elementor-element elementor-element-fa3c05c sc_layouts_hide_on_mobile sc_inner_width_none sc_content_align_inherit sc_layouts_column_icons_position_left\" data-id=\"fa3c05c\" data-element_type=\"column\" data-e-type=\"column\">\n\t\t\t<div class=\"elementor-widget-wrap\">\n\t\t\t\t\t\t\t<\/div>\n\t\t<\/div>\n\t\t\t\t\t<\/div>\n\t\t<\/section>\n\t\t\t\t\t<\/div>\n\t\t<\/div>\n\t\t\t\t\t<\/div>\n\t\t<\/section>\n\t\t\t\t<section class=\"elementor-section elementor-top-section elementor-element elementor-element-6f45dbc7 elementor-section-stretched elementor-section-boxed elementor-section-height-default elementor-section-height-default elementor-invisible\" data-id=\"6f45dbc7\" data-element_type=\"section\" data-e-type=\"section\" data-settings=\"{&quot;stretch_section&quot;:&quot;section-stretched&quot;,&quot;animation&quot;:&quot;fadeIn&quot;}\">\n\t\t\t\t\t\t<div class=\"elementor-container elementor-column-gap-extended\">\n\t\t\t\t\t<div class=\"elementor-column elementor-col-100 elementor-top-column elementor-element elementor-element-13c1992 sc_inner_width_none sc_content_align_inherit sc_layouts_column_icons_position_left\" data-id=\"13c1992\" data-element_type=\"column\" data-e-type=\"column\">\n\t\t\t<div class=\"elementor-widget-wrap elementor-element-populated\">\n\t\t\t\t\t\t<div class=\"elementor-element elementor-element-9050094 sc_fly_static elementor-widget elementor-widget-trx_sc_button\" data-id=\"9050094\" data-element_type=\"widget\" data-e-type=\"widget\" data-widget_type=\"trx_sc_button.default\">\n\t\t\t\t<div class=\"elementor-widget-container\">\n\t\t\t\t\t<div id=\"trx_sc_button_235980412\"\tclass=\"sc_item_button sc_button_wrap sc_align_center\"><a href=\"\" class=\"sc_button sc_button_default sc_button_size_normal sc_button_icon_left\"><span class=\"sc_button_text\"><span class=\"sc_button_title\">Acquista il biglietto<\/span><\/span><!-- \/.sc_button_text --><\/a><!-- \/.sc_button --><\/div><!-- \/.sc_item_button -->\t\t\t\t<\/div>\n\t\t\t\t<\/div>\n\t\t\t\t\t<\/div>\n\t\t<\/div>\n\t\t\t\t\t<\/div>\n\t\t<\/section>\n\t\t\t\t<section class=\"elementor-section elementor-top-section elementor-element elementor-element-4f1d698 elementor-section-stretched elementor-section-full_width elementor-section-height-default elementor-section-height-default\" data-id=\"4f1d698\" data-element_type=\"section\" data-e-type=\"section\" data-settings=\"{&quot;stretch_section&quot;:&quot;section-stretched&quot;,&quot;background_background&quot;:&quot;classic&quot;}\">\n\t\t\t\t\t\t\t<div class=\"elementor-background-overlay\"><\/div>\n\t\t\t\t\t\t\t<div class=\"elementor-container elementor-column-gap-no\">\n\t\t\t\t\t<div class=\"elementor-column elementor-col-100 elementor-top-column elementor-element elementor-element-0ad668d sc_inner_width_none sc_content_align_inherit sc_layouts_column_icons_position_left\" data-id=\"0ad668d\" data-element_type=\"column\" data-e-type=\"column\" data-settings=\"{&quot;background_background&quot;:&quot;slideshow&quot;,&quot;background_slideshow_gallery&quot;:[],&quot;background_slideshow_loop&quot;:&quot;yes&quot;,&quot;background_slideshow_slide_duration&quot;:5000,&quot;background_slideshow_slide_transition&quot;:&quot;fade&quot;,&quot;background_slideshow_transition_duration&quot;:500}\">\n\t\t\t<div class=\"elementor-widget-wrap elementor-element-populated\">\n\t\t\t\t\t<div class=\"elementor-background-overlay\"><\/div>\n\t\t\t\t\t\t<div class=\"elementor-element elementor-element-ed85bd7 sc_fly_static elementor-widget elementor-widget-spacer\" data-id=\"ed85bd7\" data-element_type=\"widget\" data-e-type=\"widget\" data-widget_type=\"spacer.default\">\n\t\t\t\t<div class=\"elementor-widget-container\">\n\t\t\t\t\t\t\t<div class=\"elementor-spacer\">\n\t\t\t<div class=\"elementor-spacer-inner\"><\/div>\n\t\t<\/div>\n\t\t\t\t\t\t<\/div>\n\t\t\t\t<\/div>\n\t\t\t\t<div class=\"elementor-element elementor-element-1fceb6b sc_fly_static elementor-widget elementor-widget-google_maps\" data-id=\"1fceb6b\" data-element_type=\"widget\" data-e-type=\"widget\" data-widget_type=\"google_maps.default\">\n\t\t\t\t<div class=\"elementor-widget-container\">\n\t\t\t\t\t\t\t<div class=\"elementor-custom-embed\">\n\t\t\t<iframe loading=\"lazy\"\n\t\t\t\t\tsrc=\"https:\/\/maps.google.com\/maps?q=italia%20torre%20del%20greco%20villa%20bruno&#038;t=m&#038;z=12&#038;output=embed&#038;iwloc=near\"\n\t\t\t\t\ttitle=\"italia torre del greco villa bruno\"\n\t\t\t\t\taria-label=\"italia torre del greco villa bruno\"\n\t\t\t><\/iframe>\n\t\t<\/div>\n\t\t\t\t\t\t<\/div>\n\t\t\t\t<\/div>\n\t\t\t\t\t<\/div>\n\t\t<\/div>\n\t\t\t\t\t<\/div>\n\t\t<\/section>\n\t\t\t\t<\/div>\n\t\t","protected":false},"excerpt":{"rendered":"<p>La finale degli artisti della categoria Musica Finale Ethnos Generazioni Sabato 5 Ottobre 2024 San Giorgio a Cremano \/ Villa Bruno Ore 21.00 Malutempu Malutempu \u00e8 un progetto musicale innovativo che celebra la ricca tradizione calabrese attraverso una miscela unica di influenze mediterranee. Fondato da Antonio Olivo, un rinomato polistrumentista e produttore musicale, il progetto&hellip;<\/p>\n","protected":false},"author":1,"featured_media":0,"parent":0,"menu_order":0,"comment_status":"closed","ping_status":"closed","template":"","meta":{"footnotes":""},"class_list":["post-10861","page","type-page","status-publish","hentry"],"_links":{"self":[{"href":"https:\/\/www.festivalethnos.it\/index.php?rest_route=\/wp\/v2\/pages\/10861","targetHints":{"allow":["GET"]}}],"collection":[{"href":"https:\/\/www.festivalethnos.it\/index.php?rest_route=\/wp\/v2\/pages"}],"about":[{"href":"https:\/\/www.festivalethnos.it\/index.php?rest_route=\/wp\/v2\/types\/page"}],"author":[{"embeddable":true,"href":"https:\/\/www.festivalethnos.it\/index.php?rest_route=\/wp\/v2\/users\/1"}],"replies":[{"embeddable":true,"href":"https:\/\/www.festivalethnos.it\/index.php?rest_route=%2Fwp%2Fv2%2Fcomments&post=10861"}],"version-history":[{"count":16,"href":"https:\/\/www.festivalethnos.it\/index.php?rest_route=\/wp\/v2\/pages\/10861\/revisions"}],"predecessor-version":[{"id":11375,"href":"https:\/\/www.festivalethnos.it\/index.php?rest_route=\/wp\/v2\/pages\/10861\/revisions\/11375"}],"wp:attachment":[{"href":"https:\/\/www.festivalethnos.it\/index.php?rest_route=%2Fwp%2Fv2%2Fmedia&parent=10861"}],"curies":[{"name":"wp","href":"https:\/\/api.w.org\/{rel}","templated":true}]}}