{"id":12254,"date":"2025-08-28T10:59:02","date_gmt":"2025-08-28T08:59:02","guid":{"rendered":"https:\/\/www.festivalethnos.it\/?page_id=12254"},"modified":"2025-09-23T11:44:16","modified_gmt":"2025-09-23T09:44:16","slug":"stefano-saletti-banda-ikona-2","status":"publish","type":"page","link":"https:\/\/www.festivalethnos.it\/?page_id=12254","title":{"rendered":"Stefano Saletti &#038; Banda Ikona"},"content":{"rendered":"\t\t<div data-elementor-type=\"wp-post\" data-elementor-id=\"12254\" class=\"elementor elementor-12254\">\n\t\t\t\t\t\t<section class=\"elementor-section elementor-top-section elementor-element elementor-element-8e591ff elementor-section-stretched elementor-section-full_width elementor-section-height-default elementor-section-height-default\" data-id=\"8e591ff\" data-element_type=\"section\" data-e-type=\"section\" data-settings=\"{&quot;stretch_section&quot;:&quot;section-stretched&quot;}\">\n\t\t\t\t\t\t<div class=\"elementor-container elementor-column-gap-no\">\n\t\t\t\t\t<div class=\"elementor-column elementor-col-100 elementor-top-column elementor-element elementor-element-e175f5c sc_inner_width_none sc_content_align_inherit sc_layouts_column_icons_position_left\" data-id=\"e175f5c\" data-element_type=\"column\" data-e-type=\"column\" data-settings=\"{&quot;background_background&quot;:&quot;classic&quot;}\">\n\t\t\t<div class=\"elementor-widget-wrap elementor-element-populated\">\n\t\t\t\t\t<div class=\"elementor-background-overlay\"><\/div>\n\t\t\t\t\t\t<div class=\"elementor-element elementor-element-cd88e94 sc_layouts_hide_on_wide sc_layouts_hide_on_desktop sc_layouts_hide_on_notebook sc_layouts_hide_on_tablet sc_fly_static elementor-widget elementor-widget-image\" data-id=\"cd88e94\" data-element_type=\"widget\" data-e-type=\"widget\" data-widget_type=\"image.default\">\n\t\t\t\t<div class=\"elementor-widget-container\">\n\t\t\t\t\t\t\t\t\t\t\t\t\t\t\t<img fetchpriority=\"high\" decoding=\"async\" width=\"1477\" height=\"900\" src=\"https:\/\/www.festivalethnos.it\/wp-content\/uploads\/2025\/08\/slide-sito-saletti-mob.jpg\" class=\"attachment-full size-full wp-image-12258\" alt=\"\" srcset=\"https:\/\/www.festivalethnos.it\/wp-content\/uploads\/2025\/08\/slide-sito-saletti-mob.jpg 1477w, https:\/\/www.festivalethnos.it\/wp-content\/uploads\/2025\/08\/slide-sito-saletti-mob-300x183.jpg 300w, https:\/\/www.festivalethnos.it\/wp-content\/uploads\/2025\/08\/slide-sito-saletti-mob-1024x624.jpg 1024w, https:\/\/www.festivalethnos.it\/wp-content\/uploads\/2025\/08\/slide-sito-saletti-mob-768x468.jpg 768w, https:\/\/www.festivalethnos.it\/wp-content\/uploads\/2025\/08\/slide-sito-saletti-mob-370x225.jpg 370w, https:\/\/www.festivalethnos.it\/wp-content\/uploads\/2025\/08\/slide-sito-saletti-mob-1410x859.jpg 1410w\" sizes=\"(max-width: 1477px) 100vw, 1477px\" \/>\t\t\t\t\t\t\t\t\t\t\t\t\t\t\t<\/div>\n\t\t\t\t<\/div>\n\t\t\t\t\t<\/div>\n\t\t<\/div>\n\t\t\t\t\t<\/div>\n\t\t<\/section>\n\t\t\t\t<section class=\"elementor-section elementor-top-section elementor-element elementor-element-2024510 elementor-section-stretched elementor-section-full_width elementor-section-height-default elementor-section-height-default\" data-id=\"2024510\" data-element_type=\"section\" data-e-type=\"section\" data-settings=\"{&quot;stretch_section&quot;:&quot;section-stretched&quot;}\">\n\t\t\t\t\t\t<div class=\"elementor-container elementor-column-gap-no\">\n\t\t\t\t\t<div class=\"elementor-column elementor-col-100 elementor-top-column elementor-element elementor-element-224f0ae sc_inner_width_none sc_content_align_inherit sc_layouts_column_icons_position_left\" data-id=\"224f0ae\" data-element_type=\"column\" data-e-type=\"column\" data-settings=\"{&quot;background_background&quot;:&quot;classic&quot;}\">\n\t\t\t<div class=\"elementor-widget-wrap elementor-element-populated\">\n\t\t\t\t\t<div class=\"elementor-background-overlay\"><\/div>\n\t\t\t\t\t\t<div class=\"elementor-element elementor-element-169b6c2 sc_layouts_hide_on_mobile sc_fly_static elementor-widget elementor-widget-image\" data-id=\"169b6c2\" data-element_type=\"widget\" data-e-type=\"widget\" data-widget_type=\"image.default\">\n\t\t\t\t<div class=\"elementor-widget-container\">\n\t\t\t\t\t\t\t\t\t\t\t\t\t\t\t<img decoding=\"async\" width=\"1982\" height=\"650\" src=\"https:\/\/www.festivalethnos.it\/wp-content\/uploads\/2025\/08\/slide-sito-saletti.jpg\" class=\"attachment-full size-full wp-image-12259\" alt=\"\" srcset=\"https:\/\/www.festivalethnos.it\/wp-content\/uploads\/2025\/08\/slide-sito-saletti.jpg 1982w, https:\/\/www.festivalethnos.it\/wp-content\/uploads\/2025\/08\/slide-sito-saletti-300x98.jpg 300w, https:\/\/www.festivalethnos.it\/wp-content\/uploads\/2025\/08\/slide-sito-saletti-1024x336.jpg 1024w, https:\/\/www.festivalethnos.it\/wp-content\/uploads\/2025\/08\/slide-sito-saletti-768x252.jpg 768w, https:\/\/www.festivalethnos.it\/wp-content\/uploads\/2025\/08\/slide-sito-saletti-1536x504.jpg 1536w, https:\/\/www.festivalethnos.it\/wp-content\/uploads\/2025\/08\/slide-sito-saletti-370x121.jpg 370w, https:\/\/www.festivalethnos.it\/wp-content\/uploads\/2025\/08\/slide-sito-saletti-1410x462.jpg 1410w\" sizes=\"(max-width: 1982px) 100vw, 1982px\" \/>\t\t\t\t\t\t\t\t\t\t\t\t\t\t\t<\/div>\n\t\t\t\t<\/div>\n\t\t\t\t\t<\/div>\n\t\t<\/div>\n\t\t\t\t\t<\/div>\n\t\t<\/section>\n\t\t\t\t<section class=\"elementor-section elementor-top-section elementor-element elementor-element-91fcc22 elementor-section-boxed elementor-section-height-default elementor-section-height-default\" data-id=\"91fcc22\" data-element_type=\"section\" data-e-type=\"section\" data-settings=\"{&quot;background_background&quot;:&quot;classic&quot;}\">\n\t\t\t\t\t\t<div class=\"elementor-container elementor-column-gap-extended\">\n\t\t\t\t\t<div class=\"elementor-column elementor-col-100 elementor-top-column elementor-element elementor-element-46483dc sc_inner_width_none sc_content_align_inherit sc_layouts_column_icons_position_left\" data-id=\"46483dc\" data-element_type=\"column\" data-e-type=\"column\">\n\t\t\t<div class=\"elementor-widget-wrap elementor-element-populated\">\n\t\t\t\t\t\t<div class=\"elementor-element elementor-element-04f1fda sc_fly_static elementor-widget elementor-widget-spacer\" data-id=\"04f1fda\" data-element_type=\"widget\" data-e-type=\"widget\" data-widget_type=\"spacer.default\">\n\t\t\t\t<div class=\"elementor-widget-container\">\n\t\t\t\t\t\t\t<div class=\"elementor-spacer\">\n\t\t\t<div class=\"elementor-spacer-inner\"><\/div>\n\t\t<\/div>\n\t\t\t\t\t\t<\/div>\n\t\t\t\t<\/div>\n\t\t\t\t<div class=\"elementor-element elementor-element-0e0f3d5 sc_layouts_hide_on_wide sc_layouts_hide_on_desktop sc_layouts_hide_on_notebook sc_layouts_hide_on_tablet sc_fly_static elementor-widget elementor-widget-heading\" data-id=\"0e0f3d5\" data-element_type=\"widget\" data-e-type=\"widget\" data-widget_type=\"heading.default\">\n\t\t\t\t<div class=\"elementor-widget-container\">\n\t\t\t\t\t<h2 class=\"elementor-heading-title elementor-size-default\">Stefano Saletti &amp; Banda Ikona<\/h2>\t\t\t\t<\/div>\n\t\t\t\t<\/div>\n\t\t\t\t<div class=\"elementor-element elementor-element-1419e94 sc_layouts_hide_on_wide sc_layouts_hide_on_desktop sc_layouts_hide_on_notebook sc_layouts_hide_on_tablet sc_fly_static elementor-widget elementor-widget-heading\" data-id=\"1419e94\" data-element_type=\"widget\" data-e-type=\"widget\" data-widget_type=\"heading.default\">\n\t\t\t\t<div class=\"elementor-widget-container\">\n\t\t\t\t\t<h4 class=\"elementor-heading-title elementor-size-default\">Mediterranima<\/h4>\t\t\t\t<\/div>\n\t\t\t\t<\/div>\n\t\t\t\t<div class=\"elementor-element elementor-element-7a76cbc sc_layouts_hide_on_mobile sc_fly_static elementor-invisible elementor-widget elementor-widget-trx_sc_title\" data-id=\"7a76cbc\" data-element_type=\"widget\" data-e-type=\"widget\" data-settings=\"{&quot;_animation&quot;:&quot;fadeInDown&quot;}\" data-widget_type=\"trx_sc_title.default\">\n\t\t\t\t<div class=\"elementor-widget-container\">\n\t\t\t\t\t<div id=\"trx_sc_title_3211553\"\r\n\t\tclass=\"sc_title  text_position_horizontal sc_title_default\"><span class=\"sc_item_subtitle sc_title_subtitle sc_align_center sc_item_subtitle_above sc_item_title_style_default\">Mediterranima<\/span><h1 class=\"sc_item_title sc_title_title sc_align_center sc_item_title_style_default sc_item_title_tag\"><span class=\"sc_item_title_text\">Stefano Saletti & Banda Ikona<\/span><\/h1><\/div><!-- \/.sc_title -->\t\t\t\t<\/div>\n\t\t\t\t<\/div>\n\t\t\t\t<section class=\"elementor-section elementor-inner-section elementor-element elementor-element-f076e40 elementor-section-content-middle elementor-section-boxed elementor-section-height-default elementor-section-height-default\" data-id=\"f076e40\" data-element_type=\"section\" data-e-type=\"section\" data-settings=\"{&quot;background_background&quot;:&quot;classic&quot;}\">\n\t\t\t\t\t\t<div class=\"elementor-container elementor-column-gap-extended\">\n\t\t\t\t\t<div class=\"elementor-column elementor-col-33 elementor-inner-column elementor-element elementor-element-7914fe2 sc_layouts_column_align_center sc_layouts_column sc_inner_width_none sc_content_align_inherit sc_layouts_column_icons_position_left\" data-id=\"7914fe2\" data-element_type=\"column\" data-e-type=\"column\" data-settings=\"{&quot;background_background&quot;:&quot;classic&quot;}\">\n\t\t\t<div class=\"elementor-widget-wrap elementor-element-populated\">\n\t\t\t\t\t\t<div class=\"elementor-element elementor-element-c4b233c sc_fly_static elementor-widget elementor-widget-text-editor\" data-id=\"c4b233c\" data-element_type=\"widget\" data-e-type=\"widget\" data-widget_type=\"text-editor.default\">\n\t\t\t\t<div class=\"elementor-widget-container\">\n\t\t\t\t\t\t\t\t\t<p>Sabato 27 Settembre 2025<\/p>\t\t\t\t\t\t\t\t<\/div>\n\t\t\t\t<\/div>\n\t\t\t\t\t<\/div>\n\t\t<\/div>\n\t\t\t\t<div class=\"elementor-column elementor-col-33 elementor-inner-column elementor-element elementor-element-ef1280a sc_inner_width_none sc_content_align_inherit sc_layouts_column_icons_position_left\" data-id=\"ef1280a\" data-element_type=\"column\" data-e-type=\"column\">\n\t\t\t<div class=\"elementor-widget-wrap elementor-element-populated\">\n\t\t\t\t\t\t<div class=\"elementor-element elementor-element-6378a69 elementor-widget__width-initial elementor-widget-mobile__width-inherit sc_fly_static elementor-widget elementor-widget-trx_sc_title\" data-id=\"6378a69\" data-element_type=\"widget\" data-e-type=\"widget\" data-widget_type=\"trx_sc_title.default\">\n\t\t\t\t<div class=\"elementor-widget-container\">\n\t\t\t\t\t<div id=\"trx_sc_title_1423916455\"\r\n\t\tclass=\"sc_title  text_position_horizontal sc_title_default\"><h4 class=\"sc_item_title sc_title_title sc_align_left sc_item_title_style_default sc_item_title_tag trx_addons_inline_1570673343\"><span class=\"sc_item_title_text\">Boscotrecase<br> \/ Auditorium della scuola Irene De Risi<\/span><\/h4><\/div><!-- \/.sc_title -->\t\t\t\t<\/div>\n\t\t\t\t<\/div>\n\t\t\t\t\t<\/div>\n\t\t<\/div>\n\t\t\t\t<div class=\"elementor-column elementor-col-33 elementor-inner-column elementor-element elementor-element-b614f75 sc_inner_width_none sc_content_align_inherit sc_layouts_column_icons_position_left\" data-id=\"b614f75\" data-element_type=\"column\" data-e-type=\"column\">\n\t\t\t<div class=\"elementor-widget-wrap elementor-element-populated\">\n\t\t\t\t\t\t<div class=\"elementor-element elementor-element-ca31cc7 elementor-widget__width-initial elementor-widget-mobile__width-inherit sc_fly_static elementor-widget elementor-widget-trx_sc_title\" data-id=\"ca31cc7\" data-element_type=\"widget\" data-e-type=\"widget\" data-widget_type=\"trx_sc_title.default\">\n\t\t\t\t<div class=\"elementor-widget-container\">\n\t\t\t\t\t<div id=\"trx_sc_title_1002723796\"\r\n\t\tclass=\"sc_title  text_position_horizontal sc_title_default\"><span class=\"sc_item_subtitle sc_title_subtitle sc_align_left sc_item_subtitle_above sc_item_title_style_default\">Ore 21.00<\/span><\/div><!-- \/.sc_title -->\t\t\t\t<\/div>\n\t\t\t\t<\/div>\n\t\t\t\t\t<\/div>\n\t\t<\/div>\n\t\t\t\t\t<\/div>\n\t\t<\/section>\n\t\t\t\t<section class=\"elementor-section elementor-inner-section elementor-element elementor-element-979cff0 elementor-section-boxed elementor-section-height-default elementor-section-height-default\" data-id=\"979cff0\" data-element_type=\"section\" data-e-type=\"section\">\n\t\t\t\t\t\t<div class=\"elementor-container elementor-column-gap-no\">\n\t\t\t\t\t<div class=\"elementor-column elementor-col-25 elementor-inner-column elementor-element elementor-element-7aaa263 sc_layouts_hide_on_mobile sc_inner_width_none sc_content_align_inherit sc_layouts_column_icons_position_left\" data-id=\"7aaa263\" data-element_type=\"column\" data-e-type=\"column\">\n\t\t\t<div class=\"elementor-widget-wrap\">\n\t\t\t\t\t\t\t<\/div>\n\t\t<\/div>\n\t\t\t\t<div class=\"elementor-column elementor-col-25 elementor-inner-column elementor-element elementor-element-25dc899 sc_layouts_column_align_center sc_layouts_column sc_inner_width_none sc_content_align_inherit sc_layouts_column_icons_position_left\" data-id=\"25dc899\" data-element_type=\"column\" data-e-type=\"column\">\n\t\t\t<div class=\"elementor-widget-wrap elementor-element-populated\">\n\t\t\t\t\t\t<div class=\"elementor-element elementor-element-9cc59d8 sc_fly_static elementor-widget elementor-widget-spacer\" data-id=\"9cc59d8\" data-element_type=\"widget\" data-e-type=\"widget\" data-widget_type=\"spacer.default\">\n\t\t\t\t<div class=\"elementor-widget-container\">\n\t\t\t\t\t\t\t<div class=\"elementor-spacer\">\n\t\t\t<div class=\"elementor-spacer-inner\"><\/div>\n\t\t<\/div>\n\t\t\t\t\t\t<\/div>\n\t\t\t\t<\/div>\n\t\t\t\t<div class=\"elementor-element elementor-element-44802ff sc_fly_static elementor-invisible elementor-widget elementor-widget-text-editor\" data-id=\"44802ff\" data-element_type=\"widget\" data-e-type=\"widget\" data-settings=\"{&quot;_animation&quot;:&quot;fadeIn&quot;}\" data-widget_type=\"text-editor.default\">\n\t\t\t\t<div class=\"elementor-widget-container\">\n\t\t\t\t\t\t\t\t\tUn canto corale per il Mediterraneo, alla ricerca dell\u2019anima comune. Questo il senso dell\u2019ultimo progetto di Stefano Saletti \u201cMediterranima\u201d un lavoro che racconta le influenze e le connessioni delle musiche e delle culture dei Paesi che si affacciano sul Mare Nostrum. \nPolistrumentista, compositore, fondatore dei Novalia e di Banda Ikona, curioso ricercatore di musiche, melodie e temi, Saletti ritiene che l&#8217;arte, la musica e la letteratura siano l&#8217;unico antidoto per ridare una speranza di pace in queste terre insanguinate.\nCos\u00ec nasce \u201cMediterranima\u201d (pubblicato il 25 aprile 2025 da Materiali Sonori), un progetto ampio che prevede oltre al disco, la pubblicazione di un libro per raccontare \u201cle memorie di un viaggiatore con il bouzouki\u201d.\nIl disco a luglio 2025 \u00e8 entrato nella cinquina delle Targhe Tenco come \u201cmiglior disco in dialetto e lingua minoritaria\u201d e nella Transglobal World Music Charts, la classifica mondiale della world music. \nNel concerto le sponde che si guardano e si affacciano l&#8217;una con l&#8217;altra risuonano nei tanti strumenti utilizzati da Saletti: il bouzouki greco, l&#8217;oud arabo, il saz baglama turco, la chitarra battente del nostro Sud, il saltzouki, le chitarre. Compagni di avventura sono i tanti musicisti della Banda Ikona con i quali quest\u2019anno celebra i 20 anni di attivit\u00e0 del gruppo: le cantanti Yasemin Sannino e Gabriella Aiello, Gabriele Coen (clarinetto, sax soprano), Eugenio Saletti (chitarra, bouzouki), Mario Rivera (contrabbasso), il percussionista Giovanni Lo Cascio. \nSaletti compone una serie di brani originali che prendono spunto da miti, leggende, melodie, cantigas, filastrocche e ballate popolari delle varie tradizioni cantati in Sabir, l\u2019antica lingua franca dei porti, dei marinai, dei pescatori, dei pirati e dei mercanti che utilizza nelle sue composizioni. \nIl disco si snoda come una sorta di colonna sonora del nostro quotidiano, tra suoni, voci, ritmi e storie che raccontano un viaggio immaginario tra la bellezza, il fascino, la forza di una tradizione millenaria che ancora emoziona, pur nella tragicit\u00e0 della cronaca contemporanea. Un lavoro ricco di suoni e influenze per riannodare il filo di un dialogo possibile, perch\u00e9, come spiega l\u2019autore, \u201csolo l\u2019arte ci salva dall\u2019odio\u201d.  \nMa esiste un\u2019anima e una comune identit\u00e0 mediterranea in Paesi cos\u00ec differenti per tradizioni, religioni, cultura? La risposta che d\u00e0 Saletti \u00e8 sicura: &#8220;S\u00ec, esiste in quell\u2019attitudine ad affrontare la vita, in quello spirito comune, nella visione e nel modo di essere e pensare che, malgrado la globalizzazione e l\u2019appiattimento culturale degli ultimi anni, resta ancora ben evidente. Io mi sento un cittadino mediterraneo&#8221;.\t\t\t\t\t\t\t\t<\/div>\n\t\t\t\t<\/div>\n\t\t\t\t<div class=\"elementor-element elementor-element-c3ddfda sc_fly_static elementor-invisible elementor-widget elementor-widget-text-editor\" data-id=\"c3ddfda\" data-element_type=\"widget\" data-e-type=\"widget\" data-settings=\"{&quot;_animation&quot;:&quot;fadeIn&quot;}\" data-widget_type=\"text-editor.default\">\n\t\t\t\t<div class=\"elementor-widget-container\">\n\t\t\t\t\t\t\t\t\t<p><strong>Stefano Saletti<\/strong><\/p><p>Musicista, compositore e produttore, suona strumenti della tradizione musicale mediterranea (bouzuki, oud, saz baglama, lauta), oltre a chitarra elettrica, acustica e classica, pianoforte, percussioni. Attivo da anni sulla scena artistica italiana, gi\u00e0 fondatore dei Novalia, dal 2005 \u00e8 il leader della Banda Ikona gruppo che canta in Sabir l&#8217;antica lingua del Mediterraneo. Con Banda Ikona ha effettuato tourn\u00e9e nei principali festival internazionali di world music e pubblicato 5 cd. \u201cMediterraneo ostinato\u201d (2021) come i precedenti lavori ha avuto grandi riconoscimenti in Italia e all\u2019estero arrivando al n. 2 della World Music Charts Europe, nella cinquina finale alle Targhe Tenco per la sezione \u201cdialetti e lingue minoritarie\u201d e votato al n.11 nella classifica mondiale dei migliori dischi di world music usciti nel 2021.<br \/>Ha effettuato studi, ricerche e scritto articoli sulla musica popolare, le avanguardie musicali del Novecento, le contaminazioni tra le esperienze legate alle tradizioni musicali del mondo mediterraneo e non solo. Dal 2015 \u00e8 direttore del Festival Popolare italiano, che ha visto la partecipazione di alcuni tra i pi\u00f9 importanti artisti della musica tradizionale, folk, world italiani.<br \/>Ha scritto colonne sonore per il cinema e il teatro, collaborando con Pupi Avati, Giorgio Albertazzi, Massimo Popolizio, Giancarlo Giannini, Predrag Matvejevic, Pamela Villoresi, Omero Antonutti, Manuela Mandracchia, Lisa Natoli, Piero Maccarinelli, Maurizio Panici, Ondadurtoteatro.<br \/>Ha diretto nel 2008 la 7 S\u00f3is Orkestra, nel 2010 l\u2019ensemble Les Voix du 7 Sois, nel 2019 la Med.Arab.Jewish.7S\u00f3is.Orkestra e nel 2022 la Med Luso Esch 7 S\u00f3is Orkestra, formazioni che riuniscono musicisti provenienti da Portogallo, Spagna, Marocco, Israele, Croazia, Sudan, Francia, Capo Verde, Italia.<br \/>Profondo conoscitore delle tradizioni musicali del Mediterraneo, in questi anni ha effettuato residenze artistiche, masterclass, laboratori in Italia e all\u2019estero. Tiene corsi specifici per l&#8217;apprendimento delle tecniche esecutive di bouzouki e oud ed effettua workshop dedicati a far conoscere affinit\u00e0 e differenze negli stili vocali e musicali dei Paesi del Mediterraneo: le influenze, le contaminazioni, le specificit\u00e0.<\/p>\t\t\t\t\t\t\t\t<\/div>\n\t\t\t\t<\/div>\n\t\t\t\t<div class=\"elementor-element elementor-element-3d14a6b elementor-widget-divider--view-line sc_fly_static elementor-widget elementor-widget-divider\" data-id=\"3d14a6b\" data-element_type=\"widget\" data-e-type=\"widget\" data-widget_type=\"divider.default\">\n\t\t\t\t<div class=\"elementor-widget-container\">\n\t\t\t\t\t\t\t<div class=\"elementor-divider\">\n\t\t\t<span class=\"elementor-divider-separator\">\n\t\t\t\t\t\t<\/span>\n\t\t<\/div>\n\t\t\t\t\t\t<\/div>\n\t\t\t\t<\/div>\n\t\t\t\t<div class=\"elementor-element elementor-element-a9f60dc sc_fly_static elementor-invisible elementor-widget elementor-widget-text-editor\" data-id=\"a9f60dc\" data-element_type=\"widget\" data-e-type=\"widget\" data-settings=\"{&quot;_animation&quot;:&quot;fadeIn&quot;}\" data-widget_type=\"text-editor.default\">\n\t\t\t\t<div class=\"elementor-widget-container\">\n\t\t\t\t\t\t\t\t\tStefano Saletti: voce, bouzouki, oud, saz baglama, chitarra<br>\nGabriella Aiello: voce<br>\nYasemin Sannino: voce<br>\nEugenio Saletti: chitarra, bouzouki, voce<br>\nGabriele Coen: clarinetto, sax soprano<br>\nMario Rivera: contrabbasso<br>\nGiovanni Lo Cascio: percussioni\t\t\t\t\t\t\t\t<\/div>\n\t\t\t\t<\/div>\n\t\t\t\t<div class=\"elementor-element elementor-element-9fa1328 sc_fly_static elementor-widget elementor-widget-spacer\" data-id=\"9fa1328\" data-element_type=\"widget\" data-e-type=\"widget\" data-widget_type=\"spacer.default\">\n\t\t\t\t<div class=\"elementor-widget-container\">\n\t\t\t\t\t\t\t<div class=\"elementor-spacer\">\n\t\t\t<div class=\"elementor-spacer-inner\"><\/div>\n\t\t<\/div>\n\t\t\t\t\t\t<\/div>\n\t\t\t\t<\/div>\n\t\t\t\t\t<\/div>\n\t\t<\/div>\n\t\t\t\t<div class=\"elementor-column elementor-col-50 elementor-inner-column elementor-element elementor-element-244cedf sc_layouts_hide_on_mobile sc_inner_width_none sc_content_align_inherit sc_layouts_column_icons_position_left\" data-id=\"244cedf\" data-element_type=\"column\" data-e-type=\"column\">\n\t\t\t<div class=\"elementor-widget-wrap\">\n\t\t\t\t\t\t\t<\/div>\n\t\t<\/div>\n\t\t\t\t\t<\/div>\n\t\t<\/section>\n\t\t\t\t\t<\/div>\n\t\t<\/div>\n\t\t\t\t\t<\/div>\n\t\t<\/section>\n\t\t\t\t<section class=\"elementor-section elementor-top-section elementor-element elementor-element-6f45dbc7 elementor-section-stretched elementor-section-boxed elementor-section-height-default elementor-section-height-default elementor-invisible\" data-id=\"6f45dbc7\" data-element_type=\"section\" data-e-type=\"section\" data-settings=\"{&quot;stretch_section&quot;:&quot;section-stretched&quot;,&quot;animation&quot;:&quot;fadeIn&quot;}\">\n\t\t\t\t\t\t<div class=\"elementor-container elementor-column-gap-extended\">\n\t\t\t\t\t<div class=\"elementor-column elementor-col-100 elementor-top-column elementor-element elementor-element-13c1992 sc_inner_width_none sc_content_align_inherit sc_layouts_column_icons_position_left\" data-id=\"13c1992\" data-element_type=\"column\" data-e-type=\"column\">\n\t\t\t<div class=\"elementor-widget-wrap elementor-element-populated\">\n\t\t\t\t\t\t<div class=\"elementor-element elementor-element-9050094 sc_fly_static elementor-widget elementor-widget-trx_sc_button\" data-id=\"9050094\" data-element_type=\"widget\" data-e-type=\"widget\" data-widget_type=\"trx_sc_button.default\">\n\t\t\t\t<div class=\"elementor-widget-container\">\n\t\t\t\t\t<div id=\"trx_sc_button_188831576\"\tclass=\"sc_item_button sc_button_wrap sc_align_center\"><a href=\"https:\/\/www.azzurroservice.net\/biglietti\/mediterranima-stefano-saletti-e-banda-ikona\/\" class=\"sc_button sc_button_default sc_button_size_normal sc_button_icon_left\"><span class=\"sc_button_text\"><span class=\"sc_button_title\">Acquista il biglietto<\/span><\/span><!-- \/.sc_button_text --><\/a><!-- \/.sc_button --><\/div><!-- \/.sc_item_button -->\t\t\t\t<\/div>\n\t\t\t\t<\/div>\n\t\t\t\t<div class=\"elementor-element elementor-element-1022ac9 sc_fly_static elementor-widget elementor-widget-spacer\" data-id=\"1022ac9\" data-element_type=\"widget\" data-e-type=\"widget\" data-widget_type=\"spacer.default\">\n\t\t\t\t<div class=\"elementor-widget-container\">\n\t\t\t\t\t\t\t<div class=\"elementor-spacer\">\n\t\t\t<div class=\"elementor-spacer-inner\"><\/div>\n\t\t<\/div>\n\t\t\t\t\t\t<\/div>\n\t\t\t\t<\/div>\n\t\t\t\t\t<\/div>\n\t\t<\/div>\n\t\t\t\t\t<\/div>\n\t\t<\/section>\n\t\t\t\t<section class=\"elementor-section elementor-top-section elementor-element elementor-element-dc1840b elementor-section-stretched elementor-section-full_width elementor-section-height-default elementor-section-height-default\" data-id=\"dc1840b\" data-element_type=\"section\" data-e-type=\"section\" data-settings=\"{&quot;stretch_section&quot;:&quot;section-stretched&quot;,&quot;background_background&quot;:&quot;classic&quot;}\">\n\t\t\t\t\t\t\t<div class=\"elementor-background-overlay\"><\/div>\n\t\t\t\t\t\t\t<div class=\"elementor-container elementor-column-gap-no\">\n\t\t\t\t\t<div class=\"elementor-column elementor-col-100 elementor-top-column elementor-element elementor-element-695d402 sc_inner_width_none sc_content_align_inherit sc_layouts_column_icons_position_left\" data-id=\"695d402\" data-element_type=\"column\" data-e-type=\"column\" data-settings=\"{&quot;background_background&quot;:&quot;slideshow&quot;,&quot;background_slideshow_gallery&quot;:[],&quot;background_slideshow_loop&quot;:&quot;yes&quot;,&quot;background_slideshow_slide_duration&quot;:5000,&quot;background_slideshow_slide_transition&quot;:&quot;fade&quot;,&quot;background_slideshow_transition_duration&quot;:500}\">\n\t\t\t<div class=\"elementor-widget-wrap elementor-element-populated\">\n\t\t\t\t\t<div class=\"elementor-background-overlay\"><\/div>\n\t\t\t\t\t\t<div class=\"elementor-element elementor-element-83de728 sc_fly_static elementor-widget elementor-widget-image-gallery\" data-id=\"83de728\" data-element_type=\"widget\" data-e-type=\"widget\" data-widget_type=\"image-gallery.default\">\n\t\t\t\t<div class=\"elementor-widget-container\">\n\t\t\t\t\t\t\t<div class=\"elementor-image-gallery\">\n\t\t\t<div id='gallery-1' class='gallery galleryid-12254 gallery-columns-3 gallery-size-large'><figure class='gallery-item'>\n\t\t\t<div class='gallery-icon landscape'>\n\t\t\t\t<a data-elementor-open-lightbox=\"yes\" data-elementor-lightbox-slideshow=\"83de728\" data-elementor-lightbox-title=\"saletti-6\" data-e-action-hash=\"#elementor-action%3Aaction%3Dlightbox%26settings%3DeyJpZCI6MTIyNjksInVybCI6Imh0dHBzOlwvXC93d3cuZmVzdGl2YWxldGhub3MuaXRcL3dwLWNvbnRlbnRcL3VwbG9hZHNcLzIwMjVcLzA4XC9zYWxldHRpLTYuanBnIiwic2xpZGVzaG93IjoiODNkZTcyOCJ9\" href='https:\/\/www.festivalethnos.it\/wp-content\/uploads\/2025\/08\/saletti-6.jpg'><img decoding=\"async\" width=\"1001\" height=\"667\" src=\"https:\/\/www.festivalethnos.it\/wp-content\/uploads\/2025\/08\/saletti-6.jpg\" class=\"attachment-large size-large\" alt=\"\" srcset=\"https:\/\/www.festivalethnos.it\/wp-content\/uploads\/2025\/08\/saletti-6.jpg 1001w, https:\/\/www.festivalethnos.it\/wp-content\/uploads\/2025\/08\/saletti-6-300x200.jpg 300w, https:\/\/www.festivalethnos.it\/wp-content\/uploads\/2025\/08\/saletti-6-768x512.jpg 768w, https:\/\/www.festivalethnos.it\/wp-content\/uploads\/2025\/08\/saletti-6-370x247.jpg 370w\" sizes=\"(max-width: 1001px) 100vw, 1001px\" \/><\/a>\n\t\t\t<\/div><\/figure><figure class='gallery-item'>\n\t\t\t<div class='gallery-icon landscape'>\n\t\t\t\t<a data-elementor-open-lightbox=\"yes\" data-elementor-lightbox-slideshow=\"83de728\" data-elementor-lightbox-title=\"saletti-3\" data-e-action-hash=\"#elementor-action%3Aaction%3Dlightbox%26settings%3DeyJpZCI6MTIyNjYsInVybCI6Imh0dHBzOlwvXC93d3cuZmVzdGl2YWxldGhub3MuaXRcL3dwLWNvbnRlbnRcL3VwbG9hZHNcLzIwMjVcLzA4XC9zYWxldHRpLTMuanBnIiwic2xpZGVzaG93IjoiODNkZTcyOCJ9\" href='https:\/\/www.festivalethnos.it\/wp-content\/uploads\/2025\/08\/saletti-3.jpg'><img loading=\"lazy\" decoding=\"async\" width=\"1001\" height=\"667\" src=\"https:\/\/www.festivalethnos.it\/wp-content\/uploads\/2025\/08\/saletti-3.jpg\" class=\"attachment-large size-large\" alt=\"\" srcset=\"https:\/\/www.festivalethnos.it\/wp-content\/uploads\/2025\/08\/saletti-3.jpg 1001w, https:\/\/www.festivalethnos.it\/wp-content\/uploads\/2025\/08\/saletti-3-300x200.jpg 300w, https:\/\/www.festivalethnos.it\/wp-content\/uploads\/2025\/08\/saletti-3-768x512.jpg 768w, https:\/\/www.festivalethnos.it\/wp-content\/uploads\/2025\/08\/saletti-3-370x247.jpg 370w\" sizes=\"(max-width: 1001px) 100vw, 1001px\" \/><\/a>\n\t\t\t<\/div><\/figure><figure class='gallery-item'>\n\t\t\t<div class='gallery-icon landscape'>\n\t\t\t\t<a data-elementor-open-lightbox=\"yes\" data-elementor-lightbox-slideshow=\"83de728\" data-elementor-lightbox-title=\"saletti-1\" data-e-action-hash=\"#elementor-action%3Aaction%3Dlightbox%26settings%3DeyJpZCI6MTIyNjQsInVybCI6Imh0dHBzOlwvXC93d3cuZmVzdGl2YWxldGhub3MuaXRcL3dwLWNvbnRlbnRcL3VwbG9hZHNcLzIwMjVcLzA4XC9zYWxldHRpLTEuanBnIiwic2xpZGVzaG93IjoiODNkZTcyOCJ9\" href='https:\/\/www.festivalethnos.it\/wp-content\/uploads\/2025\/08\/saletti-1.jpg'><img loading=\"lazy\" decoding=\"async\" width=\"1001\" height=\"667\" src=\"https:\/\/www.festivalethnos.it\/wp-content\/uploads\/2025\/08\/saletti-1.jpg\" class=\"attachment-large size-large\" alt=\"\" srcset=\"https:\/\/www.festivalethnos.it\/wp-content\/uploads\/2025\/08\/saletti-1.jpg 1001w, https:\/\/www.festivalethnos.it\/wp-content\/uploads\/2025\/08\/saletti-1-300x200.jpg 300w, https:\/\/www.festivalethnos.it\/wp-content\/uploads\/2025\/08\/saletti-1-768x512.jpg 768w, https:\/\/www.festivalethnos.it\/wp-content\/uploads\/2025\/08\/saletti-1-370x247.jpg 370w\" sizes=\"(max-width: 1001px) 100vw, 1001px\" \/><\/a>\n\t\t\t<\/div><\/figure><figure class='gallery-item'>\n\t\t\t<div class='gallery-icon landscape'>\n\t\t\t\t<a data-elementor-open-lightbox=\"yes\" data-elementor-lightbox-slideshow=\"83de728\" data-elementor-lightbox-title=\"saletti-5\" data-e-action-hash=\"#elementor-action%3Aaction%3Dlightbox%26settings%3DeyJpZCI6MTIyNjgsInVybCI6Imh0dHBzOlwvXC93d3cuZmVzdGl2YWxldGhub3MuaXRcL3dwLWNvbnRlbnRcL3VwbG9hZHNcLzIwMjVcLzA4XC9zYWxldHRpLTUuanBnIiwic2xpZGVzaG93IjoiODNkZTcyOCJ9\" href='https:\/\/www.festivalethnos.it\/wp-content\/uploads\/2025\/08\/saletti-5.jpg'><img loading=\"lazy\" decoding=\"async\" width=\"1001\" height=\"667\" src=\"https:\/\/www.festivalethnos.it\/wp-content\/uploads\/2025\/08\/saletti-5.jpg\" class=\"attachment-large size-large\" alt=\"\" srcset=\"https:\/\/www.festivalethnos.it\/wp-content\/uploads\/2025\/08\/saletti-5.jpg 1001w, https:\/\/www.festivalethnos.it\/wp-content\/uploads\/2025\/08\/saletti-5-300x200.jpg 300w, https:\/\/www.festivalethnos.it\/wp-content\/uploads\/2025\/08\/saletti-5-768x512.jpg 768w, https:\/\/www.festivalethnos.it\/wp-content\/uploads\/2025\/08\/saletti-5-370x247.jpg 370w\" sizes=\"(max-width: 1001px) 100vw, 1001px\" \/><\/a>\n\t\t\t<\/div><\/figure><figure class='gallery-item'>\n\t\t\t<div class='gallery-icon landscape'>\n\t\t\t\t<a data-elementor-open-lightbox=\"yes\" data-elementor-lightbox-slideshow=\"83de728\" data-elementor-lightbox-title=\"saletti-4\" data-e-action-hash=\"#elementor-action%3Aaction%3Dlightbox%26settings%3DeyJpZCI6MTIyNjcsInVybCI6Imh0dHBzOlwvXC93d3cuZmVzdGl2YWxldGhub3MuaXRcL3dwLWNvbnRlbnRcL3VwbG9hZHNcLzIwMjVcLzA4XC9zYWxldHRpLTQuanBnIiwic2xpZGVzaG93IjoiODNkZTcyOCJ9\" href='https:\/\/www.festivalethnos.it\/wp-content\/uploads\/2025\/08\/saletti-4.jpg'><img loading=\"lazy\" decoding=\"async\" width=\"1001\" height=\"667\" src=\"https:\/\/www.festivalethnos.it\/wp-content\/uploads\/2025\/08\/saletti-4.jpg\" class=\"attachment-large size-large\" alt=\"\" srcset=\"https:\/\/www.festivalethnos.it\/wp-content\/uploads\/2025\/08\/saletti-4.jpg 1001w, https:\/\/www.festivalethnos.it\/wp-content\/uploads\/2025\/08\/saletti-4-300x200.jpg 300w, https:\/\/www.festivalethnos.it\/wp-content\/uploads\/2025\/08\/saletti-4-768x512.jpg 768w, https:\/\/www.festivalethnos.it\/wp-content\/uploads\/2025\/08\/saletti-4-370x247.jpg 370w\" sizes=\"(max-width: 1001px) 100vw, 1001px\" \/><\/a>\n\t\t\t<\/div><\/figure><figure class='gallery-item'>\n\t\t\t<div class='gallery-icon landscape'>\n\t\t\t\t<a data-elementor-open-lightbox=\"yes\" data-elementor-lightbox-slideshow=\"83de728\" data-elementor-lightbox-title=\"saletti-2\" data-e-action-hash=\"#elementor-action%3Aaction%3Dlightbox%26settings%3DeyJpZCI6MTIyNjUsInVybCI6Imh0dHBzOlwvXC93d3cuZmVzdGl2YWxldGhub3MuaXRcL3dwLWNvbnRlbnRcL3VwbG9hZHNcLzIwMjVcLzA4XC9zYWxldHRpLTIuanBnIiwic2xpZGVzaG93IjoiODNkZTcyOCJ9\" href='https:\/\/www.festivalethnos.it\/wp-content\/uploads\/2025\/08\/saletti-2.jpg'><img loading=\"lazy\" decoding=\"async\" width=\"1001\" height=\"667\" src=\"https:\/\/www.festivalethnos.it\/wp-content\/uploads\/2025\/08\/saletti-2.jpg\" class=\"attachment-large size-large\" alt=\"\" srcset=\"https:\/\/www.festivalethnos.it\/wp-content\/uploads\/2025\/08\/saletti-2.jpg 1001w, https:\/\/www.festivalethnos.it\/wp-content\/uploads\/2025\/08\/saletti-2-300x200.jpg 300w, https:\/\/www.festivalethnos.it\/wp-content\/uploads\/2025\/08\/saletti-2-768x512.jpg 768w, https:\/\/www.festivalethnos.it\/wp-content\/uploads\/2025\/08\/saletti-2-370x247.jpg 370w\" sizes=\"(max-width: 1001px) 100vw, 1001px\" \/><\/a>\n\t\t\t<\/div><\/figure>\n\t\t<\/div>\n\t\t<\/div>\n\t\t\t\t\t\t<\/div>\n\t\t\t\t<\/div>\n\t\t\t\t\t<\/div>\n\t\t<\/div>\n\t\t\t\t\t<\/div>\n\t\t<\/section>\n\t\t\t\t<section class=\"elementor-section elementor-top-section elementor-element elementor-element-49fc118 elementor-section-stretched elementor-section-full_width elementor-section-height-default elementor-section-height-default\" data-id=\"49fc118\" data-element_type=\"section\" data-e-type=\"section\" data-settings=\"{&quot;stretch_section&quot;:&quot;section-stretched&quot;,&quot;background_background&quot;:&quot;classic&quot;}\">\n\t\t\t\t\t\t\t<div class=\"elementor-background-overlay\"><\/div>\n\t\t\t\t\t\t\t<div class=\"elementor-container elementor-column-gap-no\">\n\t\t\t\t\t<div class=\"elementor-column elementor-col-100 elementor-top-column elementor-element elementor-element-5c0db23 sc_inner_width_none sc_content_align_inherit sc_layouts_column_icons_position_left\" data-id=\"5c0db23\" data-element_type=\"column\" data-e-type=\"column\" data-settings=\"{&quot;background_background&quot;:&quot;slideshow&quot;,&quot;background_slideshow_gallery&quot;:[],&quot;background_slideshow_loop&quot;:&quot;yes&quot;,&quot;background_slideshow_slide_duration&quot;:5000,&quot;background_slideshow_slide_transition&quot;:&quot;fade&quot;,&quot;background_slideshow_transition_duration&quot;:500}\">\n\t\t\t<div class=\"elementor-widget-wrap elementor-element-populated\">\n\t\t\t\t\t<div class=\"elementor-background-overlay\"><\/div>\n\t\t\t\t\t\t<div class=\"elementor-element elementor-element-4e2feeb sc_fly_static elementor-widget elementor-widget-spacer\" data-id=\"4e2feeb\" data-element_type=\"widget\" data-e-type=\"widget\" data-widget_type=\"spacer.default\">\n\t\t\t\t<div class=\"elementor-widget-container\">\n\t\t\t\t\t\t\t<div class=\"elementor-spacer\">\n\t\t\t<div class=\"elementor-spacer-inner\"><\/div>\n\t\t<\/div>\n\t\t\t\t\t\t<\/div>\n\t\t\t\t<\/div>\n\t\t\t\t<div class=\"elementor-element elementor-element-930c430 sc_fly_static elementor-widget elementor-widget-video\" data-id=\"930c430\" data-element_type=\"widget\" data-e-type=\"widget\" data-settings=\"{&quot;youtube_url&quot;:&quot;https:\\\/\\\/www.youtube.com\\\/watch?v=jhzI9n0paE4&amp;t=13s&quot;,&quot;video_type&quot;:&quot;youtube&quot;,&quot;controls&quot;:&quot;yes&quot;}\" data-widget_type=\"video.default\">\n\t\t\t\t<div class=\"elementor-widget-container\">\n\t\t\t\t\t\t\t<div class=\"elementor-wrapper elementor-open-inline\">\n\t\t\t<div class=\"elementor-video\"><\/div>\t\t<\/div>\n\t\t\t\t\t\t<\/div>\n\t\t\t\t<\/div>\n\t\t\t\t<div class=\"elementor-element elementor-element-c4075a3 sc_fly_static elementor-widget elementor-widget-spacer\" data-id=\"c4075a3\" data-element_type=\"widget\" data-e-type=\"widget\" data-widget_type=\"spacer.default\">\n\t\t\t\t<div class=\"elementor-widget-container\">\n\t\t\t\t\t\t\t<div class=\"elementor-spacer\">\n\t\t\t<div class=\"elementor-spacer-inner\"><\/div>\n\t\t<\/div>\n\t\t\t\t\t\t<\/div>\n\t\t\t\t<\/div>\n\t\t\t\t\t<\/div>\n\t\t<\/div>\n\t\t\t\t\t<\/div>\n\t\t<\/section>\n\t\t\t\t<section class=\"elementor-section elementor-top-section elementor-element elementor-element-bc500c7 elementor-section-boxed elementor-section-height-default elementor-section-height-default\" data-id=\"bc500c7\" data-element_type=\"section\" data-e-type=\"section\">\n\t\t\t\t\t\t<div class=\"elementor-container elementor-column-gap-extended\">\n\t\t\t\t\t<div class=\"elementor-column elementor-col-50 elementor-top-column elementor-element elementor-element-d21016a sc_inner_width_none sc_content_align_inherit sc_layouts_column_icons_position_left\" data-id=\"d21016a\" data-element_type=\"column\" data-e-type=\"column\" data-settings=\"{&quot;background_background&quot;:&quot;classic&quot;}\">\n\t\t\t<div class=\"elementor-widget-wrap elementor-element-populated\">\n\t\t\t\t\t\t<div class=\"elementor-element elementor-element-a2f2d91 sc_fly_static elementor-widget elementor-widget-heading\" data-id=\"a2f2d91\" data-element_type=\"widget\" data-e-type=\"widget\" data-widget_type=\"heading.default\">\n\t\t\t\t<div class=\"elementor-widget-container\">\n\t\t\t\t\t<h6 class=\"elementor-heading-title elementor-size-default\">Nella stessa giornata<\/h6>\t\t\t\t<\/div>\n\t\t\t\t<\/div>\n\t\t\t\t<div class=\"elementor-element elementor-element-bedc2db sc_fly_static elementor-widget elementor-widget-spacer\" data-id=\"bedc2db\" data-element_type=\"widget\" data-e-type=\"widget\" data-widget_type=\"spacer.default\">\n\t\t\t\t<div class=\"elementor-widget-container\">\n\t\t\t\t\t\t\t<div class=\"elementor-spacer\">\n\t\t\t<div class=\"elementor-spacer-inner\"><\/div>\n\t\t<\/div>\n\t\t\t\t\t\t<\/div>\n\t\t\t\t<\/div>\n\t\t\t\t<div class=\"elementor-element elementor-element-1b59c62 sc_fly_static elementor-widget elementor-widget-heading\" data-id=\"1b59c62\" data-element_type=\"widget\" data-e-type=\"widget\" data-widget_type=\"heading.default\">\n\t\t\t\t<div class=\"elementor-widget-container\">\n\t\t\t\t\t<h4 class=\"elementor-heading-title elementor-size-default\">Itinerario naturalistico e musicale<\/h4>\t\t\t\t<\/div>\n\t\t\t\t<\/div>\n\t\t\t\t<div class=\"elementor-element elementor-element-9f85f6a sc_fly_static elementor-widget elementor-widget-text-editor\" data-id=\"9f85f6a\" data-element_type=\"widget\" data-e-type=\"widget\" data-widget_type=\"text-editor.default\">\n\t\t\t\t<div class=\"elementor-widget-container\">\n\t\t\t\t\t\t\t\t\t<h5>Boscotrecase<\/h5><p>via Fruscio<br \/>Ore 10.00<\/p>\t\t\t\t\t\t\t\t<\/div>\n\t\t\t\t<\/div>\n\t\t\t\t<div class=\"elementor-element elementor-element-2987527 sc_fly_static elementor-widget elementor-widget-spacer\" data-id=\"2987527\" data-element_type=\"widget\" data-e-type=\"widget\" data-widget_type=\"spacer.default\">\n\t\t\t\t<div class=\"elementor-widget-container\">\n\t\t\t\t\t\t\t<div class=\"elementor-spacer\">\n\t\t\t<div class=\"elementor-spacer-inner\"><\/div>\n\t\t<\/div>\n\t\t\t\t\t\t<\/div>\n\t\t\t\t<\/div>\n\t\t\t\t<div class=\"elementor-element elementor-element-ea3a83c sc_fly_static elementor-widget elementor-widget-text-editor\" data-id=\"ea3a83c\" data-element_type=\"widget\" data-e-type=\"widget\" data-widget_type=\"text-editor.default\">\n\t\t\t\t<div class=\"elementor-widget-container\">\n\t\t\t\t\t\t\t\t\t<p>Passeggiata guidata lungo via Fruscio, alla scoperta delle aziende vinicole locali, con inserti musicali a cura del Festival. L\u2019iniziativa intende mettere in luce le eccellenze produttive del territorio, in un percorso che unisce natura, storia e sonorit\u00e0 del paesaggio vesuviano.<\/p><p>A cura di <strong>Vincenzo Marasco <\/strong> (esperto del territorio, Associazione Primaurora) e <strong>Angelo Balzano <\/strong>(guida vulcanologica)<\/p><p>La parte musicale \u00e8 affidata a <strong>Tupa Rujo duo<\/strong><\/p><p>Durante il percorso faremo una tappa presso l\u2019Officina Vesuviana, per conoscere da vicino il territorio e le sue produzioni. L\u2019escursione si concluder\u00e0 nel podere Izzo, dove ci attender\u00e0 il concerto del duo Tupa Ruja, che intreccer\u00e0 sonorit\u00e0 tradizionali e ritmi contemporanei.<\/p><p><strong>La partecipazione \u00e8 gratuita. <\/strong><br \/>Info &amp; Prenotazioni: info@festivalethnos.it &#8211; 081 8823978<br \/>Contatti Guide +39 389 428 4134 &#8211; 39 392 175 7658<\/p>\t\t\t\t\t\t\t\t<\/div>\n\t\t\t\t<\/div>\n\t\t\t\t\t<\/div>\n\t\t<\/div>\n\t\t\t\t<div class=\"elementor-column elementor-col-50 elementor-top-column elementor-element elementor-element-fb775ed sc_inner_width_none sc_content_align_inherit sc_layouts_column_icons_position_left\" data-id=\"fb775ed\" data-element_type=\"column\" data-e-type=\"column\">\n\t\t\t<div class=\"elementor-widget-wrap elementor-element-populated\">\n\t\t\t\t\t\t<div class=\"elementor-element elementor-element-4f08f9e sc_fly_static elementor-widget elementor-widget-image\" data-id=\"4f08f9e\" data-element_type=\"widget\" data-e-type=\"widget\" data-widget_type=\"image.default\">\n\t\t\t\t<div class=\"elementor-widget-container\">\n\t\t\t\t\t\t\t\t\t\t\t\t\t\t\t\t<a href=\"https:\/\/www.festivalethnos.it\/?page_id=10573\">\n\t\t\t\t\t\t\t<img loading=\"lazy\" decoding=\"async\" width=\"480\" height=\"320\" src=\"https:\/\/www.festivalethnos.it\/wp-content\/uploads\/2025\/08\/68.jpg\" class=\"attachment-large size-large wp-image-12270\" alt=\"\" srcset=\"https:\/\/www.festivalethnos.it\/wp-content\/uploads\/2025\/08\/68.jpg 480w, https:\/\/www.festivalethnos.it\/wp-content\/uploads\/2025\/08\/68-300x200.jpg 300w, https:\/\/www.festivalethnos.it\/wp-content\/uploads\/2025\/08\/68-370x247.jpg 370w\" sizes=\"(max-width: 480px) 100vw, 480px\" \/>\t\t\t\t\t\t\t\t<\/a>\n\t\t\t\t\t\t\t\t\t\t\t\t\t\t\t<\/div>\n\t\t\t\t<\/div>\n\t\t\t\t\t<\/div>\n\t\t<\/div>\n\t\t\t\t\t<\/div>\n\t\t<\/section>\n\t\t\t\t<section class=\"elementor-section elementor-top-section elementor-element elementor-element-05569e3 elementor-section-boxed elementor-section-height-default elementor-section-height-default\" data-id=\"05569e3\" data-element_type=\"section\" data-e-type=\"section\">\n\t\t\t\t\t\t<div class=\"elementor-container elementor-column-gap-extended\">\n\t\t\t\t\t<div class=\"elementor-column elementor-col-50 elementor-top-column elementor-element elementor-element-f646f41 sc_inner_width_none sc_content_align_inherit sc_layouts_column_icons_position_left\" data-id=\"f646f41\" data-element_type=\"column\" data-e-type=\"column\" data-settings=\"{&quot;background_background&quot;:&quot;classic&quot;}\">\n\t\t\t<div class=\"elementor-widget-wrap elementor-element-populated\">\n\t\t\t\t\t\t<div class=\"elementor-element elementor-element-543c2d4 sc_fly_static elementor-widget elementor-widget-heading\" data-id=\"543c2d4\" data-element_type=\"widget\" data-e-type=\"widget\" data-widget_type=\"heading.default\">\n\t\t\t\t<div class=\"elementor-widget-container\">\n\t\t\t\t\t<h6 class=\"elementor-heading-title elementor-size-default\">Nella stessa giornata<\/h6>\t\t\t\t<\/div>\n\t\t\t\t<\/div>\n\t\t\t\t<div class=\"elementor-element elementor-element-0656a94 sc_fly_static elementor-widget elementor-widget-spacer\" data-id=\"0656a94\" data-element_type=\"widget\" data-e-type=\"widget\" data-widget_type=\"spacer.default\">\n\t\t\t\t<div class=\"elementor-widget-container\">\n\t\t\t\t\t\t\t<div class=\"elementor-spacer\">\n\t\t\t<div class=\"elementor-spacer-inner\"><\/div>\n\t\t<\/div>\n\t\t\t\t\t\t<\/div>\n\t\t\t\t<\/div>\n\t\t\t\t<div class=\"elementor-element elementor-element-f3b5eb4 sc_fly_static elementor-widget elementor-widget-heading\" data-id=\"f3b5eb4\" data-element_type=\"widget\" data-e-type=\"widget\" data-widget_type=\"heading.default\">\n\t\t\t\t<div class=\"elementor-widget-container\">\n\t\t\t\t\t<h4 class=\"elementor-heading-title elementor-size-default\">Workshop \u201cGusto Popolare: dalla musica vesuviana alla musica del Mediterraneo\u201d con Stefano Saletti &amp; Banda Ikona <\/h4>\t\t\t\t<\/div>\n\t\t\t\t<\/div>\n\t\t\t\t<div class=\"elementor-element elementor-element-53f4934 sc_fly_static elementor-widget elementor-widget-text-editor\" data-id=\"53f4934\" data-element_type=\"widget\" data-e-type=\"widget\" data-widget_type=\"text-editor.default\">\n\t\t\t\t<div class=\"elementor-widget-container\">\n\t\t\t\t\t\t\t\t\t<h5>Boscotrecase<\/h5><p>Auditorium della scuola Irene De Risi<br \/>Ore 18.30<\/p>\t\t\t\t\t\t\t\t<\/div>\n\t\t\t\t<\/div>\n\t\t\t\t<div class=\"elementor-element elementor-element-0b81595 sc_fly_static elementor-widget elementor-widget-spacer\" data-id=\"0b81595\" data-element_type=\"widget\" data-e-type=\"widget\" data-widget_type=\"spacer.default\">\n\t\t\t\t<div class=\"elementor-widget-container\">\n\t\t\t\t\t\t\t<div class=\"elementor-spacer\">\n\t\t\t<div class=\"elementor-spacer-inner\"><\/div>\n\t\t<\/div>\n\t\t\t\t\t\t<\/div>\n\t\t\t\t<\/div>\n\t\t\t\t<div class=\"elementor-element elementor-element-d82d9f0 sc_layouts_hide_on_wide sc_layouts_hide_on_desktop sc_layouts_hide_on_notebook sc_layouts_hide_on_tablet sc_layouts_hide_on_mobile sc_fly_static elementor-widget elementor-widget-text-editor\" data-id=\"d82d9f0\" data-element_type=\"widget\" data-e-type=\"widget\" data-widget_type=\"text-editor.default\">\n\t\t\t\t<div class=\"elementor-widget-container\">\n\t\t\t\t\t\t\t\t\t<p>Il workshop esplorer\u00e0 le radici della musica popolare vesuviana, in dialogo con le culture musicali del Mediterraneo, favorendo la riscoperta della propria identit\u00e0 attraverso il linguaggio universale della musica.<\/p><p>Partecipazione gratuita<\/p>\t\t\t\t\t\t\t\t<\/div>\n\t\t\t\t<\/div>\n\t\t\t\t\t<\/div>\n\t\t<\/div>\n\t\t\t\t<div class=\"elementor-column elementor-col-50 elementor-top-column elementor-element elementor-element-323e79c sc_inner_width_none sc_content_align_inherit sc_layouts_column_icons_position_left\" data-id=\"323e79c\" data-element_type=\"column\" data-e-type=\"column\">\n\t\t\t<div class=\"elementor-widget-wrap elementor-element-populated\">\n\t\t\t\t\t\t<div class=\"elementor-element elementor-element-e48e821 sc_fly_static elementor-widget elementor-widget-image\" data-id=\"e48e821\" data-element_type=\"widget\" data-e-type=\"widget\" data-widget_type=\"image.default\">\n\t\t\t\t<div class=\"elementor-widget-container\">\n\t\t\t\t\t\t\t\t\t\t\t\t\t\t\t\t<a href=\"https:\/\/www.festivalethnos.it\/?page_id=10573\">\n\t\t\t\t\t\t\t<img loading=\"lazy\" decoding=\"async\" width=\"1001\" height=\"667\" src=\"https:\/\/www.festivalethnos.it\/wp-content\/uploads\/2025\/08\/saletti-4.jpg\" class=\"attachment-large size-large wp-image-12267\" alt=\"\" srcset=\"https:\/\/www.festivalethnos.it\/wp-content\/uploads\/2025\/08\/saletti-4.jpg 1001w, https:\/\/www.festivalethnos.it\/wp-content\/uploads\/2025\/08\/saletti-4-300x200.jpg 300w, https:\/\/www.festivalethnos.it\/wp-content\/uploads\/2025\/08\/saletti-4-768x512.jpg 768w, https:\/\/www.festivalethnos.it\/wp-content\/uploads\/2025\/08\/saletti-4-370x247.jpg 370w\" sizes=\"(max-width: 1001px) 100vw, 1001px\" \/>\t\t\t\t\t\t\t\t<\/a>\n\t\t\t\t\t\t\t\t\t\t\t\t\t\t\t<\/div>\n\t\t\t\t<\/div>\n\t\t\t\t\t<\/div>\n\t\t<\/div>\n\t\t\t\t\t<\/div>\n\t\t<\/section>\n\t\t\t\t<section class=\"elementor-section elementor-top-section elementor-element elementor-element-d1e5b43 elementor-section-stretched elementor-section-full_width elementor-section-height-default elementor-section-height-default\" data-id=\"d1e5b43\" data-element_type=\"section\" data-e-type=\"section\" data-settings=\"{&quot;stretch_section&quot;:&quot;section-stretched&quot;,&quot;background_background&quot;:&quot;classic&quot;}\">\n\t\t\t\t\t\t\t<div class=\"elementor-background-overlay\"><\/div>\n\t\t\t\t\t\t\t<div class=\"elementor-container elementor-column-gap-no\">\n\t\t\t\t\t<div class=\"elementor-column elementor-col-100 elementor-top-column elementor-element elementor-element-108f7d7 sc_inner_width_none sc_content_align_inherit sc_layouts_column_icons_position_left\" data-id=\"108f7d7\" data-element_type=\"column\" data-e-type=\"column\" data-settings=\"{&quot;background_background&quot;:&quot;slideshow&quot;,&quot;background_slideshow_gallery&quot;:[],&quot;background_slideshow_loop&quot;:&quot;yes&quot;,&quot;background_slideshow_slide_duration&quot;:5000,&quot;background_slideshow_slide_transition&quot;:&quot;fade&quot;,&quot;background_slideshow_transition_duration&quot;:500}\">\n\t\t\t<div class=\"elementor-widget-wrap elementor-element-populated\">\n\t\t\t\t\t<div class=\"elementor-background-overlay\"><\/div>\n\t\t\t\t\t\t<div class=\"elementor-element elementor-element-4640210 sc_fly_static elementor-widget elementor-widget-google_maps\" data-id=\"4640210\" data-element_type=\"widget\" data-e-type=\"widget\" data-widget_type=\"google_maps.default\">\n\t\t\t\t<div class=\"elementor-widget-container\">\n\t\t\t\t\t\t\t<div class=\"elementor-custom-embed\">\n\t\t\t<iframe loading=\"lazy\"\n\t\t\t\t\tsrc=\"https:\/\/maps.google.com\/maps?q=Boscotrecase%2C%20Auditorium%20Irene%20De%20Risi&#038;t=m&#038;z=14&#038;output=embed&#038;iwloc=near\"\n\t\t\t\t\ttitle=\"Boscotrecase, Auditorium Irene De Risi\"\n\t\t\t\t\taria-label=\"Boscotrecase, Auditorium Irene De Risi\"\n\t\t\t><\/iframe>\n\t\t<\/div>\n\t\t\t\t\t\t<\/div>\n\t\t\t\t<\/div>\n\t\t\t\t\t<\/div>\n\t\t<\/div>\n\t\t\t\t\t<\/div>\n\t\t<\/section>\n\t\t\t\t<\/div>\n\t\t","protected":false},"excerpt":{"rendered":"<p>Stefano Saletti &amp; Banda Ikona Mediterranima Mediterranima Stefano Saletti &#038; Banda Ikona Sabato 27 Settembre 2025 Boscotrecase \/ Auditorium della scuola Irene De Risi Ore 21.00 Un canto corale per il Mediterraneo, alla ricerca dell\u2019anima comune. Questo il senso dell\u2019ultimo progetto di Stefano Saletti \u201cMediterranima\u201d un lavoro che racconta le influenze e le connessioni delle&hellip;<\/p>\n","protected":false},"author":1,"featured_media":0,"parent":0,"menu_order":0,"comment_status":"closed","ping_status":"closed","template":"","meta":{"footnotes":""},"class_list":["post-12254","page","type-page","status-publish","hentry"],"_links":{"self":[{"href":"https:\/\/www.festivalethnos.it\/index.php?rest_route=\/wp\/v2\/pages\/12254","targetHints":{"allow":["GET"]}}],"collection":[{"href":"https:\/\/www.festivalethnos.it\/index.php?rest_route=\/wp\/v2\/pages"}],"about":[{"href":"https:\/\/www.festivalethnos.it\/index.php?rest_route=\/wp\/v2\/types\/page"}],"author":[{"embeddable":true,"href":"https:\/\/www.festivalethnos.it\/index.php?rest_route=\/wp\/v2\/users\/1"}],"replies":[{"embeddable":true,"href":"https:\/\/www.festivalethnos.it\/index.php?rest_route=%2Fwp%2Fv2%2Fcomments&post=12254"}],"version-history":[{"count":22,"href":"https:\/\/www.festivalethnos.it\/index.php?rest_route=\/wp\/v2\/pages\/12254\/revisions"}],"predecessor-version":[{"id":13432,"href":"https:\/\/www.festivalethnos.it\/index.php?rest_route=\/wp\/v2\/pages\/12254\/revisions\/13432"}],"wp:attachment":[{"href":"https:\/\/www.festivalethnos.it\/index.php?rest_route=%2Fwp%2Fv2%2Fmedia&parent=12254"}],"curies":[{"name":"wp","href":"https:\/\/api.w.org\/{rel}","templated":true}]}}