{"id":12305,"date":"2025-08-30T14:39:57","date_gmt":"2025-08-30T12:39:57","guid":{"rendered":"https:\/\/www.festivalethnos.it\/?page_id=12305"},"modified":"2025-10-03T10:47:04","modified_gmt":"2025-10-03T08:47:04","slug":"caamano-ameixeiras","status":"publish","type":"page","link":"https:\/\/www.festivalethnos.it\/?page_id=12305","title":{"rendered":"Caamano &#038; Ameixeiras"},"content":{"rendered":"\t\t<div data-elementor-type=\"wp-post\" data-elementor-id=\"12305\" class=\"elementor elementor-12305\">\n\t\t\t\t\t\t<section class=\"elementor-section elementor-top-section elementor-element elementor-element-8e591ff elementor-section-stretched elementor-section-full_width elementor-section-height-default elementor-section-height-default\" data-id=\"8e591ff\" data-element_type=\"section\" data-e-type=\"section\" data-settings=\"{&quot;stretch_section&quot;:&quot;section-stretched&quot;}\">\n\t\t\t\t\t\t<div class=\"elementor-container elementor-column-gap-no\">\n\t\t\t\t\t<div class=\"elementor-column elementor-col-100 elementor-top-column elementor-element elementor-element-e175f5c sc_inner_width_none sc_content_align_inherit sc_layouts_column_icons_position_left\" data-id=\"e175f5c\" data-element_type=\"column\" data-e-type=\"column\" data-settings=\"{&quot;background_background&quot;:&quot;classic&quot;}\">\n\t\t\t<div class=\"elementor-widget-wrap elementor-element-populated\">\n\t\t\t\t\t<div class=\"elementor-background-overlay\"><\/div>\n\t\t\t\t\t\t<div class=\"elementor-element elementor-element-cd88e94 sc_layouts_hide_on_wide sc_layouts_hide_on_desktop sc_layouts_hide_on_notebook sc_layouts_hide_on_tablet sc_fly_static elementor-widget elementor-widget-image\" data-id=\"cd88e94\" data-element_type=\"widget\" data-e-type=\"widget\" data-widget_type=\"image.default\">\n\t\t\t\t<div class=\"elementor-widget-container\">\n\t\t\t\t\t\t\t\t\t\t\t\t\t\t\t<img fetchpriority=\"high\" decoding=\"async\" width=\"1477\" height=\"900\" src=\"https:\/\/www.festivalethnos.it\/wp-content\/uploads\/2025\/08\/slide-sito-camano-nob.jpg\" class=\"attachment-full size-full wp-image-12307\" alt=\"\" srcset=\"https:\/\/www.festivalethnos.it\/wp-content\/uploads\/2025\/08\/slide-sito-camano-nob.jpg 1477w, https:\/\/www.festivalethnos.it\/wp-content\/uploads\/2025\/08\/slide-sito-camano-nob-300x183.jpg 300w, https:\/\/www.festivalethnos.it\/wp-content\/uploads\/2025\/08\/slide-sito-camano-nob-1024x624.jpg 1024w, https:\/\/www.festivalethnos.it\/wp-content\/uploads\/2025\/08\/slide-sito-camano-nob-768x468.jpg 768w, https:\/\/www.festivalethnos.it\/wp-content\/uploads\/2025\/08\/slide-sito-camano-nob-370x225.jpg 370w, https:\/\/www.festivalethnos.it\/wp-content\/uploads\/2025\/08\/slide-sito-camano-nob-1410x859.jpg 1410w\" sizes=\"(max-width: 1477px) 100vw, 1477px\" \/>\t\t\t\t\t\t\t\t\t\t\t\t\t\t\t<\/div>\n\t\t\t\t<\/div>\n\t\t\t\t\t<\/div>\n\t\t<\/div>\n\t\t\t\t\t<\/div>\n\t\t<\/section>\n\t\t\t\t<section class=\"elementor-section elementor-top-section elementor-element elementor-element-2024510 elementor-section-stretched elementor-section-full_width elementor-section-height-default elementor-section-height-default\" data-id=\"2024510\" data-element_type=\"section\" data-e-type=\"section\" data-settings=\"{&quot;stretch_section&quot;:&quot;section-stretched&quot;}\">\n\t\t\t\t\t\t<div class=\"elementor-container elementor-column-gap-no\">\n\t\t\t\t\t<div class=\"elementor-column elementor-col-100 elementor-top-column elementor-element elementor-element-224f0ae sc_inner_width_none sc_content_align_inherit sc_layouts_column_icons_position_left\" data-id=\"224f0ae\" data-element_type=\"column\" data-e-type=\"column\" data-settings=\"{&quot;background_background&quot;:&quot;classic&quot;}\">\n\t\t\t<div class=\"elementor-widget-wrap elementor-element-populated\">\n\t\t\t\t\t<div class=\"elementor-background-overlay\"><\/div>\n\t\t\t\t\t\t<div class=\"elementor-element elementor-element-169b6c2 sc_layouts_hide_on_mobile sc_fly_static elementor-widget elementor-widget-image\" data-id=\"169b6c2\" data-element_type=\"widget\" data-e-type=\"widget\" data-widget_type=\"image.default\">\n\t\t\t\t<div class=\"elementor-widget-container\">\n\t\t\t\t\t\t\t\t\t\t\t\t\t\t\t<img decoding=\"async\" width=\"1982\" height=\"650\" src=\"https:\/\/www.festivalethnos.it\/wp-content\/uploads\/2025\/08\/slide-sito-camano.jpg\" class=\"attachment-full size-full wp-image-12308\" alt=\"\" srcset=\"https:\/\/www.festivalethnos.it\/wp-content\/uploads\/2025\/08\/slide-sito-camano.jpg 1982w, https:\/\/www.festivalethnos.it\/wp-content\/uploads\/2025\/08\/slide-sito-camano-300x98.jpg 300w, https:\/\/www.festivalethnos.it\/wp-content\/uploads\/2025\/08\/slide-sito-camano-1024x336.jpg 1024w, https:\/\/www.festivalethnos.it\/wp-content\/uploads\/2025\/08\/slide-sito-camano-768x252.jpg 768w, https:\/\/www.festivalethnos.it\/wp-content\/uploads\/2025\/08\/slide-sito-camano-1536x504.jpg 1536w, https:\/\/www.festivalethnos.it\/wp-content\/uploads\/2025\/08\/slide-sito-camano-370x121.jpg 370w, https:\/\/www.festivalethnos.it\/wp-content\/uploads\/2025\/08\/slide-sito-camano-1410x462.jpg 1410w\" sizes=\"(max-width: 1982px) 100vw, 1982px\" \/>\t\t\t\t\t\t\t\t\t\t\t\t\t\t\t<\/div>\n\t\t\t\t<\/div>\n\t\t\t\t\t<\/div>\n\t\t<\/div>\n\t\t\t\t\t<\/div>\n\t\t<\/section>\n\t\t\t\t<section class=\"elementor-section elementor-top-section elementor-element elementor-element-91fcc22 elementor-section-boxed elementor-section-height-default elementor-section-height-default\" data-id=\"91fcc22\" data-element_type=\"section\" data-e-type=\"section\" data-settings=\"{&quot;background_background&quot;:&quot;classic&quot;}\">\n\t\t\t\t\t\t<div class=\"elementor-container elementor-column-gap-extended\">\n\t\t\t\t\t<div class=\"elementor-column elementor-col-100 elementor-top-column elementor-element elementor-element-46483dc sc_inner_width_none sc_content_align_inherit sc_layouts_column_icons_position_left\" data-id=\"46483dc\" data-element_type=\"column\" data-e-type=\"column\">\n\t\t\t<div class=\"elementor-widget-wrap elementor-element-populated\">\n\t\t\t\t\t\t<div class=\"elementor-element elementor-element-04f1fda sc_fly_static elementor-widget elementor-widget-spacer\" data-id=\"04f1fda\" data-element_type=\"widget\" data-e-type=\"widget\" data-widget_type=\"spacer.default\">\n\t\t\t\t<div class=\"elementor-widget-container\">\n\t\t\t\t\t\t\t<div class=\"elementor-spacer\">\n\t\t\t<div class=\"elementor-spacer-inner\"><\/div>\n\t\t<\/div>\n\t\t\t\t\t\t<\/div>\n\t\t\t\t<\/div>\n\t\t\t\t<div class=\"elementor-element elementor-element-1419e94 sc_layouts_hide_on_wide sc_layouts_hide_on_desktop sc_layouts_hide_on_notebook sc_layouts_hide_on_tablet sc_fly_static elementor-widget elementor-widget-heading\" data-id=\"1419e94\" data-element_type=\"widget\" data-e-type=\"widget\" data-widget_type=\"heading.default\">\n\t\t\t\t<div class=\"elementor-widget-container\">\n\t\t\t\t\t<h4 class=\"elementor-heading-title elementor-size-default\">Duo galiziano che unisce la tradizione folcloristica e sonorit\u00e0 contemporanee<\/h4>\t\t\t\t<\/div>\n\t\t\t\t<\/div>\n\t\t\t\t<div class=\"elementor-element elementor-element-0e0f3d5 sc_layouts_hide_on_wide sc_layouts_hide_on_desktop sc_layouts_hide_on_notebook sc_layouts_hide_on_tablet sc_fly_static elementor-widget elementor-widget-heading\" data-id=\"0e0f3d5\" data-element_type=\"widget\" data-e-type=\"widget\" data-widget_type=\"heading.default\">\n\t\t\t\t<div class=\"elementor-widget-container\">\n\t\t\t\t\t<h2 class=\"elementor-heading-title elementor-size-default\">Caama\u00f1o&amp;Ameixeiras\n<\/h2>\t\t\t\t<\/div>\n\t\t\t\t<\/div>\n\t\t\t\t<div class=\"elementor-element elementor-element-7a76cbc sc_layouts_hide_on_mobile sc_fly_static elementor-invisible elementor-widget elementor-widget-trx_sc_title\" data-id=\"7a76cbc\" data-element_type=\"widget\" data-e-type=\"widget\" data-settings=\"{&quot;_animation&quot;:&quot;fadeInDown&quot;}\" data-widget_type=\"trx_sc_title.default\">\n\t\t\t\t<div class=\"elementor-widget-container\">\n\t\t\t\t\t<div id=\"trx_sc_title_2123084431\"\r\n\t\tclass=\"sc_title  text_position_horizontal sc_title_default\"><span class=\"sc_item_subtitle sc_title_subtitle sc_align_center sc_item_subtitle_above sc_item_title_style_default\">Duo galiziano che unisce la tradizione folcloristica e sonorit\u00e0 contemporanee<\/span><h1 class=\"sc_item_title sc_title_title sc_align_center sc_item_title_style_default sc_item_title_tag\"><span class=\"sc_item_title_text\">Caama\u00f1o&Ameixeiras<\/span><\/h1><\/div><!-- \/.sc_title -->\t\t\t\t<\/div>\n\t\t\t\t<\/div>\n\t\t\t\t<section class=\"elementor-section elementor-inner-section elementor-element elementor-element-f076e40 elementor-section-content-middle elementor-section-boxed elementor-section-height-default elementor-section-height-default\" data-id=\"f076e40\" data-element_type=\"section\" data-e-type=\"section\" data-settings=\"{&quot;background_background&quot;:&quot;classic&quot;}\">\n\t\t\t\t\t\t<div class=\"elementor-container elementor-column-gap-extended\">\n\t\t\t\t\t<div class=\"elementor-column elementor-col-33 elementor-inner-column elementor-element elementor-element-7914fe2 sc_layouts_column_align_center sc_layouts_column sc_inner_width_none sc_content_align_inherit sc_layouts_column_icons_position_left\" data-id=\"7914fe2\" data-element_type=\"column\" data-e-type=\"column\" data-settings=\"{&quot;background_background&quot;:&quot;classic&quot;}\">\n\t\t\t<div class=\"elementor-widget-wrap elementor-element-populated\">\n\t\t\t\t\t\t<div class=\"elementor-element elementor-element-c4b233c sc_fly_static elementor-widget elementor-widget-text-editor\" data-id=\"c4b233c\" data-element_type=\"widget\" data-e-type=\"widget\" data-widget_type=\"text-editor.default\">\n\t\t\t\t<div class=\"elementor-widget-container\">\n\t\t\t\t\t\t\t\t\t<p>Venerd\u00ec 3 Ottobre 2025<\/p>\t\t\t\t\t\t\t\t<\/div>\n\t\t\t\t<\/div>\n\t\t\t\t\t<\/div>\n\t\t<\/div>\n\t\t\t\t<div class=\"elementor-column elementor-col-33 elementor-inner-column elementor-element elementor-element-ef1280a sc_inner_width_none sc_content_align_inherit sc_layouts_column_icons_position_left\" data-id=\"ef1280a\" data-element_type=\"column\" data-e-type=\"column\">\n\t\t\t<div class=\"elementor-widget-wrap elementor-element-populated\">\n\t\t\t\t\t\t<div class=\"elementor-element elementor-element-6378a69 elementor-widget__width-initial elementor-widget-mobile__width-inherit sc_fly_static elementor-widget elementor-widget-trx_sc_title\" data-id=\"6378a69\" data-element_type=\"widget\" data-e-type=\"widget\" data-widget_type=\"trx_sc_title.default\">\n\t\t\t\t<div class=\"elementor-widget-container\">\n\t\t\t\t\t<div id=\"trx_sc_title_377749593\"\r\n\t\tclass=\"sc_title  text_position_horizontal sc_title_default\"><h4 class=\"sc_item_title sc_title_title sc_align_left sc_item_title_style_default sc_item_title_tag trx_addons_inline_709869074\"><span class=\"sc_item_title_text\">Napoli<br> \/ Chiesa di Santa Maria Donnalbina<\/span><\/h4><\/div><!-- \/.sc_title -->\t\t\t\t<\/div>\n\t\t\t\t<\/div>\n\t\t\t\t\t<\/div>\n\t\t<\/div>\n\t\t\t\t<div class=\"elementor-column elementor-col-33 elementor-inner-column elementor-element elementor-element-b614f75 sc_inner_width_none sc_content_align_inherit sc_layouts_column_icons_position_left\" data-id=\"b614f75\" data-element_type=\"column\" data-e-type=\"column\">\n\t\t\t<div class=\"elementor-widget-wrap elementor-element-populated\">\n\t\t\t\t\t\t<div class=\"elementor-element elementor-element-ca31cc7 elementor-widget__width-initial elementor-widget-mobile__width-inherit sc_fly_static elementor-widget elementor-widget-trx_sc_title\" data-id=\"ca31cc7\" data-element_type=\"widget\" data-e-type=\"widget\" data-widget_type=\"trx_sc_title.default\">\n\t\t\t\t<div class=\"elementor-widget-container\">\n\t\t\t\t\t<div id=\"trx_sc_title_1817579353\"\r\n\t\tclass=\"sc_title  text_position_horizontal sc_title_default\"><span class=\"sc_item_subtitle sc_title_subtitle sc_align_left sc_item_subtitle_above sc_item_title_style_default\">Ore 21.00<\/span><\/div><!-- \/.sc_title -->\t\t\t\t<\/div>\n\t\t\t\t<\/div>\n\t\t\t\t\t<\/div>\n\t\t<\/div>\n\t\t\t\t\t<\/div>\n\t\t<\/section>\n\t\t\t\t<section class=\"elementor-section elementor-inner-section elementor-element elementor-element-979cff0 elementor-section-boxed elementor-section-height-default elementor-section-height-default\" data-id=\"979cff0\" data-element_type=\"section\" data-e-type=\"section\">\n\t\t\t\t\t\t<div class=\"elementor-container elementor-column-gap-no\">\n\t\t\t\t\t<div class=\"elementor-column elementor-col-25 elementor-inner-column elementor-element elementor-element-7aaa263 sc_layouts_hide_on_mobile sc_inner_width_none sc_content_align_inherit sc_layouts_column_icons_position_left\" data-id=\"7aaa263\" data-element_type=\"column\" data-e-type=\"column\">\n\t\t\t<div class=\"elementor-widget-wrap\">\n\t\t\t\t\t\t\t<\/div>\n\t\t<\/div>\n\t\t\t\t<div class=\"elementor-column elementor-col-25 elementor-inner-column elementor-element elementor-element-25dc899 sc_layouts_column_align_center sc_layouts_column sc_inner_width_none sc_content_align_inherit sc_layouts_column_icons_position_left\" data-id=\"25dc899\" data-element_type=\"column\" data-e-type=\"column\">\n\t\t\t<div class=\"elementor-widget-wrap elementor-element-populated\">\n\t\t\t\t\t\t<div class=\"elementor-element elementor-element-9cc59d8 sc_fly_static elementor-widget elementor-widget-spacer\" data-id=\"9cc59d8\" data-element_type=\"widget\" data-e-type=\"widget\" data-widget_type=\"spacer.default\">\n\t\t\t\t<div class=\"elementor-widget-container\">\n\t\t\t\t\t\t\t<div class=\"elementor-spacer\">\n\t\t\t<div class=\"elementor-spacer-inner\"><\/div>\n\t\t<\/div>\n\t\t\t\t\t\t<\/div>\n\t\t\t\t<\/div>\n\t\t\t\t<div class=\"elementor-element elementor-element-44802ff sc_fly_static elementor-invisible elementor-widget elementor-widget-text-editor\" data-id=\"44802ff\" data-element_type=\"widget\" data-e-type=\"widget\" data-settings=\"{&quot;_animation&quot;:&quot;fadeIn&quot;}\" data-widget_type=\"text-editor.default\">\n\t\t\t\t<div class=\"elementor-widget-container\">\n\t\t\t\t\t\t\t\t\t<p>Caama\u00f1o&amp;Ameixeiras \u00e8 uno dei maggiori esponenti a livello internazionale della nuova musica tradizionale galiziana. Rinnovando il significato della musica e della danza di radice popolare con sonorit\u00e0 contemporanee, il duo sta portando il proprio talento oltre i confini della Galizia. Il loro approccio intimo e profondo alla tradizione popolare galiziana ha fatto s\u00ec che Sabela Caama\u00f1o e Ant\u00eda Ameixeiras si distinguessero sia a livello nazionale che internazionale. Con uno spettacolo dal vivo d\u2019impatto, curato e audace, hanno gi\u00e0 collezionato numerose esibizioni importanti in paesi come Italia, Belgio, Francia, Portogallo, Slovacchia, Repubblica Ceca e Austria. Inoltre, le loro canzoni contano gi\u00e0 centinaia di migliaia di ascolti sulle piattaforme digitali, i loro album hanno venduto migliaia di copie e hanno collaborato con artisti del calibro di Rodrigo Cuevas.<br \/>Le due artiste galiziane si sono ispirate all\u2019universo popolare, creando un\u2019atmosfera in cui realt\u00e0, magia e religione si fondono. Negli ultimi anni di carriera, la loro musica \u00e8 passata da sonorit\u00e0 gioiose e collaborazioni collettive a un\u2019espressione pi\u00f9 oscura e intima, ottenendo un successo che le ha portate a vincere un Premio dell\u2019Accademia della Musica nella categoria Miglior Canzone in galiziano\/asturiano\/bable, un Premio Mart\u00edn C\u00f3dax della Musica nella categoria Folk, oltre a esibirsi in importanti festival come l\u2019Interceltique de Lorient, il Festival de Ortigueira, il Festival Tradicion\u00e0rius di Barcellona, il Revenidas o Osa do Mar.<br \/>Uno dei grandi punti di forza del gruppo \u00e8 la forte enfasi sul live. Con una messa in scena sorprendente, curata nei minimi dettagli e audace, Caama\u00f1o&amp;Ameixeiras riesce a colpire il pubblico con ogni esibizione, offrendo uno spettacolo visivo e artistico che esalta ulteriormente l\u2019intensit\u00e0 della loro performance.<\/p><p>Nel 2024 il duo ha presentato il suo ultimo lavoro discografico, Quitar o aire (2023), con un tour che ha superato i 60 concerti e toccato paesi come Austria, Portogallo, Belgio, Francia e Paesi Bassi. Dopo il successo di Catro Cousas, il singolo con Rodrigo Cuevas premiato ai Premi dell\u2019Accademia della Musica, arderse con Fillas de Cassandra e Ghati\u00f1a Mansa, il nuovo brano appena uscito in collaborazione con Tanxugueiras, il duo continua nel 2025 con una proposta musicale potente. A questo si aggiunge il loro forte respiro internazionale, con concerti tenuti in Scozia, Francia e Portogallo nei primi mesi dell\u2019anno, oltre a numerose date nazionali con Girando por Salas (GPS), e nuovi concerti in arrivo a livello europeo, nazionale e in Galizia.<\/p>\t\t\t\t\t\t\t\t<\/div>\n\t\t\t\t<\/div>\n\t\t\t\t<div class=\"elementor-element elementor-element-3d14a6b elementor-widget-divider--view-line sc_fly_static elementor-widget elementor-widget-divider\" data-id=\"3d14a6b\" data-element_type=\"widget\" data-e-type=\"widget\" data-widget_type=\"divider.default\">\n\t\t\t\t<div class=\"elementor-widget-container\">\n\t\t\t\t\t\t\t<div class=\"elementor-divider\">\n\t\t\t<span class=\"elementor-divider-separator\">\n\t\t\t\t\t\t<\/span>\n\t\t<\/div>\n\t\t\t\t\t\t<\/div>\n\t\t\t\t<\/div>\n\t\t\t\t<div class=\"elementor-element elementor-element-2f951d8 sc_fly_static elementor-invisible elementor-widget elementor-widget-text-editor\" data-id=\"2f951d8\" data-element_type=\"widget\" data-e-type=\"widget\" data-settings=\"{&quot;_animation&quot;:&quot;fadeIn&quot;}\" data-widget_type=\"text-editor.default\">\n\t\t\t\t<div class=\"elementor-widget-container\">\n\t\t\t\t\t\t\t\t\t<p>Sabela Caama\u00f1o: organetto<br \/>Ant\u00eda Ameixeiras: violino e voce<\/p>\t\t\t\t\t\t\t\t<\/div>\n\t\t\t\t<\/div>\n\t\t\t\t<div class=\"elementor-element elementor-element-9fa1328 sc_fly_static elementor-widget elementor-widget-spacer\" data-id=\"9fa1328\" data-element_type=\"widget\" data-e-type=\"widget\" data-widget_type=\"spacer.default\">\n\t\t\t\t<div class=\"elementor-widget-container\">\n\t\t\t\t\t\t\t<div class=\"elementor-spacer\">\n\t\t\t<div class=\"elementor-spacer-inner\"><\/div>\n\t\t<\/div>\n\t\t\t\t\t\t<\/div>\n\t\t\t\t<\/div>\n\t\t\t\t\t<\/div>\n\t\t<\/div>\n\t\t\t\t<div class=\"elementor-column elementor-col-50 elementor-inner-column elementor-element elementor-element-244cedf sc_layouts_hide_on_mobile sc_inner_width_none sc_content_align_inherit sc_layouts_column_icons_position_left\" data-id=\"244cedf\" data-element_type=\"column\" data-e-type=\"column\">\n\t\t\t<div class=\"elementor-widget-wrap\">\n\t\t\t\t\t\t\t<\/div>\n\t\t<\/div>\n\t\t\t\t\t<\/div>\n\t\t<\/section>\n\t\t\t\t\t<\/div>\n\t\t<\/div>\n\t\t\t\t\t<\/div>\n\t\t<\/section>\n\t\t\t\t<section class=\"elementor-section elementor-top-section elementor-element elementor-element-6f45dbc7 elementor-section-stretched elementor-section-boxed elementor-section-height-default elementor-section-height-default elementor-invisible\" data-id=\"6f45dbc7\" data-element_type=\"section\" data-e-type=\"section\" data-settings=\"{&quot;stretch_section&quot;:&quot;section-stretched&quot;,&quot;animation&quot;:&quot;fadeIn&quot;}\">\n\t\t\t\t\t\t<div class=\"elementor-container elementor-column-gap-extended\">\n\t\t\t\t\t<div class=\"elementor-column elementor-col-100 elementor-top-column elementor-element elementor-element-13c1992 sc_inner_width_none sc_content_align_inherit sc_layouts_column_icons_position_left\" data-id=\"13c1992\" data-element_type=\"column\" data-e-type=\"column\">\n\t\t\t<div class=\"elementor-widget-wrap elementor-element-populated\">\n\t\t\t\t\t\t<div class=\"elementor-element elementor-element-9050094 sc_fly_static elementor-widget elementor-widget-trx_sc_button\" data-id=\"9050094\" data-element_type=\"widget\" data-e-type=\"widget\" data-widget_type=\"trx_sc_button.default\">\n\t\t\t\t<div class=\"elementor-widget-container\">\n\t\t\t\t\t<div id=\"trx_sc_button_585080605\"\tclass=\"sc_item_button sc_button_wrap sc_align_center\"><a href=\"\" class=\"sc_button sc_button_default sc_button_size_normal sc_button_icon_left\"><span class=\"sc_button_text\"><span class=\"sc_button_title\">Ingresso gratuito fino ad esaurimento posti<\/span><\/span><!-- \/.sc_button_text --><\/a><!-- \/.sc_button --><\/div><!-- \/.sc_item_button -->\t\t\t\t<\/div>\n\t\t\t\t<\/div>\n\t\t\t\t<div class=\"elementor-element elementor-element-1022ac9 sc_fly_static elementor-widget elementor-widget-spacer\" data-id=\"1022ac9\" data-element_type=\"widget\" data-e-type=\"widget\" data-widget_type=\"spacer.default\">\n\t\t\t\t<div class=\"elementor-widget-container\">\n\t\t\t\t\t\t\t<div class=\"elementor-spacer\">\n\t\t\t<div class=\"elementor-spacer-inner\"><\/div>\n\t\t<\/div>\n\t\t\t\t\t\t<\/div>\n\t\t\t\t<\/div>\n\t\t\t\t\t<\/div>\n\t\t<\/div>\n\t\t\t\t\t<\/div>\n\t\t<\/section>\n\t\t\t\t<section class=\"elementor-section elementor-top-section elementor-element elementor-element-dc1840b elementor-section-stretched elementor-section-full_width elementor-section-height-default elementor-section-height-default\" data-id=\"dc1840b\" data-element_type=\"section\" data-e-type=\"section\" data-settings=\"{&quot;stretch_section&quot;:&quot;section-stretched&quot;,&quot;background_background&quot;:&quot;classic&quot;}\">\n\t\t\t\t\t\t\t<div class=\"elementor-background-overlay\"><\/div>\n\t\t\t\t\t\t\t<div class=\"elementor-container elementor-column-gap-no\">\n\t\t\t\t\t<div class=\"elementor-column elementor-col-100 elementor-top-column elementor-element elementor-element-695d402 sc_inner_width_none sc_content_align_inherit sc_layouts_column_icons_position_left\" data-id=\"695d402\" data-element_type=\"column\" data-e-type=\"column\" data-settings=\"{&quot;background_background&quot;:&quot;slideshow&quot;,&quot;background_slideshow_gallery&quot;:[],&quot;background_slideshow_loop&quot;:&quot;yes&quot;,&quot;background_slideshow_slide_duration&quot;:5000,&quot;background_slideshow_slide_transition&quot;:&quot;fade&quot;,&quot;background_slideshow_transition_duration&quot;:500}\">\n\t\t\t<div class=\"elementor-widget-wrap elementor-element-populated\">\n\t\t\t\t\t<div class=\"elementor-background-overlay\"><\/div>\n\t\t\t\t\t\t<div class=\"elementor-element elementor-element-83de728 sc_fly_static elementor-widget elementor-widget-image-gallery\" data-id=\"83de728\" data-element_type=\"widget\" data-e-type=\"widget\" data-widget_type=\"image-gallery.default\">\n\t\t\t\t<div class=\"elementor-widget-container\">\n\t\t\t\t\t\t\t<div class=\"elementor-image-gallery\">\n\t\t\t<div id='gallery-1' class='gallery galleryid-12305 gallery-columns-3 gallery-size-large'><figure class='gallery-item'>\n\t\t\t<div class='gallery-icon landscape'>\n\t\t\t\t<a data-elementor-open-lightbox=\"yes\" data-elementor-lightbox-slideshow=\"83de728\" data-elementor-lightbox-title=\"camano-1\" data-e-action-hash=\"#elementor-action%3Aaction%3Dlightbox%26settings%3DeyJpZCI6MTIzMTYsInVybCI6Imh0dHBzOlwvXC93d3cuZmVzdGl2YWxldGhub3MuaXRcL3dwLWNvbnRlbnRcL3VwbG9hZHNcLzIwMjVcLzA4XC9jYW1hbm8tMS5qcGciLCJzbGlkZXNob3ciOiI4M2RlNzI4In0%3D\" href='https:\/\/www.festivalethnos.it\/wp-content\/uploads\/2025\/08\/camano-1.jpg'><img decoding=\"async\" width=\"1001\" height=\"667\" src=\"https:\/\/www.festivalethnos.it\/wp-content\/uploads\/2025\/08\/camano-1.jpg\" class=\"attachment-large size-large\" alt=\"\" srcset=\"https:\/\/www.festivalethnos.it\/wp-content\/uploads\/2025\/08\/camano-1.jpg 1001w, https:\/\/www.festivalethnos.it\/wp-content\/uploads\/2025\/08\/camano-1-300x200.jpg 300w, https:\/\/www.festivalethnos.it\/wp-content\/uploads\/2025\/08\/camano-1-768x512.jpg 768w, https:\/\/www.festivalethnos.it\/wp-content\/uploads\/2025\/08\/camano-1-370x247.jpg 370w\" sizes=\"(max-width: 1001px) 100vw, 1001px\" \/><\/a>\n\t\t\t<\/div><\/figure><figure class='gallery-item'>\n\t\t\t<div class='gallery-icon landscape'>\n\t\t\t\t<a data-elementor-open-lightbox=\"yes\" data-elementor-lightbox-slideshow=\"83de728\" data-elementor-lightbox-title=\"camano-2\" data-e-action-hash=\"#elementor-action%3Aaction%3Dlightbox%26settings%3DeyJpZCI6MTIzMTcsInVybCI6Imh0dHBzOlwvXC93d3cuZmVzdGl2YWxldGhub3MuaXRcL3dwLWNvbnRlbnRcL3VwbG9hZHNcLzIwMjVcLzA4XC9jYW1hbm8tMi5qcGciLCJzbGlkZXNob3ciOiI4M2RlNzI4In0%3D\" href='https:\/\/www.festivalethnos.it\/wp-content\/uploads\/2025\/08\/camano-2.jpg'><img loading=\"lazy\" decoding=\"async\" width=\"1001\" height=\"667\" src=\"https:\/\/www.festivalethnos.it\/wp-content\/uploads\/2025\/08\/camano-2.jpg\" class=\"attachment-large size-large\" alt=\"\" srcset=\"https:\/\/www.festivalethnos.it\/wp-content\/uploads\/2025\/08\/camano-2.jpg 1001w, https:\/\/www.festivalethnos.it\/wp-content\/uploads\/2025\/08\/camano-2-300x200.jpg 300w, https:\/\/www.festivalethnos.it\/wp-content\/uploads\/2025\/08\/camano-2-768x512.jpg 768w, https:\/\/www.festivalethnos.it\/wp-content\/uploads\/2025\/08\/camano-2-370x247.jpg 370w\" sizes=\"(max-width: 1001px) 100vw, 1001px\" \/><\/a>\n\t\t\t<\/div><\/figure><figure class='gallery-item'>\n\t\t\t<div class='gallery-icon landscape'>\n\t\t\t\t<a data-elementor-open-lightbox=\"yes\" data-elementor-lightbox-slideshow=\"83de728\" data-elementor-lightbox-title=\"camano-3\" data-e-action-hash=\"#elementor-action%3Aaction%3Dlightbox%26settings%3DeyJpZCI6MTIzMTgsInVybCI6Imh0dHBzOlwvXC93d3cuZmVzdGl2YWxldGhub3MuaXRcL3dwLWNvbnRlbnRcL3VwbG9hZHNcLzIwMjVcLzA4XC9jYW1hbm8tMy5qcGciLCJzbGlkZXNob3ciOiI4M2RlNzI4In0%3D\" href='https:\/\/www.festivalethnos.it\/wp-content\/uploads\/2025\/08\/camano-3.jpg'><img loading=\"lazy\" decoding=\"async\" width=\"1001\" height=\"667\" src=\"https:\/\/www.festivalethnos.it\/wp-content\/uploads\/2025\/08\/camano-3.jpg\" class=\"attachment-large size-large\" alt=\"\" srcset=\"https:\/\/www.festivalethnos.it\/wp-content\/uploads\/2025\/08\/camano-3.jpg 1001w, https:\/\/www.festivalethnos.it\/wp-content\/uploads\/2025\/08\/camano-3-300x200.jpg 300w, https:\/\/www.festivalethnos.it\/wp-content\/uploads\/2025\/08\/camano-3-768x512.jpg 768w, https:\/\/www.festivalethnos.it\/wp-content\/uploads\/2025\/08\/camano-3-370x247.jpg 370w\" sizes=\"(max-width: 1001px) 100vw, 1001px\" \/><\/a>\n\t\t\t<\/div><\/figure>\n\t\t<\/div>\n\t\t<\/div>\n\t\t\t\t\t\t<\/div>\n\t\t\t\t<\/div>\n\t\t\t\t\t<\/div>\n\t\t<\/div>\n\t\t\t\t\t<\/div>\n\t\t<\/section>\n\t\t\t\t<section class=\"elementor-section elementor-top-section elementor-element elementor-element-49fc118 elementor-section-stretched elementor-section-full_width elementor-section-height-default elementor-section-height-default\" data-id=\"49fc118\" data-element_type=\"section\" data-e-type=\"section\" data-settings=\"{&quot;stretch_section&quot;:&quot;section-stretched&quot;,&quot;background_background&quot;:&quot;classic&quot;}\">\n\t\t\t\t\t\t\t<div class=\"elementor-background-overlay\"><\/div>\n\t\t\t\t\t\t\t<div class=\"elementor-container elementor-column-gap-no\">\n\t\t\t\t\t<div class=\"elementor-column elementor-col-100 elementor-top-column elementor-element elementor-element-5c0db23 sc_inner_width_none sc_content_align_inherit sc_layouts_column_icons_position_left\" data-id=\"5c0db23\" data-element_type=\"column\" data-e-type=\"column\" data-settings=\"{&quot;background_background&quot;:&quot;slideshow&quot;,&quot;background_slideshow_gallery&quot;:[],&quot;background_slideshow_loop&quot;:&quot;yes&quot;,&quot;background_slideshow_slide_duration&quot;:5000,&quot;background_slideshow_slide_transition&quot;:&quot;fade&quot;,&quot;background_slideshow_transition_duration&quot;:500}\">\n\t\t\t<div class=\"elementor-widget-wrap elementor-element-populated\">\n\t\t\t\t\t<div class=\"elementor-background-overlay\"><\/div>\n\t\t\t\t\t\t<div class=\"elementor-element elementor-element-4e2feeb sc_fly_static elementor-widget elementor-widget-spacer\" data-id=\"4e2feeb\" data-element_type=\"widget\" data-e-type=\"widget\" data-widget_type=\"spacer.default\">\n\t\t\t\t<div class=\"elementor-widget-container\">\n\t\t\t\t\t\t\t<div class=\"elementor-spacer\">\n\t\t\t<div class=\"elementor-spacer-inner\"><\/div>\n\t\t<\/div>\n\t\t\t\t\t\t<\/div>\n\t\t\t\t<\/div>\n\t\t\t\t<div class=\"elementor-element elementor-element-930c430 sc_fly_static elementor-widget elementor-widget-video\" data-id=\"930c430\" data-element_type=\"widget\" data-e-type=\"widget\" data-settings=\"{&quot;youtube_url&quot;:&quot;https:\\\/\\\/www.youtube.com\\\/watch?v=V7tag9QjQic&quot;,&quot;video_type&quot;:&quot;youtube&quot;,&quot;controls&quot;:&quot;yes&quot;}\" data-widget_type=\"video.default\">\n\t\t\t\t<div class=\"elementor-widget-container\">\n\t\t\t\t\t\t\t<div class=\"elementor-wrapper elementor-open-inline\">\n\t\t\t<div class=\"elementor-video\"><\/div>\t\t<\/div>\n\t\t\t\t\t\t<\/div>\n\t\t\t\t<\/div>\n\t\t\t\t<div class=\"elementor-element elementor-element-c4075a3 sc_fly_static elementor-widget elementor-widget-spacer\" data-id=\"c4075a3\" data-element_type=\"widget\" data-e-type=\"widget\" data-widget_type=\"spacer.default\">\n\t\t\t\t<div class=\"elementor-widget-container\">\n\t\t\t\t\t\t\t<div class=\"elementor-spacer\">\n\t\t\t<div class=\"elementor-spacer-inner\"><\/div>\n\t\t<\/div>\n\t\t\t\t\t\t<\/div>\n\t\t\t\t<\/div>\n\t\t\t\t\t<\/div>\n\t\t<\/div>\n\t\t\t\t\t<\/div>\n\t\t<\/section>\n\t\t\t\t<section class=\"elementor-section elementor-top-section elementor-element elementor-element-bc500c7 elementor-section-boxed elementor-section-height-default elementor-section-height-default\" data-id=\"bc500c7\" data-element_type=\"section\" data-e-type=\"section\">\n\t\t\t\t\t\t<div class=\"elementor-container elementor-column-gap-extended\">\n\t\t\t\t\t<div class=\"elementor-column elementor-col-50 elementor-top-column elementor-element elementor-element-d21016a sc_inner_width_none sc_content_align_inherit sc_layouts_column_icons_position_left\" data-id=\"d21016a\" data-element_type=\"column\" data-e-type=\"column\" data-settings=\"{&quot;background_background&quot;:&quot;classic&quot;}\">\n\t\t\t<div class=\"elementor-widget-wrap elementor-element-populated\">\n\t\t\t\t\t\t<div class=\"elementor-element elementor-element-a2f2d91 sc_fly_static elementor-widget elementor-widget-heading\" data-id=\"a2f2d91\" data-element_type=\"widget\" data-e-type=\"widget\" data-widget_type=\"heading.default\">\n\t\t\t\t<div class=\"elementor-widget-container\">\n\t\t\t\t\t<h6 class=\"elementor-heading-title elementor-size-default\">Nella stessa giornata<\/h6>\t\t\t\t<\/div>\n\t\t\t\t<\/div>\n\t\t\t\t<div class=\"elementor-element elementor-element-3ff2d93 sc_fly_static elementor-widget elementor-widget-heading\" data-id=\"3ff2d93\" data-element_type=\"widget\" data-e-type=\"widget\" data-widget_type=\"heading.default\">\n\t\t\t\t<div class=\"elementor-widget-container\">\n\t\t\t\t\t<h4 class=\"elementor-heading-title elementor-size-default\">Corzani Airlines\u201d - conferenza condotta da Valerio Corzani<\/h4>\t\t\t\t<\/div>\n\t\t\t\t<\/div>\n\t\t\t\t<div class=\"elementor-element elementor-element-c801aa6 sc_fly_static elementor-widget elementor-widget-text-editor\" data-id=\"c801aa6\" data-element_type=\"widget\" data-e-type=\"widget\" data-widget_type=\"text-editor.default\">\n\t\t\t\t<div class=\"elementor-widget-container\">\n\t\t\t\t\t\t\t\t\t<h5>Napoli<\/h5>\nComplesso di Santa Maria Donnalbina\nore 19.00\t\t\t\t\t\t\t\t<\/div>\n\t\t\t\t<\/div>\n\t\t\t\t<div class=\"elementor-element elementor-element-eff2cd3 sc_fly_static elementor-widget elementor-widget-text-editor\" data-id=\"eff2cd3\" data-element_type=\"widget\" data-e-type=\"widget\" data-widget_type=\"text-editor.default\">\n\t\t\t\t<div class=\"elementor-widget-container\">\n\t\t\t\t\t\t\t\t\t<p>\u201cCorzani Airlines\u201d nasce dall\u2019omonima rubrica pubblicata su Blogfoolk, dove Valerio Corzani &#8211; giornalista, musicista, fotografo e voce autorevole di Rai Radio3 e RSI \u2013 ha tracciato negli anni un\u2019ampia mappa di ritratti dedicati a musicisti incontrati nei contesti pi\u00f9 diversi del pianeta. In questa conferenza multimediale, Corzani guida il pubblico in un&#8217;appassionante esplorazione tra aneddoti di viaggio, strumenti tradizionali e inediti, festival lontani, incroci di latitudini e culture sonore, accompagnata da una straordinaria galleria fotografica di artisti immortalati nel pieno della loro espressione. Un racconto vibrante, fatto di immagini, musica e parole, che celebra la ricchezza umana e la forza evocativa delle musiche del mondo.Un arcipelago sonoro meticcio e affascinante, raccontato con lo sguardo curioso e profondo di uno dei pi\u00f9 originali narratori della scena culturale italiana.<\/p><p>Ingresso gratuito<\/p>\t\t\t\t\t\t\t\t<\/div>\n\t\t\t\t<\/div>\n\t\t\t\t<div class=\"elementor-element elementor-element-bedc2db sc_fly_static elementor-widget elementor-widget-spacer\" data-id=\"bedc2db\" data-element_type=\"widget\" data-e-type=\"widget\" data-widget_type=\"spacer.default\">\n\t\t\t\t<div class=\"elementor-widget-container\">\n\t\t\t\t\t\t\t<div class=\"elementor-spacer\">\n\t\t\t<div class=\"elementor-spacer-inner\"><\/div>\n\t\t<\/div>\n\t\t\t\t\t\t<\/div>\n\t\t\t\t<\/div>\n\t\t\t\t<div class=\"elementor-element elementor-element-2987527 sc_fly_static elementor-widget elementor-widget-spacer\" data-id=\"2987527\" data-element_type=\"widget\" data-e-type=\"widget\" data-widget_type=\"spacer.default\">\n\t\t\t\t<div class=\"elementor-widget-container\">\n\t\t\t\t\t\t\t<div class=\"elementor-spacer\">\n\t\t\t<div class=\"elementor-spacer-inner\"><\/div>\n\t\t<\/div>\n\t\t\t\t\t\t<\/div>\n\t\t\t\t<\/div>\n\t\t\t\t\t<\/div>\n\t\t<\/div>\n\t\t\t\t<div class=\"elementor-column elementor-col-50 elementor-top-column elementor-element elementor-element-fb775ed sc_inner_width_none sc_content_align_inherit sc_layouts_column_icons_position_left\" data-id=\"fb775ed\" data-element_type=\"column\" data-e-type=\"column\">\n\t\t\t<div class=\"elementor-widget-wrap elementor-element-populated\">\n\t\t\t\t\t\t<div class=\"elementor-element elementor-element-4f08f9e sc_fly_static elementor-widget elementor-widget-image\" data-id=\"4f08f9e\" data-element_type=\"widget\" data-e-type=\"widget\" data-widget_type=\"image.default\">\n\t\t\t\t<div class=\"elementor-widget-container\">\n\t\t\t\t\t\t\t\t\t\t\t\t\t\t\t\t<a href=\"https:\/\/www.festivalethnos.it\/?page_id=10573\">\n\t\t\t\t\t\t\t<img loading=\"lazy\" decoding=\"async\" width=\"900\" height=\"633\" src=\"https:\/\/www.festivalethnos.it\/wp-content\/uploads\/2025\/08\/Valerio-Corzani9.jpg\" class=\"attachment-large size-large wp-image-12322\" alt=\"\" srcset=\"https:\/\/www.festivalethnos.it\/wp-content\/uploads\/2025\/08\/Valerio-Corzani9.jpg 900w, https:\/\/www.festivalethnos.it\/wp-content\/uploads\/2025\/08\/Valerio-Corzani9-300x211.jpg 300w, https:\/\/www.festivalethnos.it\/wp-content\/uploads\/2025\/08\/Valerio-Corzani9-768x540.jpg 768w, https:\/\/www.festivalethnos.it\/wp-content\/uploads\/2025\/08\/Valerio-Corzani9-370x260.jpg 370w\" sizes=\"(max-width: 900px) 100vw, 900px\" \/>\t\t\t\t\t\t\t\t<\/a>\n\t\t\t\t\t\t\t\t\t\t\t\t\t\t\t<\/div>\n\t\t\t\t<\/div>\n\t\t\t\t\t<\/div>\n\t\t<\/div>\n\t\t\t\t\t<\/div>\n\t\t<\/section>\n\t\t\t\t<section class=\"elementor-section elementor-top-section elementor-element elementor-element-d1e5b43 elementor-section-stretched elementor-section-full_width elementor-section-height-default elementor-section-height-default\" data-id=\"d1e5b43\" data-element_type=\"section\" data-e-type=\"section\" data-settings=\"{&quot;stretch_section&quot;:&quot;section-stretched&quot;,&quot;background_background&quot;:&quot;classic&quot;}\">\n\t\t\t\t\t\t\t<div class=\"elementor-background-overlay\"><\/div>\n\t\t\t\t\t\t\t<div class=\"elementor-container elementor-column-gap-no\">\n\t\t\t\t\t<div class=\"elementor-column elementor-col-100 elementor-top-column elementor-element elementor-element-108f7d7 sc_inner_width_none sc_content_align_inherit sc_layouts_column_icons_position_left\" data-id=\"108f7d7\" data-element_type=\"column\" data-e-type=\"column\" data-settings=\"{&quot;background_background&quot;:&quot;slideshow&quot;,&quot;background_slideshow_gallery&quot;:[],&quot;background_slideshow_loop&quot;:&quot;yes&quot;,&quot;background_slideshow_slide_duration&quot;:5000,&quot;background_slideshow_slide_transition&quot;:&quot;fade&quot;,&quot;background_slideshow_transition_duration&quot;:500}\">\n\t\t\t<div class=\"elementor-widget-wrap elementor-element-populated\">\n\t\t\t\t\t<div class=\"elementor-background-overlay\"><\/div>\n\t\t\t\t\t\t<div class=\"elementor-element elementor-element-4640210 sc_fly_static elementor-widget elementor-widget-google_maps\" data-id=\"4640210\" data-element_type=\"widget\" data-e-type=\"widget\" data-widget_type=\"google_maps.default\">\n\t\t\t\t<div class=\"elementor-widget-container\">\n\t\t\t\t\t\t\t<div class=\"elementor-custom-embed\">\n\t\t\t<iframe loading=\"lazy\"\n\t\t\t\t\tsrc=\"https:\/\/maps.google.com\/maps?q=Napoli%2C%20Chiesa%20di%20Santa%20Maria%20Donnalbina&#038;t=m&#038;z=16&#038;output=embed&#038;iwloc=near\"\n\t\t\t\t\ttitle=\"Napoli, Chiesa di Santa Maria Donnalbina\"\n\t\t\t\t\taria-label=\"Napoli, Chiesa di Santa Maria Donnalbina\"\n\t\t\t><\/iframe>\n\t\t<\/div>\n\t\t\t\t\t\t<\/div>\n\t\t\t\t<\/div>\n\t\t\t\t\t<\/div>\n\t\t<\/div>\n\t\t\t\t\t<\/div>\n\t\t<\/section>\n\t\t\t\t<section class=\"elementor-section elementor-top-section elementor-element elementor-element-14847c4 elementor-section-boxed elementor-section-height-default elementor-section-height-default\" data-id=\"14847c4\" data-element_type=\"section\" data-e-type=\"section\">\n\t\t\t\t\t\t<div class=\"elementor-container elementor-column-gap-extended\">\n\t\t\t\t\t<div class=\"elementor-column elementor-col-100 elementor-top-column elementor-element elementor-element-d35bd86 sc_inner_width_none sc_content_align_inherit sc_layouts_column_icons_position_left\" data-id=\"d35bd86\" data-element_type=\"column\" data-e-type=\"column\">\n\t\t\t<div class=\"elementor-widget-wrap elementor-element-populated\">\n\t\t\t\t\t\t<div class=\"elementor-element elementor-element-6fe7375 sc_fly_static elementor-widget elementor-widget-image\" data-id=\"6fe7375\" data-element_type=\"widget\" data-e-type=\"widget\" data-widget_type=\"image.default\">\n\t\t\t\t<div class=\"elementor-widget-container\">\n\t\t\t\t\t\t\t\t\t\t\t\t\t\t\t<img loading=\"lazy\" decoding=\"async\" width=\"522\" height=\"162\" src=\"https:\/\/www.festivalethnos.it\/wp-content\/uploads\/2025\/10\/npoli.jpg\" class=\"attachment-large size-large wp-image-13538\" alt=\"\" srcset=\"https:\/\/www.festivalethnos.it\/wp-content\/uploads\/2025\/10\/npoli.jpg 522w, https:\/\/www.festivalethnos.it\/wp-content\/uploads\/2025\/10\/npoli-300x93.jpg 300w, https:\/\/www.festivalethnos.it\/wp-content\/uploads\/2025\/10\/npoli-370x115.jpg 370w\" sizes=\"(max-width: 522px) 100vw, 522px\" \/>\t\t\t\t\t\t\t\t\t\t\t\t\t\t\t<\/div>\n\t\t\t\t<\/div>\n\t\t\t\t\t<\/div>\n\t\t<\/div>\n\t\t\t\t\t<\/div>\n\t\t<\/section>\n\t\t\t\t<\/div>\n\t\t","protected":false},"excerpt":{"rendered":"<p>Duo galiziano che unisce la tradizione folcloristica e sonorit\u00e0 contemporanee Caama\u00f1o&amp;Ameixeiras Duo galiziano che unisce la tradizione folcloristica e sonorit\u00e0 contemporanee Caama\u00f1o&#038;Ameixeiras Venerd\u00ec 3 Ottobre 2025 Napoli \/ Chiesa di Santa Maria Donnalbina Ore 21.00 Caama\u00f1o&amp;Ameixeiras \u00e8 uno dei maggiori esponenti a livello internazionale della nuova musica tradizionale galiziana. Rinnovando il significato della musica e&hellip;<\/p>\n","protected":false},"author":1,"featured_media":0,"parent":0,"menu_order":0,"comment_status":"closed","ping_status":"closed","template":"","meta":{"footnotes":""},"class_list":["post-12305","page","type-page","status-publish","hentry"],"_links":{"self":[{"href":"https:\/\/www.festivalethnos.it\/index.php?rest_route=\/wp\/v2\/pages\/12305","targetHints":{"allow":["GET"]}}],"collection":[{"href":"https:\/\/www.festivalethnos.it\/index.php?rest_route=\/wp\/v2\/pages"}],"about":[{"href":"https:\/\/www.festivalethnos.it\/index.php?rest_route=\/wp\/v2\/types\/page"}],"author":[{"embeddable":true,"href":"https:\/\/www.festivalethnos.it\/index.php?rest_route=\/wp\/v2\/users\/1"}],"replies":[{"embeddable":true,"href":"https:\/\/www.festivalethnos.it\/index.php?rest_route=%2Fwp%2Fv2%2Fcomments&post=12305"}],"version-history":[{"count":13,"href":"https:\/\/www.festivalethnos.it\/index.php?rest_route=\/wp\/v2\/pages\/12305\/revisions"}],"predecessor-version":[{"id":13547,"href":"https:\/\/www.festivalethnos.it\/index.php?rest_route=\/wp\/v2\/pages\/12305\/revisions\/13547"}],"wp:attachment":[{"href":"https:\/\/www.festivalethnos.it\/index.php?rest_route=%2Fwp%2Fv2%2Fmedia&parent=12305"}],"curies":[{"name":"wp","href":"https:\/\/api.w.org\/{rel}","templated":true}]}}