{"id":12795,"date":"2025-09-04T10:14:36","date_gmt":"2025-09-04T08:14:36","guid":{"rendered":"https:\/\/www.festivalethnos.it\/?page_id=12795"},"modified":"2025-09-04T11:16:12","modified_gmt":"2025-09-04T09:16:12","slug":"finale-ethnos-generazioni-2025","status":"publish","type":"page","link":"https:\/\/www.festivalethnos.it\/?page_id=12795","title":{"rendered":"Finale Ethnos Generazioni 2025"},"content":{"rendered":"\t\t<div data-elementor-type=\"wp-post\" data-elementor-id=\"12795\" class=\"elementor elementor-12795\">\n\t\t\t\t\t\t<section class=\"elementor-section elementor-top-section elementor-element elementor-element-8e591ff elementor-section-stretched elementor-section-full_width elementor-section-height-default elementor-section-height-default\" data-id=\"8e591ff\" data-element_type=\"section\" data-e-type=\"section\" data-settings=\"{&quot;stretch_section&quot;:&quot;section-stretched&quot;}\">\n\t\t\t\t\t\t<div class=\"elementor-container elementor-column-gap-no\">\n\t\t\t\t\t<div class=\"elementor-column elementor-col-100 elementor-top-column elementor-element elementor-element-e175f5c sc_inner_width_none sc_content_align_inherit sc_layouts_column_icons_position_left\" data-id=\"e175f5c\" data-element_type=\"column\" data-e-type=\"column\" data-settings=\"{&quot;background_background&quot;:&quot;classic&quot;}\">\n\t\t\t<div class=\"elementor-widget-wrap elementor-element-populated\">\n\t\t\t\t\t<div class=\"elementor-background-overlay\"><\/div>\n\t\t\t\t\t\t<div class=\"elementor-element elementor-element-cd88e94 sc_layouts_hide_on_wide sc_layouts_hide_on_desktop sc_layouts_hide_on_notebook sc_layouts_hide_on_tablet sc_fly_static elementor-widget elementor-widget-image\" data-id=\"cd88e94\" data-element_type=\"widget\" data-e-type=\"widget\" data-widget_type=\"image.default\">\n\t\t\t\t<div class=\"elementor-widget-container\">\n\t\t\t\t\t\t\t\t\t\t\t\t\t\t\t<img fetchpriority=\"high\" decoding=\"async\" width=\"1477\" height=\"900\" src=\"https:\/\/www.festivalethnos.it\/wp-content\/uploads\/2025\/09\/GEN-MOB.jpg\" class=\"attachment-full size-full wp-image-12797\" alt=\"\" srcset=\"https:\/\/www.festivalethnos.it\/wp-content\/uploads\/2025\/09\/GEN-MOB.jpg 1477w, https:\/\/www.festivalethnos.it\/wp-content\/uploads\/2025\/09\/GEN-MOB-300x183.jpg 300w, https:\/\/www.festivalethnos.it\/wp-content\/uploads\/2025\/09\/GEN-MOB-1024x624.jpg 1024w, https:\/\/www.festivalethnos.it\/wp-content\/uploads\/2025\/09\/GEN-MOB-768x468.jpg 768w, https:\/\/www.festivalethnos.it\/wp-content\/uploads\/2025\/09\/GEN-MOB-370x225.jpg 370w, https:\/\/www.festivalethnos.it\/wp-content\/uploads\/2025\/09\/GEN-MOB-1410x859.jpg 1410w\" sizes=\"(max-width: 1477px) 100vw, 1477px\" \/>\t\t\t\t\t\t\t\t\t\t\t\t\t\t\t<\/div>\n\t\t\t\t<\/div>\n\t\t\t\t\t<\/div>\n\t\t<\/div>\n\t\t\t\t\t<\/div>\n\t\t<\/section>\n\t\t\t\t<section class=\"elementor-section elementor-top-section elementor-element elementor-element-2024510 elementor-section-stretched elementor-section-full_width elementor-section-height-default elementor-section-height-default\" data-id=\"2024510\" data-element_type=\"section\" data-e-type=\"section\" data-settings=\"{&quot;stretch_section&quot;:&quot;section-stretched&quot;}\">\n\t\t\t\t\t\t<div class=\"elementor-container elementor-column-gap-no\">\n\t\t\t\t\t<div class=\"elementor-column elementor-col-100 elementor-top-column elementor-element elementor-element-224f0ae sc_inner_width_none sc_content_align_inherit sc_layouts_column_icons_position_left\" data-id=\"224f0ae\" data-element_type=\"column\" data-e-type=\"column\" data-settings=\"{&quot;background_background&quot;:&quot;classic&quot;}\">\n\t\t\t<div class=\"elementor-widget-wrap elementor-element-populated\">\n\t\t\t\t\t<div class=\"elementor-background-overlay\"><\/div>\n\t\t\t\t\t\t<div class=\"elementor-element elementor-element-169b6c2 sc_layouts_hide_on_mobile sc_fly_static elementor-widget elementor-widget-image\" data-id=\"169b6c2\" data-element_type=\"widget\" data-e-type=\"widget\" data-widget_type=\"image.default\">\n\t\t\t\t<div class=\"elementor-widget-container\">\n\t\t\t\t\t\t\t\t\t\t\t\t\t\t\t<img decoding=\"async\" width=\"1982\" height=\"650\" src=\"https:\/\/www.festivalethnos.it\/wp-content\/uploads\/2025\/09\/GEN.jpg\" class=\"attachment-full size-full wp-image-12798\" alt=\"\" srcset=\"https:\/\/www.festivalethnos.it\/wp-content\/uploads\/2025\/09\/GEN.jpg 1982w, https:\/\/www.festivalethnos.it\/wp-content\/uploads\/2025\/09\/GEN-300x98.jpg 300w, https:\/\/www.festivalethnos.it\/wp-content\/uploads\/2025\/09\/GEN-1024x336.jpg 1024w, https:\/\/www.festivalethnos.it\/wp-content\/uploads\/2025\/09\/GEN-768x252.jpg 768w, https:\/\/www.festivalethnos.it\/wp-content\/uploads\/2025\/09\/GEN-1536x504.jpg 1536w, https:\/\/www.festivalethnos.it\/wp-content\/uploads\/2025\/09\/GEN-370x121.jpg 370w, https:\/\/www.festivalethnos.it\/wp-content\/uploads\/2025\/09\/GEN-1410x462.jpg 1410w\" sizes=\"(max-width: 1982px) 100vw, 1982px\" \/>\t\t\t\t\t\t\t\t\t\t\t\t\t\t\t<\/div>\n\t\t\t\t<\/div>\n\t\t\t\t\t<\/div>\n\t\t<\/div>\n\t\t\t\t\t<\/div>\n\t\t<\/section>\n\t\t\t\t<section class=\"elementor-section elementor-top-section elementor-element elementor-element-91fcc22 elementor-section-boxed elementor-section-height-default elementor-section-height-default\" data-id=\"91fcc22\" data-element_type=\"section\" data-e-type=\"section\" data-settings=\"{&quot;background_background&quot;:&quot;classic&quot;}\">\n\t\t\t\t\t\t<div class=\"elementor-container elementor-column-gap-extended\">\n\t\t\t\t\t<div class=\"elementor-column elementor-col-100 elementor-top-column elementor-element elementor-element-46483dc sc_inner_width_none sc_content_align_inherit sc_layouts_column_icons_position_left\" data-id=\"46483dc\" data-element_type=\"column\" data-e-type=\"column\">\n\t\t\t<div class=\"elementor-widget-wrap elementor-element-populated\">\n\t\t\t\t\t\t<div class=\"elementor-element elementor-element-04f1fda sc_fly_static elementor-widget elementor-widget-spacer\" data-id=\"04f1fda\" data-element_type=\"widget\" data-e-type=\"widget\" data-widget_type=\"spacer.default\">\n\t\t\t\t<div class=\"elementor-widget-container\">\n\t\t\t\t\t\t\t<div class=\"elementor-spacer\">\n\t\t\t<div class=\"elementor-spacer-inner\"><\/div>\n\t\t<\/div>\n\t\t\t\t\t\t<\/div>\n\t\t\t\t<\/div>\n\t\t\t\t<div class=\"elementor-element elementor-element-0e0f3d5 sc_layouts_hide_on_wide sc_layouts_hide_on_desktop sc_layouts_hide_on_notebook sc_layouts_hide_on_tablet sc_fly_static elementor-widget elementor-widget-heading\" data-id=\"0e0f3d5\" data-element_type=\"widget\" data-e-type=\"widget\" data-widget_type=\"heading.default\">\n\t\t\t\t<div class=\"elementor-widget-container\">\n\t\t\t\t\t<h2 class=\"elementor-heading-title elementor-size-default\">Finale Ethnos Generazioni<\/h2>\t\t\t\t<\/div>\n\t\t\t\t<\/div>\n\t\t\t\t<div class=\"elementor-element elementor-element-7a76cbc sc_layouts_hide_on_mobile sc_fly_static elementor-invisible elementor-widget elementor-widget-trx_sc_title\" data-id=\"7a76cbc\" data-element_type=\"widget\" data-e-type=\"widget\" data-settings=\"{&quot;_animation&quot;:&quot;fadeInDown&quot;}\" data-widget_type=\"trx_sc_title.default\">\n\t\t\t\t<div class=\"elementor-widget-container\">\n\t\t\t\t\t<div id=\"trx_sc_title_1902792211\"\r\n\t\tclass=\"sc_title  text_position_horizontal sc_title_default\"><h1 class=\"sc_item_title sc_title_title sc_align_center sc_item_title_style_default sc_item_title_tag\"><span class=\"sc_item_title_text\">Finale Ethnos Generazioni<\/span><\/h1><\/div><!-- \/.sc_title -->\t\t\t\t<\/div>\n\t\t\t\t<\/div>\n\t\t\t\t<section class=\"elementor-section elementor-inner-section elementor-element elementor-element-f076e40 elementor-section-content-middle elementor-section-boxed elementor-section-height-default elementor-section-height-default\" data-id=\"f076e40\" data-element_type=\"section\" data-e-type=\"section\" data-settings=\"{&quot;background_background&quot;:&quot;classic&quot;}\">\n\t\t\t\t\t\t<div class=\"elementor-container elementor-column-gap-extended\">\n\t\t\t\t\t<div class=\"elementor-column elementor-col-33 elementor-inner-column elementor-element elementor-element-7914fe2 sc_layouts_column_align_center sc_layouts_column sc_inner_width_none sc_content_align_inherit sc_layouts_column_icons_position_left\" data-id=\"7914fe2\" data-element_type=\"column\" data-e-type=\"column\" data-settings=\"{&quot;background_background&quot;:&quot;classic&quot;}\">\n\t\t\t<div class=\"elementor-widget-wrap elementor-element-populated\">\n\t\t\t\t\t\t<div class=\"elementor-element elementor-element-c4b233c sc_fly_static elementor-widget elementor-widget-text-editor\" data-id=\"c4b233c\" data-element_type=\"widget\" data-e-type=\"widget\" data-widget_type=\"text-editor.default\">\n\t\t\t\t<div class=\"elementor-widget-container\">\n\t\t\t\t\t\t\t\t\t<p>Domenica 28 Settembre 2025<\/p>\t\t\t\t\t\t\t\t<\/div>\n\t\t\t\t<\/div>\n\t\t\t\t\t<\/div>\n\t\t<\/div>\n\t\t\t\t<div class=\"elementor-column elementor-col-33 elementor-inner-column elementor-element elementor-element-ef1280a sc_inner_width_none sc_content_align_inherit sc_layouts_column_icons_position_left\" data-id=\"ef1280a\" data-element_type=\"column\" data-e-type=\"column\">\n\t\t\t<div class=\"elementor-widget-wrap elementor-element-populated\">\n\t\t\t\t\t\t<div class=\"elementor-element elementor-element-6378a69 elementor-widget__width-initial elementor-widget-mobile__width-inherit sc_fly_static elementor-widget elementor-widget-trx_sc_title\" data-id=\"6378a69\" data-element_type=\"widget\" data-e-type=\"widget\" data-widget_type=\"trx_sc_title.default\">\n\t\t\t\t<div class=\"elementor-widget-container\">\n\t\t\t\t\t<div id=\"trx_sc_title_1941871815\"\r\n\t\tclass=\"sc_title  text_position_horizontal sc_title_default\"><h4 class=\"sc_item_title sc_title_title sc_align_left sc_item_title_style_default sc_item_title_tag trx_addons_inline_2067298389\"><span class=\"sc_item_title_text\">San Giorgio a Cremano<br> \/ Arena di Villa Vannucchi<\/span><\/h4><\/div><!-- \/.sc_title -->\t\t\t\t<\/div>\n\t\t\t\t<\/div>\n\t\t\t\t\t<\/div>\n\t\t<\/div>\n\t\t\t\t<div class=\"elementor-column elementor-col-33 elementor-inner-column elementor-element elementor-element-b614f75 sc_inner_width_none sc_content_align_inherit sc_layouts_column_icons_position_left\" data-id=\"b614f75\" data-element_type=\"column\" data-e-type=\"column\">\n\t\t\t<div class=\"elementor-widget-wrap elementor-element-populated\">\n\t\t\t\t\t\t<div class=\"elementor-element elementor-element-ca31cc7 elementor-widget__width-initial elementor-widget-mobile__width-inherit sc_fly_static elementor-widget elementor-widget-trx_sc_title\" data-id=\"ca31cc7\" data-element_type=\"widget\" data-e-type=\"widget\" data-widget_type=\"trx_sc_title.default\">\n\t\t\t\t<div class=\"elementor-widget-container\">\n\t\t\t\t\t<div id=\"trx_sc_title_664703578\"\r\n\t\tclass=\"sc_title  text_position_horizontal sc_title_default\"><span class=\"sc_item_subtitle sc_title_subtitle sc_align_left sc_item_subtitle_above sc_item_title_style_default\">Ore 20.00<\/span><\/div><!-- \/.sc_title -->\t\t\t\t<\/div>\n\t\t\t\t<\/div>\n\t\t\t\t\t<\/div>\n\t\t<\/div>\n\t\t\t\t\t<\/div>\n\t\t<\/section>\n\t\t\t\t\t<\/div>\n\t\t<\/div>\n\t\t\t\t\t<\/div>\n\t\t<\/section>\n\t\t\t\t<section class=\"elementor-section elementor-top-section elementor-element elementor-element-125ca31 elementor-section-full_width elementor-section-height-default elementor-section-height-default\" data-id=\"125ca31\" data-element_type=\"section\" data-e-type=\"section\">\n\t\t\t\t\t\t<div class=\"elementor-container elementor-column-gap-extended\">\n\t\t\t\t\t<div class=\"elementor-column elementor-col-50 elementor-top-column elementor-element elementor-element-5486be7 sc_inner_width_none sc_content_align_inherit sc_layouts_column_icons_position_left\" data-id=\"5486be7\" data-element_type=\"column\" data-e-type=\"column\">\n\t\t\t<div class=\"elementor-widget-wrap elementor-element-populated\">\n\t\t\t\t\t\t<div class=\"elementor-element elementor-element-496c1b1 sc_fly_static elementor-widget elementor-widget-heading\" data-id=\"496c1b1\" data-element_type=\"widget\" data-e-type=\"widget\" data-widget_type=\"heading.default\">\n\t\t\t\t<div class=\"elementor-widget-container\">\n\t\t\t\t\t<h3 class=\"elementor-heading-title elementor-size-default\">Nubras Ensemble<\/h3>\t\t\t\t<\/div>\n\t\t\t\t<\/div>\n\t\t\t\t<div class=\"elementor-element elementor-element-b585ced sc_fly_static elementor-invisible elementor-widget elementor-widget-text-editor\" data-id=\"b585ced\" data-element_type=\"widget\" data-e-type=\"widget\" data-settings=\"{&quot;_animation&quot;:&quot;fadeIn&quot;}\" data-widget_type=\"text-editor.default\">\n\t\t\t\t<div class=\"elementor-widget-container\">\n\t\t\t\t\t\t\t\t\t<p>NUBRAS \u00e8 un ensemble unico in Italia, capace di fondere l&#8217;eleganza della musica da camera con l&#8217;energia delle tradizioni popolari del Sud Italia e dei Balcani. Un progetto internazionale che riunisce musicisti provenienti da Italia, Spagna e Romania, creando un&#8217;esperienza sonora che intreccia radici antiche e impulsi contemporanei in un dialogo musicale senza confini.<\/p><p>La voce potente di Roxana Ene, artista rom italo-rumena con una lunga collaborazione con Moni Ovadia, aggiunge profondit\u00e0 e autenticit\u00e0. I \u200b\u200bviolini di Bari e Mulas intrecciano melodie raffinate, intrecciando dettagli sonori dell&#8217;Europa orientale e della tradizione spagnola. La fisarmonica di Conte e la vibrante energia del sassofono e della gajda di Gadotti aprono le porte alla luminosit\u00e0 del folklore, mentre le percussioni di Giovanni Lo Cascio, figura storica della world music italiana, e il contrabbasso jazz di Igor Legari completano un suono potente e inconfondibile.<\/p><p>Grazie a questa combinazione di talenti e culture, NUBRAS \u00e8 oggi una delle realt\u00e0 pi\u00f9 affascinanti del panorama musicale mondiale italiano, capace di incantare pubblici eterogenei, dai teatri pi\u00f9 prestigiosi ai club pi\u00f9 contemporanei. Nel marzo 2025, l&#8217;ensemble \u00e8 stato invitato ad esibirsi all&#8217;Accademia Chigiana di Siena, da quasi un secolo uno dei crocevia pi\u00f9 importanti per la crescita artistica dei talenti musicali emergenti.<\/p>\t\t\t\t\t\t\t\t<\/div>\n\t\t\t\t<\/div>\n\t\t\t\t<div class=\"elementor-element elementor-element-9d164ac sc_fly_static elementor-invisible elementor-widget elementor-widget-text-editor\" data-id=\"9d164ac\" data-element_type=\"widget\" data-e-type=\"widget\" data-settings=\"{&quot;_animation&quot;:&quot;fadeIn&quot;}\" data-widget_type=\"text-editor.default\">\n\t\t\t\t<div class=\"elementor-widget-container\">\n\t\t\t\t\t\t\t\t\t<p>Roxana Ene: <em>voce<\/em><br \/>Giulia Anita Bari: <em>violino <\/em><br \/>Carla Mulas Gonz\u00e1lez: <em>violino <\/em><br \/>Igor Legari: <em>doppio basso<\/em><br \/>Giorgio Gadotti: <em>alto sax, gajda<\/em><br \/>Nino Conte: <em>accordion <\/em><br \/>Giovanni Lo Cascio: percussioni<\/p>\t\t\t\t\t\t\t\t<\/div>\n\t\t\t\t<\/div>\n\t\t\t\t<div class=\"elementor-element elementor-element-e310859 sc_fly_static elementor-widget elementor-widget-spacer\" data-id=\"e310859\" data-element_type=\"widget\" data-e-type=\"widget\" data-widget_type=\"spacer.default\">\n\t\t\t\t<div class=\"elementor-widget-container\">\n\t\t\t\t\t\t\t<div class=\"elementor-spacer\">\n\t\t\t<div class=\"elementor-spacer-inner\"><\/div>\n\t\t<\/div>\n\t\t\t\t\t\t<\/div>\n\t\t\t\t<\/div>\n\t\t\t\t\t<\/div>\n\t\t<\/div>\n\t\t\t\t<div class=\"elementor-column elementor-col-50 elementor-top-column elementor-element elementor-element-a16f0fb sc_inner_width_none sc_content_align_inherit sc_layouts_column_icons_position_left\" data-id=\"a16f0fb\" data-element_type=\"column\" data-e-type=\"column\">\n\t\t\t<div class=\"elementor-widget-wrap elementor-element-populated\">\n\t\t\t\t\t\t<div class=\"elementor-element elementor-element-f0272f6 sc_fly_static elementor-widget elementor-widget-image\" data-id=\"f0272f6\" data-element_type=\"widget\" data-e-type=\"widget\" data-widget_type=\"image.default\">\n\t\t\t\t<div class=\"elementor-widget-container\">\n\t\t\t\t\t\t\t\t\t\t\t\t\t\t\t<img decoding=\"async\" width=\"1024\" height=\"576\" src=\"https:\/\/www.festivalethnos.it\/wp-content\/uploads\/2025\/09\/foto3-1024x576.jpg\" class=\"attachment-large size-large wp-image-12800\" alt=\"\" srcset=\"https:\/\/www.festivalethnos.it\/wp-content\/uploads\/2025\/09\/foto3-1024x576.jpg 1024w, https:\/\/www.festivalethnos.it\/wp-content\/uploads\/2025\/09\/foto3-300x169.jpg 300w, https:\/\/www.festivalethnos.it\/wp-content\/uploads\/2025\/09\/foto3-768x432.jpg 768w, https:\/\/www.festivalethnos.it\/wp-content\/uploads\/2025\/09\/foto3-370x208.jpg 370w, https:\/\/www.festivalethnos.it\/wp-content\/uploads\/2025\/09\/foto3-1170x658.jpg 1170w, https:\/\/www.festivalethnos.it\/wp-content\/uploads\/2025\/09\/foto3-930x523.jpg 930w, https:\/\/www.festivalethnos.it\/wp-content\/uploads\/2025\/09\/foto3-270x152.jpg 270w, https:\/\/www.festivalethnos.it\/wp-content\/uploads\/2025\/09\/foto3.jpg 1280w\" sizes=\"(max-width: 1024px) 100vw, 1024px\" \/>\t\t\t\t\t\t\t\t\t\t\t\t\t\t\t<\/div>\n\t\t\t\t<\/div>\n\t\t\t\t<div class=\"elementor-element elementor-element-0e6946b sc_fly_static elementor-widget elementor-widget-image\" data-id=\"0e6946b\" data-element_type=\"widget\" data-e-type=\"widget\" data-widget_type=\"image.default\">\n\t\t\t\t<div class=\"elementor-widget-container\">\n\t\t\t\t\t\t\t\t\t\t\t\t\t\t\t<img loading=\"lazy\" decoding=\"async\" width=\"1024\" height=\"710\" src=\"https:\/\/www.festivalethnos.it\/wp-content\/uploads\/2025\/09\/foto4-1024x710.jpg\" class=\"attachment-large size-large wp-image-12801\" alt=\"\" srcset=\"https:\/\/www.festivalethnos.it\/wp-content\/uploads\/2025\/09\/foto4-1024x710.jpg 1024w, https:\/\/www.festivalethnos.it\/wp-content\/uploads\/2025\/09\/foto4-300x208.jpg 300w, https:\/\/www.festivalethnos.it\/wp-content\/uploads\/2025\/09\/foto4-768x532.jpg 768w, https:\/\/www.festivalethnos.it\/wp-content\/uploads\/2025\/09\/foto4-370x256.jpg 370w, https:\/\/www.festivalethnos.it\/wp-content\/uploads\/2025\/09\/foto4.jpg 1039w\" sizes=\"(max-width: 1024px) 100vw, 1024px\" \/>\t\t\t\t\t\t\t\t\t\t\t\t\t\t\t<\/div>\n\t\t\t\t<\/div>\n\t\t\t\t<div class=\"elementor-element elementor-element-75af8b1 sc_fly_static elementor-widget elementor-widget-video\" data-id=\"75af8b1\" data-element_type=\"widget\" data-e-type=\"widget\" data-settings=\"{&quot;youtube_url&quot;:&quot;https:\\\/\\\/www.youtube.com\\\/watch?v=6NTdQoB8Npo&quot;,&quot;video_type&quot;:&quot;youtube&quot;,&quot;controls&quot;:&quot;yes&quot;}\" data-widget_type=\"video.default\">\n\t\t\t\t<div class=\"elementor-widget-container\">\n\t\t\t\t\t\t\t<div class=\"elementor-wrapper elementor-open-inline\">\n\t\t\t<div class=\"elementor-video\"><\/div>\t\t<\/div>\n\t\t\t\t\t\t<\/div>\n\t\t\t\t<\/div>\n\t\t\t\t\t<\/div>\n\t\t<\/div>\n\t\t\t\t\t<\/div>\n\t\t<\/section>\n\t\t\t\t<section class=\"elementor-section elementor-top-section elementor-element elementor-element-e20a228 elementor-section-full_width elementor-section-height-default elementor-section-height-default\" data-id=\"e20a228\" data-element_type=\"section\" data-e-type=\"section\">\n\t\t\t\t\t\t<div class=\"elementor-container elementor-column-gap-extended\">\n\t\t\t\t\t<div class=\"elementor-column elementor-col-50 elementor-top-column elementor-element elementor-element-16e290a sc_inner_width_none sc_content_align_inherit sc_layouts_column_icons_position_left\" data-id=\"16e290a\" data-element_type=\"column\" data-e-type=\"column\">\n\t\t\t<div class=\"elementor-widget-wrap elementor-element-populated\">\n\t\t\t\t\t\t<div class=\"elementor-element elementor-element-b76be4f sc_fly_static elementor-widget elementor-widget-heading\" data-id=\"b76be4f\" data-element_type=\"widget\" data-e-type=\"widget\" data-widget_type=\"heading.default\">\n\t\t\t\t<div class=\"elementor-widget-container\">\n\t\t\t\t\t<h3 class=\"elementor-heading-title elementor-size-default\">Lindal<\/h3>\t\t\t\t<\/div>\n\t\t\t\t<\/div>\n\t\t\t\t<div class=\"elementor-element elementor-element-fe399d2 sc_fly_static elementor-invisible elementor-widget elementor-widget-text-editor\" data-id=\"fe399d2\" data-element_type=\"widget\" data-e-type=\"widget\" data-settings=\"{&quot;_animation&quot;:&quot;fadeIn&quot;}\" data-widget_type=\"text-editor.default\">\n\t\t\t\t<div class=\"elementor-widget-container\">\n\t\t\t\t\t\t\t\t\t<p>Il duo Lindal ha preso vita dall\u2019incontro tra Chiara Cesano, violinista nata nella Valle Varaita e cresciuta tra balli tradizionali e melodie popolari, e Roberto Avena, fisarmonicista della Val Vermenagna con alle spalle una solida eredit\u00e0 musicale familiare. Dopo aver incrociato gli strumenti in diversi progetti da Gran Bal Dub con Sergio Berardo e Madaski alla Grande Orchestra Occitana, i due strumentisti piemontesi hanno unito le forze per dar vita ad un comune percorso di ricerca volto a proiettare verso il futuro la musica tradizionale delle valli occitane piemontesi, attraverso il dialogo tra strumenti acustici ed elettronica. In questo senso non ci sembra casuale la scelta del nome che affonda le radici nella lingua occitana \u2013 \u201csoglia, principio di\u2026\u201d \u2013 e che gi\u00e0 racchiude in s\u00e9 l\u2019essenza di un viaggio, di un passaggio verso un altrove musicale. Un altrove dove tradizione e innovazione si intrecciano tra incroci ed attraversamenti sonori, sperimentazioni con l\u2019elettronica e campionatori. Il violino e la fisarmonica non sono pi\u00f9 soltanto strumenti, ma voci narranti che raccontano storie senza tempo, emozioni sospese, paesaggi interiori. \u00c8 un esperimento musicale che ha il coraggio di andare oltre, tenendo ben salde le radici nella tradizione musicale occitana.<\/p>\t\t\t\t\t\t\t\t<\/div>\n\t\t\t\t<\/div>\n\t\t\t\t<div class=\"elementor-element elementor-element-72c6a27 sc_fly_static elementor-invisible elementor-widget elementor-widget-text-editor\" data-id=\"72c6a27\" data-element_type=\"widget\" data-e-type=\"widget\" data-settings=\"{&quot;_animation&quot;:&quot;fadeIn&quot;}\" data-widget_type=\"text-editor.default\">\n\t\t\t\t<div class=\"elementor-widget-container\">\n\t\t\t\t\t\t\t\t\t<p>Chiara Cesano: violino<br \/>RobertoAvena: fisarmonica<br \/><br \/><\/p>\t\t\t\t\t\t\t\t<\/div>\n\t\t\t\t<\/div>\n\t\t\t\t<div class=\"elementor-element elementor-element-70f26ff sc_fly_static elementor-widget elementor-widget-spacer\" data-id=\"70f26ff\" data-element_type=\"widget\" data-e-type=\"widget\" data-widget_type=\"spacer.default\">\n\t\t\t\t<div class=\"elementor-widget-container\">\n\t\t\t\t\t\t\t<div class=\"elementor-spacer\">\n\t\t\t<div class=\"elementor-spacer-inner\"><\/div>\n\t\t<\/div>\n\t\t\t\t\t\t<\/div>\n\t\t\t\t<\/div>\n\t\t\t\t\t<\/div>\n\t\t<\/div>\n\t\t\t\t<div class=\"elementor-column elementor-col-50 elementor-top-column elementor-element elementor-element-69a90ad sc_inner_width_none sc_content_align_inherit sc_layouts_column_icons_position_left\" data-id=\"69a90ad\" data-element_type=\"column\" data-e-type=\"column\">\n\t\t\t<div class=\"elementor-widget-wrap elementor-element-populated\">\n\t\t\t\t\t\t<div class=\"elementor-element elementor-element-2d0d7e6 sc_fly_static elementor-widget elementor-widget-image\" data-id=\"2d0d7e6\" data-element_type=\"widget\" data-e-type=\"widget\" data-widget_type=\"image.default\">\n\t\t\t\t<div class=\"elementor-widget-container\">\n\t\t\t\t\t\t\t\t\t\t\t\t\t\t\t<img loading=\"lazy\" decoding=\"async\" width=\"1024\" height=\"576\" src=\"https:\/\/www.festivalethnos.it\/wp-content\/uploads\/2025\/09\/lindal-1024x576.jpg\" class=\"attachment-large size-large wp-image-12810\" alt=\"\" srcset=\"https:\/\/www.festivalethnos.it\/wp-content\/uploads\/2025\/09\/lindal-1024x576.jpg 1024w, https:\/\/www.festivalethnos.it\/wp-content\/uploads\/2025\/09\/lindal-300x169.jpg 300w, https:\/\/www.festivalethnos.it\/wp-content\/uploads\/2025\/09\/lindal-768x432.jpg 768w, https:\/\/www.festivalethnos.it\/wp-content\/uploads\/2025\/09\/lindal-370x208.jpg 370w, https:\/\/www.festivalethnos.it\/wp-content\/uploads\/2025\/09\/lindal-930x523.jpg 930w, https:\/\/www.festivalethnos.it\/wp-content\/uploads\/2025\/09\/lindal-270x152.jpg 270w, https:\/\/www.festivalethnos.it\/wp-content\/uploads\/2025\/09\/lindal.jpg 1100w\" sizes=\"(max-width: 1024px) 100vw, 1024px\" \/>\t\t\t\t\t\t\t\t\t\t\t\t\t\t\t<\/div>\n\t\t\t\t<\/div>\n\t\t\t\t<div class=\"elementor-element elementor-element-d9a0513 sc_fly_static elementor-widget elementor-widget-video\" data-id=\"d9a0513\" data-element_type=\"widget\" data-e-type=\"widget\" data-settings=\"{&quot;youtube_url&quot;:&quot;https:\\\/\\\/www.youtube.com\\\/watch?v=jmI4aZnm230&quot;,&quot;video_type&quot;:&quot;youtube&quot;,&quot;controls&quot;:&quot;yes&quot;}\" data-widget_type=\"video.default\">\n\t\t\t\t<div class=\"elementor-widget-container\">\n\t\t\t\t\t\t\t<div class=\"elementor-wrapper elementor-open-inline\">\n\t\t\t<div class=\"elementor-video\"><\/div>\t\t<\/div>\n\t\t\t\t\t\t<\/div>\n\t\t\t\t<\/div>\n\t\t\t\t\t<\/div>\n\t\t<\/div>\n\t\t\t\t\t<\/div>\n\t\t<\/section>\n\t\t\t\t<section class=\"elementor-section elementor-top-section elementor-element elementor-element-fb9d360 elementor-section-full_width elementor-section-height-default elementor-section-height-default\" data-id=\"fb9d360\" data-element_type=\"section\" data-e-type=\"section\">\n\t\t\t\t\t\t<div class=\"elementor-container elementor-column-gap-extended\">\n\t\t\t\t\t<div class=\"elementor-column elementor-col-50 elementor-top-column elementor-element elementor-element-2a6d407 sc_inner_width_none sc_content_align_inherit sc_layouts_column_icons_position_left\" data-id=\"2a6d407\" data-element_type=\"column\" data-e-type=\"column\">\n\t\t\t<div class=\"elementor-widget-wrap elementor-element-populated\">\n\t\t\t\t\t\t<div class=\"elementor-element elementor-element-a26c362 sc_fly_static elementor-widget elementor-widget-heading\" data-id=\"a26c362\" data-element_type=\"widget\" data-e-type=\"widget\" data-widget_type=\"heading.default\">\n\t\t\t\t<div class=\"elementor-widget-container\">\n\t\t\t\t\t<h3 class=\"elementor-heading-title elementor-size-default\">Trevize<\/h3>\t\t\t\t<\/div>\n\t\t\t\t<\/div>\n\t\t\t\t<div class=\"elementor-element elementor-element-c32449f sc_fly_static elementor-invisible elementor-widget elementor-widget-text-editor\" data-id=\"c32449f\" data-element_type=\"widget\" data-e-type=\"widget\" data-settings=\"{&quot;_animation&quot;:&quot;fadeIn&quot;}\" data-widget_type=\"text-editor.default\">\n\t\t\t\t<div class=\"elementor-widget-container\">\n\t\t\t\t\t\t\t\t\t<p>Trevize \u00e8 un progetto di world electronic music che mescola ritmi globali, suoni ancestrali e beat elettronici. Tra bassi profondi, percussioni etniche e paesaggi sonori cinematici, Trevize costruisce un universo musicale che attraversa culture e continenti. Un&#8217;esplorazione elettronica ispirata da tradizioni sonore di tutto il mondo, con lo sguardo rivolto al dancefloor e all\u2019immaginario rituale.<\/p>\t\t\t\t\t\t\t\t<\/div>\n\t\t\t\t<\/div>\n\t\t\t\t<div class=\"elementor-element elementor-element-da8cb29 sc_fly_static elementor-widget elementor-widget-spacer\" data-id=\"da8cb29\" data-element_type=\"widget\" data-e-type=\"widget\" data-widget_type=\"spacer.default\">\n\t\t\t\t<div class=\"elementor-widget-container\">\n\t\t\t\t\t\t\t<div class=\"elementor-spacer\">\n\t\t\t<div class=\"elementor-spacer-inner\"><\/div>\n\t\t<\/div>\n\t\t\t\t\t\t<\/div>\n\t\t\t\t<\/div>\n\t\t\t\t\t<\/div>\n\t\t<\/div>\n\t\t\t\t<div class=\"elementor-column elementor-col-50 elementor-top-column elementor-element elementor-element-1732c93 sc_inner_width_none sc_content_align_inherit sc_layouts_column_icons_position_left\" data-id=\"1732c93\" data-element_type=\"column\" data-e-type=\"column\">\n\t\t\t<div class=\"elementor-widget-wrap elementor-element-populated\">\n\t\t\t\t\t\t<div class=\"elementor-element elementor-element-a03e14d sc_fly_static elementor-widget elementor-widget-image\" data-id=\"a03e14d\" data-element_type=\"widget\" data-e-type=\"widget\" data-widget_type=\"image.default\">\n\t\t\t\t<div class=\"elementor-widget-container\">\n\t\t\t\t\t\t\t\t\t\t\t\t\t\t\t<img loading=\"lazy\" decoding=\"async\" width=\"1000\" height=\"563\" src=\"https:\/\/www.festivalethnos.it\/wp-content\/uploads\/2025\/09\/Foto-1-Trevize2.jpg\" class=\"attachment-large size-large wp-image-12812\" alt=\"\" srcset=\"https:\/\/www.festivalethnos.it\/wp-content\/uploads\/2025\/09\/Foto-1-Trevize2.jpg 1000w, https:\/\/www.festivalethnos.it\/wp-content\/uploads\/2025\/09\/Foto-1-Trevize2-300x169.jpg 300w, https:\/\/www.festivalethnos.it\/wp-content\/uploads\/2025\/09\/Foto-1-Trevize2-768x432.jpg 768w, https:\/\/www.festivalethnos.it\/wp-content\/uploads\/2025\/09\/Foto-1-Trevize2-370x208.jpg 370w, https:\/\/www.festivalethnos.it\/wp-content\/uploads\/2025\/09\/Foto-1-Trevize2-930x523.jpg 930w, https:\/\/www.festivalethnos.it\/wp-content\/uploads\/2025\/09\/Foto-1-Trevize2-270x152.jpg 270w\" sizes=\"(max-width: 1000px) 100vw, 1000px\" \/>\t\t\t\t\t\t\t\t\t\t\t\t\t\t\t<\/div>\n\t\t\t\t<\/div>\n\t\t\t\t<div class=\"elementor-element elementor-element-92783a4 sc_fly_static elementor-widget elementor-widget-video\" data-id=\"92783a4\" data-element_type=\"widget\" data-e-type=\"widget\" data-settings=\"{&quot;youtube_url&quot;:&quot;https:\\\/\\\/www.youtube.com\\\/shorts\\\/rZ1DH73F6pU&quot;,&quot;video_type&quot;:&quot;youtube&quot;,&quot;controls&quot;:&quot;yes&quot;}\" data-widget_type=\"video.default\">\n\t\t\t\t<div class=\"elementor-widget-container\">\n\t\t\t\t\t\t\t<div class=\"elementor-wrapper elementor-open-inline\">\n\t\t\t<div class=\"elementor-video\"><\/div>\t\t<\/div>\n\t\t\t\t\t\t<\/div>\n\t\t\t\t<\/div>\n\t\t\t\t\t<\/div>\n\t\t<\/div>\n\t\t\t\t\t<\/div>\n\t\t<\/section>\n\t\t\t\t<section class=\"elementor-section elementor-top-section elementor-element elementor-element-ea16b64 elementor-section-full_width elementor-section-height-default elementor-section-height-default\" data-id=\"ea16b64\" data-element_type=\"section\" data-e-type=\"section\">\n\t\t\t\t\t\t<div class=\"elementor-container elementor-column-gap-extended\">\n\t\t\t\t\t<div class=\"elementor-column elementor-col-50 elementor-top-column elementor-element elementor-element-20b84df sc_inner_width_none sc_content_align_inherit sc_layouts_column_icons_position_left\" data-id=\"20b84df\" data-element_type=\"column\" data-e-type=\"column\">\n\t\t\t<div class=\"elementor-widget-wrap elementor-element-populated\">\n\t\t\t\t\t\t<div class=\"elementor-element elementor-element-9ed55d3 sc_fly_static elementor-widget elementor-widget-heading\" data-id=\"9ed55d3\" data-element_type=\"widget\" data-e-type=\"widget\" data-widget_type=\"heading.default\">\n\t\t\t\t<div class=\"elementor-widget-container\">\n\t\t\t\t\t<h3 class=\"elementor-heading-title elementor-size-default\">Senduki<\/h3>\t\t\t\t<\/div>\n\t\t\t\t<\/div>\n\t\t\t\t<div class=\"elementor-element elementor-element-fe7b836 sc_fly_static elementor-invisible elementor-widget elementor-widget-text-editor\" data-id=\"fe7b836\" data-element_type=\"widget\" data-e-type=\"widget\" data-settings=\"{&quot;_animation&quot;:&quot;fadeIn&quot;}\" data-widget_type=\"text-editor.default\">\n\t\t\t\t<div class=\"elementor-widget-container\">\n\t\t\t\t\t\t\t\t\tSeduki \u2013 Dub\/Ballati propone musica per ballare rielaborando tracce folk, roots, etno dalla Calabria e dal Sud del Mondo. Il progetto vuole avere una grande spinta live per scuotere la piazza, fare danzare, utilizzare, facendo festa, canzoni e melodie antichissime su tracce e ritmi contemporanei.\n\n \n\nIl gruppo dispone di forza, ironia, energia musicale e di un progetto che mette al centro la festa senza dimenticare la qualit\u00e0. La formazione \u00e8 in sostanza un supergruppo costituito da musicisti che provengono da percorsi artistici importanti nella world music mondiale come quello di Ettore Castagna, Anna Cinzia Villani, nel pop e nella musica contemporanea come Peppe Costa\/YoSonu e Carmine Torchia, nella\t\t\t\t\t\t\t\t<\/div>\n\t\t\t\t<\/div>\n\t\t\t\t<div class=\"elementor-element elementor-element-580fbee sc_fly_static elementor-widget elementor-widget-spacer\" data-id=\"580fbee\" data-element_type=\"widget\" data-e-type=\"widget\" data-widget_type=\"spacer.default\">\n\t\t\t\t<div class=\"elementor-widget-container\">\n\t\t\t\t\t\t\t<div class=\"elementor-spacer\">\n\t\t\t<div class=\"elementor-spacer-inner\"><\/div>\n\t\t<\/div>\n\t\t\t\t\t\t<\/div>\n\t\t\t\t<\/div>\n\t\t\t\t\t<\/div>\n\t\t<\/div>\n\t\t\t\t<div class=\"elementor-column elementor-col-50 elementor-top-column elementor-element elementor-element-20e9db2 sc_inner_width_none sc_content_align_inherit sc_layouts_column_icons_position_left\" data-id=\"20e9db2\" data-element_type=\"column\" data-e-type=\"column\">\n\t\t\t<div class=\"elementor-widget-wrap elementor-element-populated\">\n\t\t\t\t\t\t<div class=\"elementor-element elementor-element-1b10c3a sc_fly_static elementor-widget elementor-widget-image\" data-id=\"1b10c3a\" data-element_type=\"widget\" data-e-type=\"widget\" data-widget_type=\"image.default\">\n\t\t\t\t<div class=\"elementor-widget-container\">\n\t\t\t\t\t\t\t\t\t\t\t\t\t\t\t<img loading=\"lazy\" decoding=\"async\" width=\"1024\" height=\"705\" src=\"https:\/\/www.festivalethnos.it\/wp-content\/uploads\/2025\/09\/senduki-1024x705.jpg\" class=\"attachment-large size-large wp-image-12811\" alt=\"\" srcset=\"https:\/\/www.festivalethnos.it\/wp-content\/uploads\/2025\/09\/senduki-1024x705.jpg 1024w, https:\/\/www.festivalethnos.it\/wp-content\/uploads\/2025\/09\/senduki-300x206.jpg 300w, https:\/\/www.festivalethnos.it\/wp-content\/uploads\/2025\/09\/senduki-768x528.jpg 768w, https:\/\/www.festivalethnos.it\/wp-content\/uploads\/2025\/09\/senduki-370x255.jpg 370w, https:\/\/www.festivalethnos.it\/wp-content\/uploads\/2025\/09\/senduki.jpg 1029w\" sizes=\"(max-width: 1024px) 100vw, 1024px\" \/>\t\t\t\t\t\t\t\t\t\t\t\t\t\t\t<\/div>\n\t\t\t\t<\/div>\n\t\t\t\t<div class=\"elementor-element elementor-element-1302cb1 sc_fly_static elementor-widget elementor-widget-video\" data-id=\"1302cb1\" data-element_type=\"widget\" data-e-type=\"widget\" data-settings=\"{&quot;youtube_url&quot;:&quot;https:\\\/\\\/www.youtube.com\\\/watch?v=G76VgrVBcN0&quot;,&quot;video_type&quot;:&quot;youtube&quot;,&quot;controls&quot;:&quot;yes&quot;}\" data-widget_type=\"video.default\">\n\t\t\t\t<div class=\"elementor-widget-container\">\n\t\t\t\t\t\t\t<div class=\"elementor-wrapper elementor-open-inline\">\n\t\t\t<div class=\"elementor-video\"><\/div>\t\t<\/div>\n\t\t\t\t\t\t<\/div>\n\t\t\t\t<\/div>\n\t\t\t\t\t<\/div>\n\t\t<\/div>\n\t\t\t\t\t<\/div>\n\t\t<\/section>\n\t\t\t\t<section class=\"elementor-section elementor-top-section elementor-element elementor-element-3fdf151 elementor-section-full_width elementor-section-height-default elementor-section-height-default\" data-id=\"3fdf151\" data-element_type=\"section\" data-e-type=\"section\">\n\t\t\t\t\t\t<div class=\"elementor-container elementor-column-gap-extended\">\n\t\t\t\t\t<div class=\"elementor-column elementor-col-50 elementor-top-column elementor-element elementor-element-0591b88 sc_inner_width_none sc_content_align_inherit sc_layouts_column_icons_position_left\" data-id=\"0591b88\" data-element_type=\"column\" data-e-type=\"column\">\n\t\t\t<div class=\"elementor-widget-wrap elementor-element-populated\">\n\t\t\t\t\t\t<div class=\"elementor-element elementor-element-740a257 sc_fly_static elementor-widget elementor-widget-heading\" data-id=\"740a257\" data-element_type=\"widget\" data-e-type=\"widget\" data-widget_type=\"heading.default\">\n\t\t\t\t<div class=\"elementor-widget-container\">\n\t\t\t\t\t<h3 class=\"elementor-heading-title elementor-size-default\">Toranj Quartet<\/h3>\t\t\t\t<\/div>\n\t\t\t\t<\/div>\n\t\t\t\t<div class=\"elementor-element elementor-element-fdd6968 sc_fly_static elementor-invisible elementor-widget elementor-widget-text-editor\" data-id=\"fdd6968\" data-element_type=\"widget\" data-e-type=\"widget\" data-settings=\"{&quot;_animation&quot;:&quot;fadeIn&quot;}\" data-widget_type=\"text-editor.default\">\n\t\t\t\t<div class=\"elementor-widget-container\">\n\t\t\t\t\t\t\t\t\t<p>Musica preziosa, musica rara, espressione della millenaria cultura persiana, qui declinata con rispetto filologico al contemporaneo dai componenti del Toranj Quartet.\u00a0<\/p><p>Vahid e Hosna, nucleo compositivo dell\u2019ensemble, raccontano: \u201ca differenza che nella musica occidentale, in quella persiana non esiste traccia di armonie e polifonie scritte, principalmente la nostra musica si basa tanto sulla trasmissione orale quanto sull\u2019improvvisazioni melodica e ritmica, ma certo questo avviene all\u2019interno di un sistema complesso di modi. La musica d\u2019arte persiana \u00e8 in continua evoluzione, essendo da sempre influenzata dalle culture di popoli diversi come curdi, turchi, azeri, armeni, turkmeni, baluci, arabi\u201d.<\/p><p>Entrare dunque nel mondo zingaresco di Kowli V\u00e2r, primo album del Toranj Quartet, \u00e8 in realt\u00e0 un viaggio affascinante attraverso una vasta area geografica da noi ancor oggi molto poco frequentata e conosciuta, cosicch\u00e9 per gli oltre quaranta minuti che compongono quest\u2019album suddiviso in nove brani siamo immersi nel sublime variegato ambiente della poesia musicale persiana e vediamo alternarsi composizioni della tradizione anatolica con quelle della regione nord-orientale iraniana del Khorasan, pi\u00f9 le i sapienti episodi originali che millimetricamente spostano in alto l\u2019asticella della tradizione verso una sensibilit\u00e0 contemporanea condivisa da ascoltatori di ogni latitudine. Come sottolinea Paolo Modugno, \u201cstudiando etnomusicologia si comprende il concetto di tradizione e tradimento, dato che la trasmissione orale\/aurale si trasforma costantemente nel tempo con apporti successivi, alterazioni necessarie per non scomparire, per non morire\u201d. Ospiti dell\u2019album sono la cantante Petra Nachtmanova, splendida interprete della tradizione musicale anatolica, Ufuk Elik al baglama, Hom\u00e2youn Nasir\u00ec al bendir e Beppe Frana, virtuoso dell\u2019oud oltre che profondo conoscitore e divulgatore della musica ottomana. Prodotto e registrato nei romani Studi O.A.S.I. diretti da Paolo Modugno, Kowli V\u00e2r si rivela un incantatorio scrigno sonoro di bellezza senza tempo n\u00e9 confini.<\/p>\t\t\t\t\t\t\t\t<\/div>\n\t\t\t\t<\/div>\n\t\t\t\t<div class=\"elementor-element elementor-element-9e09472 sc_fly_static elementor-invisible elementor-widget elementor-widget-text-editor\" data-id=\"9e09472\" data-element_type=\"widget\" data-e-type=\"widget\" data-settings=\"{&quot;_animation&quot;:&quot;fadeIn&quot;}\" data-widget_type=\"text-editor.default\">\n\t\t\t\t<div class=\"elementor-widget-container\">\n\t\t\t\t\t\t\t\t\tVahid H\u00e2ji Hosseini: <em>a santour (salterio) e voce<\/em>\nHosna P\u00e2rs\u00e2: <em>a kam\u00e2nch\u00e9h (viola) e voce<\/em>\nGiovanni Lo Cascio: <em>percussioni (tombak, kanjerera, udu drum)<\/em>\nPaolo Modugno: (bendir, daf, tamburi a cornice)\t\t\t\t\t\t\t\t<\/div>\n\t\t\t\t<\/div>\n\t\t\t\t<div class=\"elementor-element elementor-element-32d2bb7 sc_fly_static elementor-widget elementor-widget-spacer\" data-id=\"32d2bb7\" data-element_type=\"widget\" data-e-type=\"widget\" data-widget_type=\"spacer.default\">\n\t\t\t\t<div class=\"elementor-widget-container\">\n\t\t\t\t\t\t\t<div class=\"elementor-spacer\">\n\t\t\t<div class=\"elementor-spacer-inner\"><\/div>\n\t\t<\/div>\n\t\t\t\t\t\t<\/div>\n\t\t\t\t<\/div>\n\t\t\t\t\t<\/div>\n\t\t<\/div>\n\t\t\t\t<div class=\"elementor-column elementor-col-50 elementor-top-column elementor-element elementor-element-8fd1b48 sc_inner_width_none sc_content_align_inherit sc_layouts_column_icons_position_left\" data-id=\"8fd1b48\" data-element_type=\"column\" data-e-type=\"column\">\n\t\t\t<div class=\"elementor-widget-wrap elementor-element-populated\">\n\t\t\t\t\t\t<div class=\"elementor-element elementor-element-b1df801 sc_fly_static elementor-widget elementor-widget-image\" data-id=\"b1df801\" data-element_type=\"widget\" data-e-type=\"widget\" data-widget_type=\"image.default\">\n\t\t\t\t<div class=\"elementor-widget-container\">\n\t\t\t\t\t\t\t\t\t\t\t\t\t\t\t<img loading=\"lazy\" decoding=\"async\" width=\"1024\" height=\"768\" src=\"https:\/\/www.festivalethnos.it\/wp-content\/uploads\/2025\/09\/quartet-1024x768.jpg\" class=\"attachment-large size-large wp-image-12867\" alt=\"\" srcset=\"https:\/\/www.festivalethnos.it\/wp-content\/uploads\/2025\/09\/quartet-1024x768.jpg 1024w, https:\/\/www.festivalethnos.it\/wp-content\/uploads\/2025\/09\/quartet-300x225.jpg 300w, https:\/\/www.festivalethnos.it\/wp-content\/uploads\/2025\/09\/quartet-768x576.jpg 768w, https:\/\/www.festivalethnos.it\/wp-content\/uploads\/2025\/09\/quartet-370x278.jpg 370w, https:\/\/www.festivalethnos.it\/wp-content\/uploads\/2025\/09\/quartet.jpg 1100w\" sizes=\"(max-width: 1024px) 100vw, 1024px\" \/>\t\t\t\t\t\t\t\t\t\t\t\t\t\t\t<\/div>\n\t\t\t\t<\/div>\n\t\t\t\t<div class=\"elementor-element elementor-element-5681d8d sc_fly_static elementor-widget elementor-widget-video\" data-id=\"5681d8d\" data-element_type=\"widget\" data-e-type=\"widget\" data-settings=\"{&quot;youtube_url&quot;:&quot;https:\\\/\\\/www.youtube.com\\\/watch?v=-An0v7qlIMA&quot;,&quot;video_type&quot;:&quot;youtube&quot;,&quot;controls&quot;:&quot;yes&quot;}\" data-widget_type=\"video.default\">\n\t\t\t\t<div class=\"elementor-widget-container\">\n\t\t\t\t\t\t\t<div class=\"elementor-wrapper elementor-open-inline\">\n\t\t\t<div class=\"elementor-video\"><\/div>\t\t<\/div>\n\t\t\t\t\t\t<\/div>\n\t\t\t\t<\/div>\n\t\t\t\t\t<\/div>\n\t\t<\/div>\n\t\t\t\t\t<\/div>\n\t\t<\/section>\n\t\t\t\t<section class=\"elementor-section elementor-top-section elementor-element elementor-element-34841a6 elementor-section-full_width elementor-section-height-default elementor-section-height-default\" data-id=\"34841a6\" data-element_type=\"section\" data-e-type=\"section\">\n\t\t\t\t\t\t<div class=\"elementor-container elementor-column-gap-extended\">\n\t\t\t\t\t<div class=\"elementor-column elementor-col-50 elementor-top-column elementor-element elementor-element-17d0af2 sc_inner_width_none sc_content_align_inherit sc_layouts_column_icons_position_left\" data-id=\"17d0af2\" data-element_type=\"column\" data-e-type=\"column\">\n\t\t\t<div class=\"elementor-widget-wrap elementor-element-populated\">\n\t\t\t\t\t\t<div class=\"elementor-element elementor-element-96179a7 sc_fly_static elementor-widget elementor-widget-heading\" data-id=\"96179a7\" data-element_type=\"widget\" data-e-type=\"widget\" data-widget_type=\"heading.default\">\n\t\t\t\t<div class=\"elementor-widget-container\">\n\t\t\t\t\t<h3 class=\"elementor-heading-title elementor-size-default\">Violoncelli Itineranti<\/h3>\t\t\t\t<\/div>\n\t\t\t\t<\/div>\n\t\t\t\t<div class=\"elementor-element elementor-element-b14ea33 sc_fly_static elementor-invisible elementor-widget elementor-widget-text-editor\" data-id=\"b14ea33\" data-element_type=\"widget\" data-e-type=\"widget\" data-settings=\"{&quot;_animation&quot;:&quot;fadeIn&quot;}\" data-widget_type=\"text-editor.default\">\n\t\t\t\t<div class=\"elementor-widget-container\">\n\t\t\t\t\t\t\t\t\t<p>Tre violoncelli ed una voce in un curioso dialogo fatto di raffinate orchestrazioni ed un pizzico di improvvisazione. I Violoncelli Itineranti sono una formazione interamente femminileche rappresenta la minoranza slovena nello Stato italiano.<br \/>Un\u2019inedita commistione fra la musica da camera e la poesia slovena contemporanea. \u201cSonce ljubo\u201d \u00e8 il titolo del loro primo album di recente pubblicazione.<\/p>\t\t\t\t\t\t\t\t<\/div>\n\t\t\t\t<\/div>\n\t\t\t\t<div class=\"elementor-element elementor-element-b419812 sc_fly_static elementor-invisible elementor-widget elementor-widget-text-editor\" data-id=\"b419812\" data-element_type=\"widget\" data-e-type=\"widget\" data-settings=\"{&quot;_animation&quot;:&quot;fadeIn&quot;}\" data-widget_type=\"text-editor.default\">\n\t\t\t\t<div class=\"elementor-widget-container\">\n\t\t\t\t\t\t\t\t\t<p>Andrejka Mo\u017eina:<em> voce, violoncello, compositore<\/em><br \/>Irene Ferro \u2013 Casagrande: <em>violoncello<\/em><br \/>Carla Scandura: <em>violoncello<\/em><\/p>\t\t\t\t\t\t\t\t<\/div>\n\t\t\t\t<\/div>\n\t\t\t\t<div class=\"elementor-element elementor-element-d39fd9a sc_fly_static elementor-widget elementor-widget-spacer\" data-id=\"d39fd9a\" data-element_type=\"widget\" data-e-type=\"widget\" data-widget_type=\"spacer.default\">\n\t\t\t\t<div class=\"elementor-widget-container\">\n\t\t\t\t\t\t\t<div class=\"elementor-spacer\">\n\t\t\t<div class=\"elementor-spacer-inner\"><\/div>\n\t\t<\/div>\n\t\t\t\t\t\t<\/div>\n\t\t\t\t<\/div>\n\t\t\t\t\t<\/div>\n\t\t<\/div>\n\t\t\t\t<div class=\"elementor-column elementor-col-50 elementor-top-column elementor-element elementor-element-b6119da sc_inner_width_none sc_content_align_inherit sc_layouts_column_icons_position_left\" data-id=\"b6119da\" data-element_type=\"column\" data-e-type=\"column\">\n\t\t\t<div class=\"elementor-widget-wrap elementor-element-populated\">\n\t\t\t\t\t\t<div class=\"elementor-element elementor-element-baa473b sc_fly_static elementor-widget elementor-widget-image\" data-id=\"baa473b\" data-element_type=\"widget\" data-e-type=\"widget\" data-widget_type=\"image.default\">\n\t\t\t\t<div class=\"elementor-widget-container\">\n\t\t\t\t\t\t\t\t\t\t\t\t\t\t\t<img loading=\"lazy\" decoding=\"async\" width=\"1024\" height=\"768\" src=\"https:\/\/www.festivalethnos.it\/wp-content\/uploads\/2025\/09\/violoncelli-1024x768.jpg\" class=\"attachment-large size-large wp-image-12808\" alt=\"\" srcset=\"https:\/\/www.festivalethnos.it\/wp-content\/uploads\/2025\/09\/violoncelli-1024x768.jpg 1024w, https:\/\/www.festivalethnos.it\/wp-content\/uploads\/2025\/09\/violoncelli-300x225.jpg 300w, https:\/\/www.festivalethnos.it\/wp-content\/uploads\/2025\/09\/violoncelli-768x576.jpg 768w, https:\/\/www.festivalethnos.it\/wp-content\/uploads\/2025\/09\/violoncelli-370x278.jpg 370w, https:\/\/www.festivalethnos.it\/wp-content\/uploads\/2025\/09\/violoncelli.jpg 1100w\" sizes=\"(max-width: 1024px) 100vw, 1024px\" \/>\t\t\t\t\t\t\t\t\t\t\t\t\t\t\t<\/div>\n\t\t\t\t<\/div>\n\t\t\t\t<div class=\"elementor-element elementor-element-e5c60fd sc_fly_static elementor-widget elementor-widget-video\" data-id=\"e5c60fd\" data-element_type=\"widget\" data-e-type=\"widget\" data-settings=\"{&quot;youtube_url&quot;:&quot;https:\\\/\\\/www.youtube.com\\\/watch?v=3wIouStfhf0&quot;,&quot;video_type&quot;:&quot;youtube&quot;,&quot;controls&quot;:&quot;yes&quot;}\" data-widget_type=\"video.default\">\n\t\t\t\t<div class=\"elementor-widget-container\">\n\t\t\t\t\t\t\t<div class=\"elementor-wrapper elementor-open-inline\">\n\t\t\t<div class=\"elementor-video\"><\/div>\t\t<\/div>\n\t\t\t\t\t\t<\/div>\n\t\t\t\t<\/div>\n\t\t\t\t\t<\/div>\n\t\t<\/div>\n\t\t\t\t\t<\/div>\n\t\t<\/section>\n\t\t\t\t<section class=\"elementor-section elementor-top-section elementor-element elementor-element-6f45dbc7 elementor-section-stretched elementor-section-boxed elementor-section-height-default elementor-section-height-default elementor-invisible\" data-id=\"6f45dbc7\" data-element_type=\"section\" data-e-type=\"section\" data-settings=\"{&quot;stretch_section&quot;:&quot;section-stretched&quot;,&quot;animation&quot;:&quot;fadeIn&quot;}\">\n\t\t\t\t\t\t<div class=\"elementor-container elementor-column-gap-extended\">\n\t\t\t\t\t<div class=\"elementor-column elementor-col-100 elementor-top-column elementor-element elementor-element-13c1992 sc_inner_width_none sc_content_align_inherit sc_layouts_column_icons_position_left\" data-id=\"13c1992\" data-element_type=\"column\" data-e-type=\"column\">\n\t\t\t<div class=\"elementor-widget-wrap elementor-element-populated\">\n\t\t\t\t\t\t<div class=\"elementor-element elementor-element-9050094 sc_fly_static elementor-widget elementor-widget-trx_sc_button\" data-id=\"9050094\" data-element_type=\"widget\" data-e-type=\"widget\" data-widget_type=\"trx_sc_button.default\">\n\t\t\t\t<div class=\"elementor-widget-container\">\n\t\t\t\t\t<div id=\"trx_sc_button_1438439899\"\tclass=\"sc_item_button sc_button_wrap sc_align_center\"><a href=\"https:\/\/www.azzurroservice.net\/biglietti\/ethnos-generazioni-finale-concorso-musicale\/\" class=\"sc_button sc_button_default sc_button_size_normal sc_button_icon_left\"><span class=\"sc_button_text\"><span class=\"sc_button_title\">Acquista il biglietto<\/span><\/span><!-- \/.sc_button_text --><\/a><!-- \/.sc_button --><\/div><!-- \/.sc_item_button -->\t\t\t\t<\/div>\n\t\t\t\t<\/div>\n\t\t\t\t<div class=\"elementor-element elementor-element-1022ac9 sc_fly_static elementor-widget elementor-widget-spacer\" data-id=\"1022ac9\" data-element_type=\"widget\" data-e-type=\"widget\" data-widget_type=\"spacer.default\">\n\t\t\t\t<div class=\"elementor-widget-container\">\n\t\t\t\t\t\t\t<div class=\"elementor-spacer\">\n\t\t\t<div class=\"elementor-spacer-inner\"><\/div>\n\t\t<\/div>\n\t\t\t\t\t\t<\/div>\n\t\t\t\t<\/div>\n\t\t\t\t\t<\/div>\n\t\t<\/div>\n\t\t\t\t\t<\/div>\n\t\t<\/section>\n\t\t\t\t<section class=\"elementor-section elementor-top-section elementor-element elementor-element-d1e5b43 elementor-section-stretched elementor-section-full_width elementor-section-height-default elementor-section-height-default\" data-id=\"d1e5b43\" data-element_type=\"section\" data-e-type=\"section\" data-settings=\"{&quot;stretch_section&quot;:&quot;section-stretched&quot;,&quot;background_background&quot;:&quot;classic&quot;}\">\n\t\t\t\t\t\t\t<div class=\"elementor-background-overlay\"><\/div>\n\t\t\t\t\t\t\t<div class=\"elementor-container elementor-column-gap-no\">\n\t\t\t\t\t<div class=\"elementor-column elementor-col-100 elementor-top-column elementor-element elementor-element-108f7d7 sc_inner_width_none sc_content_align_inherit sc_layouts_column_icons_position_left\" data-id=\"108f7d7\" data-element_type=\"column\" data-e-type=\"column\" data-settings=\"{&quot;background_background&quot;:&quot;slideshow&quot;,&quot;background_slideshow_gallery&quot;:[],&quot;background_slideshow_loop&quot;:&quot;yes&quot;,&quot;background_slideshow_slide_duration&quot;:5000,&quot;background_slideshow_slide_transition&quot;:&quot;fade&quot;,&quot;background_slideshow_transition_duration&quot;:500}\">\n\t\t\t<div class=\"elementor-widget-wrap elementor-element-populated\">\n\t\t\t\t\t<div class=\"elementor-background-overlay\"><\/div>\n\t\t\t\t\t\t<div class=\"elementor-element elementor-element-4640210 sc_fly_static elementor-widget elementor-widget-google_maps\" data-id=\"4640210\" data-element_type=\"widget\" data-e-type=\"widget\" data-widget_type=\"google_maps.default\">\n\t\t\t\t<div class=\"elementor-widget-container\">\n\t\t\t\t\t\t\t<div class=\"elementor-custom-embed\">\n\t\t\t<iframe loading=\"lazy\"\n\t\t\t\t\tsrc=\"https:\/\/maps.google.com\/maps?q=italia%20torre%20del%20greco%20villa%20vannucchi&#038;t=m&#038;z=12&#038;output=embed&#038;iwloc=near\"\n\t\t\t\t\ttitle=\"italia torre del greco villa vannucchi\"\n\t\t\t\t\taria-label=\"italia torre del greco villa vannucchi\"\n\t\t\t><\/iframe>\n\t\t<\/div>\n\t\t\t\t\t\t<\/div>\n\t\t\t\t<\/div>\n\t\t\t\t\t<\/div>\n\t\t<\/div>\n\t\t\t\t\t<\/div>\n\t\t<\/section>\n\t\t\t\t<\/div>\n\t\t","protected":false},"excerpt":{"rendered":"<p>Finale Ethnos Generazioni Finale Ethnos Generazioni Domenica 28 Settembre 2025 San Giorgio a Cremano \/ Arena di Villa Vannucchi Ore 20.00 Nubras Ensemble NUBRAS \u00e8 un ensemble unico in Italia, capace di fondere l&#8217;eleganza della musica da camera con l&#8217;energia delle tradizioni popolari del Sud Italia e dei Balcani. Un progetto internazionale che riunisce musicisti&hellip;<\/p>\n","protected":false},"author":1,"featured_media":0,"parent":0,"menu_order":0,"comment_status":"closed","ping_status":"closed","template":"","meta":{"footnotes":""},"class_list":["post-12795","page","type-page","status-publish","hentry"],"_links":{"self":[{"href":"https:\/\/www.festivalethnos.it\/index.php?rest_route=\/wp\/v2\/pages\/12795","targetHints":{"allow":["GET"]}}],"collection":[{"href":"https:\/\/www.festivalethnos.it\/index.php?rest_route=\/wp\/v2\/pages"}],"about":[{"href":"https:\/\/www.festivalethnos.it\/index.php?rest_route=\/wp\/v2\/types\/page"}],"author":[{"embeddable":true,"href":"https:\/\/www.festivalethnos.it\/index.php?rest_route=\/wp\/v2\/users\/1"}],"replies":[{"embeddable":true,"href":"https:\/\/www.festivalethnos.it\/index.php?rest_route=%2Fwp%2Fv2%2Fcomments&post=12795"}],"version-history":[{"count":19,"href":"https:\/\/www.festivalethnos.it\/index.php?rest_route=\/wp\/v2\/pages\/12795\/revisions"}],"predecessor-version":[{"id":12876,"href":"https:\/\/www.festivalethnos.it\/index.php?rest_route=\/wp\/v2\/pages\/12795\/revisions\/12876"}],"wp:attachment":[{"href":"https:\/\/www.festivalethnos.it\/index.php?rest_route=%2Fwp%2Fv2%2Fmedia&parent=12795"}],"curies":[{"name":"wp","href":"https:\/\/api.w.org\/{rel}","templated":true}]}}