{"id":12944,"date":"2025-09-04T13:00:00","date_gmt":"2025-09-04T11:00:00","guid":{"rendered":"https:\/\/www.festivalethnos.it\/?page_id=12944"},"modified":"2025-10-03T10:48:20","modified_gmt":"2025-10-03T08:48:20","slug":"3-ottobre-2025","status":"publish","type":"page","link":"https:\/\/www.festivalethnos.it\/?page_id=12944","title":{"rendered":"3 Ottobre 2025"},"content":{"rendered":"\t\t<div data-elementor-type=\"wp-post\" data-elementor-id=\"12944\" class=\"elementor elementor-12944\">\n\t\t\t\t\t\t<section class=\"elementor-section elementor-top-section elementor-element elementor-element-8e591ff elementor-section-stretched elementor-section-full_width elementor-section-height-default elementor-section-height-default\" data-id=\"8e591ff\" data-element_type=\"section\" data-e-type=\"section\" data-settings=\"{&quot;stretch_section&quot;:&quot;section-stretched&quot;}\">\n\t\t\t\t\t\t<div class=\"elementor-container elementor-column-gap-no\">\n\t\t\t\t\t<div class=\"elementor-column elementor-col-100 elementor-top-column elementor-element elementor-element-e175f5c sc_inner_width_none sc_content_align_inherit sc_layouts_column_icons_position_left\" data-id=\"e175f5c\" data-element_type=\"column\" data-e-type=\"column\" data-settings=\"{&quot;background_background&quot;:&quot;classic&quot;}\">\n\t\t\t<div class=\"elementor-widget-wrap elementor-element-populated\">\n\t\t\t\t\t<div class=\"elementor-background-overlay\"><\/div>\n\t\t\t\t\t\t<div class=\"elementor-element elementor-element-cd88e94 sc_layouts_hide_on_wide sc_layouts_hide_on_desktop sc_layouts_hide_on_notebook sc_layouts_hide_on_tablet sc_fly_static elementor-widget elementor-widget-image\" data-id=\"cd88e94\" data-element_type=\"widget\" data-e-type=\"widget\" data-widget_type=\"image.default\">\n\t\t\t\t<div class=\"elementor-widget-container\">\n\t\t\t\t\t\t\t\t\t\t\t\t\t\t\t<img fetchpriority=\"high\" decoding=\"async\" width=\"1477\" height=\"900\" src=\"https:\/\/www.festivalethnos.it\/wp-content\/uploads\/2025\/09\/3-ottobre-mobile.jpg\" class=\"attachment-full size-full wp-image-12946\" alt=\"\" srcset=\"https:\/\/www.festivalethnos.it\/wp-content\/uploads\/2025\/09\/3-ottobre-mobile.jpg 1477w, https:\/\/www.festivalethnos.it\/wp-content\/uploads\/2025\/09\/3-ottobre-mobile-300x183.jpg 300w, https:\/\/www.festivalethnos.it\/wp-content\/uploads\/2025\/09\/3-ottobre-mobile-1024x624.jpg 1024w, https:\/\/www.festivalethnos.it\/wp-content\/uploads\/2025\/09\/3-ottobre-mobile-768x468.jpg 768w, https:\/\/www.festivalethnos.it\/wp-content\/uploads\/2025\/09\/3-ottobre-mobile-370x225.jpg 370w, https:\/\/www.festivalethnos.it\/wp-content\/uploads\/2025\/09\/3-ottobre-mobile-1410x859.jpg 1410w\" sizes=\"(max-width: 1477px) 100vw, 1477px\" \/>\t\t\t\t\t\t\t\t\t\t\t\t\t\t\t<\/div>\n\t\t\t\t<\/div>\n\t\t\t\t\t<\/div>\n\t\t<\/div>\n\t\t\t\t\t<\/div>\n\t\t<\/section>\n\t\t\t\t<section class=\"elementor-section elementor-top-section elementor-element elementor-element-2024510 elementor-section-stretched elementor-section-full_width elementor-section-height-default elementor-section-height-default\" data-id=\"2024510\" data-element_type=\"section\" data-e-type=\"section\" data-settings=\"{&quot;stretch_section&quot;:&quot;section-stretched&quot;}\">\n\t\t\t\t\t\t<div class=\"elementor-container elementor-column-gap-no\">\n\t\t\t\t\t<div class=\"elementor-column elementor-col-100 elementor-top-column elementor-element elementor-element-224f0ae sc_inner_width_none sc_content_align_inherit sc_layouts_column_icons_position_left\" data-id=\"224f0ae\" data-element_type=\"column\" data-e-type=\"column\" data-settings=\"{&quot;background_background&quot;:&quot;classic&quot;}\">\n\t\t\t<div class=\"elementor-widget-wrap elementor-element-populated\">\n\t\t\t\t\t<div class=\"elementor-background-overlay\"><\/div>\n\t\t\t\t\t\t<div class=\"elementor-element elementor-element-169b6c2 sc_layouts_hide_on_mobile sc_fly_static elementor-widget elementor-widget-image\" data-id=\"169b6c2\" data-element_type=\"widget\" data-e-type=\"widget\" data-widget_type=\"image.default\">\n\t\t\t\t<div class=\"elementor-widget-container\">\n\t\t\t\t\t\t\t\t\t\t\t\t\t\t\t<img decoding=\"async\" width=\"1982\" height=\"650\" src=\"https:\/\/www.festivalethnos.it\/wp-content\/uploads\/2025\/09\/3-ottobre.jpg\" class=\"attachment-full size-full wp-image-12947\" alt=\"\" srcset=\"https:\/\/www.festivalethnos.it\/wp-content\/uploads\/2025\/09\/3-ottobre.jpg 1982w, https:\/\/www.festivalethnos.it\/wp-content\/uploads\/2025\/09\/3-ottobre-300x98.jpg 300w, https:\/\/www.festivalethnos.it\/wp-content\/uploads\/2025\/09\/3-ottobre-1024x336.jpg 1024w, https:\/\/www.festivalethnos.it\/wp-content\/uploads\/2025\/09\/3-ottobre-768x252.jpg 768w, https:\/\/www.festivalethnos.it\/wp-content\/uploads\/2025\/09\/3-ottobre-1536x504.jpg 1536w, https:\/\/www.festivalethnos.it\/wp-content\/uploads\/2025\/09\/3-ottobre-370x121.jpg 370w, https:\/\/www.festivalethnos.it\/wp-content\/uploads\/2025\/09\/3-ottobre-1410x462.jpg 1410w\" sizes=\"(max-width: 1982px) 100vw, 1982px\" \/>\t\t\t\t\t\t\t\t\t\t\t\t\t\t\t<\/div>\n\t\t\t\t<\/div>\n\t\t\t\t\t<\/div>\n\t\t<\/div>\n\t\t\t\t\t<\/div>\n\t\t<\/section>\n\t\t\t\t<section class=\"elementor-section elementor-top-section elementor-element elementor-element-232b44c elementor-section-boxed elementor-section-height-default elementor-section-height-default\" data-id=\"232b44c\" data-element_type=\"section\" data-e-type=\"section\">\n\t\t\t\t\t\t<div class=\"elementor-container elementor-column-gap-extended\">\n\t\t\t\t\t<div class=\"elementor-column elementor-col-50 elementor-top-column elementor-element elementor-element-1e13194 sc_inner_width_none sc_content_align_inherit sc_layouts_column_icons_position_left\" data-id=\"1e13194\" data-element_type=\"column\" data-e-type=\"column\" data-settings=\"{&quot;background_background&quot;:&quot;classic&quot;}\">\n\t\t\t<div class=\"elementor-widget-wrap elementor-element-populated\">\n\t\t\t\t\t\t<div class=\"elementor-element elementor-element-e3580f7 sc_fly_static elementor-widget elementor-widget-heading\" data-id=\"e3580f7\" data-element_type=\"widget\" data-e-type=\"widget\" data-widget_type=\"heading.default\">\n\t\t\t\t<div class=\"elementor-widget-container\">\n\t\t\t\t\t<h4 class=\"elementor-heading-title elementor-size-default\">Corzani Airlines\u201d - conferenza condotta da Valerio Corzani<\/h4>\t\t\t\t<\/div>\n\t\t\t\t<\/div>\n\t\t\t\t<div class=\"elementor-element elementor-element-e202928 sc_fly_static elementor-widget elementor-widget-text-editor\" data-id=\"e202928\" data-element_type=\"widget\" data-e-type=\"widget\" data-widget_type=\"text-editor.default\">\n\t\t\t\t<div class=\"elementor-widget-container\">\n\t\t\t\t\t\t\t\t\t<h5>Napoli<\/h5>\nComplesso di Santa Maria Donnalbina\nore 19.00\t\t\t\t\t\t\t\t<\/div>\n\t\t\t\t<\/div>\n\t\t\t\t<div class=\"elementor-element elementor-element-860ea10 sc_fly_static elementor-widget elementor-widget-text-editor\" data-id=\"860ea10\" data-element_type=\"widget\" data-e-type=\"widget\" data-widget_type=\"text-editor.default\">\n\t\t\t\t<div class=\"elementor-widget-container\">\n\t\t\t\t\t\t\t\t\t<p>\u201cCorzani Airlines\u201d nasce dall\u2019omonima rubrica pubblicata su Blogfoolk, dove Valerio Corzani &#8211; giornalista, musicista, fotografo e voce autorevole di Rai Radio3 e RSI \u2013 ha tracciato negli anni un\u2019ampia mappa di ritratti dedicati a musicisti incontrati nei contesti pi\u00f9 diversi del pianeta. In questa conferenza multimediale, Corzani guida il pubblico in un&#8217;appassionante esplorazione tra aneddoti di viaggio, strumenti tradizionali e inediti, festival lontani, incroci di latitudini e culture sonore, accompagnata da una straordinaria galleria fotografica di artisti immortalati nel pieno della loro espressione. Un racconto vibrante, fatto di immagini, musica e parole, che celebra la ricchezza umana e la forza evocativa delle musiche del mondo.Un arcipelago sonoro meticcio e affascinante, raccontato con lo sguardo curioso e profondo di uno dei pi\u00f9 originali narratori della scena culturale italiana.<\/p><p>Ingresso gratuito<\/p>\t\t\t\t\t\t\t\t<\/div>\n\t\t\t\t<\/div>\n\t\t\t\t<div class=\"elementor-element elementor-element-a80dfd9 sc_fly_static elementor-widget elementor-widget-spacer\" data-id=\"a80dfd9\" data-element_type=\"widget\" data-e-type=\"widget\" data-widget_type=\"spacer.default\">\n\t\t\t\t<div class=\"elementor-widget-container\">\n\t\t\t\t\t\t\t<div class=\"elementor-spacer\">\n\t\t\t<div class=\"elementor-spacer-inner\"><\/div>\n\t\t<\/div>\n\t\t\t\t\t\t<\/div>\n\t\t\t\t<\/div>\n\t\t\t\t<div class=\"elementor-element elementor-element-a2cf9b1 sc_fly_static elementor-widget elementor-widget-spacer\" data-id=\"a2cf9b1\" data-element_type=\"widget\" data-e-type=\"widget\" data-widget_type=\"spacer.default\">\n\t\t\t\t<div class=\"elementor-widget-container\">\n\t\t\t\t\t\t\t<div class=\"elementor-spacer\">\n\t\t\t<div class=\"elementor-spacer-inner\"><\/div>\n\t\t<\/div>\n\t\t\t\t\t\t<\/div>\n\t\t\t\t<\/div>\n\t\t\t\t\t<\/div>\n\t\t<\/div>\n\t\t\t\t<div class=\"elementor-column elementor-col-50 elementor-top-column elementor-element elementor-element-15da4e3 sc_inner_width_none sc_content_align_inherit sc_layouts_column_icons_position_left\" data-id=\"15da4e3\" data-element_type=\"column\" data-e-type=\"column\">\n\t\t\t<div class=\"elementor-widget-wrap elementor-element-populated\">\n\t\t\t\t\t\t<div class=\"elementor-element elementor-element-aaa3503 sc_fly_static elementor-widget elementor-widget-image\" data-id=\"aaa3503\" data-element_type=\"widget\" data-e-type=\"widget\" data-widget_type=\"image.default\">\n\t\t\t\t<div class=\"elementor-widget-container\">\n\t\t\t\t\t\t\t\t\t\t\t\t\t\t\t\t<a href=\"https:\/\/www.festivalethnos.it\/?page_id=10573\">\n\t\t\t\t\t\t\t<img decoding=\"async\" width=\"900\" height=\"633\" src=\"https:\/\/www.festivalethnos.it\/wp-content\/uploads\/2025\/08\/Valerio-Corzani9.jpg\" class=\"attachment-large size-large wp-image-12322\" alt=\"\" srcset=\"https:\/\/www.festivalethnos.it\/wp-content\/uploads\/2025\/08\/Valerio-Corzani9.jpg 900w, https:\/\/www.festivalethnos.it\/wp-content\/uploads\/2025\/08\/Valerio-Corzani9-300x211.jpg 300w, https:\/\/www.festivalethnos.it\/wp-content\/uploads\/2025\/08\/Valerio-Corzani9-768x540.jpg 768w, https:\/\/www.festivalethnos.it\/wp-content\/uploads\/2025\/08\/Valerio-Corzani9-370x260.jpg 370w\" sizes=\"(max-width: 900px) 100vw, 900px\" \/>\t\t\t\t\t\t\t\t<\/a>\n\t\t\t\t\t\t\t\t\t\t\t\t\t\t\t<\/div>\n\t\t\t\t<\/div>\n\t\t\t\t\t<\/div>\n\t\t<\/div>\n\t\t\t\t\t<\/div>\n\t\t<\/section>\n\t\t\t\t<section class=\"elementor-section elementor-top-section elementor-element elementor-element-cc1b8bc elementor-section-full_width elementor-section-height-default elementor-section-height-default\" data-id=\"cc1b8bc\" data-element_type=\"section\" data-e-type=\"section\">\n\t\t\t\t\t\t<div class=\"elementor-container elementor-column-gap-extended\">\n\t\t\t\t\t<div class=\"elementor-column elementor-col-50 elementor-top-column elementor-element elementor-element-50ac78e sc_inner_width_none sc_content_align_inherit sc_layouts_column_icons_position_left\" data-id=\"50ac78e\" data-element_type=\"column\" data-e-type=\"column\">\n\t\t\t<div class=\"elementor-widget-wrap elementor-element-populated\">\n\t\t\t\t\t\t<div class=\"elementor-element elementor-element-0e0f3d5 sc_layouts_hide_on_wide sc_layouts_hide_on_desktop sc_layouts_hide_on_notebook sc_layouts_hide_on_tablet sc_fly_static elementor-widget elementor-widget-heading\" data-id=\"0e0f3d5\" data-element_type=\"widget\" data-e-type=\"widget\" data-widget_type=\"heading.default\">\n\t\t\t\t<div class=\"elementor-widget-container\">\n\t\t\t\t\t<div class=\"elementor-heading-title elementor-size-default\">Concerto<\/div>\t\t\t\t<\/div>\n\t\t\t\t<\/div>\n\t\t\t\t<div class=\"elementor-element elementor-element-b911946 sc_fly_static elementor-widget elementor-widget-heading\" data-id=\"b911946\" data-element_type=\"widget\" data-e-type=\"widget\" data-widget_type=\"heading.default\">\n\t\t\t\t<div class=\"elementor-widget-container\">\n\t\t\t\t\t<h2 class=\"elementor-heading-title elementor-size-default\">Caama\u00f1o &amp; Ameixeiras\n<\/h2>\t\t\t\t<\/div>\n\t\t\t\t<\/div>\n\t\t\t\t<div class=\"elementor-element elementor-element-163cef7 sc_fly_static elementor-widget elementor-widget-text-editor\" data-id=\"163cef7\" data-element_type=\"widget\" data-e-type=\"widget\" data-widget_type=\"text-editor.default\">\n\t\t\t\t<div class=\"elementor-widget-container\">\n\t\t\t\t\t\t\t\t\t<h5>Napoli<\/h5><p>Chiesa di Santa Maria Donnalbina<br \/>Ore 21.00<\/p><p>Ingresso gratuito fino ad esaurimento posti<\/p>\t\t\t\t\t\t\t\t<\/div>\n\t\t\t\t<\/div>\n\t\t\t\t<div class=\"elementor-element elementor-element-44802ff sc_fly_static elementor-invisible elementor-widget elementor-widget-text-editor\" data-id=\"44802ff\" data-element_type=\"widget\" data-e-type=\"widget\" data-settings=\"{&quot;_animation&quot;:&quot;fadeIn&quot;}\" data-widget_type=\"text-editor.default\">\n\t\t\t\t<div class=\"elementor-widget-container\">\n\t\t\t\t\t\t\t\t\tCaama\u00f1o&#038;Ameixeiras \u00e8 uno dei maggiori esponenti a livello internazionale della nuova musica tradizionale galiziana. Rinnovando il significato della musica e della danza di radice popolare con sonorit\u00e0 contemporanee, il duo sta portando il proprio talento oltre i confini della Galizia. Il loro approccio intimo e profondo alla tradizione popolare galiziana ha fatto s\u00ec che Sabela Caama\u00f1o e Ant\u00eda Ameixeiras si distinguessero sia a livello nazionale che internazionale. Con uno spettacolo dal vivo d\u2019impatto, curato e audace, hanno gi\u00e0 collezionato numerose esibizioni importanti in paesi come Italia, Belgio, Francia, Portogallo, Slovacchia, Repubblica Ceca e Austria. Inoltre, le loro canzoni contano gi\u00e0 centinaia di migliaia di ascolti sulle piattaforme digitali, i loro album hanno venduto migliaia di copie e hanno collaborato con artisti del calibro di Rodrigo Cuevas.\nLe due artiste galiziane si sono ispirate all\u2019universo popolare, creando un\u2019atmosfera in cui realt\u00e0, magia e religione si fondono. Negli ultimi anni di carriera, la loro musica \u00e8 passata da sonorit\u00e0 gioiose e collaborazioni collettive a un\u2019espressione pi\u00f9 oscura e intima, ottenendo un successo che le ha portate a vincere un Premio dell\u2019Accademia della Musica nella categoria Miglior Canzone in galiziano\/asturiano\/bable, un Premio Mart\u00edn C\u00f3dax della Musica nella categoria Folk, oltre a esibirsi in importanti festival come l\u2019Interceltique de Lorient, il Festival de Ortigueira, il Festival Tradicion\u00e0rius di Barcellona, il Revenidas o Osa do Mar.\t\t\t\t\t\t\t\t<\/div>\n\t\t\t\t<\/div>\n\t\t\t\t<div class=\"elementor-element elementor-element-8bb919a sc_fly_static elementor-widget elementor-widget-spacer\" data-id=\"8bb919a\" data-element_type=\"widget\" data-e-type=\"widget\" data-widget_type=\"spacer.default\">\n\t\t\t\t<div class=\"elementor-widget-container\">\n\t\t\t\t\t\t\t<div class=\"elementor-spacer\">\n\t\t\t<div class=\"elementor-spacer-inner\"><\/div>\n\t\t<\/div>\n\t\t\t\t\t\t<\/div>\n\t\t\t\t<\/div>\n\t\t\t\t<div class=\"elementor-element elementor-element-3925c3c sc_fly_static elementor-widget elementor-widget-eael-creative-button\" data-id=\"3925c3c\" data-element_type=\"widget\" data-e-type=\"widget\" data-widget_type=\"eael-creative-button.default\">\n\t\t\t\t<div class=\"elementor-widget-container\">\n\t\t\t\t\t        <div class=\"eael-creative-button-wrapper\">\n\n            <a class=\"eael-creative-button eael-creative-button--default\" href=\"https:\/\/www.festivalethnos.it\/?page_id=12305\" data-text=\"Vai al profilo dell&#039;artista\">\n\n\t    \n                <div class=\"creative-button-inner\">\n\n                    \n                    <span class=\"cretive-button-text\">Vai al profilo dell'artista<\/span>\n\n                                    <\/div>\n\t                        <\/a>\n        <\/div>\n        \t\t\t\t<\/div>\n\t\t\t\t<\/div>\n\t\t\t\t\t<\/div>\n\t\t<\/div>\n\t\t\t\t<div class=\"elementor-column elementor-col-50 elementor-top-column elementor-element elementor-element-f554ba3 sc_inner_width_none sc_content_align_inherit sc_layouts_column_icons_position_left\" data-id=\"f554ba3\" data-element_type=\"column\" data-e-type=\"column\">\n\t\t\t<div class=\"elementor-widget-wrap elementor-element-populated\">\n\t\t\t\t\t\t<div class=\"elementor-element elementor-element-06d4b92 sc_fly_static elementor-widget elementor-widget-image\" data-id=\"06d4b92\" data-element_type=\"widget\" data-e-type=\"widget\" data-widget_type=\"image.default\">\n\t\t\t\t<div class=\"elementor-widget-container\">\n\t\t\t\t\t\t\t\t\t\t\t\t\t\t\t<img loading=\"lazy\" decoding=\"async\" width=\"1001\" height=\"667\" src=\"https:\/\/www.festivalethnos.it\/wp-content\/uploads\/2025\/08\/camano-2.jpg\" class=\"attachment-large size-large wp-image-12317\" alt=\"\" srcset=\"https:\/\/www.festivalethnos.it\/wp-content\/uploads\/2025\/08\/camano-2.jpg 1001w, https:\/\/www.festivalethnos.it\/wp-content\/uploads\/2025\/08\/camano-2-300x200.jpg 300w, https:\/\/www.festivalethnos.it\/wp-content\/uploads\/2025\/08\/camano-2-768x512.jpg 768w, https:\/\/www.festivalethnos.it\/wp-content\/uploads\/2025\/08\/camano-2-370x247.jpg 370w\" sizes=\"(max-width: 1001px) 100vw, 1001px\" \/>\t\t\t\t\t\t\t\t\t\t\t\t\t\t\t<\/div>\n\t\t\t\t<\/div>\n\t\t\t\t\t<\/div>\n\t\t<\/div>\n\t\t\t\t\t<\/div>\n\t\t<\/section>\n\t\t\t\t<section class=\"elementor-section elementor-top-section elementor-element elementor-element-6f45dbc7 elementor-section-stretched elementor-section-boxed elementor-section-height-default elementor-section-height-default elementor-invisible\" data-id=\"6f45dbc7\" data-element_type=\"section\" data-e-type=\"section\" data-settings=\"{&quot;stretch_section&quot;:&quot;section-stretched&quot;,&quot;animation&quot;:&quot;fadeIn&quot;}\">\n\t\t\t\t\t\t<div class=\"elementor-container elementor-column-gap-extended\">\n\t\t\t\t\t<div class=\"elementor-column elementor-col-100 elementor-top-column elementor-element elementor-element-13c1992 sc_inner_width_none sc_content_align_inherit sc_layouts_column_icons_position_left\" data-id=\"13c1992\" data-element_type=\"column\" data-e-type=\"column\">\n\t\t\t<div class=\"elementor-widget-wrap elementor-element-populated\">\n\t\t\t\t\t\t<div class=\"elementor-element elementor-element-1022ac9 sc_fly_static elementor-widget elementor-widget-spacer\" data-id=\"1022ac9\" data-element_type=\"widget\" data-e-type=\"widget\" data-widget_type=\"spacer.default\">\n\t\t\t\t<div class=\"elementor-widget-container\">\n\t\t\t\t\t\t\t<div class=\"elementor-spacer\">\n\t\t\t<div class=\"elementor-spacer-inner\"><\/div>\n\t\t<\/div>\n\t\t\t\t\t\t<\/div>\n\t\t\t\t<\/div>\n\t\t\t\t\t<\/div>\n\t\t<\/div>\n\t\t\t\t\t<\/div>\n\t\t<\/section>\n\t\t\t\t<section class=\"elementor-section elementor-top-section elementor-element elementor-element-d1e5b43 elementor-section-stretched elementor-section-full_width elementor-section-height-default elementor-section-height-default\" data-id=\"d1e5b43\" data-element_type=\"section\" data-e-type=\"section\" data-settings=\"{&quot;stretch_section&quot;:&quot;section-stretched&quot;,&quot;background_background&quot;:&quot;classic&quot;}\">\n\t\t\t\t\t\t\t<div class=\"elementor-background-overlay\"><\/div>\n\t\t\t\t\t\t\t<div class=\"elementor-container elementor-column-gap-no\">\n\t\t\t\t\t<div class=\"elementor-column elementor-col-100 elementor-top-column elementor-element elementor-element-108f7d7 sc_inner_width_none sc_content_align_inherit sc_layouts_column_icons_position_left\" data-id=\"108f7d7\" data-element_type=\"column\" data-e-type=\"column\" data-settings=\"{&quot;background_background&quot;:&quot;slideshow&quot;,&quot;background_slideshow_gallery&quot;:[],&quot;background_slideshow_loop&quot;:&quot;yes&quot;,&quot;background_slideshow_slide_duration&quot;:5000,&quot;background_slideshow_slide_transition&quot;:&quot;fade&quot;,&quot;background_slideshow_transition_duration&quot;:500}\">\n\t\t\t<div class=\"elementor-widget-wrap elementor-element-populated\">\n\t\t\t\t\t<div class=\"elementor-background-overlay\"><\/div>\n\t\t\t\t\t\t<div class=\"elementor-element elementor-element-1bfe3c0 sc_fly_static elementor-widget elementor-widget-google_maps\" data-id=\"1bfe3c0\" data-element_type=\"widget\" data-e-type=\"widget\" data-widget_type=\"google_maps.default\">\n\t\t\t\t<div class=\"elementor-widget-container\">\n\t\t\t\t\t\t\t<div class=\"elementor-custom-embed\">\n\t\t\t<iframe loading=\"lazy\"\n\t\t\t\t\tsrc=\"https:\/\/maps.google.com\/maps?q=Napoli%2C%20Chiesa%20di%20Santa%20Maria%20Donnalbina&#038;t=m&#038;z=14&#038;output=embed&#038;iwloc=near\"\n\t\t\t\t\ttitle=\"Napoli, Chiesa di Santa Maria Donnalbina\"\n\t\t\t\t\taria-label=\"Napoli, Chiesa di Santa Maria Donnalbina\"\n\t\t\t><\/iframe>\n\t\t<\/div>\n\t\t\t\t\t\t<\/div>\n\t\t\t\t<\/div>\n\t\t\t\t\t<\/div>\n\t\t<\/div>\n\t\t\t\t\t<\/div>\n\t\t<\/section>\n\t\t\t\t<section class=\"elementor-section elementor-top-section elementor-element elementor-element-14b6ff8 elementor-section-boxed elementor-section-height-default elementor-section-height-default\" data-id=\"14b6ff8\" data-element_type=\"section\" data-e-type=\"section\">\n\t\t\t\t\t\t<div class=\"elementor-container elementor-column-gap-extended\">\n\t\t\t\t\t<div class=\"elementor-column elementor-col-100 elementor-top-column elementor-element elementor-element-36f5a35 sc_inner_width_none sc_content_align_inherit sc_layouts_column_icons_position_left\" data-id=\"36f5a35\" data-element_type=\"column\" data-e-type=\"column\">\n\t\t\t<div class=\"elementor-widget-wrap elementor-element-populated\">\n\t\t\t\t\t\t<div class=\"elementor-element elementor-element-64dec88 sc_fly_static elementor-widget elementor-widget-image\" data-id=\"64dec88\" data-element_type=\"widget\" data-e-type=\"widget\" data-widget_type=\"image.default\">\n\t\t\t\t<div class=\"elementor-widget-container\">\n\t\t\t\t\t\t\t\t\t\t\t\t\t\t\t<img loading=\"lazy\" decoding=\"async\" width=\"522\" height=\"162\" src=\"https:\/\/www.festivalethnos.it\/wp-content\/uploads\/2025\/10\/npoli.jpg\" class=\"attachment-large size-large wp-image-13538\" alt=\"\" srcset=\"https:\/\/www.festivalethnos.it\/wp-content\/uploads\/2025\/10\/npoli.jpg 522w, https:\/\/www.festivalethnos.it\/wp-content\/uploads\/2025\/10\/npoli-300x93.jpg 300w, https:\/\/www.festivalethnos.it\/wp-content\/uploads\/2025\/10\/npoli-370x115.jpg 370w\" sizes=\"(max-width: 522px) 100vw, 522px\" \/>\t\t\t\t\t\t\t\t\t\t\t\t\t\t\t<\/div>\n\t\t\t\t<\/div>\n\t\t\t\t\t<\/div>\n\t\t<\/div>\n\t\t\t\t\t<\/div>\n\t\t<\/section>\n\t\t\t\t<\/div>\n\t\t","protected":false},"excerpt":{"rendered":"<p>Corzani Airlines\u201d &#8211; conferenza condotta da Valerio Corzani Napoli Complesso di Santa Maria Donnalbina ore 19.00 \u201cCorzani Airlines\u201d nasce dall\u2019omonima rubrica pubblicata su Blogfoolk, dove Valerio Corzani &#8211; giornalista, musicista, fotografo e voce autorevole di Rai Radio3 e RSI \u2013 ha tracciato negli anni un\u2019ampia mappa di ritratti dedicati a musicisti incontrati nei contesti pi\u00f9&hellip;<\/p>\n","protected":false},"author":1,"featured_media":0,"parent":0,"menu_order":0,"comment_status":"closed","ping_status":"closed","template":"","meta":{"footnotes":""},"class_list":["post-12944","page","type-page","status-publish","hentry"],"_links":{"self":[{"href":"https:\/\/www.festivalethnos.it\/index.php?rest_route=\/wp\/v2\/pages\/12944","targetHints":{"allow":["GET"]}}],"collection":[{"href":"https:\/\/www.festivalethnos.it\/index.php?rest_route=\/wp\/v2\/pages"}],"about":[{"href":"https:\/\/www.festivalethnos.it\/index.php?rest_route=\/wp\/v2\/types\/page"}],"author":[{"embeddable":true,"href":"https:\/\/www.festivalethnos.it\/index.php?rest_route=\/wp\/v2\/users\/1"}],"replies":[{"embeddable":true,"href":"https:\/\/www.festivalethnos.it\/index.php?rest_route=%2Fwp%2Fv2%2Fcomments&post=12944"}],"version-history":[{"count":13,"href":"https:\/\/www.festivalethnos.it\/index.php?rest_route=\/wp\/v2\/pages\/12944\/revisions"}],"predecessor-version":[{"id":13553,"href":"https:\/\/www.festivalethnos.it\/index.php?rest_route=\/wp\/v2\/pages\/12944\/revisions\/13553"}],"wp:attachment":[{"href":"https:\/\/www.festivalethnos.it\/index.php?rest_route=%2Fwp%2Fv2%2Fmedia&parent=12944"}],"curies":[{"name":"wp","href":"https:\/\/api.w.org\/{rel}","templated":true}]}}