{"id":13267,"date":"2025-09-08T23:02:03","date_gmt":"2025-09-08T21:02:03","guid":{"rendered":"https:\/\/www.festivalethnos.it\/?page_id=13267"},"modified":"2025-09-08T23:23:27","modified_gmt":"2025-09-08T21:23:27","slug":"ethnos-30-anni-di-suoni-musica-e-cultura","status":"publish","type":"page","link":"https:\/\/www.festivalethnos.it\/?page_id=13267","title":{"rendered":"Ethnos 30 anni di visioni, suoni e cultura"},"content":{"rendered":"\t\t<div data-elementor-type=\"wp-post\" data-elementor-id=\"13267\" class=\"elementor elementor-13267\">\n\t\t\t\t\t\t<section class=\"elementor-section elementor-top-section elementor-element elementor-element-7b8bdcb elementor-section-boxed elementor-section-height-default elementor-section-height-default\" data-id=\"7b8bdcb\" data-element_type=\"section\" data-e-type=\"section\">\n\t\t\t\t\t\t<div class=\"elementor-container elementor-column-gap-extended\">\n\t\t\t\t\t<div class=\"elementor-column elementor-col-100 elementor-top-column elementor-element elementor-element-a57ccc0 sc_inner_width_none sc_content_align_inherit sc_layouts_column_icons_position_left\" data-id=\"a57ccc0\" data-element_type=\"column\" data-e-type=\"column\">\n\t\t\t<div class=\"elementor-widget-wrap elementor-element-populated\">\n\t\t\t\t\t\t<div class=\"elementor-element elementor-element-bb03aac sc_fly_static elementor-widget elementor-widget-spacer\" data-id=\"bb03aac\" data-element_type=\"widget\" data-e-type=\"widget\" data-widget_type=\"spacer.default\">\n\t\t\t\t<div class=\"elementor-widget-container\">\n\t\t\t\t\t\t\t<div class=\"elementor-spacer\">\n\t\t\t<div class=\"elementor-spacer-inner\"><\/div>\n\t\t<\/div>\n\t\t\t\t\t\t<\/div>\n\t\t\t\t<\/div>\n\t\t\t\t\t<\/div>\n\t\t<\/div>\n\t\t\t\t\t<\/div>\n\t\t<\/section>\n\t\t\t\t<section class=\"elementor-section elementor-top-section elementor-element elementor-element-c40b2a7 elementor-section-boxed elementor-section-height-default elementor-section-height-default\" data-id=\"c40b2a7\" data-element_type=\"section\" data-e-type=\"section\">\n\t\t\t\t\t\t<div class=\"elementor-container elementor-column-gap-extended\">\n\t\t\t\t\t<div class=\"elementor-column elementor-col-50 elementor-top-column elementor-element elementor-element-869aeef sc_inner_width_none sc_content_align_inherit sc_layouts_column_icons_position_left\" data-id=\"869aeef\" data-element_type=\"column\" data-e-type=\"column\">\n\t\t\t<div class=\"elementor-widget-wrap elementor-element-populated\">\n\t\t\t\t\t\t<div class=\"elementor-element elementor-element-836d419 sc_fly_static elementor-widget elementor-widget-heading\" data-id=\"836d419\" data-element_type=\"widget\" data-e-type=\"widget\" data-widget_type=\"heading.default\">\n\t\t\t\t<div class=\"elementor-widget-container\">\n\t\t\t\t\t<h2 class=\"elementor-heading-title elementor-size-default\">Ethnos. 30 anni di visioni, suoni e culture<\/h2>\t\t\t\t<\/div>\n\t\t\t\t<\/div>\n\t\t\t\t<div class=\"elementor-element elementor-element-44802ff sc_fly_static elementor-invisible elementor-widget elementor-widget-text-editor\" data-id=\"44802ff\" data-element_type=\"widget\" data-e-type=\"widget\" data-settings=\"{&quot;_animation&quot;:&quot;fadeIn&quot;}\" data-widget_type=\"text-editor.default\">\n\t\t\t\t<div class=\"elementor-widget-container\">\n\t\t\t\t\t\t\t\t\tIn 30 anni cambia il modo di vivere, di ascoltare la musica, di fruirne, ma non cambia per fortuna il rapporto che l\u2019uomo ha con le proprie emozioni. Ethnos in tre decadi ha superato i cambiamenti sociali non cambiando in nulla. \u00c8 rimasto fedele alla linea, alla sua visione politica e poetica. Non ha mai ceduto alle mode n\u00e9 le ha rincorse, anzi le ha contrastate creando una sua identit\u00e0 riconosciuta e riconoscibile che oggi lo accredita come uno dei pi\u00f9 importanti e longevi festival di musiche del mondo. Se da una parte la velocit\u00e0 con cui tutto si consuma e si divora porta continui mutamenti, dall\u2019altra parte emerge il bisogno di ritrovare le tradizioni, la lentezza della vita nel rispetto del creato e del diverso. La tecnologia ci conduce virtualmente ovunque ma \u00e8 con la cultura che si creano azioni di approfondimento, di incontri, conoscenze e ri-conoscenze.\nEthnos queste opportunit\u00e0 le ha incarnate e divulgate, \u00e8 un \u201cprogetto\u201d pi\u00f9 che un Festival che ha saputo fidelizzare un proprio pubblico con onest\u00e0 intellettuale, con una proposta artistica che parla all\u2019animo delle persone, con la disponibilit\u00e0 e la gentilezza dello staff.\t\t\t\t\t\t\t\t<\/div>\n\t\t\t\t<\/div>\n\t\t\t\t\t<\/div>\n\t\t<\/div>\n\t\t\t\t<div class=\"elementor-column elementor-col-50 elementor-top-column elementor-element elementor-element-2b515ad sc_inner_width_none sc_content_align_inherit sc_layouts_column_icons_position_left\" data-id=\"2b515ad\" data-element_type=\"column\" data-e-type=\"column\">\n\t\t\t<div class=\"elementor-widget-wrap elementor-element-populated\">\n\t\t\t\t\t\t<div class=\"elementor-element elementor-element-1c5fde5 sc_fly_static elementor-widget elementor-widget-image\" data-id=\"1c5fde5\" data-element_type=\"widget\" data-e-type=\"widget\" data-widget_type=\"image.default\">\n\t\t\t\t<div class=\"elementor-widget-container\">\n\t\t\t\t\t\t\t\t\t\t\t\t\t\t\t<img fetchpriority=\"high\" decoding=\"async\" width=\"550\" height=\"413\" src=\"https:\/\/www.festivalethnos.it\/wp-content\/uploads\/2025\/09\/gigi-di3.jpg\" class=\"attachment-large size-large wp-image-13272\" alt=\"\" srcset=\"https:\/\/www.festivalethnos.it\/wp-content\/uploads\/2025\/09\/gigi-di3.jpg 550w, https:\/\/www.festivalethnos.it\/wp-content\/uploads\/2025\/09\/gigi-di3-300x225.jpg 300w, https:\/\/www.festivalethnos.it\/wp-content\/uploads\/2025\/09\/gigi-di3-370x278.jpg 370w\" sizes=\"(max-width: 550px) 100vw, 550px\" \/>\t\t\t\t\t\t\t\t\t\t\t\t\t\t\t<\/div>\n\t\t\t\t<\/div>\n\t\t\t\t\t<\/div>\n\t\t<\/div>\n\t\t\t\t\t<\/div>\n\t\t<\/section>\n\t\t\t\t<section class=\"elementor-section elementor-top-section elementor-element elementor-element-8a84dc4 elementor-section-boxed elementor-section-height-default elementor-section-height-default\" data-id=\"8a84dc4\" data-element_type=\"section\" data-e-type=\"section\">\n\t\t\t\t\t\t<div class=\"elementor-container elementor-column-gap-extended\">\n\t\t\t\t\t<div class=\"elementor-column elementor-col-100 elementor-top-column elementor-element elementor-element-68f3b90 sc_inner_width_none sc_content_align_inherit sc_layouts_column_icons_position_left\" data-id=\"68f3b90\" data-element_type=\"column\" data-e-type=\"column\">\n\t\t\t<div class=\"elementor-widget-wrap elementor-element-populated\">\n\t\t\t\t\t\t<div class=\"elementor-element elementor-element-2656a44 sc_fly_static elementor-invisible elementor-widget elementor-widget-text-editor\" data-id=\"2656a44\" data-element_type=\"widget\" data-e-type=\"widget\" data-settings=\"{&quot;_animation&quot;:&quot;fadeIn&quot;}\" data-widget_type=\"text-editor.default\">\n\t\t\t\t<div class=\"elementor-widget-container\">\n\t\t\t\t\t\t\t\t\t<p>Il festival ha creato una comunit\u00e0 di spettatori che segue il percorso itinerante di citt\u00e0 in citt\u00e0, si affida al programma, sa che le proposte sono ricercate al di l\u00e0 del grande nome, sono \u201ccose da Ethnos \u201c. Dietro gli artisti ci sono storie belle e dolorose, a volte paesi in cui i diritti e la giustizia sociale non esistono, guerre, povert\u00e0 e la musica ha il compito di raccontare, denunciare, di contrastare. Ethnos da sempre \u00e8 schierato per la pace al fianco di artisti che hanno fatto della loro arte una resistenza in vita. Cinque sono state le tematiche in cui si pu\u00f2 racchiudere il percorso fin qui compiuto: Resistenza, Diversit\u00e0, Territorio, Comunit\u00e0, Generazioni sviluppate con una continua ricerca in se stesso, nelle identit\u00e0, nel diverso.<br \/>Abbiamo fatto un magnifico viaggio in un mondo interiore, in realt\u00e0 culturali sconosciute. \u00c8 stato un sentire pi\u00f9 che un ascoltare. Un\u2019osservare pi\u00f9 che un vedere.<\/p>\t\t\t\t\t\t\t\t<\/div>\n\t\t\t\t<\/div>\n\t\t\t\t\t<\/div>\n\t\t<\/div>\n\t\t\t\t\t<\/div>\n\t\t<\/section>\n\t\t\t\t<section class=\"elementor-section elementor-top-section elementor-element elementor-element-5d36144 elementor-section-boxed elementor-section-height-default elementor-section-height-default\" data-id=\"5d36144\" data-element_type=\"section\" data-e-type=\"section\">\n\t\t\t\t\t\t<div class=\"elementor-container elementor-column-gap-extended\">\n\t\t\t\t\t<div class=\"elementor-column elementor-col-50 elementor-top-column elementor-element elementor-element-644ea98 sc_inner_width_none sc_content_align_inherit sc_layouts_column_icons_position_left\" data-id=\"644ea98\" data-element_type=\"column\" data-e-type=\"column\">\n\t\t\t<div class=\"elementor-widget-wrap elementor-element-populated\">\n\t\t\t\t\t\t<div class=\"elementor-element elementor-element-9f19851 elementor-widget__width-initial sc_fly_static elementor-widget elementor-widget-image\" data-id=\"9f19851\" data-element_type=\"widget\" data-e-type=\"widget\" data-widget_type=\"image.default\">\n\t\t\t\t<div class=\"elementor-widget-container\">\n\t\t\t\t\t\t\t\t\t\t\t\t\t\t\t<img decoding=\"async\" width=\"1000\" height=\"667\" src=\"https:\/\/www.festivalethnos.it\/wp-content\/uploads\/2025\/09\/ethnos.png\" class=\"attachment-large size-large wp-image-13273\" alt=\"\" srcset=\"https:\/\/www.festivalethnos.it\/wp-content\/uploads\/2025\/09\/ethnos.png 1000w, https:\/\/www.festivalethnos.it\/wp-content\/uploads\/2025\/09\/ethnos-300x200.png 300w, https:\/\/www.festivalethnos.it\/wp-content\/uploads\/2025\/09\/ethnos-768x512.png 768w, https:\/\/www.festivalethnos.it\/wp-content\/uploads\/2025\/09\/ethnos-370x247.png 370w\" sizes=\"(max-width: 1000px) 100vw, 1000px\" \/>\t\t\t\t\t\t\t\t\t\t\t\t\t\t\t<\/div>\n\t\t\t\t<\/div>\n\t\t\t\t\t<\/div>\n\t\t<\/div>\n\t\t\t\t<div class=\"elementor-column elementor-col-50 elementor-top-column elementor-element elementor-element-00ddd7d sc_inner_width_none sc_content_align_inherit sc_layouts_column_icons_position_left\" data-id=\"00ddd7d\" data-element_type=\"column\" data-e-type=\"column\">\n\t\t\t<div class=\"elementor-widget-wrap elementor-element-populated\">\n\t\t\t\t\t\t<div class=\"elementor-element elementor-element-14c7b11 sc_fly_static elementor-invisible elementor-widget elementor-widget-text-editor\" data-id=\"14c7b11\" data-element_type=\"widget\" data-e-type=\"widget\" data-settings=\"{&quot;_animation&quot;:&quot;fadeIn&quot;}\" data-widget_type=\"text-editor.default\">\n\t\t\t\t<div class=\"elementor-widget-container\">\n\t\t\t\t\t\t\t\t\t<p>La trentesima edizione prevede: 20 concerti, 4 workshop, 2 conferenze\/incontri, un opening, una rassegna di cinema in 12 location per 8 citt\u00e0 che ospitano il festival. Da anni Ethnos si dedica a porre l\u2019attenzione sulla peculiarit\u00e0 dei segni espressivi, dei suoni degli artisti, sulla loro capacit\u00e0 di entrare in una comunicazione anche spirituale con il pubblico. Artisti come Ensemble Chak\u00e2m (Iran, Palestina, Francia), Rusan Filitzek (Turchia), Sarra Douik (Tunisia), Luciana Elizondo (Argentina), Mari Kalkun (Estonia), Caama\u00f1o&amp;Ameixeiras (Galizia), Ernest Reijseger &amp; Cuncordu e Tenore de Orosei (Olanda, Italia) Marcio Faraco, Hugo Aran, Marco Oliveira (Brasile, Spagna, Portogallo) con ospite Joe Barbieri, esplorano nella profondit\u00e0 di un suono, di un canto, la poesia dell\u2019anima. Saranno percorsi i sentieri della musica popolare del Sud Italia e del Mediterraneo con Davide Ambrogio, Luisa Briguglio, Hysterrae, Sangennarobar, I Trillanti, Stefano Saletti e Banda Ikona e Alkantara Mediorkestra. Un evento pensato per indagare sul \u201ccorpo\u201d come forma simbolica e rituale nella religiosit\u00e0 popolare \u00e8 quello del 13 settembre con la compagnia Movimento Danza, in Corpi in Festa, e a seguire Ambrogio Sparagna, l\u2019Orchestra Popolare Italiana con le coreografie di Mvula Sungani Phisical Dance in Corpo D\u2019amore.\u00a0<\/p>\t\t\t\t\t\t\t\t<\/div>\n\t\t\t\t<\/div>\n\t\t\t\t\t<\/div>\n\t\t<\/div>\n\t\t\t\t\t<\/div>\n\t\t<\/section>\n\t\t\t\t<section class=\"elementor-section elementor-top-section elementor-element elementor-element-c624b2d elementor-section-boxed elementor-section-height-default elementor-section-height-default\" data-id=\"c624b2d\" data-element_type=\"section\" data-e-type=\"section\">\n\t\t\t\t\t\t<div class=\"elementor-container elementor-column-gap-extended\">\n\t\t\t\t\t<div class=\"elementor-column elementor-col-100 elementor-top-column elementor-element elementor-element-e633e9c sc_inner_width_none sc_content_align_inherit sc_layouts_column_icons_position_left\" data-id=\"e633e9c\" data-element_type=\"column\" data-e-type=\"column\">\n\t\t\t<div class=\"elementor-widget-wrap elementor-element-populated\">\n\t\t\t\t\t\t<div class=\"elementor-element elementor-element-0ffda85 sc_fly_static elementor-invisible elementor-widget elementor-widget-text-editor\" data-id=\"0ffda85\" data-element_type=\"widget\" data-e-type=\"widget\" data-settings=\"{&quot;_animation&quot;:&quot;fadeIn&quot;}\" data-widget_type=\"text-editor.default\">\n\t\t\t\t<div class=\"elementor-widget-container\">\n\t\t\t\t\t\t\t\t\t<p>Ethnos, per la sua trentesima edizione torna anche alla radice ospitando il gruppo Ndima con canti e danze dei pigmei Aka del Congo, a cui \u00e8 affidato oltre allo spettacolo, un workshop di canto polifonico, di danza ed una conferenza. Non manca nel programma l\u2019aspetto del colore e del ritmo con due concerti molto attesi, quello degli ungheresi S\u00f6nd\u00f6rg\u0151 e dei ghanesi Santrofi.<\/p><p><strong>Gigi Di Luca<\/strong><br \/><em>Direttore Artistico Festival Ethnos<\/em><\/p>\t\t\t\t\t\t\t\t<\/div>\n\t\t\t\t<\/div>\n\t\t\t\t\t<\/div>\n\t\t<\/div>\n\t\t\t\t\t<\/div>\n\t\t<\/section>\n\t\t\t\t<\/div>\n\t\t","protected":false},"excerpt":{"rendered":"<p>Ethnos. 30 anni di visioni, suoni e culture In 30 anni cambia il modo di vivere, di ascoltare la musica, di fruirne, ma non cambia per fortuna il rapporto che l\u2019uomo ha con le proprie emozioni. Ethnos in tre decadi ha superato i cambiamenti sociali non cambiando in nulla. \u00c8 rimasto fedele alla linea, alla&hellip;<\/p>\n","protected":false},"author":1,"featured_media":0,"parent":0,"menu_order":0,"comment_status":"closed","ping_status":"closed","template":"","meta":{"footnotes":""},"class_list":["post-13267","page","type-page","status-publish","hentry"],"_links":{"self":[{"href":"https:\/\/www.festivalethnos.it\/index.php?rest_route=\/wp\/v2\/pages\/13267","targetHints":{"allow":["GET"]}}],"collection":[{"href":"https:\/\/www.festivalethnos.it\/index.php?rest_route=\/wp\/v2\/pages"}],"about":[{"href":"https:\/\/www.festivalethnos.it\/index.php?rest_route=\/wp\/v2\/types\/page"}],"author":[{"embeddable":true,"href":"https:\/\/www.festivalethnos.it\/index.php?rest_route=\/wp\/v2\/users\/1"}],"replies":[{"embeddable":true,"href":"https:\/\/www.festivalethnos.it\/index.php?rest_route=%2Fwp%2Fv2%2Fcomments&post=13267"}],"version-history":[{"count":38,"href":"https:\/\/www.festivalethnos.it\/index.php?rest_route=\/wp\/v2\/pages\/13267\/revisions"}],"predecessor-version":[{"id":13336,"href":"https:\/\/www.festivalethnos.it\/index.php?rest_route=\/wp\/v2\/pages\/13267\/revisions\/13336"}],"wp:attachment":[{"href":"https:\/\/www.festivalethnos.it\/index.php?rest_route=%2Fwp%2Fv2%2Fmedia&parent=13267"}],"curies":[{"name":"wp","href":"https:\/\/api.w.org\/{rel}","templated":true}]}}