{"id":5275,"date":"2017-09-07T09:56:47","date_gmt":"2017-09-07T07:56:47","guid":{"rendered":"http:\/\/www.festivalethnos.it\/?page_id=5275"},"modified":"2025-07-05T11:35:00","modified_gmt":"2025-07-05T09:35:00","slug":"programma-2019-ok","status":"publish","type":"page","link":"https:\/\/www.festivalethnos.it\/?page_id=5275","title":{"rendered":"Programma 2019"},"content":{"rendered":"<p><img fetchpriority=\"high\" decoding=\"async\" class=\"alignnone wp-image-7064 size-full\" src=\"http:\/\/www.festivalethnos.it\/wp-content\/uploads\/2019\/09\/barra-lunga-PROGRAMMA.jpg\" alt=\"\" width=\"950\" height=\"107\" srcset=\"https:\/\/www.festivalethnos.it\/wp-content\/uploads\/2019\/09\/barra-lunga-PROGRAMMA.jpg 950w, https:\/\/www.festivalethnos.it\/wp-content\/uploads\/2019\/09\/barra-lunga-PROGRAMMA-300x34.jpg 300w, https:\/\/www.festivalethnos.it\/wp-content\/uploads\/2019\/09\/barra-lunga-PROGRAMMA-768x87.jpg 768w, https:\/\/www.festivalethnos.it\/wp-content\/uploads\/2019\/09\/barra-lunga-PROGRAMMA-690x78.jpg 690w, https:\/\/www.festivalethnos.it\/wp-content\/uploads\/2019\/09\/barra-lunga-PROGRAMMA-720x81.jpg 720w\" sizes=\"(max-width: 950px) 100vw, 950px\" \/><\/p>\n<h4>SABATO 14 SETTEMBRE<br \/>\n<span style=\"color: #f9a020;\">SAN GIORGIO A CREMANO (NA)<\/span><\/h4>\n<h3><a href=\"http:\/\/www.festivalethnos.it\/?page_id=6960\">concerto di Chicuelo <\/a><\/h3>\n<p><strong>Villa Vannucchi &#8211; Via Roma, 47<\/strong><br \/>\nore 20.30 Serata inaugurale<\/p>\n<p>Ingresso gratuito fino ad esaurimento posti.<\/p>\n<h4>DOMENICA 15 SETTEMBRE<br \/>\n<span style=\"color: #f9a020;\">BOSCOTRECASE (NA)<\/span><\/h4>\n<h3><a href=\"http:\/\/www.festivalethnos.it\/?page_id=6979\">concerto di Ars Nova Napoli <\/a><\/h3>\n<p><strong>Piazza Annunziatella, 5,<\/strong><br \/>\nore 20.30<\/p>\n<p>Ingresso gratuito fino ad esaurimento posti.<\/p>\n<h4>GIOVEDI 19 SETTEMBRE<br \/>\n<span style=\"color: #f9a020;\">GRUMO NEVANO (NA)<\/span><\/h4>\n<h3><a href=\"http:\/\/www.festivalethnos.it\/?page_id=6985\">concerto di Hasa-Mazzotta<\/a><\/h3>\n<p><strong>Giardino di Palazzo Landolfo<\/strong>, corso Domenico Cirillo, 16<br \/>\nore 20.30<\/p>\n<p>Ingresso gratuito fino ad esaurimento posti.<\/p>\n<h4>VENERDI 20 SETTEMBRE<br \/>\n<span style=\"color: #f9a020;\">VOLLA (NA)<\/span><\/h4>\n<h3><a href=\"http:\/\/www.festivalethnos.it\/?page_id=7013\">Workshop \u2018Danze del Sud\u2019<\/a><\/h3>\n<p><strong>Teatro della Scuola De Sica<\/strong>, via Monteliveto, 1<br \/>\n<em>a cura di Alessia Tudda<\/em><br \/>\nore 18:30<\/p>\n<p>&nbsp;<\/p>\n<h3><a href=\"http:\/\/www.festivalethnos.it\/?page_id=6989\">Concerto di Rione Junno<\/a><\/h3>\n<p><strong>Ex Masseria De Carolis, Via De Carolis<\/strong><br \/>\nore 20:30<\/p>\n<p>Ingresso gratuito fino ad esaurimento posti.<\/p>\n<h4>SABATO 21 SETTEMBRE<br \/>\n<span style=\"color: #f9a020;\">CERCOLA (NA)<\/span><\/h4>\n<h4><a href=\"http:\/\/www.festivalethnos.it\/?page_id=7021\">Itinerario naturalistico \u201cAlla ricerca dell\u2019acqua perduta sulla Montagna di fuoco<\/a><\/h4>\n<p><b>Dal Santuario di Santa Maria al Castello alle Gavete (Monte Somma) con la guida naturalistica Umberto Saetta <\/b><\/p>\n<h4><a href=\"http:\/\/www.festivalethnos.it\/?page_id=7021\">Itinerari di enogastronomia culturale: \u201cLa Terra si racconta\u201d<\/a><\/h4>\n<p><b>Incontro con due contadini vesuviani Libera Feola e Franco Mosca; visita alla cantina e degustazione.<\/b><\/p>\n<p>Esterno del Santuario di Santa Maria al Castello, via Santa Maria Grazie a Castello \u2013 80049 \u2013 Somma Vesuviana (NA)<br \/>\nore 15.00<\/p>\n<p>Modalit\u00e0 di partecipazione: La prenotazione \u00e8 obbligatoria e pu\u00f2 essere effettuata solo tramite mail all\u2019indirizzo <a href=\"mailto:prenotazioniethnos@gmail.com\">prenotazioniethnos@gmail.com<\/a><\/p>\n<h3><a href=\"hhttp:\/\/www.festivalethnos.it\/?page_id=6991\">Concerto di Surealistas<\/a><\/h3>\n<p><strong>Piazza Libert\u00e0<\/strong><br \/>\nore 20:30<\/p>\n<p>Ingresso gratuito fino ad esaurimento posti.<\/p>\n<h4>DOMENICA 20 SETTEMBRE<br \/>\n<span style=\"color: #f9a020;\"> TORRE ANNUNZIATA (NA)<\/span><\/h4>\n<h4><a href=\"http:\/\/www.festivalethnos.it\/?page_id=7033\">Visita guidata agli Scavi di Oplonti<\/a><\/h4>\n<p><em>A cura di Archeoclub <\/em><br \/>\n<strong>Via dei Sepolcri<\/strong><br \/>\nore 11:00<\/p>\n<p>&nbsp;<\/p>\n<h4>MARTEDI 22 SETTEMBRE<\/h4>\n<h4><span style=\"color: #f9a020;\"> BACOLI (NA)<\/span><\/h4>\n<h3><a>concerto di CESARE DELL\u2019ANNA E OPA CUPA<\/a><\/h3>\n<p><strong>Parco di Villa Ferretti<\/strong>, via Castello, 14<br \/>\nore 20.30<\/p>\n<p>Ingresso gratuito fino ad esaurimento posti.<\/p>\n<h4>GIOVEDI 26 SETTEMBRE<br \/>\n<span style=\"color: #f9a020;\">TORRE ANNUNZIATA<\/span><\/h4>\n<h4><a href=\"http:\/\/www.festivalethnos.it\/?page_id=7036\">&#8220;Navigando sulle rotte&#8221; dal Mediterraneo all&#8217;Oriente &#8211; Workshop di ritmi, danze e strumenti <\/a><\/h4>\n<p><em>A cura di con il Caf\u00e8 Loti <\/em><br \/>\n<strong>Sale del Liceo statale Pitagora &#8211; B.Croce, <\/strong>corso Umberto I<br \/>\nore 16:00<\/p>\n<p>Modalit\u00e0 di partecipazione: la partecipazione \u00e8 gratuita. E\u2019 gradita la prenotazione via mail all\u2019indirizzo <a href=\"mailto:prenotazioniethnos@gmail.com\">prenotazioniethnos@gmail.com <\/a><\/p>\n<h3><a href=\"http:\/\/www.festivalethnos.it\/?page_id=6998\">Concerto di Caf\u00e8 Loti<\/a><\/h3>\n<p><strong>Villa Parnaso, <\/strong><br \/>\nAccesso inferiore: via Litoranea Marconi, 12<br \/>\nAccesso superiore: corso Umberto I<br \/>\nore 20.30<\/p>\n<p>Ingresso gratuito fino ad esaurimento posti.<\/p>\n<p>&nbsp;<\/p>\n<h4>VENERDI 27 SETTEMBRE<br \/>\n<span style=\"color: #f9a020;\">San Giorgio a Cremano (NA)<\/span><\/h4>\n<h3><a href=\"http:\/\/www.festivalethnos.it\/?page_id=7000\">concerto di Lucia de Carvalho Trio<\/a><\/h3>\n<p><strong>Villa Vannucchi &#8211; Via Roma, 47<\/strong><br \/>\nore 20.30<\/p>\n<p>Ingresso gratuito fino ad esaurimento posti.<\/p>\n<h4>Sabato 28 SETTEMBRE<br \/>\n<span style=\"color: #f9a020;\">Parco Nazionale del Vesuvio<\/span><\/h4>\n<h4><a href=\"http:\/\/www.festivalethnos.it\/?page_id=7038\">\u201cTerra Nera\u201d &#8211; Workshop di fotografia<\/a><\/h4>\n<p>ore 9.30 &#8211; 14.30 (2 gruppi)<\/p>\n<p>Modalit\u00e0 di partecipazione: la partecipazione \u00e8 gratuita. E\u2019 gradita la prenotazione via mail all\u2019indirizzo <a href=\"mailto:prenotazioniethnos@gmail.com\">prenotazioniethnos@gmail.com<\/a><\/p>\n<p>&nbsp;<\/p>\n<h2><span style=\"color: #f9a020;\">Massa Lubrense<\/span><\/h2>\n<h4><a href=\"http:\/\/www.festivalethnos.it\/?page_id=7041\">&#8220;Itinerario culturale-naturalistico \u201cPasseggiando tra uliveti\u201d<\/a><\/h4>\n<p><em>A cura di Pro Loco Due Golfi<\/em><\/p>\n<p>ore 16.00<br \/>\nModalit\u00e0 di partecipazione: la partecipazione \u00e8 gratuita. E\u2019 consigliata la prenotazione tramite mail a prenotazioniethnos@gmail.com<\/p>\n<p>Per informazioni: Pro Loco Due Golfi \u2013 tel. 081\/5330135 Cell. 3337377225 \u2013 3388473549<\/p>\n<h3><a href=\"hhttp:\/\/www.festivalethnos.it\/?page_id=7002\">concerto di DUO BOTTASSO E SIMONE SIMS LONGO<\/a><\/h3>\n<p><strong>Belvedere de l\u2019Annunziata, <\/strong>Via Gioacchino Murat<br \/>\nore 18.00<\/p>\n<p>Ingresso gratuito fino ad esaurimento posti.<\/p>\n<p>[divider_line]<\/p>\n<p>[divider_line]<\/p>\n<h2>domenica 29 SETTEMBRE<br \/>\n<span style=\"color: #f9a020;\">SAN GIORGIO A CREMANO (NA)<\/span><\/h2>\n<h4><a href=\"http:\/\/www.festivalethnos.it\/?page_id=7004\">premio ethnos a teresa de sio <\/a><\/h4>\n<p><strong>Villa Bruno<\/strong>, via Cavalli di Bronzo, 22<br \/>\nore 18.15<\/p>\n<h3><a href=\"http:\/\/www.festivalethnos.it\/?page_id=7004\">Concerto di Teresa De Sio <\/a><\/h3>\n<p><strong>Villa Vannucchi<\/strong>, via Roma, 47<br \/>\nore 20.30<br \/>\nApertura cancelli ore 20.15<\/p>\n<p>Ingresso gratuito fino ad esaurimento posti.<\/p>\n<p><img decoding=\"async\" class=\"alignnone size-full wp-image-3579\" src=\"http:\/\/www.festivalethnos.it\/wp-content\/uploads\/2019\/09\/sponsor-footer2.png\" alt=\"sponsor-completo-home\" width=\"966\" height=\"130\" \/><\/p>\n","protected":false},"excerpt":{"rendered":"<p>SABATO 14 SETTEMBRE SAN GIORGIO A CREMANO (NA) concerto di Chicuelo Villa Vannucchi &#8211; Via Roma, 47 ore 20.30 Serata inaugurale Ingresso gratuito fino ad esaurimento posti. DOMENICA 15 SETTEMBRE BOSCOTRECASE (NA) concerto di Ars Nova Napoli Piazza Annunziatella, 5, ore 20.30 Ingresso gratuito fino ad esaurimento posti. GIOVEDI 19 SETTEMBRE GRUMO NEVANO (NA) concerto&hellip;<\/p>\n","protected":false},"author":1,"featured_media":0,"parent":0,"menu_order":0,"comment_status":"closed","ping_status":"closed","template":"","meta":{"footnotes":""},"class_list":["post-5275","page","type-page","status-publish","hentry"],"_links":{"self":[{"href":"https:\/\/www.festivalethnos.it\/index.php?rest_route=\/wp\/v2\/pages\/5275","targetHints":{"allow":["GET"]}}],"collection":[{"href":"https:\/\/www.festivalethnos.it\/index.php?rest_route=\/wp\/v2\/pages"}],"about":[{"href":"https:\/\/www.festivalethnos.it\/index.php?rest_route=\/wp\/v2\/types\/page"}],"author":[{"embeddable":true,"href":"https:\/\/www.festivalethnos.it\/index.php?rest_route=\/wp\/v2\/users\/1"}],"replies":[{"embeddable":true,"href":"https:\/\/www.festivalethnos.it\/index.php?rest_route=%2Fwp%2Fv2%2Fcomments&post=5275"}],"version-history":[{"count":161,"href":"https:\/\/www.festivalethnos.it\/index.php?rest_route=\/wp\/v2\/pages\/5275\/revisions"}],"predecessor-version":[{"id":11701,"href":"https:\/\/www.festivalethnos.it\/index.php?rest_route=\/wp\/v2\/pages\/5275\/revisions\/11701"}],"wp:attachment":[{"href":"https:\/\/www.festivalethnos.it\/index.php?rest_route=%2Fwp%2Fv2%2Fmedia&parent=5275"}],"curies":[{"name":"wp","href":"https:\/\/api.w.org\/{rel}","templated":true}]}}