{"id":8057,"date":"2021-09-01T12:00:50","date_gmt":"2021-09-01T10:00:50","guid":{"rendered":"https:\/\/www.festivalethnos.it\/?page_id=8057"},"modified":"2021-09-02T18:12:53","modified_gmt":"2021-09-02T16:12:53","slug":"11-settembre-2021","status":"publish","type":"page","link":"https:\/\/www.festivalethnos.it\/?page_id=8057","title":{"rendered":"11 Settembre 2021"},"content":{"rendered":"<p><img fetchpriority=\"high\" decoding=\"async\" class=\"alignnone wp-image-7650 size-full\" src=\"https:\/\/www.festivalethnos.it\/wp-content\/uploads\/2021\/09\/ethnos-11.jpg\" alt=\"\" width=\"950\" height=\"400\" \/><\/p>\n<h2>SABATO 11 SETTEMBRE<br \/>\n<span style=\"color: #d03742;\">SAN GIORGIO A CREMANO<\/span><\/h2>\n<p><b>Villa Vannucchi<\/b><br \/>\nCorso Roma, 47<br \/>\nore 20.00<br \/>\nBiglietto: 5 euro<\/p>\n<h2><span style=\"color: #d03742;\">ETHNOS GENERAZIONI<\/span><\/h2>\n<h3>Finale contest under 35 &#8211; Sezioni Musica e Cinema<\/h3>\n<h2>Finalisti Categoria Musica<\/h2>\n<p><strong>Yaraka<\/strong><br \/>\nYar\u00e1k\u00e4 \u00e8 un progetto nato nel 2015 propone un percorso principalmente radicato nella tradizione afro-brasiliana e sudamericana, un lavoro di ricerca attento ad esaltare la componente multietnica che funge da catalizzatore con le sonorit\u00e0 Mediterranee e del Sud Italia.<\/p>\n<p>Line up:<br \/>\nVirginia Pavone ( voce, percussioni )<br \/>\nMarco La corte ( flauto, voce e percussioni)<br \/>\nGianni Sciambarruto ( chitarra, voce e berimbau)<br \/>\nMirko Sciambarruto ( violoncelllo )<br \/>\nLuca Basile ( violoncello )<\/p>\n<p><img decoding=\"async\" class=\"alignnone wp-image-8242 size-large\" src=\"https:\/\/www.festivalethnos.it\/wp-content\/uploads\/2021\/09\/Yar\u00e1k\u00e4-690x460.jpg\" alt=\"\" width=\"690\" height=\"460\" srcset=\"https:\/\/www.festivalethnos.it\/wp-content\/uploads\/2021\/09\/Yar\u00e1k\u00e4-690x460.jpg 690w, https:\/\/www.festivalethnos.it\/wp-content\/uploads\/2021\/09\/Yar\u00e1k\u00e4-300x200.jpg 300w, https:\/\/www.festivalethnos.it\/wp-content\/uploads\/2021\/09\/Yar\u00e1k\u00e4-768x512.jpg 768w, https:\/\/www.festivalethnos.it\/wp-content\/uploads\/2021\/09\/Yar\u00e1k\u00e4-1536x1024.jpg 1536w, https:\/\/www.festivalethnos.it\/wp-content\/uploads\/2021\/09\/Yar\u00e1k\u00e4-720x480.jpg 720w, https:\/\/www.festivalethnos.it\/wp-content\/uploads\/2021\/09\/Yar\u00e1k\u00e4-272x182.jpg 272w, https:\/\/www.festivalethnos.it\/wp-content\/uploads\/2021\/09\/Yar\u00e1k\u00e4.jpg 2048w\" sizes=\"(max-width: 690px) 100vw, 690px\" \/><\/p>\n<hr \/>\n<p>&nbsp;<\/p>\n<p><strong>Tangram<\/strong><br \/>\nTangram \u00e8 un rompicapo cinese che consiste in sette forme geometriche da assemblare a piacimento creando ogni volta figure diverse. Cos\u00ec provano a fare i due fratelli romani con la loro musica ibrida che unisce tradizione e ricerca.<\/p>\n<p>Line up:<br \/>\nLisa Damascelli (oud, voce)<br \/>\nDaniel Damascelli\u00a0(kora, voce)<\/p>\n<p><img decoding=\"async\" class=\"alignnone wp-image-8243 size-large\" src=\"https:\/\/www.festivalethnos.it\/wp-content\/uploads\/2021\/09\/Tangram-marotta-1200x630-1-690x362.jpg\" alt=\"\" width=\"690\" height=\"362\" srcset=\"https:\/\/www.festivalethnos.it\/wp-content\/uploads\/2021\/09\/Tangram-marotta-1200x630-1-690x362.jpg 690w, https:\/\/www.festivalethnos.it\/wp-content\/uploads\/2021\/09\/Tangram-marotta-1200x630-1-300x158.jpg 300w, https:\/\/www.festivalethnos.it\/wp-content\/uploads\/2021\/09\/Tangram-marotta-1200x630-1-768x403.jpg 768w, https:\/\/www.festivalethnos.it\/wp-content\/uploads\/2021\/09\/Tangram-marotta-1200x630-1-720x378.jpg 720w, https:\/\/www.festivalethnos.it\/wp-content\/uploads\/2021\/09\/Tangram-marotta-1200x630-1.jpg 1200w\" sizes=\"(max-width: 690px) 100vw, 690px\" \/><\/p>\n<hr \/>\n<p>&nbsp;<\/p>\n<p><strong>Giovanni Chirico <\/strong><br \/>\nGiovanni Chirico, 1990, \u00e8 un sassofonista pugliese, I suoi interessi verso diversi generi musicali lo hanno portato ad intraprendere diverse strade artistiche, ma anche a fare musica in una maniera molto personalizzata cercando di esprimere al meglio la propria personalit\u00e0.<\/p>\n<p>Line up:<br \/>\nGiovanni Chirico (sax baritono)<br \/>\nNicol\u00f2 Gambino (chitarra elettrica)<br \/>\nDavide Chiarelli (batteria)<\/p>\n<p><img loading=\"lazy\" decoding=\"async\" class=\"alignnone wp-image-8244 size-large\" src=\"https:\/\/www.festivalethnos.it\/wp-content\/uploads\/2021\/09\/Giovanni-Chirico-con-Davide-Chiarelli-e-Donato-Quarto-min-2-690x388.jpg\" alt=\"\" width=\"690\" height=\"388\" srcset=\"https:\/\/www.festivalethnos.it\/wp-content\/uploads\/2021\/09\/Giovanni-Chirico-con-Davide-Chiarelli-e-Donato-Quarto-min-2-690x388.jpg 690w, https:\/\/www.festivalethnos.it\/wp-content\/uploads\/2021\/09\/Giovanni-Chirico-con-Davide-Chiarelli-e-Donato-Quarto-min-2-300x169.jpg 300w, https:\/\/www.festivalethnos.it\/wp-content\/uploads\/2021\/09\/Giovanni-Chirico-con-Davide-Chiarelli-e-Donato-Quarto-min-2-768x432.jpg 768w, https:\/\/www.festivalethnos.it\/wp-content\/uploads\/2021\/09\/Giovanni-Chirico-con-Davide-Chiarelli-e-Donato-Quarto-min-2-720x405.jpg 720w, https:\/\/www.festivalethnos.it\/wp-content\/uploads\/2021\/09\/Giovanni-Chirico-con-Davide-Chiarelli-e-Donato-Quarto-min-2.jpg 1000w\" sizes=\"(max-width: 690px) 100vw, 690px\" \/><\/p>\n<hr \/>\n<p>&nbsp;<\/p>\n<p><strong>Cico Messina<\/strong><br \/>\nE&#8217; stato co-fondatore di varie band Worldmusic (SuRealistas). Nel 2020 ha pubblicato il suo primo lavoro da solista &#8220;Nura&#8221; scritto in lingua siciliana che ha attirato un buon consenso di critica.<\/p>\n<p>Line up:<br \/>\nDario Salerno (Chitarra)<br \/>\nJoe Santoro (Batteria)<br \/>\nSade Mangiaracina (piano)<\/p>\n<p><img loading=\"lazy\" decoding=\"async\" class=\"alignnone wp-image-8245 size-large\" src=\"https:\/\/www.festivalethnos.it\/wp-content\/uploads\/2021\/09\/Cico_0139-scaled-1-690x460.jpg\" alt=\"\" width=\"690\" height=\"460\" srcset=\"https:\/\/www.festivalethnos.it\/wp-content\/uploads\/2021\/09\/Cico_0139-scaled-1-690x460.jpg 690w, https:\/\/www.festivalethnos.it\/wp-content\/uploads\/2021\/09\/Cico_0139-scaled-1-300x200.jpg 300w, https:\/\/www.festivalethnos.it\/wp-content\/uploads\/2021\/09\/Cico_0139-scaled-1-768x512.jpg 768w, https:\/\/www.festivalethnos.it\/wp-content\/uploads\/2021\/09\/Cico_0139-scaled-1-1536x1024.jpg 1536w, https:\/\/www.festivalethnos.it\/wp-content\/uploads\/2021\/09\/Cico_0139-scaled-1-2048x1366.jpg 2048w, https:\/\/www.festivalethnos.it\/wp-content\/uploads\/2021\/09\/Cico_0139-scaled-1-720x480.jpg 720w, https:\/\/www.festivalethnos.it\/wp-content\/uploads\/2021\/09\/Cico_0139-scaled-1-272x182.jpg 272w\" sizes=\"(max-width: 690px) 100vw, 690px\" \/><\/p>\n<hr \/>\n<p>&nbsp;<\/p>\n<p><strong>Alessandro Santacaterina<\/strong><br \/>\nAlessandro Santacaterina, \u00e8 un chitarrista e compositore Calabrese. \u00c8 riconosciuto dalla critica come uno dei pi\u00f9 originali innovatori della chitarra battente all\u2019interno dell\u2019ambito della musica sperimentale.<\/p>\n<p>Line up:<br \/>\nAlessandro Santacaterina(chitarra battente, lap still guitar, pedaliera bossrc300, ebow, ventola da computer, arco da lira calabrese)<\/p>\n<p><img loading=\"lazy\" decoding=\"async\" class=\"alignnone wp-image-8246 size-large\" src=\"https:\/\/www.festivalethnos.it\/wp-content\/uploads\/2021\/09\/46160153_1176369395845725_7676166538700783616_n-690x455.jpg\" alt=\"\" width=\"690\" height=\"455\" srcset=\"https:\/\/www.festivalethnos.it\/wp-content\/uploads\/2021\/09\/46160153_1176369395845725_7676166538700783616_n-690x455.jpg 690w, https:\/\/www.festivalethnos.it\/wp-content\/uploads\/2021\/09\/46160153_1176369395845725_7676166538700783616_n-300x198.jpg 300w, https:\/\/www.festivalethnos.it\/wp-content\/uploads\/2021\/09\/46160153_1176369395845725_7676166538700783616_n-768x506.jpg 768w, https:\/\/www.festivalethnos.it\/wp-content\/uploads\/2021\/09\/46160153_1176369395845725_7676166538700783616_n-1536x1012.jpg 1536w, https:\/\/www.festivalethnos.it\/wp-content\/uploads\/2021\/09\/46160153_1176369395845725_7676166538700783616_n-720x474.jpg 720w, https:\/\/www.festivalethnos.it\/wp-content\/uploads\/2021\/09\/46160153_1176369395845725_7676166538700783616_n.jpg 2000w\" sizes=\"(max-width: 690px) 100vw, 690px\" \/><\/p>\n<p>&nbsp;<\/p>\n<hr \/>\n<hr \/>\n<h2><\/h2>\n<h2>Finalisti Categoria Cinema<\/h2>\n<p><strong>\u201cCuba en la Telara\u00f1a. L&#8217;arrivo di Internet nell&#8217;isola\u201d <\/strong><br \/>\ndi Lavinia Tomasoli e Pietro Traversa<\/p>\n<p><img loading=\"lazy\" decoding=\"async\" class=\"alignnone wp-image-8262 size-large\" src=\"https:\/\/www.festivalethnos.it\/wp-content\/uploads\/2021\/09\/cuba-690x518.jpeg\" alt=\"\" width=\"690\" height=\"518\" srcset=\"https:\/\/www.festivalethnos.it\/wp-content\/uploads\/2021\/09\/cuba-690x518.jpeg 690w, https:\/\/www.festivalethnos.it\/wp-content\/uploads\/2021\/09\/cuba-300x225.jpeg 300w, https:\/\/www.festivalethnos.it\/wp-content\/uploads\/2021\/09\/cuba-768x576.jpeg 768w, https:\/\/www.festivalethnos.it\/wp-content\/uploads\/2021\/09\/cuba-280x210.jpeg 280w, https:\/\/www.festivalethnos.it\/wp-content\/uploads\/2021\/09\/cuba-720x540.jpeg 720w, https:\/\/www.festivalethnos.it\/wp-content\/uploads\/2021\/09\/cuba.jpeg 960w\" sizes=\"(max-width: 690px) 100vw, 690px\" \/><\/p>\n<hr \/>\n<p>&nbsp;<\/p>\n<p><strong>\u201c113\/2018\u201d<br \/>\n<\/strong>di Davide Marchesi<\/p>\n<p><img loading=\"lazy\" decoding=\"async\" class=\"alignnone wp-image-8260 size-large\" src=\"https:\/\/www.festivalethnos.it\/wp-content\/uploads\/2021\/09\/marchesi-690x388.jpg\" alt=\"\" width=\"690\" height=\"388\" srcset=\"https:\/\/www.festivalethnos.it\/wp-content\/uploads\/2021\/09\/marchesi-690x388.jpg 690w, https:\/\/www.festivalethnos.it\/wp-content\/uploads\/2021\/09\/marchesi-300x169.jpg 300w, https:\/\/www.festivalethnos.it\/wp-content\/uploads\/2021\/09\/marchesi-768x432.jpg 768w, https:\/\/www.festivalethnos.it\/wp-content\/uploads\/2021\/09\/marchesi-720x405.jpg 720w, https:\/\/www.festivalethnos.it\/wp-content\/uploads\/2021\/09\/marchesi.jpg 1280w\" sizes=\"(max-width: 690px) 100vw, 690px\" \/><\/p>\n<hr \/>\n<p>&nbsp;<\/p>\n<p><strong>\u201cC\u2019\u00e8 di mezzo il mare\u201d <\/strong><br \/>\ndi Domenico Davide Angiuli<\/p>\n<p><img loading=\"lazy\" decoding=\"async\" class=\"alignnone size-full wp-image-8261\" src=\"https:\/\/www.festivalethnos.it\/wp-content\/uploads\/2021\/09\/mare.jpg\" alt=\"\" width=\"672\" height=\"453\" srcset=\"https:\/\/www.festivalethnos.it\/wp-content\/uploads\/2021\/09\/mare.jpg 672w, https:\/\/www.festivalethnos.it\/wp-content\/uploads\/2021\/09\/mare-300x202.jpg 300w, https:\/\/www.festivalethnos.it\/wp-content\/uploads\/2021\/09\/mare-272x182.jpg 272w\" sizes=\"(max-width: 672px) 100vw, 672px\" \/><\/p>\n<p>&nbsp;<\/p>\n<p>&nbsp;<\/p>\n<hr \/>\n<p><strong>\u00a0<\/strong><\/p>\n<h3 style=\"color: red;\"><a href=\"https:\/\/www.azzurroservice.net\/biglietti\/ethnos-generazioni\/#.YS4VU44zaUk\" target=\"_blank\" rel=\"noopener noreferrer\">Biglietto acquistabile qui<\/a><\/h3>\n<p>&nbsp;<\/p>\n<hr \/>\n<p>l&#8217;utilizzo della mascherina \u00e8 obbligatorio per tutta la durata dell&#8217;evento, compreso all&#8217;ingresso e all&#8217;uscita di ogni spettacolo.<br \/>\nI posti a sedere prevedono un distanziamento minimo tra uno spettatore e l\u2019altro di almeno 1 metro, frontalmente e lateralmente.<\/p>\n<hr \/>\n<h4><\/h4>\n<p>&nbsp;<\/p>\n<h4>Villa Vannucchi<\/h4>\n<p>Villa Vannucchi \u00e8 una delle tante ville monumentali del Miglio d&#8217;Oro, sita nel comune di San Giorgio a Cremano in corso Roma.<br \/>\nStoria. La villa fu voluta da Giacomo d\u2019Aquino di Caramanico (esponente della famiglia D&#8217;Aquino e gentiluomo di camera del sovrano del Regno delle Due Sicilie Carlo di Borbone), il quale acquist\u00f2 nel 1755 alcune propriet\u00e0 dei discendenti di Giovanni Battista Imparato, della storica famiglia omonima. Tali propriet\u00e0 consistevano in due complessi edilizi (una casa palaziata e un casino alla romana) e una masseria di quattordici moggi (47.108,04 metri quadrati circa di terreno) con bosco. Alla met\u00e0 del XIX secolo la villa fu venduta ai Van den Henvel e poi, nel 1912, alla famiglia Vannucchi. L&#8217;immobile fu gravemente danneggiato dal sisma del 1980, tanto che fu necessario costruire numerose centine a supporto degli archi di tutta la struttura. Durante questo periodo parte dei giardini venne occupato abusivamente e destinato alla coltivazione di ortaggi per opera di privati. Acquisita al patrimonio del comune di San Giorgio a Cremano, \u00e8 stata a lungo interessata da estesi lavori di restauro, che sono terminati nel 2006. Tre anni dopo \u00e8 stato ultimato anche il riassetto del parco, riportato agli antichi splendori grazie ad un rifacimento che si \u00e8 ispirato alla mappa settecentesca. Oltre ad essere teatro di rassegne culturali, la villa \u00e8 nota al pubblico per essere apparsa nelle scene iniziali del film Ricomincio da tre, dove Lello Arena chiama a squarciagola Massimo Troisi.<\/p>\n<p>La dimora \u00e8 una delle pi\u00f9 imponenti della zona vesuviana, come dimostra il prospetto firmato da Donnamaria che prevede, in alternanza alle lesene corinzie, un doppio ordine di balconi dotati di ringhiere in ferro battuto e timpani curvi posti senza ornamenti davanti alle finestre del piano nobile. Completano il progetto architettonico della dimora la cappella dedicata all&#8217;Immacolata, una sagrestia, una sala della musica e una ex scuderia adibita a teatro. Il progetto per la nuova villa fu commissionato ad Antonio Donnamaria, un architetto di scuola vaccariana, che realizz\u00f2 il prospetto su strada con una ritmata partitura di lesene giganti in stucco. L&#8217;interno \u00e8 caratterizzato da decorazioni in stucco rococ\u00f2. Il prospetto posteriore, che si apre sul magnifico giardino all&#8217;italiana progettato da Pompeo Schiantarelli nel 1783, \u00e8 costituito da una serie di arcate, logge e porticati. Il giardino all&#8217;italiana di Schiantarelli, la cui vastit\u00e0 \u00e8 pari al bosco di Portici, \u00e8 caratterizzato, come si legge anche nella pianta Carafa, da un lungo viale che parte da una quinta ad esedra posta in fondo al cortile e giunge ad una fontana monumentale posta al centro e formata da quattro vasche laterali disposte simmetricamente in diagonale. Da qui si dipanano a &#8220;raggiera&#8221; quattordici viali che tagliano il giardino per esteso fino al limite della propriet\u00e0. Nel giardino sono conservati ancora oggi esemplari di alberi di canfora, pini, lecci, palme, magnolie, datteri, cedri, mimose e albicocchi. La villa, denominata pure &#8220;Villa e delizie dei d&#8217;Aquino detti di Caramanico&#8221; divenne un luogo di riferimento per la nobilt\u00e0 napoletana ai tempi di Gioacchino Murat. Fu in questo periodo, infatti, che la dimora conobbe il suo maggiore splendore grazie alle feste e ai ricevimenti che il principe d&#8217;Aquino offriva agli ospiti sotto la direzione della moglie Teresa Lembo.<\/p>\n<p><img loading=\"lazy\" decoding=\"async\" class=\"alignnone wp-image-7662 size-full\" src=\"https:\/\/www.festivalethnos.it\/wp-content\/uploads\/2020\/09\/villa-vannucchi.jpg\" alt=\"\" width=\"926\" height=\"459\" \/><\/p>\n<p>[one_third]<\/p>\n<p>&nbsp;<\/p>\n<p>[\/one_third]<\/p>\n<p>&nbsp;<\/p>\n<p>[toggle title=&#8221;Mappa concerto&#8221;]<br \/>\n<iframe style=\"border: 0;\" tabindex=\"0\" src=\"https:\/\/www.google.com\/maps\/embed?pb=!1m14!1m8!1m3!1d12075.557971004298!2d14.3366175!3d40.8303909!3m2!1i1024!2i768!4f13.1!3m3!1m2!1s0x0%3A0x3ea4cce3bf23113e!2sVilla%20Vannucchi!5e0!3m2!1sit!2sit!4v1600942354363!5m2!1sit!2sit\" width=\"600\" height=\"450\" frameborder=\"0\" allowfullscreen=\"allowfullscreen\" aria-hidden=\"false\" data-mce-fragment=\"1\"><\/iframe><br \/>\n[\/toggle]<\/p>\n<p><img loading=\"lazy\" decoding=\"async\" class=\"alignnone wp-image-7627 size-full\" src=\"https:\/\/www.festivalethnos.it\/wp-content\/uploads\/2021\/08\/footer-loghi.jpg\" alt=\"\" width=\"966\" height=\"130\" \/><\/p>\n<p>&nbsp;<\/p>\n","protected":false},"excerpt":{"rendered":"<p>SABATO 11 SETTEMBRE SAN GIORGIO A CREMANO Villa Vannucchi Corso Roma, 47 ore 20.00 Biglietto: 5 euro ETHNOS GENERAZIONI Finale contest under 35 &#8211; Sezioni Musica e Cinema Finalisti Categoria Musica Yaraka Yar\u00e1k\u00e4 \u00e8 un progetto nato nel 2015 propone un percorso principalmente radicato nella tradizione afro-brasiliana e sudamericana, un lavoro di ricerca attento ad&hellip;<\/p>\n","protected":false},"author":1,"featured_media":0,"parent":0,"menu_order":0,"comment_status":"closed","ping_status":"closed","template":"template-fullwidth.php","meta":{"footnotes":""},"class_list":["post-8057","page","type-page","status-publish","hentry"],"_links":{"self":[{"href":"https:\/\/www.festivalethnos.it\/index.php?rest_route=\/wp\/v2\/pages\/8057","targetHints":{"allow":["GET"]}}],"collection":[{"href":"https:\/\/www.festivalethnos.it\/index.php?rest_route=\/wp\/v2\/pages"}],"about":[{"href":"https:\/\/www.festivalethnos.it\/index.php?rest_route=\/wp\/v2\/types\/page"}],"author":[{"embeddable":true,"href":"https:\/\/www.festivalethnos.it\/index.php?rest_route=\/wp\/v2\/users\/1"}],"replies":[{"embeddable":true,"href":"https:\/\/www.festivalethnos.it\/index.php?rest_route=%2Fwp%2Fv2%2Fcomments&post=8057"}],"version-history":[{"count":5,"href":"https:\/\/www.festivalethnos.it\/index.php?rest_route=\/wp\/v2\/pages\/8057\/revisions"}],"predecessor-version":[{"id":8264,"href":"https:\/\/www.festivalethnos.it\/index.php?rest_route=\/wp\/v2\/pages\/8057\/revisions\/8264"}],"wp:attachment":[{"href":"https:\/\/www.festivalethnos.it\/index.php?rest_route=%2Fwp%2Fv2%2Fmedia&parent=8057"}],"curies":[{"name":"wp","href":"https:\/\/api.w.org\/{rel}","templated":true}]}}