{"id":8740,"date":"2022-09-03T16:20:12","date_gmt":"2022-09-03T14:20:12","guid":{"rendered":"https:\/\/www.festivalethnos.it\/?page_id=8740"},"modified":"2022-09-05T14:36:03","modified_gmt":"2022-09-05T12:36:03","slug":"marala-3-2-4-2-2","status":"publish","type":"page","link":"https:\/\/www.festivalethnos.it\/?page_id=8740","title":{"rendered":"OUMOU SANGAR\u00c9"},"content":{"rendered":"<p>&nbsp;<\/p>\n<p><img fetchpriority=\"high\" decoding=\"async\" class=\"alignnone wp-image-8741 size-full\" src=\"https:\/\/www.festivalethnos.it\/wp-content\/uploads\/2022\/09\/artisti-sangare.jpg\" alt=\"\" width=\"967\" height=\"413\" srcset=\"https:\/\/www.festivalethnos.it\/wp-content\/uploads\/2022\/09\/artisti-sangare.jpg 967w, https:\/\/www.festivalethnos.it\/wp-content\/uploads\/2022\/09\/artisti-sangare-300x128.jpg 300w, https:\/\/www.festivalethnos.it\/wp-content\/uploads\/2022\/09\/artisti-sangare-690x295.jpg 690w, https:\/\/www.festivalethnos.it\/wp-content\/uploads\/2022\/09\/artisti-sangare-768x328.jpg 768w, https:\/\/www.festivalethnos.it\/wp-content\/uploads\/2022\/09\/artisti-sangare-720x308.jpg 720w, https:\/\/www.festivalethnos.it\/wp-content\/uploads\/2022\/09\/artisti-sangare-228x97.jpg 228w\" sizes=\"(max-width: 967px) 100vw, 967px\" \/><\/p>\n<h2>SABATO 24 SETTEMBRE <span style=\"color: #d03742;\">SAN GIORGIO A CREMANO<\/span><\/h2>\n<p><strong>Villa Vannucchi<\/strong>,<br \/>\nCorso Roma, 47<br \/>\nore 20.30<br \/>\n\u20ac 13 pi\u00f9 d.p.<\/p>\n<h2>Concerto di <span style=\"color: #d03742;\">OUMOU SANGAR\u00c9<\/span><\/h2>\n<p>Aveva gi\u00e0 una lunga carriera alle spalle quando, a 18 anni, si rec\u00f2 ad Abidjan per registrare la sua prima cassetta, prodotta da Abdoulaye Samassa (che dovette offrirle un&#8217;auto per attirarla in studio). Ripubblicata su CD e vinile da World Circuit 2016, la cassetta, intitolata Moussolou (&#8220;le donne&#8221; in Bambara), ha venduto pi\u00f9 di 250.000 copie alla sua prima uscita, un record che rimane imbattuto in Africa occidentale. Sebbene questa impresa possa essere in parte spiegata dalla natura altamente ballabile della musica di Wassoulou, gli elementi pi\u00f9 importanti erano i testi cantati, a volte ruggiti, da questa giovane leonessa che ha dovuto lottare fin dalla tenera et\u00e0 per sopravvivere. In piedi con ardente passione contro gli abusi di una tradizione patriarcale che sanziona la poligamia, i matrimoni forzati e le mutilazioni genitali femminili, Oumou \u00e8 diventata il volto da un giorno all&#8217;altro di una causa femminista che non ha mai avuto alcun punto d&#8217;appoggio in questa parte del mondo prima del suo arrivo, oggi \u00e8 la cantante africana pi\u00f9 grande e influente del mondo L\u2019album Timbuct\u00f9, intreccia intimi legami sonori tra gli strumenti tradizionali dell&#8217;Africa occidentale e quelli legati alla storia del blues, in particolare il kamele n&#8217;goni e i suoi lontani eredi, il dobro e la chitarra slide, qui suonati da Pascal Dana\u00eb, che ha co-prodotto l&#8217;album con Nicolas Qu\u00e9r\u00e9. Da quel particolare periodo di lockdown, quando il tempo stesso \u00e8 stato, per cos\u00ec dire, sospeso, e quando sia Oumou l&#8217;artista che Oumou l&#8217;imprenditrice hanno improvvisamente sperimentato uno stato di isolamento fino ad allora sconosciuto, lontano dal tumulto e dalle incessanti sollecitazioni della vita normale, lei tirato fuori il meglio. Tanti sentimenti e stati d&#8217;animo alimentano questo album, dall&#8217;introspezione di &#8216;Degui N&#8217;Kelena&#8217; al languore amoroso di &#8216;Kanou&#8217;, alla compassione di &#8216;Demisimw&#8217;, all&#8217;esasperazione di &#8216;K\u00eal\u00ea Magni&#8217; o all&#8217;orgoglio di &#8216;Wassulu Don&#8217; . Facendo un decisivo passo avanti con l&#8217;approccio sonoro ideato da Dana\u00eb e Qu\u00e9r\u00e9, che adatta il dinamismo dei ritmi tradizionali Wassoulou al linguaggio della musica contemporanea, Timbuktu sembra destinato a diventare l&#8217;opera pi\u00f9 ambiziosa e compiuta in una discografia gi\u00e0 eminente. <\/p>\n<p>&nbsp;<\/p>\n<p><iframe title=\"YouTube video player\" src=\"https:\/\/www.youtube.com\/embed\/tulfimCd6JE\" width=\"560\" height=\"315\" frameborder=\"0\" allowfullscreen=\"allowfullscreen\"><\/iframe><\/p>\n<p>&nbsp;<\/p>\n<h3 style=\"color: red;\"><a href=\"https:\/\/www.azzurroservice.net\/biglietti\/oumou-sangar\/#.YxXs3HZByUk\" target=\"_blank\" rel=\"noopener noreferrer\">Biglietto acquistabile qui<\/a><\/h3>\n<p>&nbsp;<\/p>\n<hr \/>\n<p>&nbsp;<\/p>\n<hr \/>\n<div id='gallery-1' class='gallery galleryid-8740 gallery-columns-3 gallery-size-medium'><figure class='gallery-item'>\n\t\t\t<div class='gallery-icon landscape'>\n\t\t\t\t<a href='https:\/\/www.festivalethnos.it\/?attachment_id=8742'><img decoding=\"async\" width=\"300\" height=\"185\" src=\"https:\/\/www.festivalethnos.it\/wp-content\/uploads\/2022\/09\/1200px-De_la_poes\u00eda_a_la_m\u00fasica_de_ra\u00edz_sonidos_de_la_segunda_noche_de_San_Isidro_07-300x185.jpg\" class=\"attachment-medium size-medium\" alt=\"\" srcset=\"https:\/\/www.festivalethnos.it\/wp-content\/uploads\/2022\/09\/1200px-De_la_poes\u00eda_a_la_m\u00fasica_de_ra\u00edz_sonidos_de_la_segunda_noche_de_San_Isidro_07-300x185.jpg 300w, https:\/\/www.festivalethnos.it\/wp-content\/uploads\/2022\/09\/1200px-De_la_poes\u00eda_a_la_m\u00fasica_de_ra\u00edz_sonidos_de_la_segunda_noche_de_San_Isidro_07-690x426.jpg 690w, https:\/\/www.festivalethnos.it\/wp-content\/uploads\/2022\/09\/1200px-De_la_poes\u00eda_a_la_m\u00fasica_de_ra\u00edz_sonidos_de_la_segunda_noche_de_San_Isidro_07-768x474.jpg 768w, https:\/\/www.festivalethnos.it\/wp-content\/uploads\/2022\/09\/1200px-De_la_poes\u00eda_a_la_m\u00fasica_de_ra\u00edz_sonidos_de_la_segunda_noche_de_San_Isidro_07-720x445.jpg 720w, https:\/\/www.festivalethnos.it\/wp-content\/uploads\/2022\/09\/1200px-De_la_poes\u00eda_a_la_m\u00fasica_de_ra\u00edz_sonidos_de_la_segunda_noche_de_San_Isidro_07-188x116.jpg 188w, https:\/\/www.festivalethnos.it\/wp-content\/uploads\/2022\/09\/1200px-De_la_poes\u00eda_a_la_m\u00fasica_de_ra\u00edz_sonidos_de_la_segunda_noche_de_San_Isidro_07.jpg 1200w\" sizes=\"(max-width: 300px) 100vw, 300px\" \/><\/a>\n\t\t\t<\/div><\/figure><figure class='gallery-item'>\n\t\t\t<div class='gallery-icon landscape'>\n\t\t\t\t<a href='https:\/\/www.festivalethnos.it\/?attachment_id=8743'><img decoding=\"async\" width=\"300\" height=\"200\" src=\"https:\/\/www.festivalethnos.it\/wp-content\/uploads\/2022\/09\/akmi-akma-2019-sangare_bco7605_r-300x200.jpg\" class=\"attachment-medium size-medium\" alt=\"\" srcset=\"https:\/\/www.festivalethnos.it\/wp-content\/uploads\/2022\/09\/akmi-akma-2019-sangare_bco7605_r-300x200.jpg 300w, https:\/\/www.festivalethnos.it\/wp-content\/uploads\/2022\/09\/akmi-akma-2019-sangare_bco7605_r-690x460.jpg 690w, https:\/\/www.festivalethnos.it\/wp-content\/uploads\/2022\/09\/akmi-akma-2019-sangare_bco7605_r-768x512.jpg 768w, https:\/\/www.festivalethnos.it\/wp-content\/uploads\/2022\/09\/akmi-akma-2019-sangare_bco7605_r-1536x1024.jpg 1536w, https:\/\/www.festivalethnos.it\/wp-content\/uploads\/2022\/09\/akmi-akma-2019-sangare_bco7605_r-720x480.jpg 720w, https:\/\/www.festivalethnos.it\/wp-content\/uploads\/2022\/09\/akmi-akma-2019-sangare_bco7605_r-174x116.jpg 174w, https:\/\/www.festivalethnos.it\/wp-content\/uploads\/2022\/09\/akmi-akma-2019-sangare_bco7605_r-272x182.jpg 272w, https:\/\/www.festivalethnos.it\/wp-content\/uploads\/2022\/09\/akmi-akma-2019-sangare_bco7605_r.jpg 2000w\" sizes=\"(max-width: 300px) 100vw, 300px\" \/><\/a>\n\t\t\t<\/div><\/figure><figure class='gallery-item'>\n\t\t\t<div class='gallery-icon landscape'>\n\t\t\t\t<a href='https:\/\/www.festivalethnos.it\/?attachment_id=8744'><img loading=\"lazy\" decoding=\"async\" width=\"300\" height=\"169\" src=\"https:\/\/www.festivalethnos.it\/wp-content\/uploads\/2022\/09\/ccfe04e2-df7e-4c4a-b211-2e0f70db8fe3-300x169.jpg\" class=\"attachment-medium size-medium\" alt=\"\" srcset=\"https:\/\/www.festivalethnos.it\/wp-content\/uploads\/2022\/09\/ccfe04e2-df7e-4c4a-b211-2e0f70db8fe3-300x169.jpg 300w, https:\/\/www.festivalethnos.it\/wp-content\/uploads\/2022\/09\/ccfe04e2-df7e-4c4a-b211-2e0f70db8fe3-690x388.jpg 690w, https:\/\/www.festivalethnos.it\/wp-content\/uploads\/2022\/09\/ccfe04e2-df7e-4c4a-b211-2e0f70db8fe3-768x432.jpg 768w, https:\/\/www.festivalethnos.it\/wp-content\/uploads\/2022\/09\/ccfe04e2-df7e-4c4a-b211-2e0f70db8fe3-720x405.jpg 720w, https:\/\/www.festivalethnos.it\/wp-content\/uploads\/2022\/09\/ccfe04e2-df7e-4c4a-b211-2e0f70db8fe3-206x116.jpg 206w, https:\/\/www.festivalethnos.it\/wp-content\/uploads\/2022\/09\/ccfe04e2-df7e-4c4a-b211-2e0f70db8fe3.jpg 1200w\" sizes=\"(max-width: 300px) 100vw, 300px\" \/><\/a>\n\t\t\t<\/div><\/figure><figure class='gallery-item'>\n\t\t\t<div class='gallery-icon portrait'>\n\t\t\t\t<a href='https:\/\/www.festivalethnos.it\/?attachment_id=8745'><img loading=\"lazy\" decoding=\"async\" width=\"214\" height=\"300\" src=\"https:\/\/www.festivalethnos.it\/wp-content\/uploads\/2022\/09\/Oumou-Sangar\u00e9-7-photo-by-Holly-Whittaker-214x300.jpg\" class=\"attachment-medium size-medium\" alt=\"\" srcset=\"https:\/\/www.festivalethnos.it\/wp-content\/uploads\/2022\/09\/Oumou-Sangar\u00e9-7-photo-by-Holly-Whittaker-214x300.jpg 214w, https:\/\/www.festivalethnos.it\/wp-content\/uploads\/2022\/09\/Oumou-Sangar\u00e9-7-photo-by-Holly-Whittaker-690x966.jpg 690w, https:\/\/www.festivalethnos.it\/wp-content\/uploads\/2022\/09\/Oumou-Sangar\u00e9-7-photo-by-Holly-Whittaker-768x1075.jpg 768w, https:\/\/www.festivalethnos.it\/wp-content\/uploads\/2022\/09\/Oumou-Sangar\u00e9-7-photo-by-Holly-Whittaker-386x540.jpg 386w, https:\/\/www.festivalethnos.it\/wp-content\/uploads\/2022\/09\/Oumou-Sangar\u00e9-7-photo-by-Holly-Whittaker-83x116.jpg 83w, https:\/\/www.festivalethnos.it\/wp-content\/uploads\/2022\/09\/Oumou-Sangar\u00e9-7-photo-by-Holly-Whittaker.jpg 857w\" sizes=\"(max-width: 214px) 100vw, 214px\" \/><\/a>\n\t\t\t<\/div><\/figure><figure class='gallery-item'>\n\t\t\t<div class='gallery-icon landscape'>\n\t\t\t\t<a href='https:\/\/www.festivalethnos.it\/?attachment_id=8746'><img loading=\"lazy\" decoding=\"async\" width=\"300\" height=\"204\" src=\"https:\/\/www.festivalethnos.it\/wp-content\/uploads\/2022\/09\/Oumou-Sangare-300x204.jpg\" class=\"attachment-medium size-medium\" alt=\"\" srcset=\"https:\/\/www.festivalethnos.it\/wp-content\/uploads\/2022\/09\/Oumou-Sangare-300x204.jpg 300w, https:\/\/www.festivalethnos.it\/wp-content\/uploads\/2022\/09\/Oumou-Sangare-690x469.jpg 690w, https:\/\/www.festivalethnos.it\/wp-content\/uploads\/2022\/09\/Oumou-Sangare-768x522.jpg 768w, https:\/\/www.festivalethnos.it\/wp-content\/uploads\/2022\/09\/Oumou-Sangare-720x489.jpg 720w, https:\/\/www.festivalethnos.it\/wp-content\/uploads\/2022\/09\/Oumou-Sangare-171x116.jpg 171w, https:\/\/www.festivalethnos.it\/wp-content\/uploads\/2022\/09\/Oumou-Sangare.jpg 1200w\" sizes=\"(max-width: 300px) 100vw, 300px\" \/><\/a>\n\t\t\t<\/div><\/figure><figure class='gallery-item'>\n\t\t\t<div class='gallery-icon landscape'>\n\t\t\t\t<a href='https:\/\/www.festivalethnos.it\/?attachment_id=8747'><img loading=\"lazy\" decoding=\"async\" width=\"300\" height=\"180\" src=\"https:\/\/www.festivalethnos.it\/wp-content\/uploads\/2022\/09\/oumousangare-300x180.jpg\" class=\"attachment-medium size-medium\" alt=\"\" srcset=\"https:\/\/www.festivalethnos.it\/wp-content\/uploads\/2022\/09\/oumousangare-300x180.jpg 300w, https:\/\/www.festivalethnos.it\/wp-content\/uploads\/2022\/09\/oumousangare-690x414.jpg 690w, https:\/\/www.festivalethnos.it\/wp-content\/uploads\/2022\/09\/oumousangare-720x432.jpg 720w, https:\/\/www.festivalethnos.it\/wp-content\/uploads\/2022\/09\/oumousangare-194x116.jpg 194w, https:\/\/www.festivalethnos.it\/wp-content\/uploads\/2022\/09\/oumousangare.jpg 744w\" sizes=\"(max-width: 300px) 100vw, 300px\" \/><\/a>\n\t\t\t<\/div><\/figure>\n\t\t<\/div>\n\n<h4><\/h4>\n<p>&nbsp;<\/p>\n<p>&nbsp;<\/p>\n<p>&nbsp;<\/p>\n<p>[one_third]<\/p>\n<p>&nbsp;<\/p>\n<p>[\/one_third]<\/p>\n<p><img loading=\"lazy\" decoding=\"async\" class=\"alignnone wp-image-7627 size-full\" src=\"https:\/\/www.festivalethnos.it\/wp-content\/uploads\/2022\/09\/loghi2022.png\" alt=\"\" width=\"966\" height=\"130\" \/><\/p>\n","protected":false},"excerpt":{"rendered":"<p>&nbsp; SABATO 24 SETTEMBRE SAN GIORGIO A CREMANO Villa Vannucchi, Corso Roma, 47 ore 20.30 \u20ac 13 pi\u00f9 d.p. Concerto di OUMOU SANGAR\u00c9 Aveva gi\u00e0 una lunga carriera alle spalle quando, a 18 anni, si rec\u00f2 ad Abidjan per registrare la sua prima cassetta, prodotta da Abdoulaye Samassa (che dovette offrirle un&#8217;auto per attirarla in&hellip;<\/p>\n","protected":false},"author":1,"featured_media":0,"parent":0,"menu_order":0,"comment_status":"closed","ping_status":"closed","template":"","meta":{"footnotes":""},"class_list":["post-8740","page","type-page","status-publish","hentry"],"_links":{"self":[{"href":"https:\/\/www.festivalethnos.it\/index.php?rest_route=\/wp\/v2\/pages\/8740","targetHints":{"allow":["GET"]}}],"collection":[{"href":"https:\/\/www.festivalethnos.it\/index.php?rest_route=\/wp\/v2\/pages"}],"about":[{"href":"https:\/\/www.festivalethnos.it\/index.php?rest_route=\/wp\/v2\/types\/page"}],"author":[{"embeddable":true,"href":"https:\/\/www.festivalethnos.it\/index.php?rest_route=\/wp\/v2\/users\/1"}],"replies":[{"embeddable":true,"href":"https:\/\/www.festivalethnos.it\/index.php?rest_route=%2Fwp%2Fv2%2Fcomments&post=8740"}],"version-history":[{"count":4,"href":"https:\/\/www.festivalethnos.it\/index.php?rest_route=\/wp\/v2\/pages\/8740\/revisions"}],"predecessor-version":[{"id":8988,"href":"https:\/\/www.festivalethnos.it\/index.php?rest_route=\/wp\/v2\/pages\/8740\/revisions\/8988"}],"wp:attachment":[{"href":"https:\/\/www.festivalethnos.it\/index.php?rest_route=%2Fwp%2Fv2%2Fmedia&parent=8740"}],"curies":[{"name":"wp","href":"https:\/\/api.w.org\/{rel}","templated":true}]}}